{"id":909,"date":"2020-08-13T14:26:43","date_gmt":"2020-08-13T19:26:43","guid":{"rendered":"https:\/\/juntosaparte.com\/web\/?page_id=909"},"modified":"2020-09-13T17:32:21","modified_gmt":"2020-09-13T22:32:21","slug":"semana4","status":"publish","type":"page","link":"https:\/\/juntosaparte.com\/web\/semana4\/","title":{"rendered":"Semana 4"},"content":{"rendered":"<p>[et_pb_section fb_built=&#8221;1&#8243; _builder_version=&#8221;4.4.6&#8243; background_color=&#8221;#E6E7E8&#8243; custom_padding=&#8221;0px||0px|||&#8221; da_disable_devices=&#8221;off|off|off&#8221; da_is_popup=&#8221;off&#8221; da_exit_intent=&#8221;off&#8221; da_has_close=&#8221;on&#8221; da_alt_close=&#8221;off&#8221; da_dark_close=&#8221;off&#8221; da_not_modal=&#8221;on&#8221; da_is_singular=&#8221;off&#8221; da_with_loader=&#8221;off&#8221; da_has_shadow=&#8221;on&#8221;][et_pb_row _builder_version=&#8221;4.4.6&#8243;][et_pb_column type=&#8221;4_4&#8243; _builder_version=&#8221;4.4.6&#8243;][et_pb_image src=&#8221;https:\/\/juntosaparte.com\/web\/wp-content\/uploads\/2020\/06\/banner_red.png&#8221; title_text=&#8221;banner_red&#8221; align=&#8221;center&#8221; _builder_version=&#8221;4.4.6&#8243;][\/et_pb_image][\/et_pb_column][\/et_pb_row][\/et_pb_section][et_pb_section fb_built=&#8221;1&#8243; _builder_version=&#8221;4.4.6&#8243; custom_padding=&#8221;0px||0px|||&#8221; da_disable_devices=&#8221;off|off|off&#8221; da_is_popup=&#8221;off&#8221; da_exit_intent=&#8221;off&#8221; da_has_close=&#8221;on&#8221; da_alt_close=&#8221;off&#8221; da_dark_close=&#8221;off&#8221; da_not_modal=&#8221;on&#8221; da_is_singular=&#8221;off&#8221; da_with_loader=&#8221;off&#8221; da_has_shadow=&#8221;on&#8221;][et_pb_row _builder_version=&#8221;4.4.6&#8243;][et_pb_column type=&#8221;4_4&#8243; _builder_version=&#8221;4.4.6&#8243;][et_pb_text _builder_version=&#8221;4.4.6&#8243; header_text_color=&#8221;#232641&#8243; header_font_size=&#8221;24px&#8221; width=&#8221;94%&#8221; module_alignment=&#8221;center&#8221;]<\/p>\n<p style=\"text-align: justify;\">A trav\u00e9s de nuestro Canal Virtual JUNTOS APARTE 2020: Instagram, Twitter, Facebook y YouTube, iremos desplegando materiales con las voces de pensadores y artistas aliados, colaboradores locales y del mundo, que han sido determinantes en la construcci\u00f3n del relato fronterizo para la ciudadan\u00eda a trav\u00e9s de las artes.<\/p>\n<p style=\"text-align: justify;\">[\/et_pb_text][\/et_pb_column][\/et_pb_row][et_pb_row _builder_version=&#8221;4.4.6&#8243;][et_pb_column type=&#8221;4_4&#8243; _builder_version=&#8221;4.4.6&#8243;][et_pb_image src=&#8221;https:\/\/juntosaparte.com\/web\/wp-content\/uploads\/2020\/09\/semana-4-treaming.png&#8221; title_text=&#8221;semana 4 treaming&#8221; align=&#8221;center&#8221; _builder_version=&#8221;4.4.6&#8243;][\/et_pb_image][et_pb_text _builder_version=&#8221;4.4.6&#8243; width=&#8221;86%&#8221; module_alignment=&#8221;center&#8221;]<\/p>\n<p style=\"text-align: justify;\"><span>Tras cinco semanas revisitando las memorias de JUNTOS APARTE 2017 y 2019 de mano de nuestros aliados, el Canal Virtual JUNTOS APARTE 2020 invita a la charla con los artistas espa\u00f1oles\u00a0<\/span>Avelino Sala<span>\u00a0y Jorge Garc\u00eda, miembros de Equipo Sublime, y el artista Mauricio S\u00e1nchez, Consejero municipal de Artes pl\u00e1sticas y visuales de C\u00facuta. Compartiremos su experiencia en C\u00facuta y su visi\u00f3n sobre el potenci<\/span><span class=\"x_-1790386000gmail-text_exposed_show\">al del arte para la intervenci\u00f3n social cr\u00edtica y la construcci\u00f3n ciudadana en la frontera.<\/span><\/p>\n<p>Esta conversaci\u00f3n ser\u00e1 el abrebocas de la \u00faltima etapa del Canal Virtual, que consolidar\u00e1 en un archivo digital permanente toda la experiencia de JUNTOS APARTE y su aporte, a trav\u00e9s del arte contempor\u00e1neo, el pensamiento cr\u00edtico y la participaci\u00f3n ciudadana, a la construcci\u00f3n de un nuevo relato, una memoria viva de reconciliaci\u00f3n social e integraci\u00f3n binacional, en la frontera colombo-venezolana.<\/p>\n<p>[\/et_pb_text][\/et_pb_column][\/et_pb_row][et_pb_row column_structure=&#8221;1_3,1_3,1_3&#8243; _builder_version=&#8221;4.4.6&#8243;][et_pb_column type=&#8221;1_3&#8243; _builder_version=&#8221;4.4.6&#8243;][et_pb_button button_url=&#8221;#evento1&#8243; button_text=&#8221;En vivo&#8221; button_alignment=&#8221;center&#8221; module_class=&#8221;boton_full&#8221; _builder_version=&#8221;4.4.6&#8243; custom_button=&#8221;on&#8221; button_use_icon=&#8221;off&#8221; box_shadow_style=&#8221;preset1&#8243; box_shadow_color=&#8221;#d6d6d6&#8243;][\/et_pb_button][\/et_pb_column][et_pb_column type=&#8221;1_3&#8243; _builder_version=&#8221;4.4.6&#8243;][et_pb_button button_url=&#8221;#articulo1&#8243; button_text=&#8221;Ver art\u00edculo&#8221; button_alignment=&#8221;center&#8221; module_class=&#8221;boton_full&#8221; _builder_version=&#8221;4.4.6&#8243; custom_button=&#8221;on&#8221; button_use_icon=&#8221;off&#8221; box_shadow_style=&#8221;preset1&#8243; box_shadow_color=&#8221;#d6d6d6&#8243;][\/et_pb_button][\/et_pb_column][et_pb_column type=&#8221;1_3&#8243; _builder_version=&#8221;4.4.6&#8243;][et_pb_button button_url=&#8221;#evento2&#8243; button_text=&#8221;V\u00eddeo&#8221; button_alignment=&#8221;center&#8221; module_class=&#8221;boton_full&#8221; _builder_version=&#8221;4.4.6&#8243; custom_button=&#8221;on&#8221; button_use_icon=&#8221;off&#8221; box_shadow_style=&#8221;preset1&#8243; box_shadow_color=&#8221;#d6d6d6&#8243;][\/et_pb_button][\/et_pb_column][\/et_pb_row][et_pb_row _builder_version=&#8221;4.4.6&#8243;][et_pb_column type=&#8221;4_4&#8243; _builder_version=&#8221;4.4.6&#8243;][et_pb_image src=&#8221;https:\/\/juntosaparte.com\/web\/wp-content\/uploads\/2020\/09\/week-4-linea-de-tiempo.png&#8221; title_text=&#8221;week 4 linea de tiempo&#8221; align=&#8221;center&#8221; _builder_version=&#8221;4.4.6&#8243; width=&#8221;86%&#8221;][\/et_pb_image][et_pb_code _builder_version=&#8221;4.4.6&#8243; text_orientation=&#8221;center&#8221;]<iframe loading=\"lazy\" width=\"100%\" height=\"166\" scrolling=\"no\" frameborder=\"no\" allow=\"autoplay\" src=\"https:\/\/w.soundcloud.com\/player\/?url=https%3A\/\/api.soundcloud.com\/tracks\/205475998&#038;color=%23ff5500&#038;auto_play=false&#038;hide_related=false&#038;show_comments=true&#038;show_user=true&#038;show_reposts=false&#038;show_teaser=true\"><\/iframe><\/p>\n<div style=\"font-size: 10px; color: #cccccc;line-break: anywhere;word-break: normal;overflow: hidden;white-space: nowrap;text-overflow: ellipsis; font-family: Interstate,Lucida Grande,Lucida Sans Unicode,Lucida Sans,Garuda,Verdana,Tahoma,sans-serif;font-weight: 100;\"><a href=\"https:\/\/soundcloud.com\/radiante-4\" title=\"RADIANTE\" target=\"_blank\" style=\"color: #cccccc; text-decoration: none;\" rel=\"noopener noreferrer\">RADIANTE<\/a> \u00b7 <a href=\"https:\/\/soundcloud.com\/radiante-4\/camino-del-sol\" title=\"CAMINO DEL SOL\" target=\"_blank\" style=\"color: #cccccc; text-decoration: none;\" rel=\"noopener noreferrer\">CAMINO DEL SOL<\/a><\/div>\n<p>[\/et_pb_code][et_pb_video src=&#8221;https:\/\/www.youtube.com\/watch?v=Hhw65yQt19k&#8221; _builder_version=&#8221;4.4.6&#8243; width=&#8221;80%&#8221; module_alignment=&#8221;center&#8221; hover_enabled=&#8221;0&#8243;][\/et_pb_video][\/et_pb_column][\/et_pb_row][et_pb_row _builder_version=&#8221;4.4.6&#8243;][et_pb_column type=&#8221;4_4&#8243; _builder_version=&#8221;4.4.6&#8243;][et_pb_image src=&#8221;https:\/\/juntosaparte.com\/web\/wp-content\/uploads\/2020\/09\/semana-4-pedagogia.png&#8221; title_text=&#8221;semana 4 pedagogia&#8221; align=&#8221;center&#8221; _builder_version=&#8221;4.4.6&#8243; width=&#8221;86%&#8221;][\/et_pb_image][et_pb_text _builder_version=&#8221;4.4.6&#8243; width=&#8221;86%&#8221; module_alignment=&#8221;center&#8221;]<\/p>\n<p style=\"text-align: justify;\">Conoce las l\u00edneas de acci\u00f3n de JUNTOS APARTE para formar talento, generar modelos de intervenci\u00f3n y establecer espacios de relacionamiento que triangulan experiencia sensible, intercambio de saberes y aprendizaje colectivo, aproximando el hecho art\u00edstico a usuarios y comunidades con metodolog\u00edas flexibles adaptadas al contexto. La emoci\u00f3n y el saber hacen del arte contempor\u00e1neo su mejor aliado para la convivencia fronteriza en el cap\u00edtulo\u00a0<span>Pedagog\u00eda<\/span>\u00a0y\u00a0<span>mediaci\u00f3n<\/span>.<\/p>\n<p>[\/et_pb_text][\/et_pb_column][\/et_pb_row][et_pb_row column_structure=&#8221;1_3,1_3,1_3&#8243; _builder_version=&#8221;4.4.6&#8243;][et_pb_column type=&#8221;1_3&#8243; _builder_version=&#8221;4.4.6&#8243;][\/et_pb_column][et_pb_column type=&#8221;1_3&#8243; _builder_version=&#8221;4.4.6&#8243;][et_pb_button button_url=&#8221;#articulo2&#8243; button_text=&#8221;Ver art\u00edculo&#8221; button_alignment=&#8221;center&#8221; module_class=&#8221;boton_full&#8221; _builder_version=&#8221;4.4.6&#8243; custom_button=&#8221;on&#8221; button_use_icon=&#8221;off&#8221; box_shadow_style=&#8221;preset1&#8243; box_shadow_color=&#8221;#d6d6d6&#8243;][\/et_pb_button][\/et_pb_column][et_pb_column type=&#8221;1_3&#8243; _builder_version=&#8221;4.4.6&#8243;][\/et_pb_column][\/et_pb_row][et_pb_row _builder_version=&#8221;4.4.6&#8243;][et_pb_column type=&#8221;4_4&#8243; _builder_version=&#8221;4.4.6&#8243;][et_pb_text _builder_version=&#8221;4.4.6&#8243; width=&#8221;86%&#8221; module_alignment=&#8221;center&#8221;]<\/p>\n<p style=\"text-align: center;\">Seguimos JUNTOS APARTE!<\/p>\n<p>[\/et_pb_text][et_pb_text _builder_version=&#8221;4.4.6&#8243; width=&#8221;86%&#8221; module_alignment=&#8221;center&#8221; box_shadow_style=&#8221;preset1&#8243;]<\/p>\n<p style=\"text-align: center;\"><strong>We continue to be TOGETHER APART!<\/strong><\/p>\n<p>[\/et_pb_text][et_pb_text _builder_version=&#8221;4.4.6&#8243; width=&#8221;86%&#8221; module_alignment=&#8221;center&#8221;]<\/p>\n<p style=\"text-align: center;\">Canal Virtual JUNTOS APARTE 2020:<br \/>Memoria, frontera, integraci\u00f3n.<\/p>\n<p>[\/et_pb_text][et_pb_text _builder_version=&#8221;4.4.6&#8243; width=&#8221;86%&#8221; module_alignment=&#8221;center&#8221; box_shadow_style=&#8221;preset1&#8243;]<\/p>\n<p style=\"text-align: center;\"><strong>Virtual Channel JUNTOS APARTE 2020:<\/strong><br \/><strong>Memory, Border, Integration<\/strong><\/p>\n<p>[\/et_pb_text][\/et_pb_column][\/et_pb_row][\/et_pb_section][et_pb_section fb_built=&#8221;1&#8243; _builder_version=&#8221;4.4.6&#8243; da_disable_devices=&#8221;off|off|off&#8221; da_is_popup=&#8221;off&#8221; da_exit_intent=&#8221;off&#8221; da_has_close=&#8221;on&#8221; da_alt_close=&#8221;off&#8221; da_dark_close=&#8221;off&#8221; da_not_modal=&#8221;on&#8221; da_is_singular=&#8221;off&#8221; da_with_loader=&#8221;off&#8221; da_has_shadow=&#8221;on&#8221;][et_pb_row _builder_version=&#8221;4.4.6&#8243;][et_pb_column type=&#8221;4_4&#8243; _builder_version=&#8221;4.4.6&#8243;][et_pb_text module_id=&#8221;link_web&#8221; _builder_version=&#8221;4.4.6&#8243; text_font=&#8221;|600|||||||&#8221; text_text_color=&#8221;#D95F68&#8243; text_font_size=&#8221;22px&#8221;]<\/p>\n<p style=\"text-align: center;\"><strong>www.juntosaparte.com<\/strong><\/p>\n<p>[\/et_pb_text][et_pb_text _builder_version=&#8221;4.4.6&#8243; text_font=&#8221;|700|||||||&#8221; text_text_color=&#8221;#474747&#8243; width=&#8221;65%&#8221; width_tablet=&#8221;100%&#8221; width_phone=&#8221;&#8221; width_last_edited=&#8221;on|phone&#8221; module_alignment=&#8221;center&#8221; custom_padding=&#8221;|0px||0px||true&#8221;]<\/p>\n<p style=\"text-align: center;\">Este proyecto fue posible gracias al generoso apoyo del pueblo de Estados Unidos a trav\u00e9s de su Agencia para el Desarrollo Internacional (USAID). Los contenidos son responsabilidad de la Fundaci\u00f3n EL PILAR y no necesariamente reflejan las opiniones de USAID o del gobierno de Estados Unidos.<\/p>\n<p>[\/et_pb_text][et_pb_image src=&#8221;https:\/\/juntosaparte.com\/web\/wp-content\/uploads\/2020\/06\/logos-misionales.png&#8221; title_text=&#8221;logos misionales&#8221; align=&#8221;center&#8221; _builder_version=&#8221;4.4.6&#8243; width=&#8221;45%&#8221; width_tablet=&#8221;70%&#8221; width_phone=&#8221;85%&#8221; width_last_edited=&#8221;on|phone&#8221;][\/et_pb_image][\/et_pb_column][\/et_pb_row][\/et_pb_section][et_pb_section fb_built=&#8221;1&#8243; module_id=&#8221;evento1&#8243; module_class=&#8221;popup&#8221; _builder_version=&#8221;4.4.6&#8243; background_color=&#8221;rgba(0,0,0,0)&#8221; background_enable_image=&#8221;off&#8221; max_width=&#8221;90%&#8221; custom_padding=&#8221;0px|0px|0px|0px|true|&#8221; da_is_popup=&#8221;on&#8221; da_popup_slug=&#8221;evento1&#8243; da_disable_devices=&#8221;off|off|off&#8221; da_exit_intent=&#8221;off&#8221; da_has_close=&#8221;on&#8221; da_alt_close=&#8221;off&#8221; da_dark_close=&#8221;off&#8221; da_not_modal=&#8221;on&#8221; da_is_singular=&#8221;off&#8221; da_with_loader=&#8221;off&#8221; da_has_shadow=&#8221;on&#8221;][et_pb_row _builder_version=&#8221;4.4.6&#8243; custom_padding=&#8221;0px|0px|0px|||&#8221;][et_pb_column type=&#8221;4_4&#8243; _builder_version=&#8221;4.4.6&#8243;][et_pb_video src=&#8221;https:\/\/www.youtube.com\/watch?v=WWZdhRkDxiY&#8221; thumbnail_overlay_color=&#8221;rgba(0,0,0,0.6)&#8221; _builder_version=&#8221;4.4.6&#8243;][\/et_pb_video][\/et_pb_column][\/et_pb_row][\/et_pb_section][et_pb_section fb_built=&#8221;1&#8243; module_id=&#8221;evento2&#8243; module_class=&#8221;popup&#8221; _builder_version=&#8221;4.4.6&#8243; background_color=&#8221;rgba(0,0,0,0)&#8221; background_enable_image=&#8221;off&#8221; max_width=&#8221;90%&#8221; custom_padding=&#8221;0px|0px|0px|0px|true|&#8221; da_is_popup=&#8221;on&#8221; da_popup_slug=&#8221;evento2&#8243; da_disable_devices=&#8221;off|off|off&#8221; da_exit_intent=&#8221;off&#8221; da_has_close=&#8221;on&#8221; da_alt_close=&#8221;off&#8221; da_dark_close=&#8221;off&#8221; da_not_modal=&#8221;on&#8221; da_is_singular=&#8221;off&#8221; da_with_loader=&#8221;off&#8221; da_has_shadow=&#8221;on&#8221;][et_pb_row _builder_version=&#8221;4.4.6&#8243; custom_padding=&#8221;0px|0px|0px|||&#8221;][et_pb_column type=&#8221;4_4&#8243; _builder_version=&#8221;4.4.6&#8243;][et_pb_video src=&#8221;https:\/\/www.youtube.com\/watch?v=fvog8Pgtr9c&#8221; thumbnail_overlay_color=&#8221;rgba(0,0,0,0.6)&#8221; _builder_version=&#8221;4.4.6&#8243;][\/et_pb_video][\/et_pb_column][\/et_pb_row][\/et_pb_section][et_pb_section fb_built=&#8221;1&#8243; module_id=&#8221;articulo1&#8243; module_class=&#8221;popup&#8221; _builder_version=&#8221;4.4.6&#8243; background_color=&#8221;rgba(0,0,0,0)&#8221; background_enable_image=&#8221;off&#8221; max_width=&#8221;90%&#8221; custom_padding=&#8221;0px|0px|0px|0px|true|&#8221; da_is_popup=&#8221;on&#8221; da_popup_slug=&#8221;articulo1&#8243; da_disable_devices=&#8221;off|off|off&#8221; da_exit_intent=&#8221;off&#8221; da_has_close=&#8221;on&#8221; da_alt_close=&#8221;off&#8221; da_dark_close=&#8221;off&#8221; da_not_modal=&#8221;on&#8221; da_is_singular=&#8221;off&#8221; da_with_loader=&#8221;off&#8221; da_has_shadow=&#8221;on&#8221;][et_pb_row _builder_version=&#8221;4.4.6&#8243; custom_padding=&#8221;0px|0px|0px|||&#8221;][et_pb_column type=&#8221;4_4&#8243; _builder_version=&#8221;4.4.6&#8243;][et_pb_text _builder_version=&#8221;4.4.6&#8243;]<p class=\"gde-text\"><a href=\"https:\/\/juntosaparte.com\/web\/wp-content\/uploads\/2020\/08\/ARTICULO-C%C3%BAcuta-la-experiencia-de-la-frontera-en-JUNTOS-APARTE-Km-4956-de-BIENALSUR_compressed.pdf\" class=\"gde-link\">Descargar (PDF, 9.06MB)<\/a><\/p>\n<iframe src=\"\/\/docs.google.com\/viewer?url=https%3A%2F%2Fjuntosaparte.com%2Fweb%2Fwp-content%2Fuploads%2F2020%2F08%2FARTICULO-C%25C3%25BAcuta-la-experiencia-de-la-frontera-en-JUNTOS-APARTE-Km-4956-de-BIENALSUR_compressed.pdf&hl=es&embedded=true\" class=\"gde-frame\" style=\"width:100%; height:1200px; border: none;\" scrolling=\"no\"><\/iframe>[\/et_pb_text][\/et_pb_column][\/et_pb_row][\/et_pb_section][et_pb_section fb_built=&#8221;1&#8243; module_id=&#8221;articulo2&#8243; module_class=&#8221;popup&#8221; _builder_version=&#8221;4.4.6&#8243; da_is_popup=&#8221;on&#8221; da_popup_slug=&#8221;articulo2&#8243; da_disable_devices=&#8221;off|off|off&#8221; da_exit_intent=&#8221;off&#8221; da_has_close=&#8221;on&#8221; da_alt_close=&#8221;off&#8221; da_dark_close=&#8221;off&#8221; da_not_modal=&#8221;on&#8221; da_is_singular=&#8221;off&#8221; da_with_loader=&#8221;off&#8221; da_has_shadow=&#8221;on&#8221;][et_pb_row column_structure=&#8221;1_4,1_4,1_4,1_4&#8243; use_custom_gutter=&#8221;on&#8221; gutter_width=&#8221;1&#8243; make_equal=&#8221;on&#8221; _builder_version=&#8221;4.4.6&#8243; width=&#8221;100%&#8221; max_width=&#8221;2560px&#8221; module_alignment=&#8221;center&#8221;][et_pb_column type=&#8221;1_4&#8243; _builder_version=&#8221;4.4.6&#8243;][et_pb_image src=&#8221;https:\/\/juntosaparte.com\/web\/wp-content\/uploads\/2020\/08\/1-Exposicion-de-resultados-Avenido-Zero-Equipo-Sublime-Biblioteca-Publica-Julio-Perez-Ferrero-Cucuta-Juntos-Aparte-2017.jpg&#8221; title_text=&#8221;1-Exposicion-de-resultados-Avenido-Zero-Equipo-Sublime-Biblioteca-Publica-Julio-Perez-Ferrero-Cucuta-Juntos-Aparte-2017&#8243; align=&#8221;center&#8221; _builder_version=&#8221;4.4.6&#8243;][\/et_pb_image][\/et_pb_column][et_pb_column type=&#8221;1_4&#8243; _builder_version=&#8221;4.4.6&#8243;][et_pb_image src=&#8221;https:\/\/juntosaparte.com\/web\/wp-content\/uploads\/2020\/08\/2-Exposicion-de-resultados-Avenido-Zero-Equipo-Sublime-Biblioteca-Publica-Julio-Perez-Ferrero-Cucuta-Juntos-Aparte-2017.jpg&#8221; title_text=&#8221;2-Exposicion-de-resultados-Avenido-Zero-Equipo-Sublime-Biblioteca-Publica-Julio-Perez-Ferrero-Cucuta-Juntos-Aparte-2017&#8243; align=&#8221;center&#8221; _builder_version=&#8221;4.4.6&#8243;][\/et_pb_image][\/et_pb_column][et_pb_column type=&#8221;1_4&#8243; _builder_version=&#8221;4.4.6&#8243;][et_pb_image src=&#8221;https:\/\/juntosaparte.com\/web\/wp-content\/uploads\/2020\/08\/3-Exposicion-de-resultados-Avenido-Zero-Equipo-Sublime-Biblioteca-Publica-Julio-Perez-Ferrero-Cucuta-Juntos-Aparte-2017.jpg&#8221; title_text=&#8221;3-Exposicion-de-resultados-Avenido-Zero-Equipo-Sublime-Biblioteca-Publica-Julio-Perez-Ferrero-Cucuta-Juntos-Aparte-2017&#8243; align=&#8221;center&#8221; _builder_version=&#8221;4.4.6&#8243;][\/et_pb_image][\/et_pb_column][et_pb_column type=&#8221;1_4&#8243; _builder_version=&#8221;4.4.6&#8243;][et_pb_image src=&#8221;https:\/\/juntosaparte.com\/web\/wp-content\/uploads\/2020\/08\/4-Exposicion-de-resultados-Avenido-Zero-Equipo-Sublime-Biblioteca-Publica-Julio-Perez-Ferrero-Cucuta-Juntos-Aparte-2017.jpg&#8221; title_text=&#8221;4-Exposicion-de-resultados-Avenido-Zero-Equipo-Sublime-Biblioteca-Publica-Julio-Perez-Ferrero-Cucuta-Juntos-Aparte-2017&#8243; align=&#8221;center&#8221; _builder_version=&#8221;4.4.6&#8243;][\/et_pb_image][\/et_pb_column][\/et_pb_row][et_pb_row _builder_version=&#8221;4.4.6&#8243;][et_pb_column type=&#8221;4_4&#8243; _builder_version=&#8221;4.4.6&#8243;][et_pb_video src=&#8221;https:\/\/www.youtube.com\/watch?v=fvog8Pgtr9c&#8221; image_src=&#8221;https:\/\/juntosaparte.com\/web\/wp-content\/uploads\/2020\/08\/avenida-zero.png&#8221; thumbnail_overlay_color=&#8221;rgba(0,0,0,0.6)&#8221; _builder_version=&#8221;4.4.6&#8243; width=&#8221;85%&#8221; module_alignment=&#8221;center&#8221;][\/et_pb_video][\/et_pb_column][\/et_pb_row][et_pb_row _builder_version=&#8221;4.4.6&#8243;][et_pb_column type=&#8221;4_4&#8243; _builder_version=&#8221;4.4.6&#8243;][et_pb_text _builder_version=&#8221;4.4.6&#8243; width=&#8221;86%&#8221; module_alignment=&#8221;center&#8221;]<\/p>\n<p style=\"text-align: justify;\">Con la exposici\u00f3n ef\u00edmera Avenida Zero, Equipo Sublime dio cierre colectivo y performativo a su taller El enemigo est\u00e1 dentro \u2013 Disparad sobre nosotros en JUNTOS APARTE 2017, haciendo del trasegar por la urbe, la discusi\u00f3n grupal y la corresponsabilidad en la ejecuci\u00f3n la hoja de ruta hacia la autor\u00eda colectiva en la frontera.<\/p>\n<p style=\"text-align: justify;\">\u00a0Gracias al Institut Ramon Llull.<\/p>\n<p>[\/et_pb_text][\/et_pb_column][\/et_pb_row][et_pb_row column_structure=&#8221;1_4,1_4,1_4,1_4&#8243; use_custom_gutter=&#8221;on&#8221; gutter_width=&#8221;1&#8243; make_equal=&#8221;on&#8221; _builder_version=&#8221;4.4.6&#8243; width=&#8221;100%&#8221; max_width=&#8221;2560px&#8221; module_alignment=&#8221;center&#8221;][et_pb_column type=&#8221;1_4&#8243; _builder_version=&#8221;4.4.6&#8243;][et_pb_image src=&#8221;https:\/\/juntosaparte.com\/web\/wp-content\/uploads\/2020\/08\/1-Visita-guidada-Nos-mueve-Colombia-Caracol-Television-Cucuta-Juntos-Aparte-2017.jpg&#8221; title_text=&#8221;1-Visita-guidada-Nos-mueve-Colombia-Caracol-Television-Cucuta-Juntos-Aparte-2017&#8243; align=&#8221;center&#8221; _builder_version=&#8221;4.4.6&#8243;][\/et_pb_image][\/et_pb_column][et_pb_column type=&#8221;1_4&#8243; _builder_version=&#8221;4.4.6&#8243;][et_pb_image src=&#8221;https:\/\/juntosaparte.com\/web\/wp-content\/uploads\/2020\/08\/2-Visita-guidada-Nos-mueve-Colombia-Caracol-Television-Cucuta-Juntos-Aparte-2017.jpg&#8221; title_text=&#8221;2-Visita-guidada-Nos-mueve-Colombia-Caracol-Television-Cucuta-Juntos-Aparte-2017&#8243; align=&#8221;center&#8221; _builder_version=&#8221;4.4.6&#8243;][\/et_pb_image][\/et_pb_column][et_pb_column type=&#8221;1_4&#8243; _builder_version=&#8221;4.4.6&#8243;][et_pb_image src=&#8221;https:\/\/juntosaparte.com\/web\/wp-content\/uploads\/2020\/08\/3-Visita-guidada-Nos-mueve-Colombia-Caracol-Television-Cucuta-Juntos-Aparte-2017.jpg&#8221; title_text=&#8221;3-Visita-guidada-Nos-mueve-Colombia-Caracol-Television-Cucuta-Juntos-Aparte-2017&#8243; align=&#8221;center&#8221; _builder_version=&#8221;4.4.6&#8243;][\/et_pb_image][\/et_pb_column][et_pb_column type=&#8221;1_4&#8243; _builder_version=&#8221;4.4.6&#8243;][et_pb_image src=&#8221;https:\/\/juntosaparte.com\/web\/wp-content\/uploads\/2020\/08\/4-Visita-guidada-Nos-mueve-Colombia-Caracol-Television-Cucuta-Juntos-Aparte-2017.jpg&#8221; title_text=&#8221;4-Visita-guidada-Nos-mueve-Colombia-Caracol-Television-Cucuta-Juntos-Aparte-2017&#8243; align=&#8221;center&#8221; _builder_version=&#8221;4.4.6&#8243;][\/et_pb_image][\/et_pb_column][\/et_pb_row][et_pb_row _builder_version=&#8221;4.4.6&#8243;][et_pb_column type=&#8221;4_4&#8243; _builder_version=&#8221;4.4.6&#8243;][et_pb_video src=&#8221;https:\/\/www.youtube.com\/watch?v=O3oflJwqLyg&#8221; image_src=&#8221;https:\/\/juntosaparte.com\/web\/wp-content\/uploads\/2020\/08\/nos-mueve-colombia.png&#8221; thumbnail_overlay_color=&#8221;rgba(0,0,0,0.6)&#8221; _builder_version=&#8221;4.4.6&#8243; width=&#8221;85%&#8221; module_alignment=&#8221;center&#8221;][\/et_pb_video][\/et_pb_column][\/et_pb_row][et_pb_row _builder_version=&#8221;4.4.6&#8243;][et_pb_column type=&#8221;4_4&#8243; _builder_version=&#8221;4.4.6&#8243;][et_pb_text _builder_version=&#8221;4.4.6&#8243; width=&#8221;86%&#8221; module_alignment=&#8221;center&#8221;]<\/p>\n<p style=\"text-align: justify;\">Un grupo de estrellas televisivas e influenciadores digitales convocado por Caracol TY visit\u00f3 JUNTOS APARTE 2017 en el marco de la estrategia #NosMueveColombia, para visibilizar las iniciativas que a lo largo y ancho del pa\u00eds proponen escenarios culturalmente innovadores que apuestan por la transformaci\u00f3n social.<\/p>\n<p style=\"text-align: justify;\">Gracias a la Secretar\u00eda Municipal de Cultura y Turismo de la\u00a0Alcald\u00eda de C\u00facuta y a Caracol TV.<\/p>\n<p>[\/et_pb_text][\/et_pb_column][\/et_pb_row][et_pb_row column_structure=&#8221;1_4,1_4,1_4,1_4&#8243; use_custom_gutter=&#8221;on&#8221; gutter_width=&#8221;1&#8243; make_equal=&#8221;on&#8221; _builder_version=&#8221;4.4.6&#8243; width=&#8221;100%&#8221; max_width=&#8221;2560px&#8221; module_alignment=&#8221;center&#8221;][et_pb_column type=&#8221;1_4&#8243; _builder_version=&#8221;4.4.6&#8243;][et_pb_image src=&#8221;https:\/\/juntosaparte.com\/web\/wp-content\/uploads\/2020\/08\/1-Taller-Adrian-Paci-Biblioteca-Publica-Julio-Perez-Ferrero-Cucuta-Juntos-Aparte-2017.jpg&#8221; title_text=&#8221;1-Taller-Adrian-Paci-Biblioteca-Publica-Julio-Perez-Ferrero-Cucuta-Juntos-Aparte-2017&#8243; align=&#8221;center&#8221; _builder_version=&#8221;4.4.6&#8243;][\/et_pb_image][\/et_pb_column][et_pb_column type=&#8221;1_4&#8243; _builder_version=&#8221;4.4.6&#8243;][et_pb_image src=&#8221;https:\/\/juntosaparte.com\/web\/wp-content\/uploads\/2020\/08\/2-Taller-Adrian-Paci-Biblioteca-Publica-Julio-Perez-Ferrero-Cucuta-Juntos-Aparte-2017.jpg&#8221; title_text=&#8221;2-Taller-Adrian-Paci-Biblioteca-Publica-Julio-Perez-Ferrero-Cucuta-Juntos-Aparte-2017&#8243; align=&#8221;center&#8221; _builder_version=&#8221;4.4.6&#8243;][\/et_pb_image][\/et_pb_column][et_pb_column type=&#8221;1_4&#8243; _builder_version=&#8221;4.4.6&#8243;][et_pb_image src=&#8221;https:\/\/juntosaparte.com\/web\/wp-content\/uploads\/2020\/08\/3-Taller-Adrian-Paci-Biblioteca-Publica-Julio-Perez-Ferrero-Cucuta-Juntos-Aparte-2017.jpg&#8221; title_text=&#8221;3-Taller-Adrian-Paci-Biblioteca-Publica-Julio-Perez-Ferrero-Cucuta-Juntos-Aparte-2017&#8243; align=&#8221;center&#8221; _builder_version=&#8221;4.4.6&#8243;][\/et_pb_image][\/et_pb_column][et_pb_column type=&#8221;1_4&#8243; _builder_version=&#8221;4.4.6&#8243;][et_pb_image src=&#8221;https:\/\/juntosaparte.com\/web\/wp-content\/uploads\/2020\/08\/4-Taller-Adrian-Paci-Biblioteca-Publica-Julio-Perez-Ferrero-Cucuta-Juntos-Aparte-2017.jpg&#8221; title_text=&#8221;4-Taller-Adrian-Paci-Biblioteca-Publica-Julio-Perez-Ferrero-Cucuta-Juntos-Aparte-2017&#8243; align=&#8221;center&#8221; _builder_version=&#8221;4.4.6&#8243;][\/et_pb_image][\/et_pb_column][\/et_pb_row][et_pb_row _builder_version=&#8221;4.4.6&#8243;][et_pb_column type=&#8221;4_4&#8243; _builder_version=&#8221;4.4.6&#8243;][et_pb_video src=&#8221;https:\/\/www.youtube.com\/watch?v=ktLLYrc3AqU&#8221; image_src=&#8221;https:\/\/juntosaparte.com\/web\/wp-content\/uploads\/2020\/08\/paci-azul.png&#8221; thumbnail_overlay_color=&#8221;rgba(0,0,0,0.6)&#8221; _builder_version=&#8221;4.4.6&#8243; width=&#8221;85%&#8221; module_alignment=&#8221;center&#8221;][\/et_pb_video][\/et_pb_column][\/et_pb_row][et_pb_row _builder_version=&#8221;4.4.6&#8243;][et_pb_column type=&#8221;4_4&#8243; _builder_version=&#8221;4.4.6&#8243;][et_pb_text _builder_version=&#8221;4.4.6&#8243; width=&#8221;86%&#8221; module_alignment=&#8221;center&#8221;]<\/p>\n<p style=\"text-align: justify;\">El reputado artista alban\u00e9s intaliano Adrian Paci desarroll\u00f3 en JUNTOS APARTE 2017 el taller El encuentro \u2013 Reclamando la potencialidad del afecto, compartiendo con artistas y creativos de la frontera claves para abordar la pr\u00e1ctica art\u00edstica desde lenguajes que vinculan la forma po\u00e9tica y el gesto pol\u00edtico.<\/p>\n<p style=\"text-align: justify;\">Gracias al Consulado de Colombia en Barcelona @CancilleriaCol<\/p>\n<p>[\/et_pb_text][\/et_pb_column][\/et_pb_row][et_pb_row column_structure=&#8221;1_4,1_4,1_4,1_4&#8243; use_custom_gutter=&#8221;on&#8221; gutter_width=&#8221;1&#8243; make_equal=&#8221;on&#8221; _builder_version=&#8221;4.4.6&#8243; width=&#8221;100%&#8221; max_width=&#8221;2560px&#8221; module_alignment=&#8221;center&#8221;][et_pb_column type=&#8221;1_4&#8243; _builder_version=&#8221;4.4.6&#8243;][et_pb_image src=&#8221;https:\/\/juntosaparte.com\/web\/wp-content\/uploads\/2020\/08\/1-Taller-Raimond-Chaves-Fundacion-El-Pilar-Cucuta-Juntos-Aparte-2017.jpg&#8221; title_text=&#8221;1-Taller-Raimond-Chaves-Fundacion-El-Pilar-Cucuta-Juntos-Aparte-2017&#8243; align=&#8221;center&#8221; _builder_version=&#8221;4.4.6&#8243;][\/et_pb_image][\/et_pb_column][et_pb_column type=&#8221;1_4&#8243; _builder_version=&#8221;4.4.6&#8243;][et_pb_image src=&#8221;https:\/\/juntosaparte.com\/web\/wp-content\/uploads\/2020\/08\/2-Taller-Raimond-Chaves-Fundacion-El-Pilar-Cucuta-Juntos-Aparte-2017.jpg&#8221; title_text=&#8221;2-Taller-Raimond-Chaves-Fundacion-El-Pilar-Cucuta-Juntos-Aparte-2017&#8243; align=&#8221;center&#8221; _builder_version=&#8221;4.4.6&#8243;][\/et_pb_image][\/et_pb_column][et_pb_column type=&#8221;1_4&#8243; _builder_version=&#8221;4.4.6&#8243;][et_pb_image src=&#8221;https:\/\/juntosaparte.com\/web\/wp-content\/uploads\/2020\/08\/3-Taller-Raimond-Chaves-Fundacion-El-Pilar-Cucuta-Juntos-Aparte-2017.jpg&#8221; title_text=&#8221;3-Taller-Raimond-Chaves-Fundacion-El-Pilar-Cucuta-Juntos-Aparte-2017&#8243; align=&#8221;center&#8221; _builder_version=&#8221;4.4.6&#8243;][\/et_pb_image][\/et_pb_column][et_pb_column type=&#8221;1_4&#8243; _builder_version=&#8221;4.4.6&#8243;][et_pb_image src=&#8221;https:\/\/juntosaparte.com\/web\/wp-content\/uploads\/2020\/08\/4-Taller-Raimond-Chaves-Fundacion-El-Pilar-Cucuta-Juntos-Aparte-2017.jpg&#8221; title_text=&#8221;4-Taller-Raimond-Chaves-Fundacion-El-Pilar-Cucuta-Juntos-Aparte-2017&#8243; align=&#8221;center&#8221; _builder_version=&#8221;4.4.6&#8243;][\/et_pb_image][\/et_pb_column][\/et_pb_row][et_pb_row _builder_version=&#8221;4.4.6&#8243;][et_pb_column type=&#8221;4_4&#8243; _builder_version=&#8221;4.4.6&#8243;][et_pb_video src=&#8221;https:\/\/www.youtube.com\/watch?v=eKGr6_R2vO8&#8243; image_src=&#8221;https:\/\/juntosaparte.com\/web\/wp-content\/uploads\/2020\/08\/cahvez-azul.png&#8221; thumbnail_overlay_color=&#8221;rgba(0,0,0,0.6)&#8221; _builder_version=&#8221;4.4.6&#8243; width=&#8221;85%&#8221; module_alignment=&#8221;center&#8221;][\/et_pb_video][\/et_pb_column][\/et_pb_row][et_pb_row _builder_version=&#8221;4.4.6&#8243;][et_pb_column type=&#8221;4_4&#8243; _builder_version=&#8221;4.4.6&#8243;][et_pb_text _builder_version=&#8221;4.4.6&#8243; width=&#8221;86%&#8221; module_alignment=&#8221;center&#8221;]<\/p>\n<p style=\"text-align: justify;\">El taller Dibujando la frontera en JUNTOS APARTE 2017 trajo al artista Raimond Chaves de vuelta a C\u00facuta, para instigar en nuestros creadores la aproximaci\u00f3n reflexiva al contexto a partir de la bit\u00e1cora de dibujo, un instrumento de comunicaci\u00f3n contempor\u00e1nea capaz de establecer nuevas relaciones e imaginarios.<\/p>\n<p>[\/et_pb_text][\/et_pb_column][\/et_pb_row][et_pb_row column_structure=&#8221;1_4,1_4,1_4,1_4&#8243; use_custom_gutter=&#8221;on&#8221; gutter_width=&#8221;1&#8243; make_equal=&#8221;on&#8221; _builder_version=&#8221;4.4.6&#8243; width=&#8221;100%&#8221; max_width=&#8221;2560px&#8221; module_alignment=&#8221;center&#8221;][et_pb_column type=&#8221;1_4&#8243; _builder_version=&#8221;4.4.6&#8243;][et_pb_image src=&#8221;https:\/\/juntosaparte.com\/web\/wp-content\/uploads\/2020\/08\/1-Taller-Ramon-Mateo-Espacio-Publico-Cucuta-Juntos-Aparte-2019.jpg&#8221; title_text=&#8221;1-Taller-Ramon-Mateo-Espacio-Publico-Cucuta-Juntos-Aparte-2019&#8243; align=&#8221;center&#8221; _builder_version=&#8221;4.4.6&#8243;][\/et_pb_image][\/et_pb_column][et_pb_column type=&#8221;1_4&#8243; _builder_version=&#8221;4.4.6&#8243;][et_pb_image src=&#8221;https:\/\/juntosaparte.com\/web\/wp-content\/uploads\/2020\/08\/2-Taller-Ramon-Mateo-Espacio-Publico-Cucuta-Juntos-Aparte-2019.jpg&#8221; title_text=&#8221;2-Taller-Ramon-Mateo-Espacio-Publico-Cucuta-Juntos-Aparte-2019&#8243; align=&#8221;center&#8221; _builder_version=&#8221;4.4.6&#8243;][\/et_pb_image][\/et_pb_column][et_pb_column type=&#8221;1_4&#8243; _builder_version=&#8221;4.4.6&#8243;][et_pb_image src=&#8221;https:\/\/juntosaparte.com\/web\/wp-content\/uploads\/2020\/08\/3-Taller-Ramon-Mateo-Centro-Cultural-Quinta-Teresa-Cucuta-Juntos-Aparte-2019.jpg&#8221; title_text=&#8221;3-Taller-Ramon-Mateo-Centro-Cultural-Quinta-Teresa-Cucuta-Juntos-Aparte-2019&#8243; align=&#8221;center&#8221; _builder_version=&#8221;4.4.6&#8243;][\/et_pb_image][\/et_pb_column][et_pb_column type=&#8221;1_4&#8243; _builder_version=&#8221;4.4.6&#8243;][et_pb_image src=&#8221;https:\/\/juntosaparte.com\/web\/wp-content\/uploads\/2020\/08\/4-Taller-Ramon-Mateo-Espacio-Publico-Cucuta-Juntos-Aparte-2019.jpg&#8221; title_text=&#8221;4-Taller-Ramon-Mateo-Espacio-Publico-Cucuta-Juntos-Aparte-2019&#8243; align=&#8221;center&#8221; _builder_version=&#8221;4.4.6&#8243;][\/et_pb_image][\/et_pb_column][\/et_pb_row][et_pb_row _builder_version=&#8221;4.4.6&#8243;][et_pb_column type=&#8221;4_4&#8243; _builder_version=&#8221;4.4.6&#8243;][et_pb_video src=&#8221;https:\/\/www.youtube.com\/watch?v=khbCcXLQ0TI&#8221; image_src=&#8221;https:\/\/juntosaparte.com\/web\/wp-content\/uploads\/2020\/08\/ramon-mateos-azul.png&#8221; thumbnail_overlay_color=&#8221;rgba(0,0,0,0.6)&#8221; _builder_version=&#8221;4.4.6&#8243; width=&#8221;85%&#8221; module_alignment=&#8221;center&#8221;][\/et_pb_video][\/et_pb_column][\/et_pb_row][et_pb_row _builder_version=&#8221;4.4.6&#8243;][et_pb_column type=&#8221;4_4&#8243; _builder_version=&#8221;4.4.6&#8243;][et_pb_text _builder_version=&#8221;4.4.6&#8243; width=&#8221;86%&#8221; module_alignment=&#8221;center&#8221;]<\/p>\n<p style=\"text-align: justify;\">El artista e investigador espa\u00f1ol Ram\u00f3n Mateos abord\u00f3 en JUNTOS APARTE 2019 las Pr\u00e1cticas art\u00edsticas desplazadas con un taller hom\u00f3nimo, propiciando en los creativos de la frontera la aproximaci\u00f3n al contexto desde la autogesti\u00f3n, la pluralidad y una visi\u00f3n del arte que trasciende al sector mismo.<\/p>\n<p style=\"text-align: justify;\">Gracias a la Embajada de Espa\u00f1a.<\/p>\n<p>[\/et_pb_text][\/et_pb_column][\/et_pb_row][et_pb_row column_structure=&#8221;1_4,1_4,1_4,1_4&#8243; use_custom_gutter=&#8221;on&#8221; gutter_width=&#8221;1&#8243; make_equal=&#8221;on&#8221; _builder_version=&#8221;4.4.6&#8243; width=&#8221;100%&#8221; max_width=&#8221;2560px&#8221; module_alignment=&#8221;center&#8221;][et_pb_column type=&#8221;1_4&#8243; _builder_version=&#8221;4.4.6&#8243;][et_pb_image src=&#8221;https:\/\/juntosaparte.com\/web\/wp-content\/uploads\/2020\/08\/1-Taller-Guiliana-Racco-Cucuta-Juntos-Aparte-2019.jpg&#8221; title_text=&#8221;1-Taller-Guiliana-Racco-Cucuta-Juntos-Aparte-2019&#8243; align=&#8221;center&#8221; _builder_version=&#8221;4.4.6&#8243;][\/et_pb_image][\/et_pb_column][et_pb_column type=&#8221;1_4&#8243; _builder_version=&#8221;4.4.6&#8243;][et_pb_image src=&#8221;https:\/\/juntosaparte.com\/web\/wp-content\/uploads\/2020\/08\/2-Taller-Guiliana-Racco-Visita-de-campo-Cucuta-Juntos-Aparte-2019.jpg&#8221; title_text=&#8221;2-Taller-Guiliana-Racco-Visita-de-campo-Cucuta-Juntos-Aparte-2019&#8243; align=&#8221;center&#8221; _builder_version=&#8221;4.4.6&#8243;][\/et_pb_image][\/et_pb_column][et_pb_column type=&#8221;1_4&#8243; _builder_version=&#8221;4.4.6&#8243;][et_pb_image src=&#8221;https:\/\/juntosaparte.com\/web\/wp-content\/uploads\/2020\/08\/3-Taller-Guiliana-Racco-visita-de-campo-Cucuta-Juntos-Aparte-2019.jpg&#8221; title_text=&#8221;3-Taller-Guiliana-Racco-visita-de-campo-Cucuta-Juntos-Aparte-2019&#8243; align=&#8221;center&#8221; _builder_version=&#8221;4.4.6&#8243;][\/et_pb_image][\/et_pb_column][et_pb_column type=&#8221;1_4&#8243; _builder_version=&#8221;4.4.6&#8243;][et_pb_image src=&#8221;https:\/\/juntosaparte.com\/web\/wp-content\/uploads\/2020\/08\/4-Taller-Guiliana-Racco-Visita-de-campo-Cucuta-Juntos-Aparte-2019.jpg&#8221; title_text=&#8221;4-Taller-Guiliana-Racco-Visita-de-campo-Cucuta-Juntos-Aparte-2019&#8243; align=&#8221;center&#8221; _builder_version=&#8221;4.4.6&#8243;][\/et_pb_image][\/et_pb_column][\/et_pb_row][et_pb_row _builder_version=&#8221;4.4.6&#8243;][et_pb_column type=&#8221;4_4&#8243; _builder_version=&#8221;4.4.6&#8243;][et_pb_video src=&#8221;https:\/\/www.youtube.com\/watch?v=cEU7SW5YlvY&#8221; image_src=&#8221;https:\/\/juntosaparte.com\/web\/wp-content\/uploads\/2020\/08\/cover-Guiliana-Racco-azul.png&#8221; thumbnail_overlay_color=&#8221;rgba(0,0,0,0.6)&#8221; _builder_version=&#8221;4.4.6&#8243; width=&#8221;85%&#8221; module_alignment=&#8221;center&#8221;][\/et_pb_video][\/et_pb_column][\/et_pb_row][et_pb_row _builder_version=&#8221;4.4.6&#8243;][et_pb_column type=&#8221;4_4&#8243; _builder_version=&#8221;4.4.6&#8243;][et_pb_text _builder_version=&#8221;4.4.6&#8243; width=&#8221;86%&#8221; module_alignment=&#8221;center&#8221;]<\/p>\n<p style=\"text-align: justify;\">Con el taller Desmoronarse a lo largo del puente en JUNTOS APARTE 2019, la artista e investigadora canadiense Giuliana Racco brind\u00f3 a un grupo de artistas venezolanos refugiados y migrantes radicados en C\u00facuta un espacio para la reflexi\u00f3n y la generaci\u00f3n de estrategias de integraci\u00f3n, a partir de nociones como el estilo o los c\u00edrculos de cuidado.<\/p>\n<p style=\"text-align: justify;\">Gracias a la Embajada de Canad\u00e1 y el Institut Ramon Llull.<\/p>\n<p>[\/et_pb_text][\/et_pb_column][\/et_pb_row][et_pb_row column_structure=&#8221;1_4,1_4,1_4,1_4&#8243; use_custom_gutter=&#8221;on&#8221; gutter_width=&#8221;1&#8243; make_equal=&#8221;on&#8221; _builder_version=&#8221;4.4.6&#8243; width=&#8221;100%&#8221; max_width=&#8221;2560px&#8221; module_alignment=&#8221;center&#8221;][et_pb_column type=&#8221;1_4&#8243; _builder_version=&#8221;4.4.6&#8243;][et_pb_image src=&#8221;https:\/\/juntosaparte.com\/web\/wp-content\/uploads\/2020\/08\/1-Escuela-de-Aprestamiento-en-Mediacion-Amparo-Cardenas-Centro-Cultural-Quinta-Teresa-Cucuta-Juntos-Aparte-2019.jpg&#8221; title_text=&#8221;1-Escuela-de-Aprestamiento-en-Mediacion-Amparo-Cardenas-Centro-Cultural-Quinta-Teresa-Cucuta-Juntos-Aparte-2019&#8243; align=&#8221;center&#8221; _builder_version=&#8221;4.4.6&#8243;][\/et_pb_image][\/et_pb_column][et_pb_column type=&#8221;1_4&#8243; _builder_version=&#8221;4.4.6&#8243;][et_pb_image src=&#8221;https:\/\/juntosaparte.com\/web\/wp-content\/uploads\/2020\/08\/2-Escuela-de-Aprestamiento-en-Mediacion-Amparo-Cardenas-Centro-Cultural-Quinta-Teresa-Cucuta-Juntos-Aparte-2019.jpg&#8221; title_text=&#8221;2-Escuela-de-Aprestamiento-en-Mediacion-Amparo-Cardenas-Centro-Cultural-Quinta-Teresa-Cucuta-Juntos-Aparte-2019&#8243; align=&#8221;center&#8221; _builder_version=&#8221;4.4.6&#8243;][\/et_pb_image][\/et_pb_column][et_pb_column type=&#8221;1_4&#8243; _builder_version=&#8221;4.4.6&#8243;][et_pb_image src=&#8221;https:\/\/juntosaparte.com\/web\/wp-content\/uploads\/2020\/08\/3-Escuela-de-Aprestamiento-en-Mediacion-Amparo-Cardenas-Centro-Cultural-Quinta-Teresa-Cucuta-Juntos-Aparte-2019.jpg&#8221; title_text=&#8221;3-Escuela-de-Aprestamiento-en-Mediacion-Amparo-Cardenas-Centro-Cultural-Quinta-Teresa-Cucuta-Juntos-Aparte-2019&#8243; align=&#8221;center&#8221; _builder_version=&#8221;4.4.6&#8243;][\/et_pb_image][\/et_pb_column][et_pb_column type=&#8221;1_4&#8243; _builder_version=&#8221;4.4.6&#8243;][et_pb_image src=&#8221;https:\/\/juntosaparte.com\/web\/wp-content\/uploads\/2020\/08\/4-Escuela-de-Aprestamiento-en-Mediacion-Amparo-Cardenas-Centro-Cultural-Quinta-Teresa-Cucuta-Juntos-Aparte-2019.jpg&#8221; title_text=&#8221;4-Escuela-de-Aprestamiento-en-Mediacion-Amparo-Cardenas-Centro-Cultural-Quinta-Teresa-Cucuta-Juntos-Aparte-2019&#8243; align=&#8221;center&#8221; _builder_version=&#8221;4.4.6&#8243;][\/et_pb_image][\/et_pb_column][\/et_pb_row][et_pb_row _builder_version=&#8221;4.4.6&#8243;][et_pb_column type=&#8221;4_4&#8243; _builder_version=&#8221;4.4.6&#8243;][et_pb_video src=&#8221;https:\/\/www.youtube.com\/watch?v=GreFi_S02Vo&#8221; image_src=&#8221;https:\/\/juntosaparte.com\/web\/wp-content\/uploads\/2020\/08\/escuela-azul.png&#8221; thumbnail_overlay_color=&#8221;rgba(0,0,0,0.6)&#8221; _builder_version=&#8221;4.4.6&#8243; width=&#8221;85%&#8221; module_alignment=&#8221;center&#8221;][\/et_pb_video][\/et_pb_column][\/et_pb_row][et_pb_row _builder_version=&#8221;4.4.6&#8243;][et_pb_column type=&#8221;4_4&#8243; _builder_version=&#8221;4.4.6&#8243;][et_pb_text _builder_version=&#8221;4.4.6&#8243; width=&#8221;86%&#8221; module_alignment=&#8221;center&#8221;]<\/p>\n<p style=\"text-align: justify;\">Con la Escuela de aprestamiento en mediaci\u00f3n art\u00edstica, liderada por la maestra Amparo C\u00e1rdenas, JUNTOS APARTE 2019 dio un paso firme hacia la creaci\u00f3n de una comunidad de mediadores art\u00edsticos de frontera, dando cita a madres cabeza de hogar, artistas emergentes y j\u00f3venes estudiantes.<\/p>\n<p style=\"text-align: justify;\">\u00a0Gracias al Programa PAR de USAID y ACDIVOCA, Embajada de Canad\u00e1 y Centro Nacional de Memoria Hist\u00f3rica.<\/p>\n<p>[\/et_pb_text][\/et_pb_column][\/et_pb_row][et_pb_row column_structure=&#8221;1_4,1_4,1_4,1_4&#8243; use_custom_gutter=&#8221;on&#8221; gutter_width=&#8221;1&#8243; make_equal=&#8221;on&#8221; _builder_version=&#8221;4.4.6&#8243; width=&#8221;100%&#8221; max_width=&#8221;2560px&#8221; module_alignment=&#8221;center&#8221;][et_pb_column type=&#8221;1_4&#8243; _builder_version=&#8221;4.4.6&#8243;][et_pb_image src=&#8221;https:\/\/juntosaparte.com\/web\/wp-content\/uploads\/2020\/08\/1-Safari-Infantil-Visita-Guidada-Museo-Norte-de-Santander-y-Cuidad-de-Cucuta-Juntos-Aparte-2019.jpg&#8221; title_text=&#8221;1-Safari-Infantil-Visita-Guidada-Museo-Norte-de-Santander-y-Cuidad-de-Cucuta-Juntos-Aparte-2019&#8243; align=&#8221;center&#8221; _builder_version=&#8221;4.4.6&#8243;][\/et_pb_image][\/et_pb_column][et_pb_column type=&#8221;1_4&#8243; _builder_version=&#8221;4.4.6&#8243;][et_pb_image src=&#8221;https:\/\/juntosaparte.com\/web\/wp-content\/uploads\/2020\/08\/2-Safari-Infantil-Visita-Guidada-Museo-Norte-de-Santander-y-Cuidad-de-Cucuta-Juntos-Aparte-2019.jpg&#8221; title_text=&#8221;2-Safari-Infantil-Visita-Guidada-Museo-Norte-de-Santander-y-Cuidad-de-Cucuta-Juntos-Aparte-2019&#8243; align=&#8221;center&#8221; _builder_version=&#8221;4.4.6&#8243;][\/et_pb_image][\/et_pb_column][et_pb_column type=&#8221;1_4&#8243; _builder_version=&#8221;4.4.6&#8243;][et_pb_image src=&#8221;https:\/\/juntosaparte.com\/web\/wp-content\/uploads\/2020\/08\/3-Safari-Infantil-Visita-Guidada-Museo-Norte-de-Santander-y-Cuidad-de-Cucuta-Juntos-Aparte-2019.jpg&#8221; title_text=&#8221;3-Safari-Infantil-Visita-Guidada-Museo-Norte-de-Santander-y-Cuidad-de-Cucuta-Juntos-Aparte-2019&#8243; align=&#8221;center&#8221; _builder_version=&#8221;4.4.6&#8243;][\/et_pb_image][\/et_pb_column][et_pb_column type=&#8221;1_4&#8243; _builder_version=&#8221;4.4.6&#8243;][et_pb_image src=&#8221;https:\/\/juntosaparte.com\/web\/wp-content\/uploads\/2020\/08\/4-Safari-Infantil-Visita-Guidada-Museo-Norte-de-Santander-y-Cuidad-de-Cucuta-Juntos-Aparte-2019.jpg&#8221; title_text=&#8221;4-Safari-Infantil-Visita-Guidada-Museo-Norte-de-Santander-y-Cuidad-de-Cucuta-Juntos-Aparte-2019&#8243; align=&#8221;center&#8221; _builder_version=&#8221;4.4.6&#8243;][\/et_pb_image][\/et_pb_column][\/et_pb_row][et_pb_row _builder_version=&#8221;4.4.6&#8243;][et_pb_column type=&#8221;4_4&#8243; _builder_version=&#8221;4.4.6&#8243;][et_pb_video src=&#8221;https:\/\/www.youtube.com\/watch?v=SIhMU0vuXhk&#8221; image_src=&#8221;https:\/\/juntosaparte.com\/web\/wp-content\/uploads\/2020\/08\/safaris-azul.png&#8221; thumbnail_overlay_color=&#8221;rgba(0,0,0,0.6)&#8221; _builder_version=&#8221;4.4.6&#8243; width=&#8221;85%&#8221; module_alignment=&#8221;center&#8221;][\/et_pb_video][\/et_pb_column][\/et_pb_row][et_pb_row _builder_version=&#8221;4.4.6&#8243;][et_pb_column type=&#8221;4_4&#8243; _builder_version=&#8221;4.4.6&#8243;][et_pb_text _builder_version=&#8221;4.4.6&#8243; width=&#8221;86%&#8221; module_alignment=&#8221;center&#8221;]<\/p>\n<p style=\"text-align: justify;\">Gracias al Safari Infantil JUNTOS APARTE 2019, ni\u00f1as y ni\u00f1os de la frontera colombo-venezolana recorrieron el circuito expositivo acompa\u00f1ados por acudientes y por nuestro equipo de mediaci\u00f3n, abordando ejercicios para el despertar de la conciencia y el fortalecimiento de la convivencia en la nueva generaci\u00f3n.<\/p>\n<p style=\"text-align: justify;\">Gracias al Programa PAR de USAID y ACDIVOCA, OIM con el apoyo de PRM, ACNUR y Traves\u00edas.<\/p>\n<p>[\/et_pb_text][\/et_pb_column][\/et_pb_row][et_pb_row column_structure=&#8221;1_4,1_4,1_4,1_4&#8243; use_custom_gutter=&#8221;on&#8221; gutter_width=&#8221;1&#8243; make_equal=&#8221;on&#8221; _builder_version=&#8221;4.4.6&#8243; width=&#8221;100%&#8221; max_width=&#8221;2560px&#8221; module_alignment=&#8221;center&#8221;][et_pb_column type=&#8221;1_4&#8243; _builder_version=&#8221;4.4.6&#8243;][et_pb_image src=&#8221;https:\/\/juntosaparte.com\/web\/wp-content\/uploads\/2020\/09\/CICLO-AUDIO-VISUAL-CATM-LA-PARADA-JUNTOS-APARTE-2019.jpg&#8221; title_text=&#8221;CICLO AUDIO VISUAL &#8211; CATM LA PARADA &#8211; JUNTOS APARTE 2019&#8243; align=&#8221;center&#8221; _builder_version=&#8221;4.4.6&#8243;][\/et_pb_image][\/et_pb_column][et_pb_column type=&#8221;1_4&#8243; _builder_version=&#8221;4.4.6&#8243;][et_pb_image src=&#8221;https:\/\/juntosaparte.com\/web\/wp-content\/uploads\/2020\/09\/CICLO-AUDIO-VISUAL-FORTALEZA-JUNTOS-APARTE-2019-5-scaled.jpg&#8221; title_text=&#8221;CICLO AUDIO VISUAL &#8211; FORTALEZA &#8211; JUNTOS APARTE 2019 (5)&#8221; align=&#8221;center&#8221; _builder_version=&#8221;4.4.6&#8243;][\/et_pb_image][\/et_pb_column][et_pb_column type=&#8221;1_4&#8243; _builder_version=&#8221;4.4.6&#8243;][et_pb_image src=&#8221;https:\/\/juntosaparte.com\/web\/wp-content\/uploads\/2020\/09\/CICLO-AUDIO-VISUAL-FORTALEZA-JUNTOS-APARTE-2019-3.jpg&#8221; title_text=&#8221;CICLO AUDIO VISUAL &#8211; FORTALEZA &#8211; JUNTOS APARTE 2019 3&#8243; align=&#8221;center&#8221; _builder_version=&#8221;4.4.6&#8243;][\/et_pb_image][\/et_pb_column][et_pb_column type=&#8221;1_4&#8243; _builder_version=&#8221;4.4.6&#8243;][et_pb_image src=&#8221;https:\/\/juntosaparte.com\/web\/wp-content\/uploads\/2020\/09\/CICLO-AUDIO-VISUAL-FORTALEZA-JUNTOS-APARTE-2019-2-2.jpg&#8221; title_text=&#8221;CICLO-AUDIO-VISUAL&#8212;FORTALEZA&#8212;JUNTOS-APARTE-2019-(2)&#8221; align=&#8221;center&#8221; _builder_version=&#8221;4.4.6&#8243;][\/et_pb_image][\/et_pb_column][\/et_pb_row][et_pb_row _builder_version=&#8221;4.4.6&#8243;][et_pb_column type=&#8221;4_4&#8243; _builder_version=&#8221;4.4.6&#8243;][et_pb_video src=&#8221;https:\/\/www.youtube.com\/watch?v=FC1X5meaFuU&#8221; thumbnail_overlay_color=&#8221;rgba(0,0,0,0.6)&#8221; _builder_version=&#8221;4.4.6&#8243; width=&#8221;85%&#8221; module_alignment=&#8221;center&#8221;][\/et_pb_video][et_pb_text _builder_version=&#8221;4.4.6&#8243; width=&#8221;86%&#8221; module_alignment=&#8221;center&#8221;]<\/p>\n<p style=\"text-align: justify;\">Ciclo Audiovisual en comunidades<\/p>\n<p style=\"text-align: justify;\">Adem\u00e1s de las sesiones de auditorio en el centro de C\u00facuta, el Ciclo Audiovisual JUNTOS APARTE 2019 visit\u00f3 el Centro de Atenci\u00f3n al Migrante de La Parada -en las inmediaciones del paso fronterizo- y al barrio La Fortaleza, acercando un programa f\u00edlmico especial a la comunidad en jornadas de convivencia e integraci\u00f3n.\u00a0\u00a0\u00a0<\/p>\n<p style=\"text-align: justify;\">Gracias a OIM y PRM.<\/p>\n<p>[\/et_pb_text][\/et_pb_column][\/et_pb_row][et_pb_row column_structure=&#8221;1_4,1_4,1_4,1_4&#8243; use_custom_gutter=&#8221;on&#8221; gutter_width=&#8221;1&#8243; make_equal=&#8221;on&#8221; _builder_version=&#8221;4.4.6&#8243; width=&#8221;100%&#8221; max_width=&#8221;2560px&#8221; module_alignment=&#8221;center&#8221;][et_pb_column type=&#8221;1_4&#8243; _builder_version=&#8221;4.4.6&#8243;][et_pb_image src=&#8221;https:\/\/juntosaparte.com\/web\/wp-content\/uploads\/2020\/08\/1.jpg&#8221; title_text=&#8221;1&#8243; align=&#8221;center&#8221; _builder_version=&#8221;4.4.6&#8243;][\/et_pb_image][\/et_pb_column][et_pb_column type=&#8221;1_4&#8243; _builder_version=&#8221;4.4.6&#8243;][et_pb_image src=&#8221;https:\/\/juntosaparte.com\/web\/wp-content\/uploads\/2020\/08\/2d.jpg&#8221; title_text=&#8221;2d&#8221; align=&#8221;center&#8221; _builder_version=&#8221;4.4.6&#8243;][\/et_pb_image][\/et_pb_column][et_pb_column type=&#8221;1_4&#8243; _builder_version=&#8221;4.4.6&#8243;][et_pb_image src=&#8221;https:\/\/juntosaparte.com\/web\/wp-content\/uploads\/2020\/08\/3a.jpg&#8221; title_text=&#8221;3a&#8221; align=&#8221;center&#8221; _builder_version=&#8221;4.4.6&#8243;][\/et_pb_image][\/et_pb_column][et_pb_column type=&#8221;1_4&#8243; _builder_version=&#8221;4.4.6&#8243;][et_pb_image src=&#8221;https:\/\/juntosaparte.com\/web\/wp-content\/uploads\/2020\/08\/4a.jpg&#8221; title_text=&#8221;4a&#8221; align=&#8221;center&#8221; _builder_version=&#8221;4.4.6&#8243;][\/et_pb_image][\/et_pb_column][\/et_pb_row][et_pb_row _builder_version=&#8221;4.4.6&#8243;][et_pb_column type=&#8221;4_4&#8243; _builder_version=&#8221;4.4.6&#8243;][et_pb_video src=&#8221;https:\/\/www.youtube.com\/watch?v=gxBzhtWF5NM&#8221; image_src=&#8221;https:\/\/juntosaparte.com\/web\/wp-content\/uploads\/2020\/08\/travesias.png&#8221; thumbnail_overlay_color=&#8221;rgba(0,0,0,0.6)&#8221; _builder_version=&#8221;4.4.6&#8243; width=&#8221;85%&#8221; module_alignment=&#8221;center&#8221;][\/et_pb_video][\/et_pb_column][\/et_pb_row][et_pb_row _builder_version=&#8221;4.4.6&#8243;][et_pb_column type=&#8221;4_4&#8243; _builder_version=&#8221;4.4.6&#8243;][et_pb_text _builder_version=&#8221;4.4.6&#8243; width=&#8221;86%&#8221; module_alignment=&#8221;center&#8221;]<\/p>\n<p style=\"text-align: justify;\">Comunidades vulnerables que incluyen retornados, refugiados, migrantes, poblaci\u00f3n LGBTI, v\u00edctimas del conflicto armado, poblaci\u00f3n rural, portadores de VIH y ciudadanos con capacidades especiales, disfrutaron en con las Traves\u00edas JUNTOS APARTE 2019 de recorridos concertados, acompa\u00f1ados con ejercicios vivenciales de transformaci\u00f3n colectiva.<\/p>\n<p style=\"text-align: justify;\">Gracias al Programa PAR de USAID y ACDIVOCA, OIM con el apoyo de PRM, ACNUR y Traves\u00edas.<\/p>\n<p>[\/et_pb_text][\/et_pb_column][\/et_pb_row][et_pb_row column_structure=&#8221;1_4,1_4,1_4,1_4&#8243; use_custom_gutter=&#8221;on&#8221; gutter_width=&#8221;1&#8243; make_equal=&#8221;on&#8221; _builder_version=&#8221;4.4.6&#8243; width=&#8221;100%&#8221; max_width=&#8221;2560px&#8221; module_alignment=&#8221;center&#8221;][et_pb_column type=&#8221;1_4&#8243; _builder_version=&#8221;4.4.6&#8243;][et_pb_image src=&#8221;https:\/\/juntosaparte.com\/web\/wp-content\/uploads\/2020\/08\/1-Visita-Guida-La-Esperanza-Exposicion-ESTADO-DE-EXCEPCION-Biblioteca-Publica-Julio-Perez-Ferrero-Cucuta-Juntos-Aparte-2017.jpg&#8221; title_text=&#8221;1-Visita-Guida-La-Esperanza-Exposicion-ESTADO-DE-EXCEPCION-Biblioteca-Publica-Julio-Perez-Ferrero-Cucuta-Juntos-Aparte-2017&#8243; align=&#8221;center&#8221; _builder_version=&#8221;4.4.6&#8243;][\/et_pb_image][\/et_pb_column][et_pb_column type=&#8221;1_4&#8243; _builder_version=&#8221;4.4.6&#8243;][et_pb_image src=&#8221;https:\/\/juntosaparte.com\/web\/wp-content\/uploads\/2020\/08\/2-Visita-Guida-La-Esperanza-Exposicion-LA-BUSQUEDA-DEL-OTRO-Casa-Museo-Torre-del-Reloj-Cucuta-Juntos-Aparte-2017.jpg&#8221; title_text=&#8221;2-Visita-Guida-La-Esperanza-Exposicion-LA-BUSQUEDA-DEL-OTRO-Casa-Museo-Torre-del-Reloj-Cucuta-Juntos-Aparte-2017&#8243; align=&#8221;center&#8221; _builder_version=&#8221;4.4.6&#8243;][\/et_pb_image][\/et_pb_column][et_pb_column type=&#8221;1_4&#8243; _builder_version=&#8221;4.4.6&#8243;][et_pb_image src=&#8221;https:\/\/juntosaparte.com\/web\/wp-content\/uploads\/2020\/08\/3-Visita-Guida-Raimond-Chaves-Exposicion-VAIVEN-Museo-Centenario-Norte-de-Santander-Juntos-Aparte-2017.jpg&#8221; title_text=&#8221;3-Visita-Guida-Raimond-Chaves-Exposicion-VAIVEN-Museo-Centenario-Norte-de-Santander-Juntos-Aparte-2017&#8243; align=&#8221;center&#8221; _builder_version=&#8221;4.4.6&#8243;][\/et_pb_image][\/et_pb_column][et_pb_column type=&#8221;1_4&#8243; _builder_version=&#8221;4.4.6&#8243;][et_pb_image src=&#8221;https:\/\/juntosaparte.com\/web\/wp-content\/uploads\/2020\/08\/4-Visita-Guida-Personeria-de-Cucuta-Exposicion-VAIVEN-Museo-Centenario-Norte-de-Santander-Juntos-Aparte-2017.jpg&#8221; title_text=&#8221;4-Visita-Guida-Personeria-de-Cucuta-Exposicion-VAIVEN-Museo-Centenario-Norte-de-Santander-Juntos-Aparte-2017&#8243; align=&#8221;center&#8221; _builder_version=&#8221;4.4.6&#8243;][\/et_pb_image][\/et_pb_column][\/et_pb_row][et_pb_row _builder_version=&#8221;4.4.6&#8243;][et_pb_column type=&#8221;4_4&#8243; _builder_version=&#8221;4.4.6&#8243;][et_pb_video src=&#8221;https:\/\/www.youtube.com\/watch?v=btZx9sBss0I&#8221; image_src=&#8221;https:\/\/juntosaparte.com\/web\/wp-content\/uploads\/2020\/08\/1-VISI1-azul.png&#8221; thumbnail_overlay_color=&#8221;rgba(0,0,0,0.6)&#8221; _builder_version=&#8221;4.4.6&#8243; width=&#8221;85%&#8221; module_alignment=&#8221;center&#8221;][\/et_pb_video][\/et_pb_column][\/et_pb_row][et_pb_row _builder_version=&#8221;4.4.6&#8243;][et_pb_column type=&#8221;4_4&#8243; _builder_version=&#8221;4.4.6&#8243;][et_pb_text _builder_version=&#8221;4.4.6&#8243; width=&#8221;86%&#8221; module_alignment=&#8221;center&#8221;]<\/p>\n<p style=\"text-align: justify;\">La curadur\u00eda de JUNTOS APARTE acompa\u00f1a, concertadamente, a aliados, patrocinadores y miembros de la red de colaboradores locales, nacionales e internacionales del proyecto, apostando por la proximidad en la experiencia y el v\u00ednculo humano para fortalecer el valor compartido.<\/p>\n<p style=\"text-align: justify;\">Nos acompa\u00f1aron en 2019 la Gerencia de Frontera con Venezuela de la Presidencia de la Rep\u00fablica, el Programa PAR de USAID y ACDIVOCA, la C\u00e1mara de Comercio de C\u00facuta y Espacio KB, entre otros.<\/p>\n<p>[\/et_pb_text][\/et_pb_column][\/et_pb_row][et_pb_row column_structure=&#8221;1_4,1_4,1_4,1_4&#8243; use_custom_gutter=&#8221;on&#8221; gutter_width=&#8221;1&#8243; make_equal=&#8221;on&#8221; _builder_version=&#8221;4.4.6&#8243; width=&#8221;100%&#8221; max_width=&#8221;2560px&#8221; module_alignment=&#8221;center&#8221;][et_pb_column type=&#8221;1_4&#8243; _builder_version=&#8221;4.4.6&#8243;][et_pb_image src=&#8221;https:\/\/juntosaparte.com\/web\/wp-content\/uploads\/2020\/08\/1C.jpg&#8221; title_text=&#8221;1C&#8221; align=&#8221;center&#8221; _builder_version=&#8221;4.4.6&#8243;][\/et_pb_image][\/et_pb_column][et_pb_column type=&#8221;1_4&#8243; _builder_version=&#8221;4.4.6&#8243;][et_pb_image src=&#8221;https:\/\/juntosaparte.com\/web\/wp-content\/uploads\/2020\/08\/2-Visita-Guiada-USAID-Casa-Museo-Torre-del-Rolej-Cucuta-Juntos-Aparte-2017b.jpg&#8221; title_text=&#8221;2-Visita-Guiada-USAID-Casa-Museo-Torre-del-Rolej-Cucuta-Juntos-Aparte-2017b&#8221; align=&#8221;center&#8221; _builder_version=&#8221;4.4.6&#8243;][\/et_pb_image][\/et_pb_column][et_pb_column type=&#8221;1_4&#8243; _builder_version=&#8221;4.4.6&#8243;][et_pb_image src=&#8221;https:\/\/juntosaparte.com\/web\/wp-content\/uploads\/2020\/08\/3.jpg&#8221; title_text=&#8221;3&#8243; align=&#8221;center&#8221; _builder_version=&#8221;4.4.6&#8243;][\/et_pb_image][\/et_pb_column][et_pb_column type=&#8221;1_4&#8243; _builder_version=&#8221;4.4.6&#8243;][et_pb_image src=&#8221;https:\/\/juntosaparte.com\/web\/wp-content\/uploads\/2020\/08\/4.jpg&#8221; title_text=&#8221;4&#8243; align=&#8221;center&#8221; _builder_version=&#8221;4.4.6&#8243;][\/et_pb_image][\/et_pb_column][\/et_pb_row][et_pb_row _builder_version=&#8221;4.4.6&#8243; custom_margin=&#8221;80px|auto||auto||&#8221;][et_pb_column type=&#8221;4_4&#8243; _builder_version=&#8221;4.4.6&#8243;][et_pb_video src=&#8221;https:\/\/www.youtube.com\/watch?v=MDgLnTHr77I&#8221; thumbnail_overlay_color=&#8221;rgba(0,0,0,0.6)&#8221; _builder_version=&#8221;4.4.6&#8243; width=&#8221;85%&#8221; module_alignment=&#8221;center&#8221;][\/et_pb_video][\/et_pb_column][\/et_pb_row][et_pb_row _builder_version=&#8221;4.4.6&#8243;][et_pb_column type=&#8221;4_4&#8243; _builder_version=&#8221;4.4.6&#8243;][et_pb_text _builder_version=&#8221;4.4.6&#8243; width=&#8221;86%&#8221; module_alignment=&#8221;center&#8221;]<\/p>\n<p style=\"text-align: justify;\">Conocimos a Jimena Ni\u00f1o en 2019 en su visita a C\u00facuta como Subdirectora del Programa Alianzas para la Reconciliaci\u00f3n. Hoy, como directora de ACDI\/VOCA Colombia y tras haber apostado por JUNTOS APARTE 2019, nos comparte su visi\u00f3n sobre los procesos de trabajo humanitario e intervenci\u00f3n social a trav\u00e9s de las artes y la cultura en la frontera.<\/p>\n<p>[\/et_pb_text][\/et_pb_column][\/et_pb_row][\/et_pb_section]<\/p>\n<!-- AddThis Advanced Settings generic via filter on the_content --><!-- AddThis Share Buttons generic via filter on the_content -->","protected":false},"excerpt":{"rendered":"<p>A trav\u00e9s de nuestro Canal Virtual JUNTOS APARTE 2020: Instagram, Twitter, Facebook y YouTube, iremos desplegando materiales con las voces de pensadores y artistas aliados, colaboradores locales y del mundo, que han sido determinantes en la construcci\u00f3n del relato fronterizo para la ciudadan\u00eda a trav\u00e9s de las artes. Tras cinco semanas revisitando las memorias de [&hellip;]<\/p>\n<p><!-- AddThis Advanced Settings generic via filter on get_the_excerpt --><!-- AddThis Share Buttons generic via filter on get_the_excerpt --><\/p>\n","protected":false},"author":1,"featured_media":0,"parent":0,"menu_order":0,"comment_status":"closed","ping_status":"closed","template":"","meta":{"_et_pb_use_builder":"on","_et_pb_old_content":"","_et_gb_content_width":"","footnotes":""},"class_list":["post-909","page","type-page","status-publish","hentry"],"lang":"es","translations":{"es":909},"pll_sync_post":[],"_links":{"self":[{"href":"https:\/\/juntosaparte.com\/web\/wp-json\/wp\/v2\/pages\/909","targetHints":{"allow":["GET"]}}],"collection":[{"href":"https:\/\/juntosaparte.com\/web\/wp-json\/wp\/v2\/pages"}],"about":[{"href":"https:\/\/juntosaparte.com\/web\/wp-json\/wp\/v2\/types\/page"}],"author":[{"embeddable":true,"href":"https:\/\/juntosaparte.com\/web\/wp-json\/wp\/v2\/users\/1"}],"replies":[{"embeddable":true,"href":"https:\/\/juntosaparte.com\/web\/wp-json\/wp\/v2\/comments?post=909"}],"version-history":[{"count":80,"href":"https:\/\/juntosaparte.com\/web\/wp-json\/wp\/v2\/pages\/909\/revisions"}],"predecessor-version":[{"id":1749,"href":"https:\/\/juntosaparte.com\/web\/wp-json\/wp\/v2\/pages\/909\/revisions\/1749"}],"wp:attachment":[{"href":"https:\/\/juntosaparte.com\/web\/wp-json\/wp\/v2\/media?parent=909"}],"curies":[{"name":"wp","href":"https:\/\/api.w.org\/{rel}","templated":true}]}}