{"id":908,"date":"2020-08-13T14:25:38","date_gmt":"2020-08-13T19:25:38","guid":{"rendered":"https:\/\/juntosaparte.com\/web\/?page_id=908"},"modified":"2020-09-07T14:40:08","modified_gmt":"2020-09-07T19:40:08","slug":"semana3","status":"publish","type":"page","link":"https:\/\/juntosaparte.com\/web\/semana3\/","title":{"rendered":"Semana 3"},"content":{"rendered":"<p>[et_pb_section fb_built=&#8221;1&#8243; _builder_version=&#8221;4.4.6&#8243; background_color=&#8221;#E6E7E8&#8243; custom_padding=&#8221;0px||0px|||&#8221; da_disable_devices=&#8221;off|off|off&#8221; da_is_popup=&#8221;off&#8221; da_exit_intent=&#8221;off&#8221; da_has_close=&#8221;on&#8221; da_alt_close=&#8221;off&#8221; da_dark_close=&#8221;off&#8221; da_not_modal=&#8221;on&#8221; da_is_singular=&#8221;off&#8221; da_with_loader=&#8221;off&#8221; da_has_shadow=&#8221;on&#8221;][et_pb_row _builder_version=&#8221;4.4.6&#8243;][et_pb_column type=&#8221;4_4&#8243; _builder_version=&#8221;4.4.6&#8243;][et_pb_image src=&#8221;https:\/\/juntosaparte.com\/web\/wp-content\/uploads\/2020\/06\/banner_red.png&#8221; title_text=&#8221;banner_red&#8221; align=&#8221;center&#8221; _builder_version=&#8221;4.4.6&#8243;][\/et_pb_image][\/et_pb_column][\/et_pb_row][\/et_pb_section][et_pb_section fb_built=&#8221;1&#8243; _builder_version=&#8221;4.4.6&#8243; custom_padding=&#8221;0px||0px|||&#8221; da_disable_devices=&#8221;off|off|off&#8221; da_is_popup=&#8221;off&#8221; da_exit_intent=&#8221;off&#8221; da_has_close=&#8221;on&#8221; da_alt_close=&#8221;off&#8221; da_dark_close=&#8221;off&#8221; da_not_modal=&#8221;on&#8221; da_is_singular=&#8221;off&#8221; da_with_loader=&#8221;off&#8221; da_has_shadow=&#8221;on&#8221;][et_pb_row _builder_version=&#8221;4.4.6&#8243;][et_pb_column type=&#8221;4_4&#8243; _builder_version=&#8221;4.4.6&#8243;][et_pb_text _builder_version=&#8221;4.4.6&#8243; header_text_color=&#8221;#232641&#8243; header_font_size=&#8221;24px&#8221; width=&#8221;94%&#8221; module_alignment=&#8221;center&#8221;]<\/p>\n<p style=\"text-align: justify;\">A trav\u00e9s de nuestro Canal Virtual JUNTOS APARTE 2020: Instagram, Twitter, Facebook y YouTube, iremos desplegando materiales con las voces de pensadores y artistas aliados, colaboradores locales y del mundo, que han sido determinantes en la construcci\u00f3n del relato fronterizo para la ciudadan\u00eda a trav\u00e9s de las artes.<\/p>\n<p style=\"text-align: justify;\">Tras el lanzamiento del Canal Virtual JUNTOS APARTE 2020, los cap\u00edtulos Alianza creativa regional y Participaci\u00f3n ciudadana, construcci\u00f3n de memoria y relato fronterizo han permitido conocer el horizonte que plantean el arte contempor\u00e1neo y el pensamiento cr\u00edtico para la frontera colombo-venezolana. Ahora te invitamos a conocer iniciativas aliadas que, desde diversos frentes de la acci\u00f3n civil, apuestan por un nuevo horizonte de ciudadan\u00eda y bienestar para la regi\u00f3n. Bienvenidos a Intersecci\u00f3n c\u00edvica binacional e integraci\u00f3n fronteriza.<\/p>\n<p>[\/et_pb_text][\/et_pb_column][\/et_pb_row][et_pb_row _builder_version=&#8221;4.4.6&#8243;][et_pb_column type=&#8221;4_4&#8243; _builder_version=&#8221;4.4.6&#8243;][et_pb_image src=&#8221;https:\/\/juntosaparte.com\/web\/wp-content\/uploads\/2020\/08\/binacional.png&#8221; title_text=&#8221;binacional&#8221; align=&#8221;center&#8221; _builder_version=&#8221;4.4.6&#8243;][\/et_pb_image][et_pb_text _builder_version=&#8221;4.4.6&#8243; width=&#8221;86%&#8221; module_alignment=&#8221;center&#8221;]<\/p>\n<p style=\"text-align: justify;\">Te invitamos a conocer iniciativas aliadas que, desde diversos frentes de la acci\u00f3n civil, apuestan por un nuevo horizonte de ciudadan\u00eda y bienestar para la regi\u00f3n. Bienvenidos a Intersecci\u00f3n c\u00edvica binacional e integraci\u00f3n fronteriza.<\/p>\n<p>[\/et_pb_text][\/et_pb_column][\/et_pb_row][et_pb_row column_structure=&#8221;1_3,1_3,1_3&#8243; _builder_version=&#8221;4.4.6&#8243;][et_pb_column type=&#8221;1_3&#8243; _builder_version=&#8221;4.4.6&#8243;][\/et_pb_column][et_pb_column type=&#8221;1_3&#8243; _builder_version=&#8221;4.4.6&#8243;][et_pb_button button_url=&#8221;#articulo1&#8243; button_text=&#8221;Ver art\u00edculo&#8221; button_alignment=&#8221;center&#8221; module_class=&#8221;boton_full&#8221; _builder_version=&#8221;4.4.6&#8243; custom_button=&#8221;on&#8221; button_use_icon=&#8221;off&#8221; box_shadow_style=&#8221;preset1&#8243; box_shadow_color=&#8221;#d6d6d6&#8243;][\/et_pb_button][\/et_pb_column][et_pb_column type=&#8221;1_3&#8243; _builder_version=&#8221;4.4.6&#8243;][\/et_pb_column][\/et_pb_row][et_pb_row _builder_version=&#8221;4.4.6&#8243;][et_pb_column type=&#8221;4_4&#8243; _builder_version=&#8221;4.4.6&#8243;][et_pb_image src=&#8221;https:\/\/juntosaparte.com\/web\/wp-content\/uploads\/2020\/08\/cultura-de-paz.png&#8221; title_text=&#8221;cultura de paz&#8221; align=&#8221;center&#8221; _builder_version=&#8221;4.4.6&#8243;][\/et_pb_image][et_pb_text _builder_version=&#8221;4.4.6&#8243; width=&#8221;86%&#8221; module_alignment=&#8221;center&#8221;]<\/p>\n<p style=\"text-align: justify;\"><span>Acomp\u00e1\u00f1anos en el recorrido por las acciones y escenarios de JUNTOS APARTE centrados en las pol\u00edticas de g\u00e9nero y la construcci\u00f3n de una cultura de paz. La memoria hist\u00f3rica, la mirada desde la diferencia, la resiliencia y la decolonialidad emergen con ideas, voces y gestos transformadores que remueven imaginarios y vigorizan la capacidad de agencia de la socie<\/span><span class=\"x_-1285063757gmail-text_exposed_show\">dad de frontera.<\/span><\/p>\n<p>[\/et_pb_text][\/et_pb_column][\/et_pb_row][et_pb_row column_structure=&#8221;1_3,1_3,1_3&#8243; _builder_version=&#8221;4.4.6&#8243;][et_pb_column type=&#8221;1_3&#8243; _builder_version=&#8221;4.4.6&#8243;][\/et_pb_column][et_pb_column type=&#8221;1_3&#8243; _builder_version=&#8221;4.4.6&#8243;][et_pb_button button_url=&#8221;#articulo2&#8243; button_text=&#8221;Ver art\u00edculo&#8221; button_alignment=&#8221;center&#8221; module_class=&#8221;boton_full&#8221; _builder_version=&#8221;4.4.6&#8243; custom_button=&#8221;on&#8221; button_use_icon=&#8221;off&#8221; box_shadow_style=&#8221;preset1&#8243; box_shadow_color=&#8221;#d6d6d6&#8243;][\/et_pb_button][\/et_pb_column][et_pb_column type=&#8221;1_3&#8243; _builder_version=&#8221;4.4.6&#8243;][\/et_pb_column][\/et_pb_row][et_pb_row _builder_version=&#8221;4.4.6&#8243;][et_pb_column type=&#8221;4_4&#8243; _builder_version=&#8221;4.4.6&#8243;][et_pb_text _builder_version=&#8221;4.4.6&#8243; width=&#8221;86%&#8221; module_alignment=&#8221;center&#8221;]<\/p>\n<p style=\"text-align: center;\">Seguimos JUNTOS APARTE!<\/p>\n<p>[\/et_pb_text][et_pb_text _builder_version=&#8221;4.4.6&#8243; width=&#8221;86%&#8221; module_alignment=&#8221;center&#8221; box_shadow_style=&#8221;preset1&#8243;]<\/p>\n<p style=\"text-align: center;\"><strong>We continue to be TOGETHER APART!<\/strong><\/p>\n<p>[\/et_pb_text][et_pb_text _builder_version=&#8221;4.4.6&#8243; width=&#8221;86%&#8221; module_alignment=&#8221;center&#8221;]<\/p>\n<p style=\"text-align: center;\">Canal Virtual JUNTOS APARTE 2020:<br \/>Memoria, frontera, integraci\u00f3n.<\/p>\n<p>[\/et_pb_text][et_pb_text _builder_version=&#8221;4.4.6&#8243; width=&#8221;86%&#8221; module_alignment=&#8221;center&#8221; box_shadow_style=&#8221;preset1&#8243;]<\/p>\n<p style=\"text-align: center;\"><strong>Virtual Channel JUNTOS APARTE 2020:<\/strong><br \/><strong>Memory, Border, Integration<\/strong><\/p>\n<p>[\/et_pb_text][\/et_pb_column][\/et_pb_row][\/et_pb_section][et_pb_section fb_built=&#8221;1&#8243; _builder_version=&#8221;4.4.6&#8243; da_disable_devices=&#8221;off|off|off&#8221; da_is_popup=&#8221;off&#8221; da_exit_intent=&#8221;off&#8221; da_has_close=&#8221;on&#8221; da_alt_close=&#8221;off&#8221; da_dark_close=&#8221;off&#8221; da_not_modal=&#8221;on&#8221; da_is_singular=&#8221;off&#8221; da_with_loader=&#8221;off&#8221; da_has_shadow=&#8221;on&#8221;][et_pb_row _builder_version=&#8221;4.4.6&#8243;][et_pb_column type=&#8221;4_4&#8243; _builder_version=&#8221;4.4.6&#8243;][et_pb_text module_id=&#8221;link_web&#8221; _builder_version=&#8221;4.4.6&#8243; text_font=&#8221;|600|||||||&#8221; text_text_color=&#8221;#D95F68&#8243; text_font_size=&#8221;22px&#8221;]<\/p>\n<p style=\"text-align: center;\"><strong>www.juntosaparte.com<\/strong><\/p>\n<p>[\/et_pb_text][et_pb_text _builder_version=&#8221;4.4.6&#8243; text_font=&#8221;|700|||||||&#8221; text_text_color=&#8221;#474747&#8243; width=&#8221;65%&#8221; width_tablet=&#8221;100%&#8221; width_phone=&#8221;&#8221; width_last_edited=&#8221;on|phone&#8221; module_alignment=&#8221;center&#8221; custom_padding=&#8221;|0px||0px||true&#8221;]<\/p>\n<p style=\"text-align: center;\">Este proyecto fue posible gracias al generoso apoyo del pueblo de Estados Unidos a trav\u00e9s de su Agencia para el Desarrollo Internacional (USAID). Los contenidos son responsabilidad de la Fundaci\u00f3n EL PILAR y no necesariamente reflejan las opiniones de USAID o del gobierno de Estados Unidos.<\/p>\n<p>[\/et_pb_text][et_pb_image src=&#8221;https:\/\/juntosaparte.com\/web\/wp-content\/uploads\/2020\/06\/logos-misionales.png&#8221; title_text=&#8221;logos misionales&#8221; align=&#8221;center&#8221; _builder_version=&#8221;4.4.6&#8243; width=&#8221;45%&#8221; width_tablet=&#8221;70%&#8221; width_phone=&#8221;85%&#8221; width_last_edited=&#8221;on|phone&#8221;][\/et_pb_image][\/et_pb_column][\/et_pb_row][\/et_pb_section][et_pb_section fb_built=&#8221;1&#8243; module_id=&#8221;articulo1&#8243; module_class=&#8221;popup&#8221; _builder_version=&#8221;4.4.6&#8243; da_is_popup=&#8221;on&#8221; da_popup_slug=&#8221;articulo1&#8243; da_disable_devices=&#8221;off|off|off&#8221; da_exit_intent=&#8221;off&#8221; da_has_close=&#8221;on&#8221; da_alt_close=&#8221;off&#8221; da_dark_close=&#8221;off&#8221; da_not_modal=&#8221;on&#8221; da_is_singular=&#8221;off&#8221; da_with_loader=&#8221;off&#8221; da_has_shadow=&#8221;on&#8221;][et_pb_row _builder_version=&#8221;4.4.6&#8243;][et_pb_column type=&#8221;4_4&#8243; _builder_version=&#8221;4.4.6&#8243;][et_pb_video src=&#8221;https:\/\/www.youtube.com\/watch?v=fzVqU1OTG28&#038;feature=youtu.be&#8221; thumbnail_overlay_color=&#8221;rgba(0,0,0,0.6)&#8221; _builder_version=&#8221;4.4.6&#8243; width=&#8221;85%&#8221; module_alignment=&#8221;center&#8221;][\/et_pb_video][\/et_pb_column][\/et_pb_row][et_pb_row _builder_version=&#8221;4.4.6&#8243;][et_pb_column type=&#8221;4_4&#8243; _builder_version=&#8221;4.4.6&#8243;][et_pb_text _builder_version=&#8221;4.4.6&#8243; width=&#8221;86%&#8221; module_alignment=&#8221;center&#8221;]<\/p>\n<p>Desde su nacimiento en 2017, JUNTOS APARTE ha encontrado en un grupo de miembros de la sociedad civil de C\u00facuta la piedra angular para su despliegue en la trama del territorio. Te invitamos a conocer nuestro Comit\u00e9 de apoyo.<\/p>\n<p>\u00a0Comit\u00e9 de apoyo JUNTOS APARTE:<\/p>\n<p>In Memoriam<\/p>\n<p>Sylvia Corzo Roman (QEPD)<\/p>\n<p>Grupo de trabajo<\/p>\n<p>Jesus Tomate Ya\u00f1ez Rincon, Marta Garay, Ana Mar\u00eda Morelli, Carmenza Sanmiguel, Mariana Brahim SanMiguel, Gloria Calad, Ingrid Hartmann Paz, M\u00f3nica Vela Vicini, Yanet Ram\u00edrez, Zulima Ram\u00edrez, Pilar Lizarazo, Betty Parada, Giancarlo Rapone.<\/p>\n<p>Colaboradores<\/p>\n<p style=\"text-align: justify;\">Pilar Brahim, Francisco Unda, Luis Fernando Ni\u00f1o, Abraham Ararat.<\/p>\n<p>[\/et_pb_text][\/et_pb_column][\/et_pb_row][et_pb_row _builder_version=&#8221;4.4.6&#8243;][et_pb_column type=&#8221;4_4&#8243; _builder_version=&#8221;4.4.6&#8243;][et_pb_video src=&#8221;https:\/\/www.youtube.com\/watch?v=N_IQ9sNXRE8&#038;feature=youtu.be&#8221; thumbnail_overlay_color=&#8221;rgba(0,0,0,0.6)&#8221; _builder_version=&#8221;4.4.6&#8243; width=&#8221;85%&#8221; module_alignment=&#8221;center&#8221;][\/et_pb_video][\/et_pb_column][\/et_pb_row][et_pb_row _builder_version=&#8221;4.4.6&#8243;][et_pb_column type=&#8221;4_4&#8243; _builder_version=&#8221;4.4.6&#8243;][et_pb_text _builder_version=&#8221;4.4.6&#8243; width=&#8221;86%&#8221; module_alignment=&#8221;center&#8221;]<\/p>\n<p style=\"text-align: justify;\">Con plataformas en Bogot\u00e1, Medell\u00edn y C\u00facuta, El Derecho a No Obedecer destaca por su capacidad de agitaci\u00f3n y articulaci\u00f3n, se\u00f1alando \u00e1reas sensibles de la construcci\u00f3n social y territorial desde lo colectivo.<\/p>\n<p>[\/et_pb_text][\/et_pb_column][\/et_pb_row][et_pb_row _builder_version=&#8221;4.4.6&#8243;][et_pb_column type=&#8221;4_4&#8243; _builder_version=&#8221;4.4.6&#8243;][et_pb_video src=&#8221;https:\/\/www.youtube.com\/watch?v=3l0nApJXmno&#038;feature=youtu.be&#8221; thumbnail_overlay_color=&#8221;rgba(0,0,0,0.6)&#8221; _builder_version=&#8221;4.4.6&#8243; width=&#8221;85%&#8221; module_alignment=&#8221;center&#8221;][\/et_pb_video][\/et_pb_column][\/et_pb_row][et_pb_row _builder_version=&#8221;4.4.6&#8243;][et_pb_column type=&#8221;4_4&#8243; _builder_version=&#8221;4.4.6&#8243;][et_pb_text _builder_version=&#8221;4.4.6&#8243; width=&#8221;86%&#8221; module_alignment=&#8221;center&#8221;]<\/p>\n<p style=\"text-align: justify;\">La incidencia desde la sociedad civil articulada en la construcci\u00f3n de pol\u00edticas p\u00fablicas es el compromiso asumido por nuestro aliado la Fundaci\u00f3n Hablemos en la zona fronteriza y en Norte de Santander.<\/p>\n<p>[\/et_pb_text][\/et_pb_column][\/et_pb_row][et_pb_row _builder_version=&#8221;4.4.6&#8243;][et_pb_column type=&#8221;4_4&#8243; _builder_version=&#8221;4.4.6&#8243;][et_pb_video src=&#8221;https:\/\/www.youtube.com\/watch?v=qUn46jVQu8I&#038;feature=youtu.be&#8221; thumbnail_overlay_color=&#8221;rgba(0,0,0,0.6)&#8221; _builder_version=&#8221;4.4.6&#8243; width=&#8221;85%&#8221; module_alignment=&#8221;center&#8221;][\/et_pb_video][\/et_pb_column][\/et_pb_row][et_pb_row _builder_version=&#8221;4.4.6&#8243;][et_pb_column type=&#8221;4_4&#8243; _builder_version=&#8221;4.4.6&#8243;][et_pb_text _builder_version=&#8221;4.4.6&#8243; width=&#8221;86%&#8221; module_alignment=&#8221;center&#8221;]<\/p>\n<p style=\"text-align: justify;\">En 8 ciudades de Colombia y 3 diferentes paises encuentran el Ciudad verde un nodo de compromiso medioambiental y en sus Lunes de ciudad los espacios para el debate ciudadano sobre las urgencias locales.<\/p>\n<p>[\/et_pb_text][\/et_pb_column][\/et_pb_row][et_pb_row _builder_version=&#8221;4.4.6&#8243;][et_pb_column type=&#8221;4_4&#8243; _builder_version=&#8221;4.4.6&#8243;][et_pb_video src=&#8221;https:\/\/www.youtube.com\/watch?v=f3aONm6WtQE&#038;feature=youtu.be&#8221; thumbnail_overlay_color=&#8221;rgba(0,0,0,0.6)&#8221; _builder_version=&#8221;4.4.6&#8243; width=&#8221;85%&#8221; module_alignment=&#8221;center&#8221;][\/et_pb_video][\/et_pb_column][\/et_pb_row][et_pb_row _builder_version=&#8221;4.4.6&#8243;][et_pb_column type=&#8221;4_4&#8243; _builder_version=&#8221;4.4.6&#8243;][et_pb_text _builder_version=&#8221;4.4.6&#8243; width=&#8221;86%&#8221; module_alignment=&#8221;center&#8221;]<\/p>\n<p style=\"text-align: justify;\">Los j\u00f3venes migrantes y colombianos encuentran en la Casa Morada el espacio de aprendizaje colectivo y construcci\u00f3n de redes para el empoderamiento de sus iniciativas y el fortalecimiento de alianzas con agentes afines.<\/p>\n<p>[\/et_pb_text][\/et_pb_column][\/et_pb_row][et_pb_row _builder_version=&#8221;4.4.6&#8243;][et_pb_column type=&#8221;4_4&#8243; _builder_version=&#8221;4.4.6&#8243;][et_pb_video src=&#8221;https:\/\/www.youtube.com\/watch?v=6M9D47_WriQ&#038;feature=youtu.be&#8221; thumbnail_overlay_color=&#8221;rgba(0,0,0,0.6)&#8221; _builder_version=&#8221;4.4.6&#8243; width=&#8221;85%&#8221; module_alignment=&#8221;center&#8221;][\/et_pb_video][\/et_pb_column][\/et_pb_row][et_pb_row _builder_version=&#8221;4.4.6&#8243;][et_pb_column type=&#8221;4_4&#8243; _builder_version=&#8221;4.4.6&#8243;][et_pb_text _builder_version=&#8221;4.4.6&#8243; width=&#8221;86%&#8221; module_alignment=&#8221;center&#8221;]<\/p>\n<p style=\"text-align: justify;\">En una sociedad donde el VIH a\u00fan es tab\u00fa y estigma, la tit\u00e1nica labor de la Fundaci\u00f3n Hoasis, al cuidado de personas seropositivas cualquier edad, g\u00e9nero, preferencia sexual, origen geogr\u00e1fico o condici\u00f3n social, resulta un aut\u00e9ntico oasis en medio del desierto.<\/p>\n<p>[\/et_pb_text][\/et_pb_column][\/et_pb_row][et_pb_row _builder_version=&#8221;4.4.6&#8243;][et_pb_column type=&#8221;4_4&#8243; _builder_version=&#8221;4.4.6&#8243;][et_pb_video src=&#8221;https:\/\/www.youtube.com\/watch?v=_qRur7HN6VY&#038;feature=youtu.be&#8221; thumbnail_overlay_color=&#8221;rgba(0,0,0,0.6)&#8221; _builder_version=&#8221;4.4.6&#8243; width=&#8221;85%&#8221; module_alignment=&#8221;center&#8221;][\/et_pb_video][\/et_pb_column][\/et_pb_row][et_pb_row _builder_version=&#8221;4.4.6&#8243;][et_pb_column type=&#8221;4_4&#8243; _builder_version=&#8221;4.4.6&#8243;][et_pb_text _builder_version=&#8221;4.4.6&#8243; width=&#8221;86%&#8221; module_alignment=&#8221;center&#8221;]<\/p>\n<p style=\"text-align: justify;\">Una estructura de hierro y cemento, en el coraz\u00f3n del Barrio Los Olivos, ha permitido que j\u00f3venes y ni\u00f1os de la Comuna 8 de C\u00facuta puedan mejorar sus condiciones y materializar proyectos de vida bajo techo, tras a\u00f1os de precariedad a la intemperie.<\/p>\n<p>[\/et_pb_text][\/et_pb_column][\/et_pb_row][et_pb_row _builder_version=&#8221;4.4.6&#8243;][et_pb_column type=&#8221;4_4&#8243; _builder_version=&#8221;4.4.6&#8243;][et_pb_video src=&#8221;https:\/\/www.youtube.com\/watch?v=pSncRiMXGBU&#038;feature=youtu.be&#8221; thumbnail_overlay_color=&#8221;rgba(0,0,0,0.6)&#8221; _builder_version=&#8221;4.4.6&#8243; width=&#8221;85%&#8221; module_alignment=&#8221;center&#8221;][\/et_pb_video][\/et_pb_column][\/et_pb_row][et_pb_row _builder_version=&#8221;4.4.6&#8243;][et_pb_column type=&#8221;4_4&#8243; _builder_version=&#8221;4.4.6&#8243;][et_pb_text _builder_version=&#8221;4.4.6&#8243; width=&#8221;86%&#8221; module_alignment=&#8221;center&#8221;]<\/p>\n<p style=\"text-align: justify;\">La labor de Corpatrimonio resulta una de las m\u00e1s arduas de llevar a t\u00e9rmino en nuestra regi\u00f3n. A puertas del Bicentenario del nacimiento de la rep\u00fablica en estas tierras, \u201cel lugar donde todo comenz\u00f3\u201d, se refuerza su raz\u00f3n de ser y los motivos para seguirles acompa\u00f1ando en su misi\u00f3n.<\/p>\n<p>[\/et_pb_text][\/et_pb_column][\/et_pb_row][et_pb_row _builder_version=&#8221;4.4.6&#8243;][et_pb_column type=&#8221;4_4&#8243; _builder_version=&#8221;4.4.6&#8243;][et_pb_video src=&#8221;https:\/\/www.youtube.com\/watch?v=wLce5xRRs1s&#038;feature=youtu.be&#8221; thumbnail_overlay_color=&#8221;rgba(0,0,0,0.6)&#8221; _builder_version=&#8221;4.4.6&#8243; width=&#8221;85%&#8221; module_alignment=&#8221;center&#8221;][\/et_pb_video][\/et_pb_column][\/et_pb_row][et_pb_row _builder_version=&#8221;4.4.6&#8243;][et_pb_column type=&#8221;4_4&#8243; _builder_version=&#8221;4.4.6&#8243;][et_pb_text _builder_version=&#8221;4.4.6&#8243; width=&#8221;86%&#8221; module_alignment=&#8221;center&#8221;]<\/p>\n<p style=\"text-align: justify;\">Con m\u00e1s de 3 a\u00f1os de trayectoria, la Fundaci\u00f3n Venezolanos en C\u00facuta es pionera en la ayuda humanitaria a venezolanos en situaci\u00f3n de vulnerabilidad en Norte de Santander, brindando orientaci\u00f3n, asesor\u00eda, asistencia m\u00e9dica, social y legal, alentando una vida digna con igualdad de oportunidades.<\/p>\n<p>[\/et_pb_text][\/et_pb_column][\/et_pb_row][et_pb_row _builder_version=&#8221;4.4.6&#8243;][et_pb_column type=&#8221;4_4&#8243; _builder_version=&#8221;4.4.6&#8243;][et_pb_video src=&#8221;https:\/\/www.youtube.com\/watch?v=QfabZccZgS8&#038;feature=youtu.be&#8221; thumbnail_overlay_color=&#8221;rgba(0,0,0,0.6)&#8221; _builder_version=&#8221;4.4.6&#8243; width=&#8221;85%&#8221; module_alignment=&#8221;center&#8221;][\/et_pb_video][\/et_pb_column][\/et_pb_row][et_pb_row _builder_version=&#8221;4.4.6&#8243;][et_pb_column type=&#8221;4_4&#8243; _builder_version=&#8221;4.4.6&#8243;][et_pb_text _builder_version=&#8221;4.4.6&#8243; width=&#8221;86%&#8221; module_alignment=&#8221;center&#8221;]<\/p>\n<p style=\"text-align: justify;\">Mediante la plataforma Estoy en la frontera, nuestros aliados el programa Alianzas para la Reconciliaci\u00f3n y el Diario La Opini\u00f3n ponen en marcha el recurso digital para orientar, con informaci\u00f3n fidedigna y actualizada, a poblaci\u00f3n migrante y sociedad de acogida en Norte de Santander, Arauca y Guajira.<\/p>\n<p>[\/et_pb_text][\/et_pb_column][\/et_pb_row][et_pb_row _builder_version=&#8221;4.4.6&#8243;][et_pb_column type=&#8221;4_4&#8243; _builder_version=&#8221;4.4.6&#8243;][et_pb_video src=&#8221;https:\/\/www.youtube.com\/watch?v=Rk_ce6wXCog&#038;feature=youtu.be&#8221; thumbnail_overlay_color=&#8221;rgba(0,0,0,0.6)&#8221; _builder_version=&#8221;4.4.6&#8243; width=&#8221;85%&#8221; module_alignment=&#8221;center&#8221;][\/et_pb_video][\/et_pb_column][\/et_pb_row][et_pb_row _builder_version=&#8221;4.4.6&#8243;][et_pb_column type=&#8221;4_4&#8243; _builder_version=&#8221;4.4.6&#8243;][et_pb_text _builder_version=&#8221;4.4.6&#8243; width=&#8221;86%&#8221; module_alignment=&#8221;center&#8221;]<\/p>\n<p style=\"text-align: justify;\">Con Integr\u00e1ndonos construimos futuro, la Corporaci\u00f3n Minuto de Dios y el Programa Alianzas para la Reconciliaci\u00f3n fortalecen unidades productivas, procesos de reconciliaci\u00f3n e integraci\u00f3n con la poblaci\u00f3n migrante de Venezuela y la sociedad de acogida en las ciudades de C\u00facuta, Arauca y Maicao.<\/p>\n<p>[\/et_pb_text][\/et_pb_column][\/et_pb_row][\/et_pb_section][et_pb_section fb_built=&#8221;1&#8243; module_id=&#8221;articulo2&#8243; module_class=&#8221;popup&#8221; _builder_version=&#8221;4.4.6&#8243; da_is_popup=&#8221;on&#8221; da_popup_slug=&#8221;articulo2&#8243; da_disable_devices=&#8221;off|off|off&#8221; da_exit_intent=&#8221;off&#8221; da_has_close=&#8221;on&#8221; da_alt_close=&#8221;off&#8221; da_dark_close=&#8221;off&#8221; da_not_modal=&#8221;on&#8221; da_is_singular=&#8221;off&#8221; da_with_loader=&#8221;off&#8221; da_has_shadow=&#8221;on&#8221;][et_pb_row column_structure=&#8221;1_4,1_4,1_4,1_4&#8243; use_custom_gutter=&#8221;on&#8221; gutter_width=&#8221;1&#8243; make_equal=&#8221;on&#8221; _builder_version=&#8221;4.4.6&#8243; width=&#8221;100%&#8221; max_width=&#8221;2560px&#8221; module_alignment=&#8221;center&#8221;][et_pb_column type=&#8221;1_4&#8243; _builder_version=&#8221;4.4.6&#8243;][et_pb_image src=&#8221;https:\/\/juntosaparte.com\/web\/wp-content\/uploads\/2020\/08\/1-Conferencia-CNMH-Auditorio-Eduardo-Cote-Lamus-Cucuta-Juntos-Aparte-2017.jpg&#8221; title_text=&#8221;1-Conferencia-CNMH-Auditorio-Eduardo-Cote-Lamus-Cucuta-Juntos-Aparte-2017&#8243; align=&#8221;center&#8221; _builder_version=&#8221;4.4.6&#8243;][\/et_pb_image][\/et_pb_column][et_pb_column type=&#8221;1_4&#8243; _builder_version=&#8221;4.4.6&#8243;][et_pb_image src=&#8221;https:\/\/juntosaparte.com\/web\/wp-content\/uploads\/2020\/08\/2-Conferencia-CNMH-Auditorio-Eduardo-Cote-Lamus-Cucuta-Juntos-Aparte-2017.jpg&#8221; title_text=&#8221;2-Conferencia-CNMH-Auditorio-Eduardo-Cote-Lamus-Cucuta-Juntos-Aparte-2017&#8243; align=&#8221;center&#8221; _builder_version=&#8221;4.4.6&#8243;][\/et_pb_image][\/et_pb_column][et_pb_column type=&#8221;1_4&#8243; _builder_version=&#8221;4.4.6&#8243;][et_pb_image src=&#8221;https:\/\/juntosaparte.com\/web\/wp-content\/uploads\/2020\/08\/3-Conferencia-CNMH-Auditorio-Eduardo-Cote-Lamus-Cucuta-Juntos-Aparte-2017.jpg&#8221; title_text=&#8221;3-Conferencia-CNMH-Auditorio-Eduardo-Cote-Lamus-Cucuta-Juntos-Aparte-2017&#8243; align=&#8221;center&#8221; _builder_version=&#8221;4.4.6&#8243;][\/et_pb_image][\/et_pb_column][et_pb_column type=&#8221;1_4&#8243; _builder_version=&#8221;4.4.6&#8243;][et_pb_image src=&#8221;https:\/\/juntosaparte.com\/web\/wp-content\/uploads\/2020\/08\/4-Conferencia-CNMH-Auditorio-Eduardo-Cote-Lamus-Cucuta-Juntos-Aparte-2017.jpg&#8221; title_text=&#8221;4-Conferencia-CNMH-Auditorio-Eduardo-Cote-Lamus-Cucuta-Juntos-Aparte-2017&#8243; align=&#8221;center&#8221; _builder_version=&#8221;4.4.6&#8243;][\/et_pb_image][\/et_pb_column][\/et_pb_row][et_pb_row _builder_version=&#8221;4.4.6&#8243;][et_pb_column type=&#8221;4_4&#8243; _builder_version=&#8221;4.4.6&#8243;][et_pb_video src=&#8221;https:\/\/www.youtube.com\/watch?v=JqSR1dFKFIY&#8221; image_src=&#8221;https:\/\/juntosaparte.com\/web\/wp-content\/uploads\/2020\/08\/CNMH.png&#8221; thumbnail_overlay_color=&#8221;rgba(0,0,0,0.6)&#8221; _builder_version=&#8221;4.4.6&#8243; width=&#8221;85%&#8221; module_alignment=&#8221;center&#8221;][\/et_pb_video][\/et_pb_column][\/et_pb_row][et_pb_row _builder_version=&#8221;4.4.6&#8243;][et_pb_column type=&#8221;4_4&#8243; _builder_version=&#8221;4.4.6&#8243;][et_pb_text _builder_version=&#8221;4.4.6&#8243; width=&#8221;86%&#8221; module_alignment=&#8221;center&#8221;]<\/p>\n<p style=\"text-align: justify;\">Con la conferencia Experiencias digitales en el exilio, a cargo\u00a0de\u00a0Manuela Ochoa en JUNTOS APARTE 2017, el Centro Nacional\u00a0de\u00a0Memoria Hist\u00f3rica dio a conocer las estrategias territoriales que permitieron configurar y concertar en plataformas virtuales los relatos regionales del Museo\u00a0de\u00a0Memoria\u00a0de\u00a0Colombia.<\/p>\n<p>[\/et_pb_text][\/et_pb_column][\/et_pb_row][et_pb_row column_structure=&#8221;1_4,1_4,1_4,1_4&#8243; use_custom_gutter=&#8221;on&#8221; gutter_width=&#8221;1&#8243; make_equal=&#8221;on&#8221; _builder_version=&#8221;4.4.6&#8243; width=&#8221;100%&#8221; max_width=&#8221;2560px&#8221; module_alignment=&#8221;center&#8221;][et_pb_column type=&#8221;1_4&#8243; _builder_version=&#8221;4.4.6&#8243;][et_pb_image src=&#8221;https:\/\/juntosaparte.com\/web\/wp-content\/uploads\/2020\/08\/1-Taller-Daniela-Ortiz-Museo-Norte-de-Santander-y-Ciudad-de-Cucuta-Juntos-Aparte-2017.jpg&#8221; title_text=&#8221;1-Taller-Daniela-Ortiz-Museo-Norte-de-Santander-y-Ciudad-de-Cucuta-Juntos-Aparte-2017&#8243; align=&#8221;center&#8221; _builder_version=&#8221;4.4.6&#8243;][\/et_pb_image][\/et_pb_column][et_pb_column type=&#8221;1_4&#8243; _builder_version=&#8221;4.4.6&#8243;][et_pb_image src=&#8221;https:\/\/juntosaparte.com\/web\/wp-content\/uploads\/2020\/08\/2-Taller-Daniela-Ortiz-Museo-Norte-de-Santander-y-Ciudad-de-Cucuta-Juntos-Aparte-2017.jpg&#8221; title_text=&#8221;2-Taller-Daniela-Ortiz-Museo-Norte-de-Santander-y-Ciudad-de-Cucuta-Juntos-Aparte-2017&#8243; align=&#8221;center&#8221; _builder_version=&#8221;4.4.6&#8243;][\/et_pb_image][\/et_pb_column][et_pb_column type=&#8221;1_4&#8243; _builder_version=&#8221;4.4.6&#8243;][et_pb_image src=&#8221;https:\/\/juntosaparte.com\/web\/wp-content\/uploads\/2020\/08\/3-Taller-Daniela-Ortiz-Museo-Norte-de-Santander-y-Ciudad-de-Cucuta-Juntos-Aparte-2017.jpg&#8221; title_text=&#8221;3-Taller-Daniela-Ortiz-Museo-Norte-de-Santander-y-Ciudad-de-Cucuta-Juntos-Aparte-2017&#8243; align=&#8221;center&#8221; _builder_version=&#8221;4.4.6&#8243;][\/et_pb_image][\/et_pb_column][et_pb_column type=&#8221;1_4&#8243; _builder_version=&#8221;4.4.6&#8243;][et_pb_image src=&#8221;https:\/\/juntosaparte.com\/web\/wp-content\/uploads\/2020\/08\/4-Taller-Daniela-Ortiz-Museo-Norte-de-Santander-y-Ciudad-de-Cucuta-Juntos-Aparte-2017.jpg&#8221; title_text=&#8221;4-Taller-Daniela-Ortiz-Museo-Norte-de-Santander-y-Ciudad-de-Cucuta-Juntos-Aparte-2017&#8243; align=&#8221;center&#8221; _builder_version=&#8221;4.4.6&#8243;][\/et_pb_image][\/et_pb_column][\/et_pb_row][et_pb_row _builder_version=&#8221;4.4.6&#8243;][et_pb_column type=&#8221;4_4&#8243; _builder_version=&#8221;4.4.6&#8243;][et_pb_video src=&#8221;https:\/\/www.youtube.com\/watch?v=qGU_rZlVAYk&#8221; image_src=&#8221;https:\/\/juntosaparte.com\/web\/wp-content\/uploads\/2020\/08\/DANIELA.png&#8221; thumbnail_overlay_color=&#8221;rgba(0,0,0,0.6)&#8221; _builder_version=&#8221;4.4.6&#8243; width=&#8221;85%&#8221; module_alignment=&#8221;center&#8221;][\/et_pb_video][\/et_pb_column][\/et_pb_row][et_pb_row _builder_version=&#8221;4.4.6&#8243;][et_pb_column type=&#8221;4_4&#8243; _builder_version=&#8221;4.4.6&#8243;][et_pb_text _builder_version=&#8221;4.4.6&#8243; width=&#8221;86%&#8221; module_alignment=&#8221;center&#8221;]<\/p>\n<p style=\"text-align: justify;\">Con su taller El ABC del racismo, en JUNTOS APARTE 2017 la artista peruana Daniela Ortiz tradujo la l\u00f3gica creada por su libro hom\u00f3nimo con respecto a Europa, acercando a los j\u00f3venes\u00a0de\u00a0la frontera colombo-venezolana a la lectura decolonial y el an\u00e1lisis cr\u00edtico\u00a0de\u00a0su contexto en clave \u00e9tnica y\u00a0de\u00a0g\u00e9nero.<\/p>\n<p>[\/et_pb_text][\/et_pb_column][\/et_pb_row][et_pb_row column_structure=&#8221;1_4,1_4,1_4,1_4&#8243; use_custom_gutter=&#8221;on&#8221; gutter_width=&#8221;1&#8243; make_equal=&#8221;on&#8221; _builder_version=&#8221;4.4.6&#8243; width=&#8221;100%&#8221; max_width=&#8221;2560px&#8221; module_alignment=&#8221;center&#8221;][et_pb_column type=&#8221;1_4&#8243; _builder_version=&#8221;4.4.6&#8243;][et_pb_image src=&#8221;https:\/\/juntosaparte.com\/web\/wp-content\/uploads\/2020\/08\/1-Intervencion-Centro-Nacional-de-Memoria-Historica-Biblioteca-Publica-Julio-Perez-Ferrero-Cucuta-Juntos-Aparte-2019.jpg&#8221; title_text=&#8221;1-Intervencion-Centro-Nacional-de-Memoria-Historica-Biblioteca-Publica-Julio-Perez-Ferrero-Cucuta-Juntos-Aparte-2019&#8243; align=&#8221;center&#8221; _builder_version=&#8221;4.4.6&#8243;][\/et_pb_image][\/et_pb_column][et_pb_column type=&#8221;1_4&#8243; _builder_version=&#8221;4.4.6&#8243;][et_pb_image src=&#8221;https:\/\/juntosaparte.com\/web\/wp-content\/uploads\/2020\/08\/2-Intervencion-Centro-Nacional-de-Memoria-Historica-Biblioteca-Publica-Julio-Perez-Ferrero-Cucuta-Juntos-Aparte-2019.jpg&#8221; title_text=&#8221;2-Intervencion-Centro-Nacional-de-Memoria-Historica-Biblioteca-Publica-Julio-Perez-Ferrero-Cucuta-Juntos-Aparte-2019&#8243; align=&#8221;center&#8221; _builder_version=&#8221;4.4.6&#8243;][\/et_pb_image][\/et_pb_column][et_pb_column type=&#8221;1_4&#8243; _builder_version=&#8221;4.4.6&#8243;][et_pb_image src=&#8221;https:\/\/juntosaparte.com\/web\/wp-content\/uploads\/2020\/08\/3-Intervencion-Centro-Nacional-de-Memoria-Historica-Biblioteca-Publica-Julio-Perez-Ferrero-Cucuta-Juntos-Aparte-2019.jpg&#8221; title_text=&#8221;3-Intervencion-Centro-Nacional-de-Memoria-Historica-Biblioteca-Publica-Julio-Perez-Ferrero-Cucuta-Juntos-Aparte-2019&#8243; align=&#8221;center&#8221; _builder_version=&#8221;4.4.6&#8243;][\/et_pb_image][\/et_pb_column][et_pb_column type=&#8221;1_4&#8243; _builder_version=&#8221;4.4.6&#8243;][et_pb_image src=&#8221;https:\/\/juntosaparte.com\/web\/wp-content\/uploads\/2020\/08\/4-Intervencion-Centro-Nacional-de-Memoria-Historica-Biblioteca-Publica-Julio-Perez-Ferrero-Cucuta-Juntos-Aparte-2019.jpg&#8221; title_text=&#8221;4-Intervencion-Centro-Nacional-de-Memoria-Historica-Biblioteca-Publica-Julio-Perez-Ferrero-Cucuta-Juntos-Aparte-2019&#8243; align=&#8221;center&#8221; _builder_version=&#8221;4.4.6&#8243;][\/et_pb_image][\/et_pb_column][\/et_pb_row][et_pb_row _builder_version=&#8221;4.4.6&#8243;][et_pb_column type=&#8221;4_4&#8243; _builder_version=&#8221;4.4.6&#8243;][et_pb_video src=&#8221;https:\/\/www.youtube.com\/watch?v=XcGW1t8BmqE&#8221; image_src=&#8221;https:\/\/juntosaparte.com\/web\/wp-content\/uploads\/2020\/08\/Centro-Nacional-de-Memoria-Historica.png&#8221; thumbnail_overlay_color=&#8221;rgba(0,0,0,0.6)&#8221; _builder_version=&#8221;4.4.6&#8243; width=&#8221;85%&#8221; module_alignment=&#8221;center&#8221;][\/et_pb_video][\/et_pb_column][\/et_pb_row][et_pb_row _builder_version=&#8221;4.4.6&#8243;][et_pb_column type=&#8221;4_4&#8243; _builder_version=&#8221;4.4.6&#8243;][et_pb_text _builder_version=&#8221;4.4.6&#8243; width=&#8221;86%&#8221; module_alignment=&#8221;center&#8221;]<\/p>\n<p style=\"text-align: justify;\">La intervenci\u00f3n Voces para transformar a Colombia en JUNTOS APARTE 2019 reactiv\u00f3 la presencia del Centro Nacional\u00a0de\u00a0Memoria Hist\u00f3rica en Norte\u00a0de\u00a0Santander, ofreciendo un espacio\u00a0de\u00a0interacci\u00f3n, mediaci\u00f3n, gastronom\u00eda regional,\u00a0cultura\u00a0urbana y enunciaci\u00f3n\u00a0de\u00a0voz\u00a0de\u00a0v\u00edctimas, j\u00f3venes y comunidades visitantes.<\/p>\n<p>[\/et_pb_text][\/et_pb_column][\/et_pb_row][et_pb_row column_structure=&#8221;1_4,1_4,1_4,1_4&#8243; use_custom_gutter=&#8221;on&#8221; gutter_width=&#8221;1&#8243; make_equal=&#8221;on&#8221; _builder_version=&#8221;4.4.6&#8243; width=&#8221;100%&#8221; max_width=&#8221;2560px&#8221; module_alignment=&#8221;center&#8221;][et_pb_column type=&#8221;1_4&#8243; _builder_version=&#8221;4.4.6&#8243;][et_pb_image src=&#8221;https:\/\/juntosaparte.com\/web\/wp-content\/uploads\/2020\/08\/1-Conferencia-Yuderkys-Espinosa-Auditorio-Eduardo-Cote-Lamus-Cucuta-Juntos-Aparte-2019-min.jpg&#8221; title_text=&#8221;1-Conferencia-Yuderkys-Espinosa-Auditorio-Eduardo-Cote-Lamus-Cucuta-Juntos-Aparte-2019-min&#8221; align=&#8221;center&#8221; _builder_version=&#8221;4.4.6&#8243;][\/et_pb_image][\/et_pb_column][et_pb_column type=&#8221;1_4&#8243; _builder_version=&#8221;4.4.6&#8243;][et_pb_image src=&#8221;https:\/\/juntosaparte.com\/web\/wp-content\/uploads\/2020\/08\/2-Conferencia-Yuderkys-Espinosa-Auditorio-Eduardo-Cote-Lamus-Cucuta-Juntos-Aparte-2019-min.jpg&#8221; title_text=&#8221;2-Conferencia-Yuderkys-Espinosa-Auditorio-Eduardo-Cote-Lamus-Cucuta-Juntos-Aparte-2019-min&#8221; align=&#8221;center&#8221; _builder_version=&#8221;4.4.6&#8243;][\/et_pb_image][\/et_pb_column][et_pb_column type=&#8221;1_4&#8243; _builder_version=&#8221;4.4.6&#8243;][et_pb_image src=&#8221;https:\/\/juntosaparte.com\/web\/wp-content\/uploads\/2020\/08\/3-Conferencia-Yuderkys-Espinosa-Auditorio-Eduardo-Cote-Lamus-Cucuta-Juntos-Aparte-2019-min.jpg&#8221; title_text=&#8221;3-Conferencia-Yuderkys-Espinosa-Auditorio-Eduardo-Cote-Lamus-Cucuta-Juntos-Aparte-2019-min&#8221; align=&#8221;center&#8221; _builder_version=&#8221;4.4.6&#8243;][\/et_pb_image][\/et_pb_column][et_pb_column type=&#8221;1_4&#8243; _builder_version=&#8221;4.4.6&#8243;][et_pb_image src=&#8221;https:\/\/juntosaparte.com\/web\/wp-content\/uploads\/2020\/08\/4-Conferencia-Yuderkys-Espinosa-Auditorio-Eduardo-Cote-Lamus-Cucuta-Juntos-Aparte-2019-min.jpg&#8221; title_text=&#8221;4-Conferencia-Yuderkys-Espinosa-Auditorio-Eduardo-Cote-Lamus-Cucuta-Juntos-Aparte-2019-min&#8221; align=&#8221;center&#8221; _builder_version=&#8221;4.4.6&#8243;][\/et_pb_image][\/et_pb_column][\/et_pb_row][et_pb_row _builder_version=&#8221;4.4.6&#8243;][et_pb_column type=&#8221;4_4&#8243; _builder_version=&#8221;4.4.6&#8243;][et_pb_video src=&#8221;https:\/\/www.youtube.com\/watch?v=o4d4ISaFViI&#8221; image_src=&#8221;https:\/\/juntosaparte.com\/web\/wp-content\/uploads\/2020\/08\/Yuderkys-Espinosa.png&#8221; thumbnail_overlay_color=&#8221;rgba(0,0,0,0.6)&#8221; _builder_version=&#8221;4.4.6&#8243; width=&#8221;85%&#8221; module_alignment=&#8221;center&#8221;][\/et_pb_video][\/et_pb_column][\/et_pb_row][et_pb_row _builder_version=&#8221;4.4.6&#8243;][et_pb_column type=&#8221;4_4&#8243; _builder_version=&#8221;4.4.6&#8243;][et_pb_text _builder_version=&#8221;4.4.6&#8243; width=&#8221;86%&#8221; module_alignment=&#8221;center&#8221;]<\/p>\n<p style=\"text-align: justify;\">La fil\u00f3sofa, investigadora y activista dominicana Yuderkis Espinosa comparti\u00f3 en JUNTOS APARTE 2019 su visi\u00f3n sobre el papel\u00a0de\u00a0la mujer y los cuerpos racializados en el contexto\u00a0de\u00a0la frontera a la luz\u00a0de\u00a0la crisis migratoria global, ofreciendo una composici\u00f3n\u00a0de\u00a0lugar basada en la necropol\u00edtica y la decolonialidad.<\/p>\n<p>[\/et_pb_text][\/et_pb_column][\/et_pb_row][et_pb_row column_structure=&#8221;1_4,1_4,1_4,1_4&#8243; use_custom_gutter=&#8221;on&#8221; gutter_width=&#8221;1&#8243; make_equal=&#8221;on&#8221; _builder_version=&#8221;4.4.6&#8243; width=&#8221;100%&#8221; max_width=&#8221;2560px&#8221; module_alignment=&#8221;center&#8221;][et_pb_column type=&#8221;1_4&#8243; _builder_version=&#8221;4.4.6&#8243;][et_pb_image src=&#8221;https:\/\/juntosaparte.com\/web\/wp-content\/uploads\/2020\/08\/1-Mesa-Redonda-MAAP-OEA-TeatroZulima-Cucuta-Juntos-Aparte-2019-minb.jpg&#8221; title_text=&#8221;1-Mesa-Redonda-MAAP-OEA-TeatroZulima-Cucuta-Juntos-Aparte-2019-minb&#8221; align=&#8221;center&#8221; _builder_version=&#8221;4.4.6&#8243;][\/et_pb_image][\/et_pb_column][et_pb_column type=&#8221;1_4&#8243; _builder_version=&#8221;4.4.6&#8243;][et_pb_image src=&#8221;https:\/\/juntosaparte.com\/web\/wp-content\/uploads\/2020\/08\/2-Mesa-Redonda-MAAP-OEA-TeatroZulima-Cucuta-Juntos-Aparte-2019-min.jpg&#8221; title_text=&#8221;2-Mesa-Redonda-MAAP-OEA-TeatroZulima-Cucuta-Juntos-Aparte-2019-min&#8221; align=&#8221;center&#8221; _builder_version=&#8221;4.4.6&#8243;][\/et_pb_image][\/et_pb_column][et_pb_column type=&#8221;1_4&#8243; _builder_version=&#8221;4.4.6&#8243;][et_pb_image src=&#8221;https:\/\/juntosaparte.com\/web\/wp-content\/uploads\/2020\/08\/3-Mesa-Redonda-MAAP-OEA-TeatroZulima-Cucuta-Juntos-Aparte-2019-min.jpg&#8221; title_text=&#8221;3-Mesa-Redonda-MAAP-OEA-TeatroZulima-Cucuta-Juntos-Aparte-2019-min&#8221; align=&#8221;center&#8221; _builder_version=&#8221;4.4.6&#8243;][\/et_pb_image][\/et_pb_column][et_pb_column type=&#8221;1_4&#8243; _builder_version=&#8221;4.4.6&#8243;][et_pb_image src=&#8221;https:\/\/juntosaparte.com\/web\/wp-content\/uploads\/2020\/08\/4-Mesa-Redonda-MAAP-OEA-TeatroZulima-Cucuta-Juntos-Aparte-2019-min.jpg&#8221; title_text=&#8221;4-Mesa-Redonda-MAAP-OEA-TeatroZulima-Cucuta-Juntos-Aparte-2019-min&#8221; align=&#8221;center&#8221; _builder_version=&#8221;4.4.6&#8243;][\/et_pb_image][\/et_pb_column][\/et_pb_row][et_pb_row _builder_version=&#8221;4.4.6&#8243;][et_pb_column type=&#8221;4_4&#8243; _builder_version=&#8221;4.4.6&#8243;][et_pb_video src=&#8221;https:\/\/www.youtube.com\/watch?v=-0hsZShtDdI&#8221; image_src=&#8221;https:\/\/juntosaparte.com\/web\/wp-content\/uploads\/2020\/08\/MAPP-OEA.png&#8221; thumbnail_overlay_color=&#8221;rgba(0,0,0,0.6)&#8221; _builder_version=&#8221;4.4.6&#8243; width=&#8221;85%&#8221; module_alignment=&#8221;center&#8221;][\/et_pb_video][\/et_pb_column][\/et_pb_row][et_pb_row _builder_version=&#8221;4.4.6&#8243;][et_pb_column type=&#8221;4_4&#8243; _builder_version=&#8221;4.4.6&#8243;][et_pb_text _builder_version=&#8221;4.4.6&#8243; width=&#8221;86%&#8221; module_alignment=&#8221;center&#8221;]<\/p>\n<p style=\"text-align: justify;\">Con Apuntes para la\u00a0paz\u00a0en la frontera en JUNTOS APARTE 2019 en el ic\u00f3nico Teatro Zulima, la Misi\u00f3n\u00a0de\u00a0Apoyo al Proceso\u00a0de\u00a0Paz\u00a0de\u00a0OEA MAPP-OEA celebr\u00f3 15 a\u00f1os\u00a0de\u00a0actividad en Norte\u00a0de\u00a0Santander. Carlos Gonz\u00e1les y Miguel Grijalba, moderados por John J\u00e1come, compartieron con la ciudadan\u00eda un itinerario doloroso pero esperanzador.<\/p>\n<p>[\/et_pb_text][\/et_pb_column][\/et_pb_row][et_pb_row column_structure=&#8221;1_4,1_4,1_4,1_4&#8243; use_custom_gutter=&#8221;on&#8221; gutter_width=&#8221;1&#8243; make_equal=&#8221;on&#8221; _builder_version=&#8221;4.4.6&#8243; width=&#8221;100%&#8221; max_width=&#8221;2560px&#8221; module_alignment=&#8221;center&#8221;][et_pb_column type=&#8221;1_4&#8243; _builder_version=&#8221;4.4.6&#8243;][et_pb_image src=&#8221;https:\/\/juntosaparte.com\/web\/wp-content\/uploads\/2020\/08\/1-Escuela-de-aprestamiento-el-mediacion-CNMH-Cucuta-Juntos-Aparte-2019.jpg&#8221; title_text=&#8221;1-Escuela-de-aprestamiento-el-mediacion-CNMH-Cucuta-Juntos-Aparte-2019&#8243; align=&#8221;center&#8221; _builder_version=&#8221;4.4.6&#8243;][\/et_pb_image][\/et_pb_column][et_pb_column type=&#8221;1_4&#8243; _builder_version=&#8221;4.4.6&#8243;][et_pb_image src=&#8221;https:\/\/juntosaparte.com\/web\/wp-content\/uploads\/2020\/08\/2-Escuela-de-aprestamiento-el-mediacion-CNMH-Cucuta-Juntos-Aparte-2019.jpg&#8221; title_text=&#8221;2-Escuela-de-aprestamiento-el-mediacion-CNMH-Cucuta-Juntos-Aparte-2019&#8243; align=&#8221;center&#8221; _builder_version=&#8221;4.4.6&#8243;][\/et_pb_image][\/et_pb_column][et_pb_column type=&#8221;1_4&#8243; _builder_version=&#8221;4.4.6&#8243;][et_pb_image src=&#8221;https:\/\/juntosaparte.com\/web\/wp-content\/uploads\/2020\/08\/3-Escuela-de-aprestamiento-el-mediacion-CNMH-Cucuta-Juntos-Aparte-2019.jpg&#8221; title_text=&#8221;3-Escuela-de-aprestamiento-el-mediacion-CNMH-Cucuta-Juntos-Aparte-2019&#8243; align=&#8221;center&#8221; _builder_version=&#8221;4.4.6&#8243;][\/et_pb_image][\/et_pb_column][et_pb_column type=&#8221;1_4&#8243; _builder_version=&#8221;4.4.6&#8243;][et_pb_image src=&#8221;https:\/\/juntosaparte.com\/web\/wp-content\/uploads\/2020\/08\/4-Escuela-de-aprestamiento-el-mediacion-CNMH-Cucuta-Juntos-Aparte-2019.jpg&#8221; title_text=&#8221;4-Escuela-de-aprestamiento-el-mediacion-CNMH-Cucuta-Juntos-Aparte-2019&#8243; align=&#8221;center&#8221; _builder_version=&#8221;4.4.6&#8243;][\/et_pb_image][\/et_pb_column][\/et_pb_row][et_pb_row _builder_version=&#8221;4.4.6&#8243;][et_pb_column type=&#8221;4_4&#8243; _builder_version=&#8221;4.4.6&#8243;][et_pb_video src=&#8221;https:\/\/www.youtube.com\/watch?v=6XUelCx5nvY&#8221; image_src=&#8221;https:\/\/juntosaparte.com\/web\/wp-content\/uploads\/2020\/08\/CNMH-ESCUELA-NUTRIA.png&#8221; thumbnail_overlay_color=&#8221;rgba(0,0,0,0.6)&#8221; _builder_version=&#8221;4.4.6&#8243; width=&#8221;85%&#8221; module_alignment=&#8221;center&#8221;][\/et_pb_video][\/et_pb_column][\/et_pb_row][et_pb_row _builder_version=&#8221;4.4.6&#8243;][et_pb_column type=&#8221;4_4&#8243; _builder_version=&#8221;4.4.6&#8243;][et_pb_text _builder_version=&#8221;4.4.6&#8243; width=&#8221;86%&#8221; module_alignment=&#8221;center&#8221;]<\/p>\n<p style=\"text-align: justify;\">De mano de Juan Sebasti\u00e1n P\u00e9rez, El Centro Nacional de Memoria Hist\u00f3rica intervino en la Escuela de aprestamiento en mediaci\u00f3n art\u00edstica de JUNTOS APARTE 2019, garantizando un enfoque integral de las visiones del conflicto armado colombiano y sus particulares connotaciones en el \u00e1rea de frontera.<\/p>\n<p>[\/et_pb_text][\/et_pb_column][\/et_pb_row][et_pb_row column_structure=&#8221;1_4,1_4,1_4,1_4&#8243; use_custom_gutter=&#8221;on&#8221; gutter_width=&#8221;1&#8243; make_equal=&#8221;on&#8221; _builder_version=&#8221;4.4.6&#8243; width=&#8221;100%&#8221; max_width=&#8221;2560px&#8221; module_alignment=&#8221;center&#8221;][et_pb_column type=&#8221;1_4&#8243; _builder_version=&#8221;4.4.6&#8243;][et_pb_image src=&#8221;https:\/\/juntosaparte.com\/web\/wp-content\/uploads\/2020\/08\/1-Conferencia-Guy-Djoken-Teatro-Zulima-Cucuta-Juntos-Aparte-2019-min.jpg&#8221; title_text=&#8221;1-Conferencia-Guy-Djoken-Teatro-Zulima-Cucuta-Juntos-Aparte-2019-min&#8221; align=&#8221;center&#8221; _builder_version=&#8221;4.4.6&#8243;][\/et_pb_image][\/et_pb_column][et_pb_column type=&#8221;1_4&#8243; _builder_version=&#8221;4.4.6&#8243;][et_pb_image src=&#8221;https:\/\/juntosaparte.com\/web\/wp-content\/uploads\/2020\/08\/2-Conferencia-Guy-Djoken-Teatro-Zulima-Cucuta-Juntos-Aparte-2019-min.jpg&#8221; title_text=&#8221;2-Conferencia-Guy-Djoken-Teatro-Zulima-Cucuta-Juntos-Aparte-2019-min&#8221; align=&#8221;center&#8221; _builder_version=&#8221;4.4.6&#8243;][\/et_pb_image][\/et_pb_column][et_pb_column type=&#8221;1_4&#8243; _builder_version=&#8221;4.4.6&#8243;][et_pb_image src=&#8221;https:\/\/juntosaparte.com\/web\/wp-content\/uploads\/2020\/08\/3-Conferencia-Guy-Djoken-Teatro-Zulima-Cucuta-Juntos-Aparte-2019-min.jpg&#8221; title_text=&#8221;3-Conferencia-Guy-Djoken-Teatro-Zulima-Cucuta-Juntos-Aparte-2019-min&#8221; align=&#8221;center&#8221; _builder_version=&#8221;4.4.6&#8243;][\/et_pb_image][\/et_pb_column][et_pb_column type=&#8221;1_4&#8243; _builder_version=&#8221;4.4.6&#8243;][et_pb_image src=&#8221;https:\/\/juntosaparte.com\/web\/wp-content\/uploads\/2020\/08\/4-Conferencia-Guy-Djoken-Teatro-Zulima-Cucuta-Juntos-Aparte-2019-min.jpg&#8221; title_text=&#8221;4-Conferencia-Guy-Djoken-Teatro-Zulima-Cucuta-Juntos-Aparte-2019-min&#8221; align=&#8221;center&#8221; _builder_version=&#8221;4.4.6&#8243;][\/et_pb_image][\/et_pb_column][\/et_pb_row][et_pb_row _builder_version=&#8221;4.4.6&#8243;][et_pb_column type=&#8221;4_4&#8243; _builder_version=&#8221;4.4.6&#8243;][et_pb_video src=&#8221;https:\/\/www.youtube.com\/watch?v=vAyqV9jQcK4&#8243; image_src=&#8221;https:\/\/juntosaparte.com\/web\/wp-content\/uploads\/2020\/08\/djoken.png&#8221; thumbnail_overlay_color=&#8221;rgba(0,0,0,0.6)&#8221; _builder_version=&#8221;4.4.6&#8243; width=&#8221;85%&#8221; module_alignment=&#8221;center&#8221;][\/et_pb_video][\/et_pb_column][\/et_pb_row][et_pb_row _builder_version=&#8221;4.4.6&#8243;][et_pb_column type=&#8221;4_4&#8243; _builder_version=&#8221;4.4.6&#8243;][et_pb_text _builder_version=&#8221;4.4.6&#8243; width=&#8221;86%&#8221; module_alignment=&#8221;center&#8221;]<\/p>\n<p style=\"text-align: justify;\">El director del Centro Mundial para la\u00a0Paz\u00a0de\u00a0UNESCO, Guy Djoken, nos honr\u00f3 con su visita en JUNTOS APARTE 2019, participando activamente del circuito y ofreciendo una inspiradora conferencia en el marco\u00a0de\u00a0Apuntes para la\u00a0paz\u00a0de\u00a0la frontera que moviliz\u00f3 multitud\u00a0de\u00a0j\u00f3venes binacionales en el Teatro Zulima.<\/p>\n<p style=\"text-align: justify;\">Gracias a <em>Unesco Center for Peace, bei.cucuta, fundaci\u00f3n Ceramica Italia <\/em><\/p>\n<p>[\/et_pb_text][\/et_pb_column][\/et_pb_row][\/et_pb_section]<\/p>\n<!-- AddThis Advanced Settings generic via filter on the_content --><!-- AddThis Share Buttons generic via filter on the_content -->","protected":false},"excerpt":{"rendered":"<p>A trav\u00e9s de nuestro Canal Virtual JUNTOS APARTE 2020: Instagram, Twitter, Facebook y YouTube, iremos desplegando materiales con las voces de pensadores y artistas aliados, colaboradores locales y del mundo, que han sido determinantes en la construcci\u00f3n del relato fronterizo para la ciudadan\u00eda a trav\u00e9s de las artes. Tras el lanzamiento del Canal Virtual JUNTOS [&hellip;]<\/p>\n<p><!-- AddThis Advanced Settings generic via filter on get_the_excerpt --><!-- AddThis Share Buttons generic via filter on get_the_excerpt --><\/p>\n","protected":false},"author":1,"featured_media":0,"parent":0,"menu_order":0,"comment_status":"closed","ping_status":"closed","template":"","meta":{"_et_pb_use_builder":"on","_et_pb_old_content":"","_et_gb_content_width":"","footnotes":""},"class_list":["post-908","page","type-page","status-publish","hentry"],"lang":"es","translations":{"es":908},"pll_sync_post":[],"_links":{"self":[{"href":"https:\/\/juntosaparte.com\/web\/wp-json\/wp\/v2\/pages\/908","targetHints":{"allow":["GET"]}}],"collection":[{"href":"https:\/\/juntosaparte.com\/web\/wp-json\/wp\/v2\/pages"}],"about":[{"href":"https:\/\/juntosaparte.com\/web\/wp-json\/wp\/v2\/types\/page"}],"author":[{"embeddable":true,"href":"https:\/\/juntosaparte.com\/web\/wp-json\/wp\/v2\/users\/1"}],"replies":[{"embeddable":true,"href":"https:\/\/juntosaparte.com\/web\/wp-json\/wp\/v2\/comments?post=908"}],"version-history":[{"count":56,"href":"https:\/\/juntosaparte.com\/web\/wp-json\/wp\/v2\/pages\/908\/revisions"}],"predecessor-version":[{"id":1435,"href":"https:\/\/juntosaparte.com\/web\/wp-json\/wp\/v2\/pages\/908\/revisions\/1435"}],"wp:attachment":[{"href":"https:\/\/juntosaparte.com\/web\/wp-json\/wp\/v2\/media?parent=908"}],"curies":[{"name":"wp","href":"https:\/\/api.w.org\/{rel}","templated":true}]}}