{"id":501,"date":"2020-06-23T21:35:23","date_gmt":"2020-06-24T02:35:23","guid":{"rendered":"https:\/\/juntosaparte.com\/web\/?page_id=501"},"modified":"2020-09-07T15:52:45","modified_gmt":"2020-09-07T20:52:45","slug":"semana1","status":"publish","type":"page","link":"https:\/\/juntosaparte.com\/web\/semana1\/","title":{"rendered":"Semana 1"},"content":{"rendered":"<p>[et_pb_section fb_built=&#8221;1&#8243; _builder_version=&#8221;4.4.6&#8243; background_color=&#8221;#E6E7E8&#8243; custom_padding=&#8221;0px||0px|||&#8221; da_disable_devices=&#8221;off|off|off&#8221; da_is_popup=&#8221;off&#8221; da_exit_intent=&#8221;off&#8221; da_has_close=&#8221;on&#8221; da_alt_close=&#8221;off&#8221; da_dark_close=&#8221;off&#8221; da_not_modal=&#8221;on&#8221; da_is_singular=&#8221;off&#8221; da_with_loader=&#8221;off&#8221; da_has_shadow=&#8221;on&#8221;][et_pb_row _builder_version=&#8221;4.4.6&#8243;][et_pb_column type=&#8221;4_4&#8243; _builder_version=&#8221;4.4.6&#8243;][et_pb_image src=&#8221;https:\/\/juntosaparte.com\/web\/wp-content\/uploads\/2020\/06\/banner_red.png&#8221; title_text=&#8221;banner_red&#8221; align=&#8221;center&#8221; _builder_version=&#8221;4.4.6&#8243;][\/et_pb_image][\/et_pb_column][\/et_pb_row][\/et_pb_section][et_pb_section fb_built=&#8221;1&#8243; _builder_version=&#8221;4.4.6&#8243; custom_padding=&#8221;0px||0px|||&#8221; da_disable_devices=&#8221;off|off|off&#8221; da_is_popup=&#8221;off&#8221; da_exit_intent=&#8221;off&#8221; da_has_close=&#8221;on&#8221; da_alt_close=&#8221;off&#8221; da_dark_close=&#8221;off&#8221; da_not_modal=&#8221;on&#8221; da_is_singular=&#8221;off&#8221; da_with_loader=&#8221;off&#8221; da_has_shadow=&#8221;on&#8221;][et_pb_row _builder_version=&#8221;4.4.6&#8243;][et_pb_column type=&#8221;4_4&#8243; _builder_version=&#8221;4.4.6&#8243;][et_pb_text _builder_version=&#8221;4.4.6&#8243; header_text_color=&#8221;#232641&#8243; header_font_size=&#8221;24px&#8221; width=&#8221;94%&#8221; module_alignment=&#8221;center&#8221;]<\/p>\n<p style=\"text-align: justify;\">A trav\u00e9s de nuestro Canal Virtual JUNTOS APARTE 2020: Instagram, Twitter, Facebook y YouTube, iremos desplegando materiales con las voces de pensadores y artistas aliados, colaboradores locales y del mundo, que han sido determinantes en la construcci\u00f3n del relato fronterizo para la ciudadan\u00eda a trav\u00e9s de las artes.<\/p>\n<p style=\"text-align: justify;\">Conoce la experiencia de JUNTOS APARTE 2017, un antes y despu\u00e9s en la historia art\u00edstica, cultural y ciudadana de la frontera colombo-venezolana.<\/p>\n<p>[\/et_pb_text][\/et_pb_column][\/et_pb_row][et_pb_row _builder_version=&#8221;4.4.6&#8243;][et_pb_column type=&#8221;4_4&#8243; _builder_version=&#8221;4.4.6&#8243;][et_pb_image src=&#8221;https:\/\/juntosaparte.com\/web\/wp-content\/uploads\/2020\/09\/semana-1-streaming.png&#8221; title_text=&#8221;semana 1 streaming&#8221; align=&#8221;center&#8221; _builder_version=&#8221;4.4.6&#8243; hover_enabled=&#8221;0&#8243;][\/et_pb_image][et_pb_text _builder_version=&#8221;4.4.6&#8243; width=&#8221;86%&#8221; module_alignment=&#8221;center&#8221;]<\/p>\n<p style=\"text-align: justify;\">Acomp\u00e1\u00f1anos, junto con Diana Wechsler, Felipe Mu\u00f1oz, Gerente de Frontera con Venezuela de la Presidencia de Colombia y Andr\u00e9s Gait\u00e1n, Asesor de Artes Visuales de Mincultura, en el Streamyard de lanzamiento del Canal Virtual JUNTOS APARTE 2020, el pr\u00f3ximo mi\u00e9rcoles 24 de junio a las 10:30 am.<\/p>\n<p>[\/et_pb_text][\/et_pb_column][\/et_pb_row][et_pb_row column_structure=&#8221;1_3,1_3,1_3&#8243; _builder_version=&#8221;4.4.6&#8243;][et_pb_column type=&#8221;1_3&#8243; _builder_version=&#8221;4.4.6&#8243;][\/et_pb_column][et_pb_column type=&#8221;1_3&#8243; _builder_version=&#8221;4.4.6&#8243;][et_pb_button button_url=&#8221;#evento1&#8243; button_text=&#8221;En vivo&#8221; button_alignment=&#8221;center&#8221; module_class=&#8221;boton_full&#8221; _builder_version=&#8221;4.4.6&#8243; custom_button=&#8221;on&#8221; button_use_icon=&#8221;off&#8221; box_shadow_style=&#8221;preset1&#8243; box_shadow_color=&#8221;#d6d6d6&#8243;][\/et_pb_button][\/et_pb_column][et_pb_column type=&#8221;1_3&#8243; _builder_version=&#8221;4.4.6&#8243;][\/et_pb_column][\/et_pb_row][et_pb_row _builder_version=&#8221;4.4.6&#8243;][et_pb_column type=&#8221;4_4&#8243; _builder_version=&#8221;4.4.6&#8243;][et_pb_image src=&#8221;https:\/\/juntosaparte.com\/web\/wp-content\/uploads\/2020\/09\/semana-1-diana.png&#8221; title_text=&#8221;semana 1 diana&#8221; align=&#8221;center&#8221; _builder_version=&#8221;4.4.6&#8243; hover_enabled=&#8221;0&#8243;][\/et_pb_image][et_pb_text _builder_version=&#8221;4.4.6&#8243; width=&#8221;86%&#8221; module_alignment=&#8221;center&#8221;]<\/p>\n<p style=\"text-align: justify;\">Descubre el aporte de Diana Wechsler, Directora Art\u00edstico-acad\u00e9mica de BIENALSUR, al discurso de frontera, a trav\u00e9s de su conferencia y su texto para JUNTOS APARTE.<\/p>\n<p>[\/et_pb_text][\/et_pb_column][\/et_pb_row][et_pb_row column_structure=&#8221;1_4,1_4,1_4,1_4&#8243; _builder_version=&#8221;4.4.6&#8243;][et_pb_column type=&#8221;1_4&#8243; _builder_version=&#8221;4.4.6&#8243;][\/et_pb_column][et_pb_column type=&#8221;1_4&#8243; _builder_version=&#8221;4.4.6&#8243;][et_pb_button button_url=&#8221;#articulo1&#8243; button_text=&#8221;Ver art\u00edculo&#8221; button_alignment=&#8221;center&#8221; module_class=&#8221;boton_full&#8221; _builder_version=&#8221;4.4.6&#8243; custom_button=&#8221;on&#8221; button_use_icon=&#8221;off&#8221; box_shadow_style=&#8221;preset1&#8243; box_shadow_color=&#8221;#d6d6d6&#8243;][\/et_pb_button][\/et_pb_column][et_pb_column type=&#8221;1_4&#8243; _builder_version=&#8221;4.4.6&#8243;][et_pb_button button_url=&#8221;https:\/\/juntosaparte.com\/web\/wp-content\/uploads\/2020\/06\/Entre-nosotros-y-los-otros&#8230;-Diana-Wechsler-para-Juntos-Aparte-comprimido.pdf&#8221; url_new_window=&#8221;on&#8221; button_text=&#8221;Descargar&#8221; button_alignment=&#8221;center&#8221; module_class=&#8221;boton_full&#8221; _builder_version=&#8221;4.4.6&#8243; custom_button=&#8221;on&#8221; button_use_icon=&#8221;off&#8221; box_shadow_style=&#8221;preset1&#8243; box_shadow_color=&#8221;#d6d6d6&#8243;][\/et_pb_button][\/et_pb_column][et_pb_column type=&#8221;1_4&#8243; _builder_version=&#8221;4.4.6&#8243;][\/et_pb_column][\/et_pb_row][et_pb_row _builder_version=&#8221;4.4.6&#8243;][et_pb_column type=&#8221;4_4&#8243; _builder_version=&#8221;4.4.6&#8243;][et_pb_image src=&#8221;https:\/\/juntosaparte.com\/web\/wp-content\/uploads\/2020\/09\/semana-1-espacio-publico.png&#8221; title_text=&#8221;semana 1 espacio publico&#8221; align=&#8221;center&#8221; _builder_version=&#8221;4.4.6&#8243; hover_enabled=&#8221;0&#8243;][\/et_pb_image][et_pb_text _builder_version=&#8221;4.4.6&#8243; width=&#8221;86%&#8221; module_alignment=&#8221;center&#8221;]<\/p>\n<p style=\"text-align: justify;\">S\u00edguenos por el espacio p\u00fablico del \u00e1rea metropolitana de C\u00facuta y s\u00famate a la vivencia que ha generado un nuevo relato para la ciudadan\u00eda de frontera a trav\u00e9s de las artes.<\/p>\n<p>[\/et_pb_text][\/et_pb_column][\/et_pb_row][et_pb_row column_structure=&#8221;1_3,1_3,1_3&#8243; _builder_version=&#8221;4.4.6&#8243;][et_pb_column type=&#8221;1_3&#8243; _builder_version=&#8221;4.4.6&#8243;][\/et_pb_column][et_pb_column type=&#8221;1_3&#8243; _builder_version=&#8221;4.4.6&#8243;][et_pb_button button_url=&#8221;#evento2017_2019&#8243; button_text=&#8221;Ver art\u00edculo&#8221; button_alignment=&#8221;center&#8221; module_class=&#8221;boton_full&#8221; _builder_version=&#8221;4.4.6&#8243; custom_button=&#8221;on&#8221; button_use_icon=&#8221;off&#8221; box_shadow_style=&#8221;preset1&#8243; box_shadow_color=&#8221;#d6d6d6&#8243;][\/et_pb_button][\/et_pb_column][et_pb_column type=&#8221;1_3&#8243; _builder_version=&#8221;4.4.6&#8243;][\/et_pb_column][\/et_pb_row][et_pb_row _builder_version=&#8221;4.4.6&#8243;][et_pb_column type=&#8221;4_4&#8243; _builder_version=&#8221;4.4.6&#8243;][et_pb_text _builder_version=&#8221;4.4.6&#8243; width=&#8221;86%&#8221; module_alignment=&#8221;center&#8221;]<\/p>\n<p style=\"text-align: center;\">Seguimos JUNTOS APARTE!<\/p>\n<p>[\/et_pb_text][et_pb_text _builder_version=&#8221;4.4.6&#8243; width=&#8221;86%&#8221; module_alignment=&#8221;center&#8221; box_shadow_style=&#8221;preset1&#8243;]<\/p>\n<p style=\"text-align: center;\"><strong>We continue to be TOGETHER APART!<\/strong><\/p>\n<p>[\/et_pb_text][et_pb_text _builder_version=&#8221;4.4.6&#8243; width=&#8221;86%&#8221; module_alignment=&#8221;center&#8221;]<\/p>\n<p style=\"text-align: center;\">Canal Virtual JUNTOS APARTE 2020:<br \/>Memoria, frontera, integraci\u00f3n.<\/p>\n<p>[\/et_pb_text][et_pb_text _builder_version=&#8221;4.4.6&#8243; width=&#8221;86%&#8221; module_alignment=&#8221;center&#8221; box_shadow_style=&#8221;preset1&#8243;]<\/p>\n<p style=\"text-align: center;\"><strong>Virtual Channel JUNTOS APARTE 2020:<\/strong><br \/><strong>Memory, Border, Integration<\/strong><\/p>\n<p>[\/et_pb_text][\/et_pb_column][\/et_pb_row][\/et_pb_section][et_pb_section fb_built=&#8221;1&#8243; _builder_version=&#8221;4.4.6&#8243; da_disable_devices=&#8221;off|off|off&#8221; da_is_popup=&#8221;off&#8221; da_exit_intent=&#8221;off&#8221; da_has_close=&#8221;on&#8221; da_alt_close=&#8221;off&#8221; da_dark_close=&#8221;off&#8221; da_not_modal=&#8221;on&#8221; da_is_singular=&#8221;off&#8221; da_with_loader=&#8221;off&#8221; da_has_shadow=&#8221;on&#8221;][et_pb_row _builder_version=&#8221;4.4.6&#8243;][et_pb_column type=&#8221;4_4&#8243; _builder_version=&#8221;4.4.6&#8243;][et_pb_text module_id=&#8221;link_web&#8221; _builder_version=&#8221;4.4.6&#8243; text_font=&#8221;|600|||||||&#8221; text_text_color=&#8221;#D95F68&#8243; text_font_size=&#8221;22px&#8221;]<\/p>\n<p style=\"text-align: center;\"><strong>www.juntosaparte.com<\/strong><\/p>\n<p>[\/et_pb_text][et_pb_text _builder_version=&#8221;4.4.6&#8243; text_font=&#8221;|700|||||||&#8221; text_text_color=&#8221;#474747&#8243; width=&#8221;65%&#8221; width_tablet=&#8221;100%&#8221; width_phone=&#8221;&#8221; width_last_edited=&#8221;on|phone&#8221; module_alignment=&#8221;center&#8221; custom_padding=&#8221;|0px||0px||true&#8221;]<\/p>\n<p style=\"text-align: center;\">Este proyecto fue posible gracias al generoso apoyo del pueblo de Estados Unidos a trav\u00e9s de su Agencia para el Desarrollo Internacional (USAID). Los contenidos son responsabilidad de la Fundaci\u00f3n EL PILAR y no necesariamente reflejan las opiniones de USAID o del gobierno de Estados Unidos.<\/p>\n<p>[\/et_pb_text][et_pb_image src=&#8221;https:\/\/juntosaparte.com\/web\/wp-content\/uploads\/2020\/06\/logos-misionales.png&#8221; title_text=&#8221;logos misionales&#8221; align=&#8221;center&#8221; _builder_version=&#8221;4.4.6&#8243; width=&#8221;45%&#8221; width_tablet=&#8221;70%&#8221; width_phone=&#8221;85%&#8221; width_last_edited=&#8221;on|phone&#8221;][\/et_pb_image][\/et_pb_column][\/et_pb_row][\/et_pb_section][et_pb_section fb_built=&#8221;1&#8243; module_id=&#8221;evento1&#8243; module_class=&#8221;popup&#8221; _builder_version=&#8221;4.4.6&#8243; background_color=&#8221;rgba(0,0,0,0)&#8221; background_enable_image=&#8221;off&#8221; max_width=&#8221;90%&#8221; custom_padding=&#8221;0px|0px|0px|0px|true|&#8221; da_is_popup=&#8221;on&#8221; da_popup_slug=&#8221;evento1&#8243; da_disable_devices=&#8221;off|off|off&#8221; da_exit_intent=&#8221;off&#8221; da_has_close=&#8221;on&#8221; da_alt_close=&#8221;off&#8221; da_dark_close=&#8221;off&#8221; da_not_modal=&#8221;on&#8221; da_is_singular=&#8221;off&#8221; da_with_loader=&#8221;off&#8221; da_has_shadow=&#8221;on&#8221;][et_pb_row _builder_version=&#8221;4.4.6&#8243; custom_padding=&#8221;0px|0px|0px|||&#8221;][et_pb_column type=&#8221;4_4&#8243; _builder_version=&#8221;4.4.6&#8243;][et_pb_video src=&#8221;https:\/\/www.youtube.com\/watch?v=Ax84Qio1M5U&#8221; thumbnail_overlay_color=&#8221;rgba(0,0,0,0.6)&#8221; _builder_version=&#8221;4.4.6&#8243;][\/et_pb_video][\/et_pb_column][\/et_pb_row][\/et_pb_section][et_pb_section fb_built=&#8221;1&#8243; module_id=&#8221;articulo1&#8243; module_class=&#8221;popup&#8221; _builder_version=&#8221;4.4.6&#8243; background_color=&#8221;rgba(0,0,0,0)&#8221; background_enable_image=&#8221;off&#8221; max_width=&#8221;90%&#8221; custom_padding=&#8221;0px|0px|0px|0px|true|&#8221; da_is_popup=&#8221;on&#8221; da_popup_slug=&#8221;articulo1&#8243; da_disable_devices=&#8221;off|off|off&#8221; da_exit_intent=&#8221;off&#8221; da_has_close=&#8221;on&#8221; da_alt_close=&#8221;off&#8221; da_dark_close=&#8221;off&#8221; da_not_modal=&#8221;on&#8221; da_is_singular=&#8221;off&#8221; da_with_loader=&#8221;off&#8221; da_has_shadow=&#8221;on&#8221;][et_pb_row _builder_version=&#8221;4.4.6&#8243; custom_padding=&#8221;0px|0px|0px|||&#8221;][et_pb_column type=&#8221;4_4&#8243; _builder_version=&#8221;4.4.6&#8243;][et_pb_text _builder_version=&#8221;4.4.6&#8243;]<p class=\"gde-text\"><a href=\"https:\/\/juntosaparte.com\/web\/wp-content\/uploads\/2020\/06\/Entre-nosotros-y-los-otros...-Diana-Wechsler-para-Juntos-Aparte-comprimido.pdf\" class=\"gde-link\">Descargar (PDF, 10.01MB)<\/a><\/p>\n<iframe src=\"\/\/docs.google.com\/viewer?url=https%3A%2F%2Fjuntosaparte.com%2Fweb%2Fwp-content%2Fuploads%2F2020%2F06%2FEntre-nosotros-y-los-otros...-Diana-Wechsler-para-Juntos-Aparte-comprimido.pdf&hl=es&embedded=true\" class=\"gde-frame\" style=\"width:100%; height:1200px; border: none;\" scrolling=\"no\"><\/iframe>[\/et_pb_text][\/et_pb_column][\/et_pb_row][\/et_pb_section][et_pb_section fb_built=&#8221;1&#8243; module_id=&#8221;evento2017_2019&#8243; module_class=&#8221;popup&#8221; _builder_version=&#8221;4.4.6&#8243; da_is_popup=&#8221;on&#8221; da_popup_slug=&#8221;evento2017_2019&#8243; da_disable_devices=&#8221;off|off|off&#8221; da_exit_intent=&#8221;off&#8221; da_has_close=&#8221;on&#8221; da_alt_close=&#8221;off&#8221; da_dark_close=&#8221;off&#8221; da_not_modal=&#8221;on&#8221; da_is_singular=&#8221;off&#8221; da_with_loader=&#8221;off&#8221; da_has_shadow=&#8221;on&#8221;][et_pb_row _builder_version=&#8221;4.4.6&#8243;][et_pb_column type=&#8221;4_4&#8243; _builder_version=&#8221;4.4.6&#8243;][et_pb_text _builder_version=&#8221;4.4.6&#8243; header_text_color=&#8221;#232641&#8243; header_font_size=&#8221;24px&#8221; width=&#8221;94%&#8221; module_alignment=&#8221;center&#8221;]<\/p>\n<h1 style=\"text-align: center;\"><strong>2017<br \/><\/strong><\/h1>\n<p>[\/et_pb_text][\/et_pb_column][\/et_pb_row][et_pb_row column_structure=&#8221;1_4,1_4,1_4,1_4&#8243; use_custom_gutter=&#8221;on&#8221; gutter_width=&#8221;1&#8243; make_equal=&#8221;on&#8221; _builder_version=&#8221;4.4.6&#8243; width=&#8221;100%&#8221; max_width=&#8221;2560px&#8221; module_alignment=&#8221;center&#8221;][et_pb_column type=&#8221;1_4&#8243; _builder_version=&#8221;4.4.6&#8243;][et_pb_image src=&#8221;https:\/\/juntosaparte.com\/web\/wp-content\/uploads\/2020\/08\/Bala-perdida-Unicentro-Cucuta.png&#8221; title_text=&#8221;Bala-perdida-Unicentro-Cucuta&#8221; align=&#8221;center&#8221; _builder_version=&#8221;4.4.6&#8243;][\/et_pb_image][\/et_pb_column][et_pb_column type=&#8221;1_4&#8243; _builder_version=&#8221;4.4.6&#8243;][et_pb_image src=&#8221;https:\/\/juntosaparte.com\/web\/wp-content\/uploads\/2020\/06\/2-Javier-Tellez-One-Flew-Over-The-Void-Bala-perdida-Unicentro-Cucuta-Juntos-Aparte-2017-min-scaled.jpg&#8221; title_text=&#8221;2-Javier Tellez-One Flew Over The Void (Bala perdida)-Unicentro-Cucuta-Juntos Aparte 2017-min&#8221; align=&#8221;center&#8221; _builder_version=&#8221;4.4.6&#8243;][\/et_pb_image][\/et_pb_column][et_pb_column type=&#8221;1_4&#8243; _builder_version=&#8221;4.4.6&#8243;][et_pb_image src=&#8221;https:\/\/juntosaparte.com\/web\/wp-content\/uploads\/2020\/06\/3-Javier-Tellez-One-Flew-Over-The-Void-Bala-perdida-Unicentro-Cucuta-Juntos-Aparte-2017-min-scaled.jpg&#8221; title_text=&#8221;3-Javier Tellez-One Flew Over The Void (Bala perdida)-Unicentro-Cucuta-Juntos Aparte 2017-min&#8221; align=&#8221;center&#8221; _builder_version=&#8221;4.4.6&#8243;][\/et_pb_image][\/et_pb_column][et_pb_column type=&#8221;1_4&#8243; _builder_version=&#8221;4.4.6&#8243;][et_pb_image src=&#8221;https:\/\/juntosaparte.com\/web\/wp-content\/uploads\/2020\/06\/4-Javier-Tellez-One-Flew-Over-The-Void-Bala-perdida-Unicentro-Cucuta-Juntos-Aparte-2017-min-scaled.jpg&#8221; title_text=&#8221;4-Javier Tellez-One Flew Over The Void (Bala perdida)-Unicentro-Cucuta-Juntos Aparte 2017-min&#8221; align=&#8221;center&#8221; _builder_version=&#8221;4.4.6&#8243;][\/et_pb_image][\/et_pb_column][\/et_pb_row][et_pb_row _builder_version=&#8221;4.4.6&#8243;][et_pb_column type=&#8221;4_4&#8243; _builder_version=&#8221;4.4.6&#8243;][et_pb_video src=&#8221;https:\/\/www.youtube.com\/watch?v=Yiv9_2tfptk&#8221; image_src=&#8221;https:\/\/juntosaparte.com\/web\/wp-content\/uploads\/2020\/06\/2.-el-hombre-bala.png&#8221; thumbnail_overlay_color=&#8221;rgba(0,0,0,0.6)&#8221; _builder_version=&#8221;4.4.6&#8243; width=&#8221;85%&#8221; module_alignment=&#8221;center&#8221;][\/et_pb_video][\/et_pb_column][\/et_pb_row][et_pb_row _builder_version=&#8221;4.4.6&#8243;][et_pb_column type=&#8221;4_4&#8243; _builder_version=&#8221;4.4.6&#8243;][et_pb_text _builder_version=&#8221;4.4.6&#8243; width=&#8221;86%&#8221; module_alignment=&#8221;center&#8221;]<\/p>\n<p style=\"text-align: justify;\">El hombre bala<\/p>\n<p style=\"text-align: justify;\">Una carpa en el exterior de CC Unicentro C\u00facuta acogi\u00f3 en sesi\u00f3n continua la proyecci\u00f3n de <em>One flew over the void (Bala perdida)<\/em> del artista venezolano Javier T\u00e9llez. El salto sobre la frontera entre Tijuana y San Diego ofreci\u00f3 un par\u00e9ntesis de entretenimiento reflexivo a familias, j\u00f3venes, comerciantes callejeros y transe\u00fantes.<\/p>\n<p style=\"text-align: justify;\">Gracias a Unicentro C\u00facuta.<\/p>\n<p>[\/et_pb_text][\/et_pb_column][\/et_pb_row][et_pb_row column_structure=&#8221;1_4,1_4,1_4,1_4&#8243; use_custom_gutter=&#8221;on&#8221; gutter_width=&#8221;1&#8243; make_equal=&#8221;on&#8221; _builder_version=&#8221;4.4.6&#8243; width=&#8221;100%&#8221; max_width=&#8221;2560px&#8221; module_alignment=&#8221;center&#8221;][et_pb_column type=&#8221;1_4&#8243; _builder_version=&#8221;4.4.6&#8243;][et_pb_image src=&#8221;https:\/\/juntosaparte.com\/web\/wp-content\/uploads\/2020\/06\/1-Intervencion-espacio-publico-Equipo-Sublime-Cucuta-Juntos-Aparte-2017-min.jpg&#8221; title_text=&#8221;Intervencion espacio publico-Equipo Sublime-Cucuta-Juntos Aparte 2017&#8243; align=&#8221;center&#8221; _builder_version=&#8221;4.4.6&#8243;][\/et_pb_image][\/et_pb_column][et_pb_column type=&#8221;1_4&#8243; _builder_version=&#8221;4.4.6&#8243;][et_pb_image src=&#8221;https:\/\/juntosaparte.com\/web\/wp-content\/uploads\/2020\/06\/2-Intervencion-espacio-publico-Equipo-Sublime-Cucuta-Juntos-Aparte-2017-min.jpg&#8221; title_text=&#8221;Intervencion espacio publico-Equipo Sublime-Cucuta-Juntos Aparte 2017&#8243; align=&#8221;center&#8221; _builder_version=&#8221;4.4.6&#8243;][\/et_pb_image][\/et_pb_column][et_pb_column type=&#8221;1_4&#8243; _builder_version=&#8221;4.4.6&#8243;][et_pb_image src=&#8221;https:\/\/juntosaparte.com\/web\/wp-content\/uploads\/2020\/06\/3-Intervencion-espacio-publico-Equipo-Sublime-Cucuta-Juntos-Aparte-2017-min.jpg&#8221; title_text=&#8221;Intervencion espacio publico-Equipo Sublime-Cucuta-Juntos Aparte 2017&#8243; align=&#8221;center&#8221; _builder_version=&#8221;4.4.6&#8243;][\/et_pb_image][\/et_pb_column][et_pb_column type=&#8221;1_4&#8243; _builder_version=&#8221;4.4.6&#8243;][et_pb_image src=&#8221;https:\/\/juntosaparte.com\/web\/wp-content\/uploads\/2020\/06\/4-Intervencion-espacio-publico-Equipo-Sublime-Cucuta-Juntos-Aparte-2017-min.jpg&#8221; title_text=&#8221;Intervencion espacio publico-Equipo Sublime-Cucuta-Juntos Aparte 2017&#8243; align=&#8221;center&#8221; _builder_version=&#8221;4.4.6&#8243;][\/et_pb_image][\/et_pb_column][\/et_pb_row][et_pb_row _builder_version=&#8221;4.4.6&#8243;][et_pb_column type=&#8221;4_4&#8243; _builder_version=&#8221;4.4.6&#8243;][et_pb_video src=&#8221;https:\/\/www.youtube.com\/watch?v=nXMxVREuyHI&#8221; image_src=&#8221;https:\/\/juntosaparte.com\/web\/wp-content\/uploads\/2020\/06\/3.-equipo-sublime.png&#8221; thumbnail_overlay_color=&#8221;rgba(0,0,0,0.6)&#8221; _builder_version=&#8221;4.4.6&#8243; width=&#8221;85%&#8221; module_alignment=&#8221;center&#8221;][\/et_pb_video][\/et_pb_column][\/et_pb_row][et_pb_row _builder_version=&#8221;4.4.6&#8243;][et_pb_column type=&#8221;4_4&#8243; _builder_version=&#8221;4.4.6&#8243;][et_pb_text _builder_version=&#8221;4.4.6&#8243; width=&#8221;86%&#8221; module_alignment=&#8221;center&#8221;]<\/p>\n<p style=\"text-align: justify;\">Equipo Sublime<\/p>\n<p style=\"text-align: justify;\">En el marco del taller <em>El enemigo est\u00e1 dentro. Disparad sobre nosotros <\/em>de Equipo Sublime<em>, <\/em>artistas, estudiantes, comunicadores, dise\u00f1adores, escritores y arquitectos intervienen con textos y gr\u00e1fica en fotocopias el espacio p\u00fablico del centro de C\u00facuta, abordando cr\u00edticamente paradigmas del contexto fronterizo entre Colombia y Venezuela.<\/p>\n<p style=\"text-align: justify;\">Gracias al Institut Ramon Llull.<\/p>\n<p>[\/et_pb_text][\/et_pb_column][\/et_pb_row][et_pb_row column_structure=&#8221;1_4,1_4,1_4,1_4&#8243; use_custom_gutter=&#8221;on&#8221; gutter_width=&#8221;1&#8243; make_equal=&#8221;on&#8221; _builder_version=&#8221;4.4.6&#8243; width=&#8221;100%&#8221; max_width=&#8221;2560px&#8221; module_alignment=&#8221;center&#8221;][et_pb_column type=&#8221;1_4&#8243; _builder_version=&#8221;4.4.6&#8243;][et_pb_image src=&#8221;https:\/\/juntosaparte.com\/web\/wp-content\/uploads\/2020\/06\/1-Melle-Smets-Natalia-Castillo-Dan-Gamboa-Mental-Border-Control-Cristo-Rey-Cucuta-Juntos-Aparte-2017-min-scaled.jpg&#8221; title_text=&#8221;1-Melle Smets-Natalia Castillo-Dan Gamboa-Mental Border Control-Cristo Rey-Cucuta-Juntos Aparte 2017-min&#8221; align=&#8221;center&#8221; _builder_version=&#8221;4.4.6&#8243;][\/et_pb_image][\/et_pb_column][et_pb_column type=&#8221;1_4&#8243; _builder_version=&#8221;4.4.6&#8243;][et_pb_image src=&#8221;https:\/\/juntosaparte.com\/web\/wp-content\/uploads\/2020\/06\/2-Melle-Smets-Natalia-Castillo-Dan-Gamboa-Mental-Border-Control-Cristo-Rey-Cucuta-Juntos-Aparte-2017-min-scaled.jpg&#8221; title_text=&#8221;2-Melle Smets-Natalia Castillo-Dan Gamboa-Mental Border Control-Cristo Rey-Cucuta-Juntos Aparte 2017-min&#8221; align=&#8221;center&#8221; _builder_version=&#8221;4.4.6&#8243;][\/et_pb_image][\/et_pb_column][et_pb_column type=&#8221;1_4&#8243; _builder_version=&#8221;4.4.6&#8243;][et_pb_image src=&#8221;https:\/\/juntosaparte.com\/web\/wp-content\/uploads\/2020\/06\/3-Melle-Smets-Natalia-Castillo-Dan-Gamboa-Mental-Border-Control-Cristo-Rey-Cucuta-Juntos-Aparte-2017-min-scaled.jpg&#8221; title_text=&#8221;3-Melle Smets-Natalia Castillo-Dan Gamboa-Mental Border Control-Cristo Rey-Cucuta-Juntos Aparte 2017-min&#8221; align=&#8221;center&#8221; _builder_version=&#8221;4.4.6&#8243;][\/et_pb_image][\/et_pb_column][et_pb_column type=&#8221;1_4&#8243; _builder_version=&#8221;4.4.6&#8243;][et_pb_image src=&#8221;https:\/\/juntosaparte.com\/web\/wp-content\/uploads\/2020\/06\/4-Melle-Smets-Natalia-Castillo-Dan-Gamboa-Mental-Border-Control-Cristo-Rey-Cucuta-Juntos-Aparte-2017-min.jpg&#8221; title_text=&#8221;4-Melle Smets-Natalia Castillo-Dan Gamboa-Mental Border Control-Cristo Rey-Cucuta-Juntos Aparte 2017-min&#8221; align=&#8221;center&#8221; _builder_version=&#8221;4.4.6&#8243;][\/et_pb_image][\/et_pb_column][\/et_pb_row][et_pb_row _builder_version=&#8221;4.4.6&#8243;][et_pb_column type=&#8221;4_4&#8243; _builder_version=&#8221;4.4.6&#8243;][et_pb_video src=&#8221;https:\/\/www.youtube.com\/watch?v=U1iRAlKYJjw&#8221; image_src=&#8221;https:\/\/juntosaparte.com\/web\/wp-content\/uploads\/2020\/06\/4-mental-border-control.png&#8221; thumbnail_overlay_color=&#8221;rgba(0,0,0,0.6)&#8221; _builder_version=&#8221;4.4.6&#8243; width=&#8221;85%&#8221; module_alignment=&#8221;center&#8221;][\/et_pb_video][\/et_pb_column][\/et_pb_row][et_pb_row _builder_version=&#8221;4.4.6&#8243;][et_pb_column type=&#8221;4_4&#8243; _builder_version=&#8221;4.4.6&#8243;][et_pb_text _builder_version=&#8221;4.4.6&#8243; width=&#8221;86%&#8221; module_alignment=&#8221;center&#8221;]<\/p>\n<p style=\"text-align: justify;\">Mental Border Control<\/p>\n<p style=\"text-align: justify;\">La clausura del laboratorio de contexto Mental Border Control, de Melle Smets con la colaboraci\u00f3n de Natalia Castillo y Dan Gamboa, dio cierre a la primera edici\u00f3n de Juntos Aparte y fue la \u00faltima apropiaci\u00f3n ciudadana del Monumento a Cristo Rey antes de su reforma, de mano de todas las comunidades que hicieron posible la iniciativa y con el directo del reconocido rapero Ahiman como colof\u00f3n.<\/p>\n<p style=\"text-align: justify;\">Gracias a la Secretar\u00eda Municipal de Cultura y Turismo de C\u00facuta.<\/p>\n<p>[\/et_pb_text][et_pb_image src=&#8221;https:\/\/juntosaparte.com\/web\/wp-content\/uploads\/2020\/06\/uniminuto.png&#8221; title_text=&#8221;uniminuto&#8221; align=&#8221;center&#8221; _builder_version=&#8221;4.4.6&#8243; width=&#8221;87%&#8221;][\/et_pb_image][\/et_pb_column][\/et_pb_row][et_pb_row _builder_version=&#8221;4.4.6&#8243;][et_pb_column type=&#8221;4_4&#8243; _builder_version=&#8221;4.4.6&#8243;][et_pb_text _builder_version=&#8221;4.4.6&#8243; header_text_color=&#8221;#232641&#8243; header_font_size=&#8221;24px&#8221; width=&#8221;94%&#8221; module_alignment=&#8221;center&#8221;]<\/p>\n<h1 style=\"text-align: center;\"><strong>2019<br \/>\n<\/strong><\/h1>\n<p>[\/et_pb_text][\/et_pb_column][\/et_pb_row][et_pb_row column_structure=&#8221;1_4,1_4,1_4,1_4&#8243; use_custom_gutter=&#8221;on&#8221; gutter_width=&#8221;1&#8243; make_equal=&#8221;on&#8221; _builder_version=&#8221;4.4.6&#8243; width=&#8221;100%&#8221; max_width=&#8221;2560px&#8221; module_alignment=&#8221;center&#8221;][et_pb_column type=&#8221;1_4&#8243; _builder_version=&#8221;4.4.6&#8243;][et_pb_image src=&#8221;https:\/\/juntosaparte.com\/web\/wp-content\/uploads\/2020\/06\/1-Caravana-de-la-hermandad-Cucuta-Juntos-Aparte-2019-min.jpg&#8221; title_text=&#8221;1-Caravana de la hermandad-Cucuta-Juntos Aparte 2019-min&#8221; align=&#8221;center&#8221; _builder_version=&#8221;4.4.6&#8243;][\/et_pb_image][\/et_pb_column][et_pb_column type=&#8221;1_4&#8243; _builder_version=&#8221;4.4.6&#8243;][et_pb_image src=&#8221;https:\/\/juntosaparte.com\/web\/wp-content\/uploads\/2020\/06\/2-Caravana-de-la-hermandad-Cucuta-Juntos-Aparte-2019-min.jpg&#8221; title_text=&#8221;2-Caravana de la hermandad-Cucuta-Juntos Aparte 2019-min&#8221; align=&#8221;center&#8221; _builder_version=&#8221;4.4.6&#8243;][\/et_pb_image][\/et_pb_column][et_pb_column type=&#8221;1_4&#8243; _builder_version=&#8221;4.4.6&#8243;][et_pb_image src=&#8221;https:\/\/juntosaparte.com\/web\/wp-content\/uploads\/2020\/06\/3-Caravana-de-la-hermandad-Cucuta-Juntos-Aparte-2019-min.jpg&#8221; title_text=&#8221;3-Caravana de la hermandad-Cucuta-Juntos Aparte 2019-min&#8221; align=&#8221;center&#8221; _builder_version=&#8221;4.4.6&#8243;][\/et_pb_image][\/et_pb_column][et_pb_column type=&#8221;1_4&#8243; _builder_version=&#8221;4.4.6&#8243;][et_pb_image src=&#8221;https:\/\/juntosaparte.com\/web\/wp-content\/uploads\/2020\/06\/4-Caravana-de-la-hermandad-Cucuta-Juntos-Aparte-2019-min.jpg&#8221; title_text=&#8221;4-Caravana de la hermandad-Cucuta-Juntos Aparte 2019-min&#8221; align=&#8221;center&#8221; _builder_version=&#8221;4.4.6&#8243;][\/et_pb_image][\/et_pb_column][\/et_pb_row][et_pb_row _builder_version=&#8221;4.4.6&#8243;][et_pb_column type=&#8221;4_4&#8243; _builder_version=&#8221;4.4.6&#8243;][et_pb_video src=&#8221;https:\/\/www.youtube.com\/watch?v=jGYgp2BHh7c&#8221; image_src=&#8221;https:\/\/juntosaparte.com\/web\/wp-content\/uploads\/2020\/06\/5.-caravana-de-la-hermandad.png&#8221; thumbnail_overlay_color=&#8221;rgba(0,0,0,0.6)&#8221; _builder_version=&#8221;4.4.6&#8243; width=&#8221;85%&#8221; module_alignment=&#8221;center&#8221;][\/et_pb_video][\/et_pb_column][\/et_pb_row][et_pb_row _builder_version=&#8221;4.4.6&#8243;][et_pb_column type=&#8221;4_4&#8243; _builder_version=&#8221;4.4.6&#8243;][et_pb_text _builder_version=&#8221;4.4.6&#8243; width=&#8221;86%&#8221; module_alignment=&#8221;center&#8221;]<\/p>\n<p style=\"text-align: justify;\">Caravana de la Hermandad<\/p>\n<p style=\"text-align: justify;\">M\u00e1s de mil personas caminando por la hermandad y la alianza regional: sociedad civil, cooperaci\u00f3n internacional, tejido empresarial, entes estatales y gremio art\u00edstico recorrimos el centro de la ciudad acompa\u00f1ando la obra <em>MiSs\u00c9xodo \/ Estandarte para golondrinas<\/em> de Juan Carvajal y Adri\u00e1n Preciado hasta el Centro Cultural Quinta Teresa, donde tuvo lugar el Desembarco po\u00e9tico con \u00d3scar Sch\u022f\u022fnewolff.<\/p>\n<p style=\"text-align: justify;\">Gracias a Fundaci\u00f3n Hablemos y Ventura Plaza.<\/p>\n<p>[\/et_pb_text][\/et_pb_column][\/et_pb_row][et_pb_row _builder_version=&#8221;4.4.6&#8243;][et_pb_column type=&#8221;4_4&#8243; _builder_version=&#8221;4.4.6&#8243;][et_pb_text _builder_version=&#8221;4.4.6&#8243; width=&#8221;86%&#8221; module_alignment=&#8221;center&#8221;]<\/p>\n<p style=\"text-align: justify;\">Caminaron con nosotros, entre otros: Hablemos, El derecho a no obedecer, Grupo Salvador Moreno, Ciudad Verde, Movimiento Ambientalista Colombiano, Casa Cultural Frontera Morada, Comit\u00e9 para el agua y P\u00e1ramo Norte de Santander, Colectivo Ixora Diversa, UFPS, Fundaci\u00f3n Movimiento Vive C\u00facuta, Todos por el desarrollo sostenible, Juripsic, Vita Et Libertatem, Universal Zulu Nation, Sintraunicol UFPS, ONG Sembrando un Norte, Es el momento, Corporaci\u00f3n AHUMSA, La Fuerza Popular, Funci\u00f3n Salviarte, JUCO, ACEU, Fundaci\u00f3n Casa Alfarero, Fe y Alegr\u00eda.<\/p>\n<p style=\"text-align: justify;\">Tambi\u00e9n nos acompa\u00f1aron nuestros patrocinadores Ladmedis, Saad, Viviendas y Valores, Jamestown.<\/p>\n<p style=\"text-align: justify;\">Gracias a la Polic\u00eda Nacional \u2013 \u00c1rea Metropolitana de C\u00facuta por su facilitaci\u00f3n.<\/p>\n<p>[\/et_pb_text][\/et_pb_column][\/et_pb_row][et_pb_row column_structure=&#8221;1_4,1_4,1_4,1_4&#8243; use_custom_gutter=&#8221;on&#8221; gutter_width=&#8221;1&#8243; make_equal=&#8221;on&#8221; _builder_version=&#8221;4.4.6&#8243; width=&#8221;100%&#8221; max_width=&#8221;2560px&#8221; module_alignment=&#8221;center&#8221;][et_pb_column type=&#8221;1_4&#8243; _builder_version=&#8221;4.4.6&#8243;][et_pb_image src=&#8221;https:\/\/juntosaparte.com\/web\/wp-content\/uploads\/2020\/06\/1-Carmen-Ludene-La-VeneCo-Performance-Caravana-de-la-hermandad-Cucuta-Juntos-Aparte-2019-min.jpg&#8221; title_text=&#8221;1-Carmen Ludene-La VeneCo-Performance-Caravana de la hermandad-Cucuta-Juntos Aparte 2019-min&#8221; align=&#8221;center&#8221; _builder_version=&#8221;4.4.6&#8243;][\/et_pb_image][\/et_pb_column][et_pb_column type=&#8221;1_4&#8243; _builder_version=&#8221;4.4.6&#8243;][et_pb_image src=&#8221;https:\/\/juntosaparte.com\/web\/wp-content\/uploads\/2020\/06\/2-Carmen-Ludene-La-VeneCo-Performance-Caravana-de-la-hermandad-Cucuta-Juntos-Aparte-2019-min.jpg&#8221; title_text=&#8221;2-Carmen Ludene-La VeneCo-Performance-Caravana de la hermandad-Cucuta-Juntos Aparte 2019-min&#8221; align=&#8221;center&#8221; _builder_version=&#8221;4.4.6&#8243;][\/et_pb_image][\/et_pb_column][et_pb_column type=&#8221;1_4&#8243; _builder_version=&#8221;4.4.6&#8243;][et_pb_image src=&#8221;https:\/\/juntosaparte.com\/web\/wp-content\/uploads\/2020\/06\/3-Carmen-Ludene-La-VeneCo-Performance-Caravana-de-la-hermandad-Cucuta-Juntos-Aparte-2019-min.jpg&#8221; title_text=&#8221;3-Carmen Ludene-La VeneCo-Performance-Caravana de la hermandad-Cucuta-Juntos Aparte 2019-min&#8221; align=&#8221;center&#8221; _builder_version=&#8221;4.4.6&#8243;][\/et_pb_image][\/et_pb_column][et_pb_column type=&#8221;1_4&#8243; _builder_version=&#8221;4.4.6&#8243;][et_pb_image src=&#8221;https:\/\/juntosaparte.com\/web\/wp-content\/uploads\/2020\/06\/4-Carmen-Ludene-La-VeneCo-Performance-Caravana-de-la-hermandad-Cucuta-Juntos-Aparte-2019-min.jpg&#8221; title_text=&#8221;4-Carmen Ludene-La VeneCo-Performance-Caravana de la hermandad-Cucuta-Juntos Aparte 2019-min&#8221; align=&#8221;center&#8221; _builder_version=&#8221;4.4.6&#8243;][\/et_pb_image][\/et_pb_column][\/et_pb_row][et_pb_row _builder_version=&#8221;4.4.6&#8243;][et_pb_column type=&#8221;4_4&#8243; _builder_version=&#8221;4.4.6&#8243;][et_pb_video src=&#8221;https:\/\/www.youtube.com\/watch?v=1SJFlexwXRo&#8221; image_src=&#8221;https:\/\/juntosaparte.com\/web\/wp-content\/uploads\/2020\/06\/6.-la-VeneCo.png&#8221; thumbnail_overlay_color=&#8221;rgba(0,0,0,0.6)&#8221; _builder_version=&#8221;4.4.6&#8243; width=&#8221;85%&#8221; module_alignment=&#8221;center&#8221;][\/et_pb_video][\/et_pb_column][\/et_pb_row][et_pb_row _builder_version=&#8221;4.4.6&#8243;][et_pb_column type=&#8221;4_4&#8243; _builder_version=&#8221;4.4.6&#8243;][et_pb_text _builder_version=&#8221;4.4.6&#8243; width=&#8221;86%&#8221; module_alignment=&#8221;center&#8221;]<\/p>\n<p style=\"text-align: justify;\">La VeneCo<\/p>\n<p style=\"text-align: justify;\">Carmen Ludene es la VeneCO, buscada por todos y por s\u00ed misma. A tientas deambula desde el cruce fronterizo hasta el casco urbano de C\u00facuta, ayudada por los viandantes. Al final encuentra su lugar y su camino en la Caravana de la hermandad.<\/p>\n<p>[\/et_pb_text][\/et_pb_column][\/et_pb_row][et_pb_row column_structure=&#8221;1_4,1_4,1_4,1_4&#8243; use_custom_gutter=&#8221;on&#8221; gutter_width=&#8221;1&#8243; make_equal=&#8221;on&#8221; _builder_version=&#8221;4.4.6&#8243; width=&#8221;100%&#8221; max_width=&#8221;2560px&#8221; module_alignment=&#8221;center&#8221;][et_pb_column type=&#8221;1_4&#8243; _builder_version=&#8221;4.4.6&#8243;][et_pb_image src=&#8221;https:\/\/juntosaparte.com\/web\/wp-content\/uploads\/2020\/06\/1-Rolando-Ceron-La-puerta-del-buen-vecino-Performance-Caravana-de-la-hermandad-Cucuta-Juntos-Aparte-2019-min-1-scaled.jpg&#8221; title_text=&#8221;1-Rolando Ceron-La puerta del buen vecino-Performance-Caravana de la hermandad-Cucuta-Juntos Aparte 2019-min&#8221; align=&#8221;center&#8221; _builder_version=&#8221;4.4.6&#8243;][\/et_pb_image][\/et_pb_column][et_pb_column type=&#8221;1_4&#8243; _builder_version=&#8221;4.4.6&#8243;][et_pb_image src=&#8221;https:\/\/juntosaparte.com\/web\/wp-content\/uploads\/2020\/06\/2-Rolando-Ceron-La-puerta-del-buen-vecino-Performance-Caravana-de-la-hermandad-Cucuta-Juntos-Aparte-2019-min.jpg&#8221; title_text=&#8221;2-Rolando Ceron-La puerta del buen vecino-Performance-Caravana de la hermandad-Cucuta-Juntos Aparte 2019-min&#8221; align=&#8221;center&#8221; _builder_version=&#8221;4.4.6&#8243;][\/et_pb_image][\/et_pb_column][et_pb_column type=&#8221;1_4&#8243; _builder_version=&#8221;4.4.6&#8243;][et_pb_image src=&#8221;https:\/\/juntosaparte.com\/web\/wp-content\/uploads\/2020\/06\/3-Rolando-Ceron-La-puerta-del-buen-vecino-Performance-Caravana-de-la-hermandad-Cucuta-Juntos-Aparte-2019-min.jpg&#8221; title_text=&#8221;3-Rolando Ceron-La puerta del buen vecino-Performance-Caravana de la hermandad-Cucuta-Juntos Aparte 2019-min&#8221; align=&#8221;center&#8221; _builder_version=&#8221;4.4.6&#8243;][\/et_pb_image][\/et_pb_column][et_pb_column type=&#8221;1_4&#8243; _builder_version=&#8221;4.4.6&#8243;][et_pb_image src=&#8221;https:\/\/juntosaparte.com\/web\/wp-content\/uploads\/2020\/06\/4-Rolando-Ceron-La-puerta-del-buen-vecino-Performance-Caravana-de-la-hermandad-Cucuta-Juntos-Aparte-2019-min.jpg&#8221; title_text=&#8221;4-Rolando Ceron-La puerta del buen vecino-Performance-Caravana de la hermandad-Cucuta-Juntos Aparte 2019-min&#8221; align=&#8221;center&#8221; _builder_version=&#8221;4.4.6&#8243;][\/et_pb_image][\/et_pb_column][\/et_pb_row][et_pb_row _builder_version=&#8221;4.4.6&#8243;][et_pb_column type=&#8221;4_4&#8243; _builder_version=&#8221;4.4.6&#8243;][et_pb_video src=&#8221;https:\/\/www.youtube.com\/watch?v=vrePCrZmP38&#8243; image_src=&#8221;https:\/\/juntosaparte.com\/web\/wp-content\/uploads\/2020\/06\/7.-la-puerta.png&#8221; thumbnail_overlay_color=&#8221;rgba(0,0,0,0.6)&#8221; _builder_version=&#8221;4.4.6&#8243; width=&#8221;85%&#8221; module_alignment=&#8221;center&#8221;][\/et_pb_video][\/et_pb_column][\/et_pb_row][et_pb_row _builder_version=&#8221;4.4.6&#8243;][et_pb_column type=&#8221;4_4&#8243; _builder_version=&#8221;4.4.6&#8243;][et_pb_text _builder_version=&#8221;4.4.6&#8243; width=&#8221;86%&#8221; module_alignment=&#8221;center&#8221;]<\/p>\n<p style=\"text-align: justify;\">La puerta del buen vecino<\/p>\n<p style=\"text-align: justify;\">Rolando Cer\u00f3n da la bienvenida a C\u00facuta e invita a los transe\u00fantes a cruzar La puerta del buen vecino, que simboliza el paso en medio de las restricciones y rinde homenaje al hist\u00f3rico car\u00e1cter abierto de nuestra frontera, habitada por hermanos en ambos lados de la l\u00ednea.<\/p>\n<p>[\/et_pb_text][\/et_pb_column][\/et_pb_row][et_pb_row column_structure=&#8221;1_4,1_4,1_4,1_4&#8243; use_custom_gutter=&#8221;on&#8221; gutter_width=&#8221;1&#8243; make_equal=&#8221;on&#8221; _builder_version=&#8221;4.4.6&#8243; width=&#8221;100%&#8221; max_width=&#8221;2560px&#8221; module_alignment=&#8221;center&#8221;][et_pb_column type=&#8221;1_4&#8243; _builder_version=&#8221;4.4.6&#8243;][et_pb_image src=&#8221;https:\/\/juntosaparte.com\/web\/wp-content\/uploads\/2020\/06\/1-JOSE1.jpg&#8221; title_text=&#8221;1-JOSE~1&#8243; align=&#8221;center&#8221; _builder_version=&#8221;4.4.6&#8243;][\/et_pb_image][\/et_pb_column][et_pb_column type=&#8221;1_4&#8243; _builder_version=&#8221;4.4.6&#8243;][et_pb_image src=&#8221;https:\/\/juntosaparte.com\/web\/wp-content\/uploads\/2020\/06\/2-JOSE1.jpg&#8221; title_text=&#8221;2-JOSE~1&#8243; align=&#8221;center&#8221; _builder_version=&#8221;4.4.6&#8243;][\/et_pb_image][\/et_pb_column][et_pb_column type=&#8221;1_4&#8243; _builder_version=&#8221;4.4.6&#8243;][et_pb_image src=&#8221;https:\/\/juntosaparte.com\/web\/wp-content\/uploads\/2020\/06\/3-JOSE1.jpg&#8221; title_text=&#8221;3-JOSE~1&#8243; align=&#8221;center&#8221; _builder_version=&#8221;4.4.6&#8243;][\/et_pb_image][\/et_pb_column][et_pb_column type=&#8221;1_4&#8243; _builder_version=&#8221;4.4.6&#8243;][et_pb_image src=&#8221;https:\/\/juntosaparte.com\/web\/wp-content\/uploads\/2020\/06\/4-JOSE1.jpg&#8221; title_text=&#8221;4-JOSE~1&#8243; align=&#8221;center&#8221; _builder_version=&#8221;4.4.6&#8243;][\/et_pb_image][\/et_pb_column][\/et_pb_row][et_pb_row _builder_version=&#8221;4.4.6&#8243;][et_pb_column type=&#8221;4_4&#8243; _builder_version=&#8221;4.4.6&#8243;][et_pb_video src=&#8221;https:\/\/www.youtube.com\/watch?v=ge1fsGfLpm4&#8243; image_src=&#8221;https:\/\/juntosaparte.com\/web\/wp-content\/uploads\/2020\/06\/8.-caminantes.png&#8221; thumbnail_overlay_color=&#8221;rgba(0,0,0,0.6)&#8221; _builder_version=&#8221;4.4.6&#8243; width=&#8221;85%&#8221; module_alignment=&#8221;center&#8221;][\/et_pb_video][\/et_pb_column][\/et_pb_row][et_pb_row _builder_version=&#8221;4.4.6&#8243;][et_pb_column type=&#8221;4_4&#8243; _builder_version=&#8221;4.4.6&#8243;][et_pb_text _builder_version=&#8221;4.4.6&#8243; width=&#8221;86%&#8221; module_alignment=&#8221;center&#8221;]<\/p>\n<p style=\"text-align: justify;\">Los caminantes de la frontera<\/p>\n<p style=\"text-align: justify;\">El visionario proyecto de intervenci\u00f3n escult\u00f3rica desarrollado en 2013 por Jos\u00e9 Luis Z\u00fa\u00f1iga y Mar\u00eda Villacorta durante su residencia en la Fundaci\u00f3n El Pilar, recorri\u00f3 nuevamente el \u00e1rea metropolitana de C\u00facuta con actividades espec\u00edficas en cinco puntos emblem\u00e1ticos, donde transe\u00fantes y residentes interactuaron con las efigies. Una intervenci\u00f3n fotogr\u00e1fica de Lucas Molet complet\u00f3 la acci\u00f3n, dando cara y voz a caminantes venezolanos de las Am\u00e9ricas.<\/p>\n<p style=\"text-align: justify;\">Gracias a OIM, PRM, Sura y Cenfaco.<\/p>\n<p>[\/et_pb_text][\/et_pb_column][\/et_pb_row][et_pb_row column_structure=&#8221;1_4,1_4,1_4,1_4&#8243; use_custom_gutter=&#8221;on&#8221; gutter_width=&#8221;1&#8243; make_equal=&#8221;on&#8221; _builder_version=&#8221;4.4.6&#8243; width=&#8221;100%&#8221; max_width=&#8221;2560px&#8221; module_alignment=&#8221;center&#8221;][et_pb_column type=&#8221;1_4&#8243; _builder_version=&#8221;4.4.6&#8243;][et_pb_image src=&#8221;https:\/\/juntosaparte.com\/web\/wp-content\/uploads\/2020\/06\/1-TERE-min.jpg&#8221; title_text=&#8221;1-TERE-min&#8221; align=&#8221;center&#8221; _builder_version=&#8221;4.4.6&#8243;][\/et_pb_image][\/et_pb_column][et_pb_column type=&#8221;1_4&#8243; _builder_version=&#8221;4.4.6&#8243;][et_pb_image src=&#8221;https:\/\/juntosaparte.com\/web\/wp-content\/uploads\/2020\/06\/2-TERE-min.jpg&#8221; title_text=&#8221;2-TERE-min&#8221; align=&#8221;center&#8221; _builder_version=&#8221;4.4.6&#8243;][\/et_pb_image][\/et_pb_column][et_pb_column type=&#8221;1_4&#8243; _builder_version=&#8221;4.4.6&#8243;][et_pb_image src=&#8221;https:\/\/juntosaparte.com\/web\/wp-content\/uploads\/2020\/06\/3-TERE-min.jpg&#8221; title_text=&#8221;3-TERE-min&#8221; align=&#8221;center&#8221; _builder_version=&#8221;4.4.6&#8243;][\/et_pb_image][\/et_pb_column][et_pb_column type=&#8221;1_4&#8243; _builder_version=&#8221;4.4.6&#8243;][et_pb_image src=&#8221;https:\/\/juntosaparte.com\/web\/wp-content\/uploads\/2020\/06\/4-TERE.PNG-min.jpg&#8221; title_text=&#8221;4-TERE.PNG-min&#8221; align=&#8221;center&#8221; _builder_version=&#8221;4.4.6&#8243;][\/et_pb_image][\/et_pb_column][\/et_pb_row][et_pb_row _builder_version=&#8221;4.4.6&#8243;][et_pb_column type=&#8221;4_4&#8243; _builder_version=&#8221;4.4.6&#8243;][et_pb_image src=&#8221;https:\/\/juntosaparte.com\/web\/wp-content\/uploads\/2020\/06\/9-carretilleras.png&#8221; title_text=&#8221;9 carretilleras&#8221; align=&#8221;center&#8221; _builder_version=&#8221;4.4.6&#8243; width=&#8221;85%&#8221;][\/et_pb_image][\/et_pb_column][\/et_pb_row][et_pb_row _builder_version=&#8221;4.4.6&#8243;][et_pb_column type=&#8221;4_4&#8243; _builder_version=&#8221;4.4.6&#8243;][et_pb_text _builder_version=&#8221;4.4.6&#8243; width=&#8221;86%&#8221; module_alignment=&#8221;center&#8221;]<\/p>\n<p style=\"text-align: justify;\">Carretilleras sobre el Puente Internacional Sim\u00f3n Bol\u00edvar<\/p>\n<p style=\"text-align: justify;\">El fotomural escala 1:1 de Teresa Margolles \u2014invitada a desarrollar un trabajo sitio espec\u00edfico en Juntos Aparte 2017\u2014 situ\u00f3 en el casco urbano de C\u00facuta a las mujeres que cruzan los bienes de otros como medio de subsistencia en la frontera, en medio del festival de arte urbano AtacARTE, que a\u00f1o tras a\u00f1o congrega a j\u00f3venes artistas locales y extranjeros.<\/p>\n<p style=\"text-align: justify;\">\u00a0Gracias a AtacARTE.<\/p>\n<p>[\/et_pb_text][\/et_pb_column][\/et_pb_row][et_pb_row column_structure=&#8221;1_4,1_4,1_4,1_4&#8243; use_custom_gutter=&#8221;on&#8221; gutter_width=&#8221;1&#8243; make_equal=&#8221;on&#8221; _builder_version=&#8221;4.4.6&#8243; width=&#8221;100%&#8221; max_width=&#8221;2560px&#8221; module_alignment=&#8221;center&#8221;][et_pb_column type=&#8221;1_4&#8243; _builder_version=&#8221;4.4.6&#8243;][et_pb_image src=&#8221;https:\/\/juntosaparte.com\/web\/wp-content\/uploads\/2020\/06\/1-Verena-Melgarejo-Lucha-libre-contra-Puente-Internacional-Simon-Bolivar-Cucuta-Juntos-Aparte-2019-min.jpg&#8221; title_text=&#8221;1-Verena Melgarejo-Lucha libre contra-Puente Internacional Simon Bolivar-Cucuta-Juntos Aparte 2019-min&#8221; align=&#8221;center&#8221; _builder_version=&#8221;4.4.6&#8243;][\/et_pb_image][\/et_pb_column][et_pb_column type=&#8221;1_4&#8243; _builder_version=&#8221;4.4.6&#8243;][et_pb_image src=&#8221;https:\/\/juntosaparte.com\/web\/wp-content\/uploads\/2020\/06\/2-Verena-Melgarejo-Lucha-libre-contra-Puente-Internacional-Simon-Bolivar-Cucuta-Juntos-Aparte-2019-min.jpg&#8221; title_text=&#8221;2-Verena Melgarejo-Lucha libre contra-Puente Internacional Simon Bolivar-Cucuta-Juntos Aparte 2019-min&#8221; align=&#8221;center&#8221; _builder_version=&#8221;4.4.6&#8243;][\/et_pb_image][\/et_pb_column][et_pb_column type=&#8221;1_4&#8243; _builder_version=&#8221;4.4.6&#8243;][et_pb_image src=&#8221;https:\/\/juntosaparte.com\/web\/wp-content\/uploads\/2020\/06\/3-Verena-Melgarejo-Lucha-libre-contra-Puente-Internacional-Simon-Bolivar-Cucuta-Juntos-Aparte-2019-min.jpg&#8221; title_text=&#8221;3-Verena Melgarejo-Lucha libre contra-Puente Internacional Simon Bolivar-Cucuta-Juntos Aparte 2019-min&#8221; align=&#8221;center&#8221; _builder_version=&#8221;4.4.6&#8243;][\/et_pb_image][\/et_pb_column][et_pb_column type=&#8221;1_4&#8243; _builder_version=&#8221;4.4.6&#8243;][et_pb_image src=&#8221;https:\/\/juntosaparte.com\/web\/wp-content\/uploads\/2020\/06\/4-Verena-Melgarejo-Lucha-libre-contra-Puente-Internacional-Simon-Bolivar-Cucuta-Juntos-Aparte-2019-min.jpg&#8221; title_text=&#8221;4-Verena Melgarejo-Lucha libre contra-Puente Internacional Simon Bolivar-Cucuta-Juntos Aparte 2019-min&#8221; align=&#8221;center&#8221; _builder_version=&#8221;4.4.6&#8243;][\/et_pb_image][\/et_pb_column][\/et_pb_row][et_pb_row _builder_version=&#8221;4.4.6&#8243;][et_pb_column type=&#8221;4_4&#8243; _builder_version=&#8221;4.4.6&#8243;][et_pb_video src=&#8221;https:\/\/www.youtube.com\/watch?v=T0E0aAz6pJw&#8221; image_src=&#8221;https:\/\/juntosaparte.com\/web\/wp-content\/uploads\/2020\/06\/10-lucha-libre.png&#8221; thumbnail_overlay_color=&#8221;rgba(0,0,0,0.6)&#8221; _builder_version=&#8221;4.4.6&#8243; width=&#8221;85%&#8221; module_alignment=&#8221;center&#8221;][\/et_pb_video][\/et_pb_column][\/et_pb_row][et_pb_row _builder_version=&#8221;4.4.6&#8243;][et_pb_column type=&#8221;4_4&#8243; _builder_version=&#8221;4.4.6&#8243;][et_pb_text _builder_version=&#8221;4.4.6&#8243; width=&#8221;86%&#8221; module_alignment=&#8221;center&#8221;]<\/p>\n<p style=\"text-align: justify;\">Lucha libre contra\u2026<\/p>\n<p style=\"text-align: justify;\">J\u00f3venes colombianos y venezolanos participantes del taller de Verena Melgarejo Weinandt interactuaron con los transe\u00fantes del Puente Internacional Sim\u00f3n Bol\u00edvar, invit\u00e1ndoles a romper las fronteras mentales y reflexionar sobre la convivencia y los c\u00edrculos de cuidado como herramientas cruciales para la reconciliaci\u00f3n binacional.<\/p>\n<p style=\"text-align: justify;\">Gracias al Programa PAR de USAID y ACDI-VOCA.<\/p>\n<p>[\/et_pb_text][\/et_pb_column][\/et_pb_row][\/et_pb_section]<\/p>\n<!-- AddThis Advanced Settings generic via filter on the_content --><!-- AddThis Share Buttons generic via filter on the_content -->","protected":false},"excerpt":{"rendered":"<p>A trav\u00e9s de nuestro Canal Virtual JUNTOS APARTE 2020: Instagram, Twitter, Facebook y YouTube, iremos desplegando materiales con las voces de pensadores y artistas aliados, colaboradores locales y del mundo, que han sido determinantes en la construcci\u00f3n del relato fronterizo para la ciudadan\u00eda a trav\u00e9s de las artes. Conoce la experiencia de JUNTOS APARTE 2017, [&hellip;]<\/p>\n<p><!-- AddThis Advanced Settings generic via filter on get_the_excerpt --><!-- AddThis Share Buttons generic via filter on get_the_excerpt --><\/p>\n","protected":false},"author":1,"featured_media":0,"parent":0,"menu_order":0,"comment_status":"closed","ping_status":"closed","template":"","meta":{"_et_pb_use_builder":"on","_et_pb_old_content":"","_et_gb_content_width":"","footnotes":""},"class_list":["post-501","page","type-page","status-publish","hentry"],"lang":"es","translations":{"es":501},"pll_sync_post":[],"_links":{"self":[{"href":"https:\/\/juntosaparte.com\/web\/wp-json\/wp\/v2\/pages\/501","targetHints":{"allow":["GET"]}}],"collection":[{"href":"https:\/\/juntosaparte.com\/web\/wp-json\/wp\/v2\/pages"}],"about":[{"href":"https:\/\/juntosaparte.com\/web\/wp-json\/wp\/v2\/types\/page"}],"author":[{"embeddable":true,"href":"https:\/\/juntosaparte.com\/web\/wp-json\/wp\/v2\/users\/1"}],"replies":[{"embeddable":true,"href":"https:\/\/juntosaparte.com\/web\/wp-json\/wp\/v2\/comments?post=501"}],"version-history":[{"count":114,"href":"https:\/\/juntosaparte.com\/web\/wp-json\/wp\/v2\/pages\/501\/revisions"}],"predecessor-version":[{"id":1496,"href":"https:\/\/juntosaparte.com\/web\/wp-json\/wp\/v2\/pages\/501\/revisions\/1496"}],"wp:attachment":[{"href":"https:\/\/juntosaparte.com\/web\/wp-json\/wp\/v2\/media?parent=501"}],"curies":[{"name":"wp","href":"https:\/\/api.w.org\/{rel}","templated":true}]}}