{"id":371,"date":"2020-05-29T15:07:09","date_gmt":"2020-05-29T20:07:09","guid":{"rendered":"https:\/\/juntosaparte.com\/web\/?page_id=308"},"modified":"2020-06-23T23:13:07","modified_gmt":"2020-06-24T04:13:07","slug":"event-2017","status":"publish","type":"page","link":"https:\/\/juntosaparte.com\/web\/en\/event-2017\/","title":{"rendered":"2017"},"content":{"rendered":"<p>[et_pb_section fb_built=&#8221;1&#8243; _builder_version=&#8221;4.4.6&#8243; da_is_popup=&#8221;off&#8221; da_exit_intent=&#8221;off&#8221; da_has_close=&#8221;on&#8221; da_alt_close=&#8221;off&#8221; da_dark_close=&#8221;off&#8221; da_not_modal=&#8221;on&#8221; da_is_singular=&#8221;off&#8221; da_with_loader=&#8221;off&#8221; da_has_shadow=&#8221;on&#8221; da_disable_devices=&#8221;off|off|off&#8221;][et_pb_row column_structure=&#8221;1_2,1_2&#8243; _builder_version=&#8221;4.4.6&#8243;][et_pb_column type=&#8221;1_2&#8243; _builder_version=&#8221;4.4.6&#8243;][et_pb_text _builder_version=&#8221;4.4.6&#8243;]<\/p>\n<h1 style=\"text-align: left;\"><strong>JUNTOS APARTE<\/strong><br \/> <strong>Km 4956 de BIENALSUR<\/strong><\/h1>\n<p style=\"text-align: justify;\">Enclaved at the vertex of a vast geographic triangle with the Caribbean Sea as the base, the branch of the Venezuelan Andes as one side, and the branch of the Colombian Eastern Cordillera as the other, lies C\u00facuta, population one million. Not only is it a natural border, but it also a political and cultural frontier. Where the mountains end, the Zulia River valley begins, shaping the large transnational basin, known as Lake Marcaibo. During the period of Spanish colonialism, the region was converted into the political-administrative limit of what much later would become Colombia and Venezuela, precisely at the centre of the natural, cultural and political area where the first constitution was drafted \u2014The Constitution of C\u00facuta or of Gran Colombia\u2014 for a nation formed by what are now four countries: Venezuela, Colombia, Panama, and Ecuador.<\/p>\n<p>[\/et_pb_text][\/et_pb_column][et_pb_column type=&#8221;1_2&#8243; _builder_version=&#8221;4.4.6&#8243;][et_pb_image src=&#8221;https:\/\/juntosaparte.com\/web\/wp-content\/uploads\/2020\/05\/1-CUENCA-DEL-LAGO-DE-MARACAIBO-min.png&#8221; title_text=&#8221;1-CUENCA-DEL-LAGO-DE-MARACAIBO-min&#8221; align=&#8221;center&#8221; _builder_version=&#8221;4.4.6&#8243;][\/et_pb_image][\/et_pb_column][\/et_pb_row][et_pb_row _builder_version=&#8221;4.4.6&#8243;][et_pb_column type=&#8221;4_4&#8243; _builder_version=&#8221;4.4.6&#8243;][et_pb_text _builder_version=&#8221;4.4.6&#8243;]<\/p>\n<p style=\"text-align: justify;\">During the nineteenth century, C\u00facuta, together with San Crist\u00f3bal (T\u00e1chira), operated as a commercial agro-exporting port, a doorway to the world and to immigration via the Maracaibo (Zulia) route, in a fertile process of regional integration interrupted only occasionally by the successive civil wars in both countries. During the 1970s and 80s, the time of the petroleum bonanza in what was then known as Saudi Venezuela, migrants from all regions of Colombia contributed to the development of the Venezuelan states of T\u00e1chira, Zulia and M\u00e9rida. Paradoxically, the discovery of petroleum in the riverbed of Lake Maracaibo (Venezuela) and in the forest of Catatumbo (Colombia) in the first half of the twentieth century aborted the commercial hopes of small local businesses, as border divisions were revived through the traumatic shift in the assessment of nature and culture within the same lived area. After fifty years of crude oil extraction, pollution, and license to kill the ancestral community \u2014Bar\u00ed\u2014, on the part of the Colombian Petroleum Company, all that remains on the Colombian side is an intersection of paths for smuggling and all of the agents of armed conflict \u2014public forces, guerrillas, paramilitaries\u2014 with an licit and illicit economic landscape \u2014narcotraffic, large-scale *bachaqueo, coal mining, African palm plantations\u2014 in a spiral of state inattention, poverty, and violence, today exacerbated in the midst of the acute migratory crisis.<\/p>\n<p style=\"text-align: justify;\">*Bachaqueo: illegal activity that consists in reselling the basic subsidised products for which millions of Venezuelans spend hours queuing on a daily basis.<\/p>\n<p>[\/et_pb_text][et_pb_image src=&#8221;https:\/\/juntosaparte.com\/web\/wp-content\/uploads\/2020\/05\/2-PANORAMICA-DE-CUCUTA-rodrigo-sandoval-min.png&#8221; title_text=&#8221;2-PANORAMICA-DE-CUCUTA-rodrigo-sandoval-min&#8221; align=&#8221;center&#8221; _builder_version=&#8221;4.4.6&#8243;][\/et_pb_image][et_pb_text _builder_version=&#8221;4.4.6&#8243;]<\/p>\n<p style=\"text-align: justify;\">A first symptom of the migratory wave appeared with the unilateral closure of the Venezuelan border in 2015 and the expulsion of at least ten thousand Colombians previously exiled in Venezuela due to the armed conflict in Colombia \u2014this time Venezuelans fleeing to Colombia. This wave, which shows no sign of ebbing, has already reached 4.8 million people pursuing food, medicine, and basic products, across a porous border characterized by a strong transnational bond with its epicentre in C\u00facuta. More than a border, since pre-Colombian times, the city has historically been the core of family, cultural, and commercial convergences. Like the neck of an hourglass, the international Sim\u00f3n Bolivar Bridge is the point upon which hundreds of thousands of Venezuelans converge to cross en masse into C\u00facuta, or disperse themselves throughout different areas of Colombia, the continent, and the world. A large part of this population remains in the border areas, coming and going, fetching provisions and resources in what is known as \u201cpendular migration\u201d.<\/p>\n<p style=\"text-align: justify;\">If today the area is also a route for the traffic of arms, drugs, contraband goods, and fuel, it is the magnitude of the Venezuelan exodus, comparable only to that of Syria \u2014but here moved by hunger and not by a declared war\u2014 that has finally caught global attention in the midst of the current global migratory crisis.<\/p>\n<p>[\/et_pb_text][et_pb_image src=&#8221;https:\/\/juntosaparte.com\/web\/wp-content\/uploads\/2020\/05\/3-PUENTE-INTERNACIONAL-SIMON-BOLIVAR-JP-COHEN-min.png&#8221; title_text=&#8221;3-PUENTE-INTERNACIONAL-SIMON-BOLIVAR-JP-COHEN-min&#8221; align=&#8221;center&#8221; _builder_version=&#8221;4.4.6&#8243;][\/et_pb_image][et_pb_text _builder_version=&#8221;4.4.6&#8243;]<\/p>\n<p style=\"text-align: justify;\">The acceleration and intensification of the processes of globalization in the face of the secular idea of nation-state, has radicalized the positions and actions concerning migratory movements, borders, and security regulations, giving way with rare strength, to the border as a concept and landmark, occupying a central role in public opinion, political and intellectual debates, diplomacy, and artistic production.<\/p>\n<p style=\"text-align: justify;\">JUNTOS APARTE, International Meeting of Art, Thought and Borders, is a civil society initiative with a cosmopolitan character, arising as a response to a severe crisis, with a comprehensive proposal for the development of the cross-border area through art, emphasizing cultural diversity, conditions of peace, and sustainable development within a solid framework of international relations. Beyond attempting to endure the emergency, the city is leading a process of debate and reflection on \u201cbeing and feeling frontier,\u201d proposing viable global answers with an emphasis on its own identity through a dialogue with the world. Thus, it transforms circumstantial adversity into a global opportunity for the development of social justice and the forging of civil coexistence.<\/p>\n<p style=\"text-align: justify;\">The managing body of JUNTOS APARTE is the Fundaci\u00f3n El Pilar, a local non-profit civil society organization, committed to the construction of citizenship and the professional support of arts and culture in the transnational basin of Lake Maracaibo, between Colombia and Venezuela. El Pilar incorporates innovative patterns of cultural management, research and production, offering models aligned with the context, betting on identity, internationalization and territorial production. Since its inception, JUNTOS APARTE has been granted the prestigious Marca Pa\u00eds Colombia guarantee \u2014a strategy of the national government and the private sector that searches to positively promote the country abroad. It is the first civic project of the Colombian northeast to achieve this distinction.<\/p>\n<p style=\"text-align: justify;\">JUNTOS APARTE is an event affiliated with the BIENALSUR International Contemporary Art Biennial \u2014organized by the Argentinian public university Universidad Nacional de Tres de Febrero\u2014 and operating as a transnational network, which promotes dialogue and trust among populations through art, in over 47 cities in 21 countries. After being selected from an international call with more than 2500 proposals from 78 countries, JUNTOS APARTE was ratified as part of the permanent programme of the BIENALSUR in 2017. C\u00facuta was declared \u201cCapital BIENALSUR\u201d together with Buenos Aires in 2019, thanks to the civil and media impact reached by this border initiative.<\/p>\n<p style=\"text-align: justify;\">The programme brings works, debates, and artists to this place which, seen from the global perspective and from the centre of both countries, is a periphery. However, for the cross-border region, it represents one house divided in two by a frontier. It is a unique opportunity to bring art that speaks of margins \u2014and which usually limits itself to circulating in major centres\u2014 to the inhabitants immersed in the complexity upon which these works concerning different borders of the world, or of the mind, reflect.<\/p>\n<p>[\/et_pb_text][et_pb_image src=&#8221;https:\/\/juntosaparte.com\/web\/wp-content\/uploads\/2020\/06\/UNIMINUTO-min.png&#8221; title_text=&#8221;UNIMINUTO-min&#8221; align=&#8221;center&#8221; _builder_version=&#8221;4.4.6&#8243;][\/et_pb_image][et_pb_text _builder_version=&#8221;4.4.6&#8243;]<\/p>\n<p style=\"text-align: justify;\">The city as a stage of events offers a circuit through its heritage sites dedicated to culture \u2014Centro Cultural Quinta Teresa, Biblioteca P\u00fablica Julio P\u00e9rez Ferrero, Casa Museo Torre del Reloj, Museo Norte de Santander y ciudad de C\u00facuta\u2014 linked to one another to house four group exhibitions that treat four specific concepts or themes, whose ensemble configures a mapping of the notion of border. An audiovisual cycle, a pedagogical programme with workshops and conferences, in situ processes of research and production, and participatory interventions in public space chart the event in distinct points of the metropolitan area of C\u00facuta, where artists and thinkers of global reference dialogue with their counterparts from this region who address the border reality.<\/p>\n<p>[\/et_pb_text][\/et_pb_column][\/et_pb_row][et_pb_row column_structure=&#8221;1_2,1_2&#8243; _builder_version=&#8221;4.4.6&#8243;][et_pb_column type=&#8221;1_2&#8243; _builder_version=&#8221;4.4.6&#8243;][et_pb_image src=&#8221;https:\/\/juntosaparte.com\/web\/wp-content\/uploads\/2020\/05\/5-MAPA-CENTRO-AREA-MET-min.png&#8221; title_text=&#8221;5-MAPA-CENTRO-AREA-MET-min&#8221; align=&#8221;center&#8221; _builder_version=&#8221;4.4.6&#8243;][\/et_pb_image][\/et_pb_column][et_pb_column type=&#8221;1_2&#8243; _builder_version=&#8221;4.4.6&#8243;][et_pb_text _builder_version=&#8221;4.4.6&#8243; hover_enabled=&#8221;0&#8243;]<\/p>\n<p style=\"text-align: justify;\">The first edition of JUNTOS APARTE 2017 included 61 artists and thinkers, 36 international participants from 18 countries, 6 national, 24 regional (Norte de Santander and T\u00e1chira) and a total of 9027 visitors. Four concepts \u2014migration, restriction, citizenship and mobility\u2014 articulated in each exhibition \u2014Estado de excepci\u00f3n (State of Exception), La b\u00fasqueda del otro (The Search for the Other), Mi Tierra (My Land) and Vaiv\u00e9n (Back and Forth) and respectively\u2014 articulated a crossed reading on the border according to visions from distinct locations around the globe, including the Colombia-Venezuela border.<\/p>\n<p>[\/et_pb_text][\/et_pb_column][\/et_pb_row][et_pb_row _builder_version=&#8221;4.4.6&#8243;][et_pb_column type=&#8221;4_4&#8243; _builder_version=&#8221;4.4.6&#8243;][et_pb_text _builder_version=&#8221;4.4.6&#8243;]<\/p>\n<p style=\"text-align: justify;\">*List of participating artists in the 2017 exhibition circuits: Adrian Paci (AL), Adri\u00e1n Preciado (VE), Alexander Ap\u00f3stol (VE), Angie J\u00e1come (CO), Antonio Caro (CO), Carlos Zerpa (VE), Carmen Ludene (VE), Daniela Ortiz (PE), Francis Al\u00ffs (BE), Gabriel Castillo (CO), Grecia Quintero (CO), Iv\u00e1n Argote (CO), Jaime Mart\u00ednez \u201cPekoz\u201d (CO), Jordi Colomer (ES), Los Carpinteros (CU), Marcelo Brodsky (AR), Marcos \u00c1vila Forero (CO\/FR), Margarita Pineda (CO), Matteo Guidi and Giuliana Racco (IT\/CA), Mauricio S\u00e1nchez (CO), MO Colectivo (CO), Noem\u00ed Vega (CO), N\u00faria G\u00fcell (ES), Orlando Rojas (CO), \u00d3scar Iv\u00e1n Roque (CO), Patricia G\u00f3mez and Mar\u00eda Jes\u00fas Gonz\u00e1lez (ES), Pablo Helguera (MX), Raimond Chaves y Gilda Mantilla (CO\/PE), Rub\u00e9n Verd\u00fa (VE), Samir Quintero (CO), Slavs and Tatars (PO\/IN), Taller El Hueco (CO), Teresa Margolles (MX), Timea Oravecz (HU), Wilmer Useche (CO), Yosman Botero (CO).<\/p>\n<p>[\/et_pb_text][et_pb_image src=&#8221;https:\/\/juntosaparte.com\/web\/wp-content\/uploads\/2020\/06\/inauguracion-min.png&#8221; title_text=&#8221;inauguracion-min&#8221; align=&#8221;center&#8221; _builder_version=&#8221;4.4.6&#8243;][\/et_pb_image][et_pb_text _builder_version=&#8221;4.4.6&#8243;]<\/p>\n<p style=\"text-align: justify;\">A pedagogical programme with the collaboration of Giuliana Racco, distributed across different institutional, educational, and cultural auditoria with conferences and workshops by artists, including Raimond Chaves, Jorge Garc\u00eda, Daniela Ortiz, Adrian Paci and Avelino Sala; thinkers such as sociologist Boaventura de Sousa Santos, writers as Jos\u00e9 Luis Coraz\u00f3n, motivators such as Pedro Medina, publishers like the Spanish Equipo Sublime and International Public Lawyers, such as Angelina Jaff\u00e9, former head of the Commission of Border Negotiation with Colombia. The audiovisual cycle included the works of foreign artists (Derzu Campos, Juanli Carri\u00f3n, Bego\u00f1a Egurbide, Muntadas, Maria Ruido, Mireia Sallar\u00e8s), the Colombian Milena Bonilla and regional artists Geovany Arias, Calentado Producciones, Gabriel Castillo and Jos\u00e9 Rodr\u00edguez who, from their perspectives, tackled Euro-Magreb, Mexico-US, US-EU, and Colombia-Venezuela relations.<\/p>\n<p style=\"text-align: justify;\">Standing out for innovation: El hombre bala, an intervention in public space under an awning of the exterior esplanade of the CC Unicentro C\u00facuta, where the video One Flew Over The Void (Bala perdida), by the renowned Venezuelan artist, Javier T\u00e9llez was projected; La Gran Colombia, participatory-discursive action by trailblazer of Colombian conceptual art, Antonio Caro, involving citizens of the four member countries of Gran Colombia, and La casa en la frontera, an installation-book-video-lecture project by the C\u00facuta based Juan Carvajal Franklin, presented at the Universidad Minuto de Dios, located in the republican house that served as the office of the Venezuelan Consulate in C\u00facuta during the period of maximum regional integration.<\/p>\n<p>[\/et_pb_text][et_pb_image src=&#8221;https:\/\/juntosaparte.com\/web\/wp-content\/uploads\/2020\/06\/hombre-bala-min.png&#8221; title_text=&#8221;hombre bala-min&#8221; align=&#8221;center&#8221; _builder_version=&#8221;4.4.6&#8243;][\/et_pb_image][\/et_pb_column][\/et_pb_row][et_pb_row column_structure=&#8221;1_2,1_2&#8243; _builder_version=&#8221;4.4.6&#8243;][et_pb_column type=&#8221;1_2&#8243; _builder_version=&#8221;4.4.6&#8243;][et_pb_text _builder_version=&#8221;4.4.6&#8243;]<\/p>\n<p style=\"text-align: justify;\">Special mention goes to the projects and processes carried out by Mexican artist Teresa Margolles and Dutch artist and researcher Melle Smets, invited specifically to tackle this reality using their strategies and devices. Margolles\u2019 project is based on field work on the Puente Internacional Sim\u00f3n Bol\u00edvar where the artist developed direct relations with individuals and communities living in its vicinities. From there, photographic, video, oral and sound archives were used to produce artefacts saturated with a compelling symbolic charge, in the conceptual line that characterizes her work. Margolles independently continued her process in C\u00facuta, while cities such as Rotterdam, Bogot\u00e1, Madrid, and Paris have hosted parts of the results. Mental Border Control \u2014MBC\u2014, was a site-specific active laboratory in which Melle Smets, together with Natalia Castillo, and C\u00facuta born Dan Gamboa, with the participation of different educational entities in the city, approached the psychic borders that are no less real for being invisible, to map a cartography of mentally closed off sites within the city. The process was divided in three sections \u2014individuals and communities, products and goods, fauna and environment\u2014 gauging the pulse of the serious border emergency, giving visibility to limits beyond the territorial: those of socialization, the gaze, the construction and acceptance of stereotypes, and of public space.<\/p>\n<p style=\"text-align: justify;\">The closure of Mental Border Control was also the final act of JUNTOS APARTE 2017, a gathering of the people who made the first edition possible, in what was the last civilian appropriation of the emblematic Monumento a Cristo Rey, just before its restoration. And as the final culmination, renowned C\u00facuta rapper and artist Ahiman interceded with a concert, bringing culture at the margins and the resistance represented by hip hop to the fore.<\/p>\n<p>[\/et_pb_text][\/et_pb_column][et_pb_column type=&#8221;1_2&#8243; _builder_version=&#8221;4.4.6&#8243;][et_pb_image src=&#8221;https:\/\/juntosaparte.com\/web\/wp-content\/uploads\/2020\/05\/8-LABORATORIO-DE-CONTEXTO-MENTAL-BORDER-CONTROL-MELLE-SMETS-JUNTOS-APARTE-2017-min.jpg&#8221; title_text=&#8221;8-LABORATORIO-DE-CONTEXTO-MENTAL-BORDER-CONTROL-MELLE-SMETS-JUNTOS-APARTE-2017-min&#8221; _builder_version=&#8221;4.4.6&#8243;][\/et_pb_image][\/et_pb_column][\/et_pb_row][\/et_pb_section]<\/p>\n<!-- AddThis Advanced Settings generic via filter on the_content --><!-- AddThis Share Buttons generic via filter on the_content -->","protected":false},"excerpt":{"rendered":"<p>JUNTOS APARTE Km 4956 de BIENALSUR Enclaved at the vertex of a vast geographic triangle with the Caribbean Sea as the base, the branch of the Venezuelan Andes as one side, and the branch of the Colombian Eastern Cordillera as the other, lies C\u00facuta, population one million. Not only is it a natural border, but [&hellip;]<\/p>\n<p><!-- AddThis Advanced Settings generic via filter on get_the_excerpt --><!-- AddThis Share Buttons generic via filter on get_the_excerpt --><\/p>\n","protected":false},"author":1,"featured_media":0,"parent":0,"menu_order":0,"comment_status":"closed","ping_status":"closed","template":"","meta":{"_et_pb_use_builder":"on","_et_pb_old_content":"","_et_gb_content_width":"","footnotes":""},"class_list":["post-371","page","type-page","status-publish","hentry"],"lang":"en","translations":{"en":371,"es":308},"pll_sync_post":{"en":true},"_links":{"self":[{"href":"https:\/\/juntosaparte.com\/web\/wp-json\/wp\/v2\/pages\/371","targetHints":{"allow":["GET"]}}],"collection":[{"href":"https:\/\/juntosaparte.com\/web\/wp-json\/wp\/v2\/pages"}],"about":[{"href":"https:\/\/juntosaparte.com\/web\/wp-json\/wp\/v2\/types\/page"}],"author":[{"embeddable":true,"href":"https:\/\/juntosaparte.com\/web\/wp-json\/wp\/v2\/users\/1"}],"replies":[{"embeddable":true,"href":"https:\/\/juntosaparte.com\/web\/wp-json\/wp\/v2\/comments?post=371"}],"version-history":[{"count":6,"href":"https:\/\/juntosaparte.com\/web\/wp-json\/wp\/v2\/pages\/371\/revisions"}],"predecessor-version":[{"id":566,"href":"https:\/\/juntosaparte.com\/web\/wp-json\/wp\/v2\/pages\/371\/revisions\/566"}],"wp:attachment":[{"href":"https:\/\/juntosaparte.com\/web\/wp-json\/wp\/v2\/media?parent=371"}],"curies":[{"name":"wp","href":"https:\/\/api.w.org\/{rel}","templated":true}]}}