{"id":1448,"date":"2020-09-07T14:50:27","date_gmt":"2020-09-07T19:50:27","guid":{"rendered":"https:\/\/juntosaparte.com\/web\/?page_id=1448"},"modified":"2020-09-13T17:32:29","modified_gmt":"2020-09-13T22:32:29","slug":"week-4","status":"publish","type":"page","link":"https:\/\/juntosaparte.com\/web\/en\/week-4\/","title":{"rendered":"Week 4"},"content":{"rendered":"<p>[et_pb_section fb_built=&#8221;1&#8243; _builder_version=&#8221;4.4.6&#8243; background_color=&#8221;#E6E7E8&#8243; custom_padding=&#8221;0px||0px|||&#8221; da_disable_devices=&#8221;off|off|off&#8221; da_is_popup=&#8221;off&#8221; da_exit_intent=&#8221;off&#8221; da_has_close=&#8221;on&#8221; da_alt_close=&#8221;off&#8221; da_dark_close=&#8221;off&#8221; da_not_modal=&#8221;on&#8221; da_is_singular=&#8221;off&#8221; da_with_loader=&#8221;off&#8221; da_has_shadow=&#8221;on&#8221;][et_pb_row _builder_version=&#8221;4.4.6&#8243;][et_pb_column type=&#8221;4_4&#8243; _builder_version=&#8221;4.4.6&#8243;][et_pb_image src=&#8221;https:\/\/juntosaparte.com\/web\/wp-content\/uploads\/2020\/06\/banner_red.png&#8221; title_text=&#8221;banner_red&#8221; align=&#8221;center&#8221; _builder_version=&#8221;4.4.6&#8243;][\/et_pb_image][\/et_pb_column][\/et_pb_row][\/et_pb_section][et_pb_section fb_built=&#8221;1&#8243; _builder_version=&#8221;4.4.6&#8243; custom_padding=&#8221;0px||0px|||&#8221; da_disable_devices=&#8221;off|off|off&#8221; da_is_popup=&#8221;off&#8221; da_exit_intent=&#8221;off&#8221; da_has_close=&#8221;on&#8221; da_alt_close=&#8221;off&#8221; da_dark_close=&#8221;off&#8221; da_not_modal=&#8221;on&#8221; da_is_singular=&#8221;off&#8221; da_with_loader=&#8221;off&#8221; da_has_shadow=&#8221;on&#8221;][et_pb_row _builder_version=&#8221;4.4.6&#8243;][et_pb_column type=&#8221;4_4&#8243; _builder_version=&#8221;4.4.6&#8243;][\/et_pb_column][\/et_pb_row][et_pb_row _builder_version=&#8221;4.4.6&#8243;][et_pb_column type=&#8221;4_4&#8243; _builder_version=&#8221;4.4.6&#8243;][et_pb_image src=&#8221;https:\/\/juntosaparte.com\/web\/wp-content\/uploads\/2020\/09\/week-4-streaming.png&#8221; title_text=&#8221;week 4 streaming&#8221; align=&#8221;center&#8221; _builder_version=&#8221;4.4.6&#8243;][\/et_pb_image][et_pb_text _builder_version=&#8221;4.4.6&#8243; width=&#8221;86%&#8221; module_alignment=&#8221;center&#8221; box_shadow_style=&#8221;preset1&#8243;]<\/p>\n<p style=\"text-align: justify;\"><strong>After five weeks revisiting the memories of JUNTOS APARTE 2017 and 2019 along with our allies, the Virtual Channel JUNTOS APARTE 2020 invites you to a conversation with Spanish artists Avelino Sala and Jorge Garc\u00eda, members of Equipo Sublime, and artist Mauricio S\u00e1nchez, C\u00facuta&#8217;s Municipal Advisor of Plastic and Visual Arts. We will share their experience in C\u00facuta and their vision about the poten<span class=\"x_-1876026038gmail-text_exposed_show\">tial of art for critical social intervention and citizen construction on the border.<\/p>\n<p>This conversation will be the opening of the last stage of the Virtual Channel, which will consolidate in a permanent digital archive all the experience of JUNTOS APARTE and its contribution, through contemporary art, critical thinking and citizen participation, to the construction of a new story, a living memory of social reconciliation and binational integration on the Colombian-Venezuelan border.<\/span><\/strong><\/p>\n<p>[\/et_pb_text][\/et_pb_column][\/et_pb_row][et_pb_row column_structure=&#8221;1_3,1_3,1_3&#8243; _builder_version=&#8221;4.4.6&#8243;][et_pb_column type=&#8221;1_3&#8243; _builder_version=&#8221;4.4.6&#8243;][et_pb_button button_url=&#8221;#evento1&#8243; button_text=&#8221;Streaming&#8221; button_alignment=&#8221;center&#8221; module_class=&#8221;boton_full&#8221; _builder_version=&#8221;4.4.6&#8243; custom_button=&#8221;on&#8221; button_use_icon=&#8221;off&#8221; box_shadow_style=&#8221;preset1&#8243; box_shadow_color=&#8221;#d6d6d6&#8243;][\/et_pb_button][\/et_pb_column][et_pb_column type=&#8221;1_3&#8243; _builder_version=&#8221;4.4.6&#8243;][et_pb_button button_url=&#8221;#articulo1&#8243; button_text=&#8221;Read Article&#8221; button_alignment=&#8221;center&#8221; module_class=&#8221;boton_full&#8221; _builder_version=&#8221;4.4.6&#8243; custom_button=&#8221;on&#8221; button_use_icon=&#8221;off&#8221; box_shadow_style=&#8221;preset1&#8243; box_shadow_color=&#8221;#d6d6d6&#8243;][\/et_pb_button][\/et_pb_column][et_pb_column type=&#8221;1_3&#8243; _builder_version=&#8221;4.4.6&#8243;][et_pb_button button_url=&#8221;#evento2&#8243; button_text=&#8221;Video&#8221; button_alignment=&#8221;center&#8221; module_class=&#8221;boton_full&#8221; _builder_version=&#8221;4.4.6&#8243; custom_button=&#8221;on&#8221; button_use_icon=&#8221;off&#8221; box_shadow_style=&#8221;preset1&#8243; box_shadow_color=&#8221;#d6d6d6&#8243;][\/et_pb_button][\/et_pb_column][\/et_pb_row][et_pb_row _builder_version=&#8221;4.4.6&#8243;][et_pb_column type=&#8221;4_4&#8243; _builder_version=&#8221;4.4.6&#8243;][et_pb_image src=&#8221;https:\/\/juntosaparte.com\/web\/wp-content\/uploads\/2020\/09\/semana-4-linea-de-tiempo-podcast.png&#8221; title_text=&#8221;semana 4 linea de tiempo podcast&#8221; align=&#8221;center&#8221; _builder_version=&#8221;4.4.6&#8243; width=&#8221;86%&#8221;][\/et_pb_image][et_pb_code _builder_version=&#8221;4.4.6&#8243; text_orientation=&#8221;center&#8221;]<iframe loading=\"lazy\" width=\"100%\" height=\"166\" scrolling=\"no\" frameborder=\"no\" allow=\"autoplay\" src=\"https:\/\/w.soundcloud.com\/player\/?url=https%3A\/\/api.soundcloud.com\/tracks\/205475998&#038;color=%23ff5500&#038;auto_play=false&#038;hide_related=false&#038;show_comments=true&#038;show_user=true&#038;show_reposts=false&#038;show_teaser=true\"><\/iframe><\/p>\n<div style=\"font-size: 10px; color: #cccccc;line-break: anywhere;word-break: normal;overflow: hidden;white-space: nowrap;text-overflow: ellipsis; font-family: Interstate,Lucida Grande,Lucida Sans Unicode,Lucida Sans,Garuda,Verdana,Tahoma,sans-serif;font-weight: 100;\"><a href=\"https:\/\/soundcloud.com\/radiante-4\" title=\"RADIANTE\" target=\"_blank\" style=\"color: #cccccc; text-decoration: none;\" rel=\"noopener noreferrer\">RADIANTE<\/a> \u00b7 <a href=\"https:\/\/soundcloud.com\/radiante-4\/camino-del-sol\" title=\"CAMINO DEL SOL\" target=\"_blank\" style=\"color: #cccccc; text-decoration: none;\" rel=\"noopener noreferrer\">CAMINO DEL SOL<\/a><\/div>\n<p>[\/et_pb_code][et_pb_video src=&#8221;https:\/\/www.youtube.com\/watch?v=Hhw65yQt19k&#8221; _builder_version=&#8221;4.4.6&#8243; width=&#8221;80%&#8221; module_alignment=&#8221;center&#8221; hover_enabled=&#8221;0&#8243;][\/et_pb_video][\/et_pb_column][\/et_pb_row][et_pb_row _builder_version=&#8221;4.4.6&#8243;][et_pb_column type=&#8221;4_4&#8243; _builder_version=&#8221;4.4.6&#8243;][et_pb_image src=&#8221;https:\/\/juntosaparte.com\/web\/wp-content\/uploads\/2020\/09\/week-4-pedagogy.png&#8221; title_text=&#8221;week 4 pedagogy&#8221; align=&#8221;center&#8221; _builder_version=&#8221;4.4.6&#8243; width=&#8221;86%&#8221;][\/et_pb_image][et_pb_text _builder_version=&#8221;4.4.6&#8243; width=&#8221;86%&#8221; module_alignment=&#8221;center&#8221; box_shadow_style=&#8221;preset1&#8243;]<\/p>\n<p style=\"text-align: justify;\"><strong>Learn about the lines of action of JUNTOS APARTE to train talent, generate models of intervention and establish spaces of relationship that triangulate sensitive experience, exchange of knowledge and collective learning, bringing the artistic fact to users and communities with flexible methodologies adapted to the context. Emotion and knowledge make contemporary art the best ally for border coexistence in the chapter on Pedagogy and mediation.<\/strong><\/p>\n<p>[\/et_pb_text][\/et_pb_column][\/et_pb_row][et_pb_row column_structure=&#8221;1_3,1_3,1_3&#8243; _builder_version=&#8221;4.4.6&#8243;][et_pb_column type=&#8221;1_3&#8243; _builder_version=&#8221;4.4.6&#8243;][\/et_pb_column][et_pb_column type=&#8221;1_3&#8243; _builder_version=&#8221;4.4.6&#8243;][et_pb_button button_url=&#8221;#articulo2&#8243; button_text=&#8221;Read Article&#8221; button_alignment=&#8221;center&#8221; module_class=&#8221;boton_full&#8221; _builder_version=&#8221;4.4.6&#8243; custom_button=&#8221;on&#8221; button_use_icon=&#8221;off&#8221; box_shadow_style=&#8221;preset1&#8243; box_shadow_color=&#8221;#d6d6d6&#8243;][\/et_pb_button][\/et_pb_column][et_pb_column type=&#8221;1_3&#8243; _builder_version=&#8221;4.4.6&#8243;][\/et_pb_column][\/et_pb_row][et_pb_row _builder_version=&#8221;4.4.6&#8243;][et_pb_column type=&#8221;4_4&#8243; _builder_version=&#8221;4.4.6&#8243;][et_pb_text _builder_version=&#8221;4.4.6&#8243; width=&#8221;86%&#8221; module_alignment=&#8221;center&#8221;]<\/p>\n<p style=\"text-align: center;\">Seguimos JUNTOS APARTE!<\/p>\n<p>[\/et_pb_text][et_pb_text _builder_version=&#8221;4.4.6&#8243; width=&#8221;86%&#8221; module_alignment=&#8221;center&#8221; box_shadow_style=&#8221;preset1&#8243;]<\/p>\n<p style=\"text-align: center;\"><strong>We continue to be TOGETHER APART!<\/strong><\/p>\n<p>[\/et_pb_text][et_pb_text _builder_version=&#8221;4.4.6&#8243; width=&#8221;86%&#8221; module_alignment=&#8221;center&#8221;]<\/p>\n<p style=\"text-align: center;\">Canal Virtual JUNTOS APARTE 2020:<br \/>Memoria, frontera, integraci\u00f3n.<\/p>\n<p>[\/et_pb_text][et_pb_text _builder_version=&#8221;4.4.6&#8243; width=&#8221;86%&#8221; module_alignment=&#8221;center&#8221; box_shadow_style=&#8221;preset1&#8243;]<\/p>\n<p style=\"text-align: center;\"><strong>Virtual Channel JUNTOS APARTE 2020:<\/strong><br \/><strong>Memory, Border, Integration<\/strong><\/p>\n<p>[\/et_pb_text][\/et_pb_column][\/et_pb_row][\/et_pb_section][et_pb_section fb_built=&#8221;1&#8243; _builder_version=&#8221;4.4.6&#8243; da_disable_devices=&#8221;off|off|off&#8221; da_is_popup=&#8221;off&#8221; da_exit_intent=&#8221;off&#8221; da_has_close=&#8221;on&#8221; da_alt_close=&#8221;off&#8221; da_dark_close=&#8221;off&#8221; da_not_modal=&#8221;on&#8221; da_is_singular=&#8221;off&#8221; da_with_loader=&#8221;off&#8221; da_has_shadow=&#8221;on&#8221;][et_pb_row _builder_version=&#8221;4.4.6&#8243;][et_pb_column type=&#8221;4_4&#8243; _builder_version=&#8221;4.4.6&#8243;][et_pb_text module_id=&#8221;link_web&#8221; _builder_version=&#8221;4.4.6&#8243; text_font=&#8221;|600|||||||&#8221; text_text_color=&#8221;#D95F68&#8243; text_font_size=&#8221;22px&#8221;]<\/p>\n<p style=\"text-align: center;\"><strong>www.juntosaparte.com<\/strong><\/p>\n<p>[\/et_pb_text][et_pb_text _builder_version=&#8221;4.4.6&#8243; text_font=&#8221;|700|||||||&#8221; text_text_color=&#8221;#474747&#8243; width=&#8221;65%&#8221; width_tablet=&#8221;100%&#8221; width_phone=&#8221;&#8221; width_last_edited=&#8221;on|phone&#8221; module_alignment=&#8221;center&#8221; custom_padding=&#8221;|0px||0px||true&#8221;]<\/p>\n<p style=\"text-align: center;\">Este proyecto fue posible gracias al generoso apoyo del pueblo de Estados Unidos a trav\u00e9s de su Agencia para el Desarrollo Internacional (USAID). Los contenidos son responsabilidad de la Fundaci\u00f3n EL PILAR y no necesariamente reflejan las opiniones de USAID o del gobierno de Estados Unidos.<\/p>\n<p>[\/et_pb_text][et_pb_image src=&#8221;https:\/\/juntosaparte.com\/web\/wp-content\/uploads\/2020\/06\/logos-misionales.png&#8221; title_text=&#8221;logos misionales&#8221; align=&#8221;center&#8221; _builder_version=&#8221;4.4.6&#8243; width=&#8221;45%&#8221; width_tablet=&#8221;70%&#8221; width_phone=&#8221;85%&#8221; width_last_edited=&#8221;on|phone&#8221;][\/et_pb_image][\/et_pb_column][\/et_pb_row][\/et_pb_section][et_pb_section fb_built=&#8221;1&#8243; module_id=&#8221;evento1&#8243; module_class=&#8221;popup&#8221; _builder_version=&#8221;4.4.6&#8243; background_color=&#8221;rgba(0,0,0,0)&#8221; background_enable_image=&#8221;off&#8221; max_width=&#8221;90%&#8221; custom_padding=&#8221;0px|0px|0px|0px|true|&#8221; da_is_popup=&#8221;on&#8221; da_popup_slug=&#8221;evento1&#8243; da_disable_devices=&#8221;off|off|off&#8221; da_exit_intent=&#8221;off&#8221; da_has_close=&#8221;on&#8221; da_alt_close=&#8221;off&#8221; da_dark_close=&#8221;off&#8221; da_not_modal=&#8221;on&#8221; da_is_singular=&#8221;off&#8221; da_with_loader=&#8221;off&#8221; da_has_shadow=&#8221;on&#8221;][et_pb_row _builder_version=&#8221;4.4.6&#8243; custom_padding=&#8221;0px|0px|0px|||&#8221;][et_pb_column type=&#8221;4_4&#8243; _builder_version=&#8221;4.4.6&#8243;][et_pb_video src=&#8221;https:\/\/www.youtube.com\/watch?v=WWZdhRkDxiY&#8221; thumbnail_overlay_color=&#8221;rgba(0,0,0,0.6)&#8221; _builder_version=&#8221;4.4.6&#8243;][\/et_pb_video][\/et_pb_column][\/et_pb_row][\/et_pb_section][et_pb_section fb_built=&#8221;1&#8243; module_id=&#8221;evento2&#8243; module_class=&#8221;popup&#8221; _builder_version=&#8221;4.4.6&#8243; background_color=&#8221;rgba(0,0,0,0)&#8221; background_enable_image=&#8221;off&#8221; max_width=&#8221;90%&#8221; custom_padding=&#8221;0px|0px|0px|0px|true|&#8221; da_is_popup=&#8221;on&#8221; da_popup_slug=&#8221;evento2&#8243; da_disable_devices=&#8221;off|off|off&#8221; da_exit_intent=&#8221;off&#8221; da_has_close=&#8221;on&#8221; da_alt_close=&#8221;off&#8221; da_dark_close=&#8221;off&#8221; da_not_modal=&#8221;on&#8221; da_is_singular=&#8221;off&#8221; da_with_loader=&#8221;off&#8221; da_has_shadow=&#8221;on&#8221;][et_pb_row _builder_version=&#8221;4.4.6&#8243; custom_padding=&#8221;0px|0px|0px|||&#8221;][et_pb_column type=&#8221;4_4&#8243; _builder_version=&#8221;4.4.6&#8243;][et_pb_video src=&#8221;https:\/\/www.youtube.com\/watch?v=fvog8Pgtr9c&#8221; thumbnail_overlay_color=&#8221;rgba(0,0,0,0.6)&#8221; _builder_version=&#8221;4.4.6&#8243;][\/et_pb_video][\/et_pb_column][\/et_pb_row][\/et_pb_section][et_pb_section fb_built=&#8221;1&#8243; module_id=&#8221;articulo1&#8243; module_class=&#8221;popup&#8221; _builder_version=&#8221;4.4.6&#8243; background_color=&#8221;rgba(0,0,0,0)&#8221; background_enable_image=&#8221;off&#8221; max_width=&#8221;90%&#8221; custom_padding=&#8221;0px|0px|0px|0px|true|&#8221; da_is_popup=&#8221;on&#8221; da_popup_slug=&#8221;articulo1&#8243; da_disable_devices=&#8221;off|off|off&#8221; da_exit_intent=&#8221;off&#8221; da_has_close=&#8221;on&#8221; da_alt_close=&#8221;off&#8221; da_dark_close=&#8221;off&#8221; da_not_modal=&#8221;on&#8221; da_is_singular=&#8221;off&#8221; da_with_loader=&#8221;off&#8221; da_has_shadow=&#8221;on&#8221;][et_pb_row _builder_version=&#8221;4.4.6&#8243; custom_padding=&#8221;0px|0px|0px|||&#8221;][et_pb_column type=&#8221;4_4&#8243; _builder_version=&#8221;4.4.6&#8243;][et_pb_text _builder_version=&#8221;4.4.6&#8243;]<p class=\"gde-text\"><a href=\"https:\/\/juntosaparte.com\/web\/wp-content\/uploads\/2020\/08\/ARTICULO-C%C3%BAcuta-la-experiencia-de-la-frontera-en-JUNTOS-APARTE-Km-4956-de-BIENALSUR_compressed.pdf\" class=\"gde-link\">Descargar (PDF, 9.06MB)<\/a><\/p>\n<iframe src=\"\/\/docs.google.com\/viewer?url=https%3A%2F%2Fjuntosaparte.com%2Fweb%2Fwp-content%2Fuploads%2F2020%2F08%2FARTICULO-C%25C3%25BAcuta-la-experiencia-de-la-frontera-en-JUNTOS-APARTE-Km-4956-de-BIENALSUR_compressed.pdf&hl=es&embedded=true\" class=\"gde-frame\" style=\"width:100%; height:1200px; border: none;\" scrolling=\"no\"><\/iframe>[\/et_pb_text][\/et_pb_column][\/et_pb_row][\/et_pb_section][et_pb_section fb_built=&#8221;1&#8243; module_id=&#8221;articulo2&#8243; module_class=&#8221;popup&#8221; _builder_version=&#8221;4.4.6&#8243; da_is_popup=&#8221;on&#8221; da_popup_slug=&#8221;articulo2&#8243; da_disable_devices=&#8221;off|off|off&#8221; da_exit_intent=&#8221;off&#8221; da_has_close=&#8221;on&#8221; da_alt_close=&#8221;off&#8221; da_dark_close=&#8221;off&#8221; da_not_modal=&#8221;on&#8221; da_is_singular=&#8221;off&#8221; da_with_loader=&#8221;off&#8221; da_has_shadow=&#8221;on&#8221;][et_pb_row column_structure=&#8221;1_4,1_4,1_4,1_4&#8243; use_custom_gutter=&#8221;on&#8221; gutter_width=&#8221;1&#8243; make_equal=&#8221;on&#8221; _builder_version=&#8221;4.4.6&#8243; width=&#8221;100%&#8221; max_width=&#8221;2560px&#8221; module_alignment=&#8221;center&#8221;][et_pb_column type=&#8221;1_4&#8243; _builder_version=&#8221;4.4.6&#8243;][et_pb_image src=&#8221;https:\/\/juntosaparte.com\/web\/wp-content\/uploads\/2020\/08\/1-Exposicion-de-resultados-Avenido-Zero-Equipo-Sublime-Biblioteca-Publica-Julio-Perez-Ferrero-Cucuta-Juntos-Aparte-2017.jpg&#8221; title_text=&#8221;1-Exposicion-de-resultados-Avenido-Zero-Equipo-Sublime-Biblioteca-Publica-Julio-Perez-Ferrero-Cucuta-Juntos-Aparte-2017&#8243; align=&#8221;center&#8221; _builder_version=&#8221;4.4.6&#8243;][\/et_pb_image][\/et_pb_column][et_pb_column type=&#8221;1_4&#8243; _builder_version=&#8221;4.4.6&#8243;][et_pb_image src=&#8221;https:\/\/juntosaparte.com\/web\/wp-content\/uploads\/2020\/08\/2-Exposicion-de-resultados-Avenido-Zero-Equipo-Sublime-Biblioteca-Publica-Julio-Perez-Ferrero-Cucuta-Juntos-Aparte-2017.jpg&#8221; title_text=&#8221;2-Exposicion-de-resultados-Avenido-Zero-Equipo-Sublime-Biblioteca-Publica-Julio-Perez-Ferrero-Cucuta-Juntos-Aparte-2017&#8243; align=&#8221;center&#8221; _builder_version=&#8221;4.4.6&#8243;][\/et_pb_image][\/et_pb_column][et_pb_column type=&#8221;1_4&#8243; _builder_version=&#8221;4.4.6&#8243;][et_pb_image src=&#8221;https:\/\/juntosaparte.com\/web\/wp-content\/uploads\/2020\/08\/3-Exposicion-de-resultados-Avenido-Zero-Equipo-Sublime-Biblioteca-Publica-Julio-Perez-Ferrero-Cucuta-Juntos-Aparte-2017.jpg&#8221; title_text=&#8221;3-Exposicion-de-resultados-Avenido-Zero-Equipo-Sublime-Biblioteca-Publica-Julio-Perez-Ferrero-Cucuta-Juntos-Aparte-2017&#8243; align=&#8221;center&#8221; _builder_version=&#8221;4.4.6&#8243;][\/et_pb_image][\/et_pb_column][et_pb_column type=&#8221;1_4&#8243; _builder_version=&#8221;4.4.6&#8243;][et_pb_image src=&#8221;https:\/\/juntosaparte.com\/web\/wp-content\/uploads\/2020\/08\/4-Exposicion-de-resultados-Avenido-Zero-Equipo-Sublime-Biblioteca-Publica-Julio-Perez-Ferrero-Cucuta-Juntos-Aparte-2017.jpg&#8221; title_text=&#8221;4-Exposicion-de-resultados-Avenido-Zero-Equipo-Sublime-Biblioteca-Publica-Julio-Perez-Ferrero-Cucuta-Juntos-Aparte-2017&#8243; align=&#8221;center&#8221; _builder_version=&#8221;4.4.6&#8243;][\/et_pb_image][\/et_pb_column][\/et_pb_row][et_pb_row _builder_version=&#8221;4.4.6&#8243;][et_pb_column type=&#8221;4_4&#8243; _builder_version=&#8221;4.4.6&#8243;][et_pb_video src=&#8221;https:\/\/www.youtube.com\/watch?v=fvog8Pgtr9c&#8221; image_src=&#8221;https:\/\/juntosaparte.com\/web\/wp-content\/uploads\/2020\/08\/avenida-zero.png&#8221; thumbnail_overlay_color=&#8221;rgba(0,0,0,0.6)&#8221; _builder_version=&#8221;4.4.6&#8243; width=&#8221;85%&#8221; module_alignment=&#8221;center&#8221;][\/et_pb_video][\/et_pb_column][\/et_pb_row][et_pb_row _builder_version=&#8221;4.4.6&#8243;][et_pb_column type=&#8221;4_4&#8243; _builder_version=&#8221;4.4.6&#8243;][et_pb_text _builder_version=&#8221;4.4.6&#8243; width=&#8221;86%&#8221; module_alignment=&#8221;center&#8221; box_shadow_style=&#8221;preset1&#8243;]<\/p>\n<p style=\"text-align: justify;\"><strong>With the ephemeral exhibition Avenida Zero, Equipo Sublime gave a collective and performative closure to their workshop The enemy is inside \u2013 Shoot on us in JUNTOS APARTE 2017, making the movement through the city, the group discussion and the co-responsibility in the execution the road map towards collective authorship in the border.<\/strong><\/p>\n<p style=\"text-align: justify;\"><strong>\u00a0Thanks to Institut Ramon Llull<\/strong><\/p>\n<p>[\/et_pb_text][\/et_pb_column][\/et_pb_row][et_pb_row column_structure=&#8221;1_4,1_4,1_4,1_4&#8243; use_custom_gutter=&#8221;on&#8221; gutter_width=&#8221;1&#8243; make_equal=&#8221;on&#8221; _builder_version=&#8221;4.4.6&#8243; width=&#8221;100%&#8221; max_width=&#8221;2560px&#8221; module_alignment=&#8221;center&#8221;][et_pb_column type=&#8221;1_4&#8243; _builder_version=&#8221;4.4.6&#8243;][et_pb_image src=&#8221;https:\/\/juntosaparte.com\/web\/wp-content\/uploads\/2020\/08\/1-Visita-guidada-Nos-mueve-Colombia-Caracol-Television-Cucuta-Juntos-Aparte-2017.jpg&#8221; title_text=&#8221;1-Visita-guidada-Nos-mueve-Colombia-Caracol-Television-Cucuta-Juntos-Aparte-2017&#8243; align=&#8221;center&#8221; _builder_version=&#8221;4.4.6&#8243;][\/et_pb_image][\/et_pb_column][et_pb_column type=&#8221;1_4&#8243; _builder_version=&#8221;4.4.6&#8243;][et_pb_image src=&#8221;https:\/\/juntosaparte.com\/web\/wp-content\/uploads\/2020\/08\/2-Visita-guidada-Nos-mueve-Colombia-Caracol-Television-Cucuta-Juntos-Aparte-2017.jpg&#8221; title_text=&#8221;2-Visita-guidada-Nos-mueve-Colombia-Caracol-Television-Cucuta-Juntos-Aparte-2017&#8243; align=&#8221;center&#8221; _builder_version=&#8221;4.4.6&#8243;][\/et_pb_image][\/et_pb_column][et_pb_column type=&#8221;1_4&#8243; _builder_version=&#8221;4.4.6&#8243;][et_pb_image src=&#8221;https:\/\/juntosaparte.com\/web\/wp-content\/uploads\/2020\/08\/3-Visita-guidada-Nos-mueve-Colombia-Caracol-Television-Cucuta-Juntos-Aparte-2017.jpg&#8221; title_text=&#8221;3-Visita-guidada-Nos-mueve-Colombia-Caracol-Television-Cucuta-Juntos-Aparte-2017&#8243; align=&#8221;center&#8221; _builder_version=&#8221;4.4.6&#8243;][\/et_pb_image][\/et_pb_column][et_pb_column type=&#8221;1_4&#8243; _builder_version=&#8221;4.4.6&#8243;][et_pb_image src=&#8221;https:\/\/juntosaparte.com\/web\/wp-content\/uploads\/2020\/08\/4-Visita-guidada-Nos-mueve-Colombia-Caracol-Television-Cucuta-Juntos-Aparte-2017.jpg&#8221; title_text=&#8221;4-Visita-guidada-Nos-mueve-Colombia-Caracol-Television-Cucuta-Juntos-Aparte-2017&#8243; align=&#8221;center&#8221; _builder_version=&#8221;4.4.6&#8243;][\/et_pb_image][\/et_pb_column][\/et_pb_row][et_pb_row _builder_version=&#8221;4.4.6&#8243;][et_pb_column type=&#8221;4_4&#8243; _builder_version=&#8221;4.4.6&#8243;][et_pb_video src=&#8221;https:\/\/www.youtube.com\/watch?v=O3oflJwqLyg&#8221; image_src=&#8221;https:\/\/juntosaparte.com\/web\/wp-content\/uploads\/2020\/08\/nos-mueve-colombia.png&#8221; thumbnail_overlay_color=&#8221;rgba(0,0,0,0.6)&#8221; _builder_version=&#8221;4.4.6&#8243; width=&#8221;85%&#8221; module_alignment=&#8221;center&#8221;][\/et_pb_video][\/et_pb_column][\/et_pb_row][et_pb_row _builder_version=&#8221;4.4.6&#8243;][et_pb_column type=&#8221;4_4&#8243; _builder_version=&#8221;4.4.6&#8243;][et_pb_text _builder_version=&#8221;4.4.6&#8243; width=&#8221;86%&#8221; module_alignment=&#8221;center&#8221; box_shadow_style=&#8221;preset1&#8243;]<\/p>\n<p style=\"text-align: justify;\"><strong>A group of television stars and digital influencers convened by Caracol TV visited JUNTOS APARTE 2017 in the framework of #NosMueveColombia, a strategy to make visible the initiatives that throughout the country propose culturally innovative scenarios that bet on social transformation.<\/strong><\/p>\n<p style=\"text-align: justify;\"><strong>Thanks to the Secretariat of Culture and Tourism of the municipality of C\u00facuta and to Caracol TV.<\/strong><\/p>\n<p>[\/et_pb_text][\/et_pb_column][\/et_pb_row][et_pb_row column_structure=&#8221;1_4,1_4,1_4,1_4&#8243; use_custom_gutter=&#8221;on&#8221; gutter_width=&#8221;1&#8243; make_equal=&#8221;on&#8221; _builder_version=&#8221;4.4.6&#8243; width=&#8221;100%&#8221; max_width=&#8221;2560px&#8221; module_alignment=&#8221;center&#8221;][et_pb_column type=&#8221;1_4&#8243; _builder_version=&#8221;4.4.6&#8243;][et_pb_image src=&#8221;https:\/\/juntosaparte.com\/web\/wp-content\/uploads\/2020\/08\/1-Taller-Adrian-Paci-Biblioteca-Publica-Julio-Perez-Ferrero-Cucuta-Juntos-Aparte-2017.jpg&#8221; title_text=&#8221;1-Taller-Adrian-Paci-Biblioteca-Publica-Julio-Perez-Ferrero-Cucuta-Juntos-Aparte-2017&#8243; align=&#8221;center&#8221; _builder_version=&#8221;4.4.6&#8243;][\/et_pb_image][\/et_pb_column][et_pb_column type=&#8221;1_4&#8243; _builder_version=&#8221;4.4.6&#8243;][et_pb_image src=&#8221;https:\/\/juntosaparte.com\/web\/wp-content\/uploads\/2020\/08\/2-Taller-Adrian-Paci-Biblioteca-Publica-Julio-Perez-Ferrero-Cucuta-Juntos-Aparte-2017.jpg&#8221; title_text=&#8221;2-Taller-Adrian-Paci-Biblioteca-Publica-Julio-Perez-Ferrero-Cucuta-Juntos-Aparte-2017&#8243; align=&#8221;center&#8221; _builder_version=&#8221;4.4.6&#8243;][\/et_pb_image][\/et_pb_column][et_pb_column type=&#8221;1_4&#8243; _builder_version=&#8221;4.4.6&#8243;][et_pb_image src=&#8221;https:\/\/juntosaparte.com\/web\/wp-content\/uploads\/2020\/08\/3-Taller-Adrian-Paci-Biblioteca-Publica-Julio-Perez-Ferrero-Cucuta-Juntos-Aparte-2017.jpg&#8221; title_text=&#8221;3-Taller-Adrian-Paci-Biblioteca-Publica-Julio-Perez-Ferrero-Cucuta-Juntos-Aparte-2017&#8243; align=&#8221;center&#8221; _builder_version=&#8221;4.4.6&#8243;][\/et_pb_image][\/et_pb_column][et_pb_column type=&#8221;1_4&#8243; _builder_version=&#8221;4.4.6&#8243;][et_pb_image src=&#8221;https:\/\/juntosaparte.com\/web\/wp-content\/uploads\/2020\/08\/4-Taller-Adrian-Paci-Biblioteca-Publica-Julio-Perez-Ferrero-Cucuta-Juntos-Aparte-2017.jpg&#8221; title_text=&#8221;4-Taller-Adrian-Paci-Biblioteca-Publica-Julio-Perez-Ferrero-Cucuta-Juntos-Aparte-2017&#8243; align=&#8221;center&#8221; _builder_version=&#8221;4.4.6&#8243;][\/et_pb_image][\/et_pb_column][\/et_pb_row][et_pb_row _builder_version=&#8221;4.4.6&#8243;][et_pb_column type=&#8221;4_4&#8243; _builder_version=&#8221;4.4.6&#8243;][et_pb_video src=&#8221;https:\/\/www.youtube.com\/watch?v=ktLLYrc3AqU&#8221; image_src=&#8221;https:\/\/juntosaparte.com\/web\/wp-content\/uploads\/2020\/08\/paci-azul.png&#8221; thumbnail_overlay_color=&#8221;rgba(0,0,0,0.6)&#8221; _builder_version=&#8221;4.4.6&#8243; width=&#8221;85%&#8221; module_alignment=&#8221;center&#8221;][\/et_pb_video][\/et_pb_column][\/et_pb_row][et_pb_row _builder_version=&#8221;4.4.6&#8243;][et_pb_column type=&#8221;4_4&#8243; _builder_version=&#8221;4.4.6&#8243;][et_pb_text _builder_version=&#8221;4.4.6&#8243; width=&#8221;86%&#8221; module_alignment=&#8221;center&#8221; box_shadow_style=&#8221;preset1&#8243;]<\/p>\n<p style=\"text-align: justify;\"><strong>The renowned Albanian artist Adrian Paci developed in TOGETHER PART 2017 the workshop The Encounter &#8211; Reclaiming the Potentiality of Affection, sharing with artists and creative people from the border key concepts to approach artistic practice from languages that link poetic form and political gesture.<\/strong><\/p>\n<p style=\"text-align: justify;\"><strong>Thanks to the Colombian Consulate in Barcelona<\/strong><\/p>\n<p>[\/et_pb_text][\/et_pb_column][\/et_pb_row][et_pb_row column_structure=&#8221;1_4,1_4,1_4,1_4&#8243; use_custom_gutter=&#8221;on&#8221; gutter_width=&#8221;1&#8243; make_equal=&#8221;on&#8221; _builder_version=&#8221;4.4.6&#8243; width=&#8221;100%&#8221; max_width=&#8221;2560px&#8221; module_alignment=&#8221;center&#8221;][et_pb_column type=&#8221;1_4&#8243; _builder_version=&#8221;4.4.6&#8243;][et_pb_image src=&#8221;https:\/\/juntosaparte.com\/web\/wp-content\/uploads\/2020\/08\/1-Taller-Raimond-Chaves-Fundacion-El-Pilar-Cucuta-Juntos-Aparte-2017.jpg&#8221; title_text=&#8221;1-Taller-Raimond-Chaves-Fundacion-El-Pilar-Cucuta-Juntos-Aparte-2017&#8243; align=&#8221;center&#8221; _builder_version=&#8221;4.4.6&#8243;][\/et_pb_image][\/et_pb_column][et_pb_column type=&#8221;1_4&#8243; _builder_version=&#8221;4.4.6&#8243;][et_pb_image src=&#8221;https:\/\/juntosaparte.com\/web\/wp-content\/uploads\/2020\/08\/2-Taller-Raimond-Chaves-Fundacion-El-Pilar-Cucuta-Juntos-Aparte-2017.jpg&#8221; title_text=&#8221;2-Taller-Raimond-Chaves-Fundacion-El-Pilar-Cucuta-Juntos-Aparte-2017&#8243; align=&#8221;center&#8221; _builder_version=&#8221;4.4.6&#8243;][\/et_pb_image][\/et_pb_column][et_pb_column type=&#8221;1_4&#8243; _builder_version=&#8221;4.4.6&#8243;][et_pb_image src=&#8221;https:\/\/juntosaparte.com\/web\/wp-content\/uploads\/2020\/08\/3-Taller-Raimond-Chaves-Fundacion-El-Pilar-Cucuta-Juntos-Aparte-2017.jpg&#8221; title_text=&#8221;3-Taller-Raimond-Chaves-Fundacion-El-Pilar-Cucuta-Juntos-Aparte-2017&#8243; align=&#8221;center&#8221; _builder_version=&#8221;4.4.6&#8243;][\/et_pb_image][\/et_pb_column][et_pb_column type=&#8221;1_4&#8243; _builder_version=&#8221;4.4.6&#8243;][et_pb_image src=&#8221;https:\/\/juntosaparte.com\/web\/wp-content\/uploads\/2020\/08\/4-Taller-Raimond-Chaves-Fundacion-El-Pilar-Cucuta-Juntos-Aparte-2017.jpg&#8221; title_text=&#8221;4-Taller-Raimond-Chaves-Fundacion-El-Pilar-Cucuta-Juntos-Aparte-2017&#8243; align=&#8221;center&#8221; _builder_version=&#8221;4.4.6&#8243;][\/et_pb_image][\/et_pb_column][\/et_pb_row][et_pb_row _builder_version=&#8221;4.4.6&#8243;][et_pb_column type=&#8221;4_4&#8243; _builder_version=&#8221;4.4.6&#8243;][et_pb_video src=&#8221;https:\/\/www.youtube.com\/watch?v=eKGr6_R2vO8&#8243; image_src=&#8221;https:\/\/juntosaparte.com\/web\/wp-content\/uploads\/2020\/08\/cahvez-azul.png&#8221; thumbnail_overlay_color=&#8221;rgba(0,0,0,0.6)&#8221; _builder_version=&#8221;4.4.6&#8243; width=&#8221;85%&#8221; module_alignment=&#8221;center&#8221;][\/et_pb_video][\/et_pb_column][\/et_pb_row][et_pb_row _builder_version=&#8221;4.4.6&#8243;][et_pb_column type=&#8221;4_4&#8243; _builder_version=&#8221;4.4.6&#8243;][et_pb_text _builder_version=&#8221;4.4.6&#8243; width=&#8221;86%&#8221; module_alignment=&#8221;center&#8221; box_shadow_style=&#8221;preset1&#8243;]<\/p>\n<p style=\"text-align: justify;\"><strong>The workshop Drawing the border in JUNTOS APARTE 2017 brought the artist Raimond Chaves back to C\u00facuta, to instigate in our creators the reflexive approach to the context based on the drawing log, an instrument of contemporary communication capable of establishing new relationships and imaginaries.<\/strong><\/p>\n<p>[\/et_pb_text][\/et_pb_column][\/et_pb_row][et_pb_row column_structure=&#8221;1_4,1_4,1_4,1_4&#8243; use_custom_gutter=&#8221;on&#8221; gutter_width=&#8221;1&#8243; make_equal=&#8221;on&#8221; _builder_version=&#8221;4.4.6&#8243; width=&#8221;100%&#8221; max_width=&#8221;2560px&#8221; module_alignment=&#8221;center&#8221;][et_pb_column type=&#8221;1_4&#8243; _builder_version=&#8221;4.4.6&#8243;][et_pb_image src=&#8221;https:\/\/juntosaparte.com\/web\/wp-content\/uploads\/2020\/08\/1-Taller-Ramon-Mateo-Espacio-Publico-Cucuta-Juntos-Aparte-2019.jpg&#8221; title_text=&#8221;1-Taller-Ramon-Mateo-Espacio-Publico-Cucuta-Juntos-Aparte-2019&#8243; align=&#8221;center&#8221; _builder_version=&#8221;4.4.6&#8243;][\/et_pb_image][\/et_pb_column][et_pb_column type=&#8221;1_4&#8243; _builder_version=&#8221;4.4.6&#8243;][et_pb_image src=&#8221;https:\/\/juntosaparte.com\/web\/wp-content\/uploads\/2020\/08\/2-Taller-Ramon-Mateo-Espacio-Publico-Cucuta-Juntos-Aparte-2019.jpg&#8221; title_text=&#8221;2-Taller-Ramon-Mateo-Espacio-Publico-Cucuta-Juntos-Aparte-2019&#8243; align=&#8221;center&#8221; _builder_version=&#8221;4.4.6&#8243;][\/et_pb_image][\/et_pb_column][et_pb_column type=&#8221;1_4&#8243; _builder_version=&#8221;4.4.6&#8243;][et_pb_image src=&#8221;https:\/\/juntosaparte.com\/web\/wp-content\/uploads\/2020\/08\/3-Taller-Ramon-Mateo-Centro-Cultural-Quinta-Teresa-Cucuta-Juntos-Aparte-2019.jpg&#8221; title_text=&#8221;3-Taller-Ramon-Mateo-Centro-Cultural-Quinta-Teresa-Cucuta-Juntos-Aparte-2019&#8243; align=&#8221;center&#8221; _builder_version=&#8221;4.4.6&#8243;][\/et_pb_image][\/et_pb_column][et_pb_column type=&#8221;1_4&#8243; _builder_version=&#8221;4.4.6&#8243;][et_pb_image src=&#8221;https:\/\/juntosaparte.com\/web\/wp-content\/uploads\/2020\/08\/4-Taller-Ramon-Mateo-Espacio-Publico-Cucuta-Juntos-Aparte-2019.jpg&#8221; title_text=&#8221;4-Taller-Ramon-Mateo-Espacio-Publico-Cucuta-Juntos-Aparte-2019&#8243; align=&#8221;center&#8221; _builder_version=&#8221;4.4.6&#8243;][\/et_pb_image][\/et_pb_column][\/et_pb_row][et_pb_row _builder_version=&#8221;4.4.6&#8243;][et_pb_column type=&#8221;4_4&#8243; _builder_version=&#8221;4.4.6&#8243;][et_pb_video src=&#8221;https:\/\/www.youtube.com\/watch?v=khbCcXLQ0TI&#8221; image_src=&#8221;https:\/\/juntosaparte.com\/web\/wp-content\/uploads\/2020\/08\/ramon-mateos-azul.png&#8221; thumbnail_overlay_color=&#8221;rgba(0,0,0,0.6)&#8221; _builder_version=&#8221;4.4.6&#8243; width=&#8221;85%&#8221; module_alignment=&#8221;center&#8221;][\/et_pb_video][\/et_pb_column][\/et_pb_row][et_pb_row _builder_version=&#8221;4.4.6&#8243;][et_pb_column type=&#8221;4_4&#8243; _builder_version=&#8221;4.4.6&#8243;][et_pb_text _builder_version=&#8221;4.4.6&#8243; width=&#8221;86%&#8221; module_alignment=&#8221;center&#8221; box_shadow_style=&#8221;preset1&#8243;]<\/p>\n<p style=\"text-align: justify;\"><strong>In JUNTOS APARTE 2019, the Spanish artist and researcher Ram\u00f3n Mateos tackled Displaced artistic practices with a workshop of the same name, encouraging border creators to approach the context from self-management, plurality and a vision of art that transcends the sector itself.<\/strong><\/p>\n<p style=\"text-align: justify;\"><strong>Thanks to the Spanish Embassy.<\/strong><\/p>\n<p>[\/et_pb_text][\/et_pb_column][\/et_pb_row][et_pb_row column_structure=&#8221;1_4,1_4,1_4,1_4&#8243; use_custom_gutter=&#8221;on&#8221; gutter_width=&#8221;1&#8243; make_equal=&#8221;on&#8221; _builder_version=&#8221;4.4.6&#8243; width=&#8221;100%&#8221; max_width=&#8221;2560px&#8221; module_alignment=&#8221;center&#8221;][et_pb_column type=&#8221;1_4&#8243; _builder_version=&#8221;4.4.6&#8243;][et_pb_image src=&#8221;https:\/\/juntosaparte.com\/web\/wp-content\/uploads\/2020\/08\/1-Taller-Guiliana-Racco-Cucuta-Juntos-Aparte-2019.jpg&#8221; title_text=&#8221;1-Taller-Guiliana-Racco-Cucuta-Juntos-Aparte-2019&#8243; align=&#8221;center&#8221; _builder_version=&#8221;4.4.6&#8243;][\/et_pb_image][\/et_pb_column][et_pb_column type=&#8221;1_4&#8243; _builder_version=&#8221;4.4.6&#8243;][et_pb_image src=&#8221;https:\/\/juntosaparte.com\/web\/wp-content\/uploads\/2020\/08\/2-Taller-Guiliana-Racco-Visita-de-campo-Cucuta-Juntos-Aparte-2019.jpg&#8221; title_text=&#8221;2-Taller-Guiliana-Racco-Visita-de-campo-Cucuta-Juntos-Aparte-2019&#8243; align=&#8221;center&#8221; _builder_version=&#8221;4.4.6&#8243;][\/et_pb_image][\/et_pb_column][et_pb_column type=&#8221;1_4&#8243; _builder_version=&#8221;4.4.6&#8243;][et_pb_image src=&#8221;https:\/\/juntosaparte.com\/web\/wp-content\/uploads\/2020\/08\/3-Taller-Guiliana-Racco-visita-de-campo-Cucuta-Juntos-Aparte-2019.jpg&#8221; title_text=&#8221;3-Taller-Guiliana-Racco-visita-de-campo-Cucuta-Juntos-Aparte-2019&#8243; align=&#8221;center&#8221; _builder_version=&#8221;4.4.6&#8243;][\/et_pb_image][\/et_pb_column][et_pb_column type=&#8221;1_4&#8243; _builder_version=&#8221;4.4.6&#8243;][et_pb_image src=&#8221;https:\/\/juntosaparte.com\/web\/wp-content\/uploads\/2020\/08\/4-Taller-Guiliana-Racco-Visita-de-campo-Cucuta-Juntos-Aparte-2019.jpg&#8221; title_text=&#8221;4-Taller-Guiliana-Racco-Visita-de-campo-Cucuta-Juntos-Aparte-2019&#8243; align=&#8221;center&#8221; _builder_version=&#8221;4.4.6&#8243;][\/et_pb_image][\/et_pb_column][\/et_pb_row][et_pb_row _builder_version=&#8221;4.4.6&#8243;][et_pb_column type=&#8221;4_4&#8243; _builder_version=&#8221;4.4.6&#8243;][et_pb_video src=&#8221;https:\/\/www.youtube.com\/watch?v=cEU7SW5YlvY&#8221; image_src=&#8221;https:\/\/juntosaparte.com\/web\/wp-content\/uploads\/2020\/08\/cover-Guiliana-Racco-azul.png&#8221; thumbnail_overlay_color=&#8221;rgba(0,0,0,0.6)&#8221; _builder_version=&#8221;4.4.6&#8243; width=&#8221;85%&#8221; module_alignment=&#8221;center&#8221;][\/et_pb_video][\/et_pb_column][\/et_pb_row][et_pb_row _builder_version=&#8221;4.4.6&#8243;][et_pb_column type=&#8221;4_4&#8243; _builder_version=&#8221;4.4.6&#8243;][et_pb_text _builder_version=&#8221;4.4.6&#8243; width=&#8221;86%&#8221; module_alignment=&#8221;center&#8221; box_shadow_style=&#8221;preset1&#8243;]<\/p>\n<p style=\"text-align: justify;\"><strong>With the workshop Cracking Up Along the Bridge in JUNTOS APARTE 2019, the Canadian artist and researcher Giuliana Racco offered a group of Venezuelan refugee and migrant artists living in C\u00facuta with a space for reflection and the generation of integration strategies based on notions such as style or circles of care.<\/strong><\/p>\n<p style=\"text-align: justify;\"><strong>Thanks to the Canadian Embassy and the Institut Ramon Llull<\/strong><\/p>\n<p>[\/et_pb_text][\/et_pb_column][\/et_pb_row][et_pb_row column_structure=&#8221;1_4,1_4,1_4,1_4&#8243; use_custom_gutter=&#8221;on&#8221; gutter_width=&#8221;1&#8243; make_equal=&#8221;on&#8221; _builder_version=&#8221;4.4.6&#8243; width=&#8221;100%&#8221; max_width=&#8221;2560px&#8221; module_alignment=&#8221;center&#8221;][et_pb_column type=&#8221;1_4&#8243; _builder_version=&#8221;4.4.6&#8243;][et_pb_image src=&#8221;https:\/\/juntosaparte.com\/web\/wp-content\/uploads\/2020\/08\/1-Escuela-de-Aprestamiento-en-Mediacion-Amparo-Cardenas-Centro-Cultural-Quinta-Teresa-Cucuta-Juntos-Aparte-2019.jpg&#8221; title_text=&#8221;1-Escuela-de-Aprestamiento-en-Mediacion-Amparo-Cardenas-Centro-Cultural-Quinta-Teresa-Cucuta-Juntos-Aparte-2019&#8243; align=&#8221;center&#8221; _builder_version=&#8221;4.4.6&#8243;][\/et_pb_image][\/et_pb_column][et_pb_column type=&#8221;1_4&#8243; _builder_version=&#8221;4.4.6&#8243;][et_pb_image src=&#8221;https:\/\/juntosaparte.com\/web\/wp-content\/uploads\/2020\/08\/2-Escuela-de-Aprestamiento-en-Mediacion-Amparo-Cardenas-Centro-Cultural-Quinta-Teresa-Cucuta-Juntos-Aparte-2019.jpg&#8221; title_text=&#8221;2-Escuela-de-Aprestamiento-en-Mediacion-Amparo-Cardenas-Centro-Cultural-Quinta-Teresa-Cucuta-Juntos-Aparte-2019&#8243; align=&#8221;center&#8221; _builder_version=&#8221;4.4.6&#8243;][\/et_pb_image][\/et_pb_column][et_pb_column type=&#8221;1_4&#8243; _builder_version=&#8221;4.4.6&#8243;][et_pb_image src=&#8221;https:\/\/juntosaparte.com\/web\/wp-content\/uploads\/2020\/08\/3-Escuela-de-Aprestamiento-en-Mediacion-Amparo-Cardenas-Centro-Cultural-Quinta-Teresa-Cucuta-Juntos-Aparte-2019.jpg&#8221; title_text=&#8221;3-Escuela-de-Aprestamiento-en-Mediacion-Amparo-Cardenas-Centro-Cultural-Quinta-Teresa-Cucuta-Juntos-Aparte-2019&#8243; align=&#8221;center&#8221; _builder_version=&#8221;4.4.6&#8243;][\/et_pb_image][\/et_pb_column][et_pb_column type=&#8221;1_4&#8243; _builder_version=&#8221;4.4.6&#8243;][et_pb_image src=&#8221;https:\/\/juntosaparte.com\/web\/wp-content\/uploads\/2020\/08\/4-Escuela-de-Aprestamiento-en-Mediacion-Amparo-Cardenas-Centro-Cultural-Quinta-Teresa-Cucuta-Juntos-Aparte-2019.jpg&#8221; title_text=&#8221;4-Escuela-de-Aprestamiento-en-Mediacion-Amparo-Cardenas-Centro-Cultural-Quinta-Teresa-Cucuta-Juntos-Aparte-2019&#8243; align=&#8221;center&#8221; _builder_version=&#8221;4.4.6&#8243;][\/et_pb_image][\/et_pb_column][\/et_pb_row][et_pb_row _builder_version=&#8221;4.4.6&#8243;][et_pb_column type=&#8221;4_4&#8243; _builder_version=&#8221;4.4.6&#8243;][et_pb_video src=&#8221;https:\/\/www.youtube.com\/watch?v=GreFi_S02Vo&#8221; image_src=&#8221;https:\/\/juntosaparte.com\/web\/wp-content\/uploads\/2020\/08\/escuela-azul.png&#8221; thumbnail_overlay_color=&#8221;rgba(0,0,0,0.6)&#8221; _builder_version=&#8221;4.4.6&#8243; width=&#8221;85%&#8221; module_alignment=&#8221;center&#8221;][\/et_pb_video][\/et_pb_column][\/et_pb_row][et_pb_row _builder_version=&#8221;4.4.6&#8243;][et_pb_column type=&#8221;4_4&#8243; _builder_version=&#8221;4.4.6&#8243;][et_pb_text _builder_version=&#8221;4.4.6&#8243; width=&#8221;86%&#8221; module_alignment=&#8221;center&#8221; box_shadow_style=&#8221;preset1&#8243;]<\/p>\n<p style=\"text-align: justify;\"><strong>With the School of preparation in artistic mediation, led by the Master Amparo Cardenas, JUNTOS APARTE 2019 took a firm step towards the creation of a community of artistic mediators from the border, appointing altogether mothers head of household, emerging artists and young students.<\/strong><\/p>\n<p style=\"text-align: justify;\"><strong>Thanks to the PAR Program of USAID and ACDIVOCA, the Canadian Embassy and the Centro Nacional de Memoria Hist\u00f3rica.<\/strong><\/p>\n<p>[\/et_pb_text][\/et_pb_column][\/et_pb_row][et_pb_row column_structure=&#8221;1_4,1_4,1_4,1_4&#8243; use_custom_gutter=&#8221;on&#8221; gutter_width=&#8221;1&#8243; make_equal=&#8221;on&#8221; _builder_version=&#8221;4.4.6&#8243; width=&#8221;100%&#8221; max_width=&#8221;2560px&#8221; module_alignment=&#8221;center&#8221;][et_pb_column type=&#8221;1_4&#8243; _builder_version=&#8221;4.4.6&#8243;][et_pb_image src=&#8221;https:\/\/juntosaparte.com\/web\/wp-content\/uploads\/2020\/08\/1-Safari-Infantil-Visita-Guidada-Museo-Norte-de-Santander-y-Cuidad-de-Cucuta-Juntos-Aparte-2019.jpg&#8221; title_text=&#8221;1-Safari-Infantil-Visita-Guidada-Museo-Norte-de-Santander-y-Cuidad-de-Cucuta-Juntos-Aparte-2019&#8243; align=&#8221;center&#8221; _builder_version=&#8221;4.4.6&#8243;][\/et_pb_image][\/et_pb_column][et_pb_column type=&#8221;1_4&#8243; _builder_version=&#8221;4.4.6&#8243;][et_pb_image src=&#8221;https:\/\/juntosaparte.com\/web\/wp-content\/uploads\/2020\/08\/2-Safari-Infantil-Visita-Guidada-Museo-Norte-de-Santander-y-Cuidad-de-Cucuta-Juntos-Aparte-2019.jpg&#8221; title_text=&#8221;2-Safari-Infantil-Visita-Guidada-Museo-Norte-de-Santander-y-Cuidad-de-Cucuta-Juntos-Aparte-2019&#8243; align=&#8221;center&#8221; _builder_version=&#8221;4.4.6&#8243;][\/et_pb_image][\/et_pb_column][et_pb_column type=&#8221;1_4&#8243; _builder_version=&#8221;4.4.6&#8243;][et_pb_image src=&#8221;https:\/\/juntosaparte.com\/web\/wp-content\/uploads\/2020\/08\/3-Safari-Infantil-Visita-Guidada-Museo-Norte-de-Santander-y-Cuidad-de-Cucuta-Juntos-Aparte-2019.jpg&#8221; title_text=&#8221;3-Safari-Infantil-Visita-Guidada-Museo-Norte-de-Santander-y-Cuidad-de-Cucuta-Juntos-Aparte-2019&#8243; align=&#8221;center&#8221; _builder_version=&#8221;4.4.6&#8243;][\/et_pb_image][\/et_pb_column][et_pb_column type=&#8221;1_4&#8243; _builder_version=&#8221;4.4.6&#8243;][et_pb_image src=&#8221;https:\/\/juntosaparte.com\/web\/wp-content\/uploads\/2020\/08\/4-Safari-Infantil-Visita-Guidada-Museo-Norte-de-Santander-y-Cuidad-de-Cucuta-Juntos-Aparte-2019.jpg&#8221; title_text=&#8221;4-Safari-Infantil-Visita-Guidada-Museo-Norte-de-Santander-y-Cuidad-de-Cucuta-Juntos-Aparte-2019&#8243; align=&#8221;center&#8221; _builder_version=&#8221;4.4.6&#8243;][\/et_pb_image][\/et_pb_column][\/et_pb_row][et_pb_row _builder_version=&#8221;4.4.6&#8243;][et_pb_column type=&#8221;4_4&#8243; _builder_version=&#8221;4.4.6&#8243;][et_pb_video src=&#8221;https:\/\/www.youtube.com\/watch?v=SIhMU0vuXhk&#8221; image_src=&#8221;https:\/\/juntosaparte.com\/web\/wp-content\/uploads\/2020\/08\/safaris-azul.png&#8221; thumbnail_overlay_color=&#8221;rgba(0,0,0,0.6)&#8221; _builder_version=&#8221;4.4.6&#8243; width=&#8221;85%&#8221; module_alignment=&#8221;center&#8221;][\/et_pb_video][\/et_pb_column][\/et_pb_row][et_pb_row _builder_version=&#8221;4.4.6&#8243;][et_pb_column type=&#8221;4_4&#8243; _builder_version=&#8221;4.4.6&#8243;][et_pb_text _builder_version=&#8221;4.4.6&#8243; width=&#8221;86%&#8221; module_alignment=&#8221;center&#8221; box_shadow_style=&#8221;preset1&#8243;]<\/p>\n<p style=\"text-align: justify;\"><strong>Thanks to JUNTOS APARTE 2019 Children&#8217;s Safari, children from the Colombian-Venezuelan border traveled through the exhibition circuit accompanied by attendees and our mediation team, addressing exercises to raise awareness and strengthen coexistence among the new generation.<\/strong><\/p>\n<p style=\"text-align: justify;\"><strong>Thanks to the PAR Program of USAID and ACDIVOCA, IOM with the support of PRM, UNHCR and Traves\u00edas.<\/strong><\/p>\n<p>[\/et_pb_text][\/et_pb_column][\/et_pb_row][et_pb_row column_structure=&#8221;1_4,1_4,1_4,1_4&#8243; use_custom_gutter=&#8221;on&#8221; gutter_width=&#8221;1&#8243; make_equal=&#8221;on&#8221; _builder_version=&#8221;4.4.6&#8243; width=&#8221;100%&#8221; max_width=&#8221;2560px&#8221; module_alignment=&#8221;center&#8221;][et_pb_column type=&#8221;1_4&#8243; _builder_version=&#8221;4.4.6&#8243;][et_pb_image src=&#8221;https:\/\/juntosaparte.com\/web\/wp-content\/uploads\/2020\/09\/CICLO-AUDIO-VISUAL-CATM-LA-PARADA-JUNTOS-APARTE-2019-1.jpg&#8221; title_text=&#8221;CICLO AUDIO VISUAL &#8211; CATM LA PARADA &#8211; JUNTOS APARTE 2019&#8243; align=&#8221;center&#8221; _builder_version=&#8221;4.4.6&#8243;][\/et_pb_image][\/et_pb_column][et_pb_column type=&#8221;1_4&#8243; _builder_version=&#8221;4.4.6&#8243;][et_pb_image src=&#8221;https:\/\/juntosaparte.com\/web\/wp-content\/uploads\/2020\/09\/CICLO-AUDIO-VISUAL-FORTALEZA-JUNTOS-APARTE-2019-5-scaled.jpg&#8221; title_text=&#8221;CICLO AUDIO VISUAL &#8211; FORTALEZA &#8211; JUNTOS APARTE 2019 (5)&#8221; align=&#8221;center&#8221; _builder_version=&#8221;4.4.6&#8243;][\/et_pb_image][\/et_pb_column][et_pb_column type=&#8221;1_4&#8243; _builder_version=&#8221;4.4.6&#8243;][et_pb_image src=&#8221;https:\/\/juntosaparte.com\/web\/wp-content\/uploads\/2020\/09\/CICLO-AUDIO-VISUAL-FORTALEZA-JUNTOS-APARTE-2019-3.jpg&#8221; title_text=&#8221;CICLO AUDIO VISUAL &#8211; FORTALEZA &#8211; JUNTOS APARTE 2019 3&#8243; align=&#8221;center&#8221; _builder_version=&#8221;4.4.6&#8243;][\/et_pb_image][\/et_pb_column][et_pb_column type=&#8221;1_4&#8243; _builder_version=&#8221;4.4.6&#8243;][et_pb_image src=&#8221;https:\/\/juntosaparte.com\/web\/wp-content\/uploads\/2020\/09\/CICLO-AUDIO-VISUAL-FORTALEZA-JUNTOS-APARTE-2019-2-2.jpg&#8221; title_text=&#8221;CICLO-AUDIO-VISUAL&#8212;FORTALEZA&#8212;JUNTOS-APARTE-2019-(2)&#8221; align=&#8221;center&#8221; _builder_version=&#8221;4.4.6&#8243;][\/et_pb_image][\/et_pb_column][\/et_pb_row][et_pb_row _builder_version=&#8221;4.4.6&#8243;][et_pb_column type=&#8221;4_4&#8243; _builder_version=&#8221;4.4.6&#8243;][et_pb_video src=&#8221;https:\/\/www.youtube.com\/watch?v=FC1X5meaFuU&#8221; thumbnail_overlay_color=&#8221;rgba(0,0,0,0.6)&#8221; _builder_version=&#8221;4.4.6&#8243; width=&#8221;85%&#8221; module_alignment=&#8221;center&#8221;][\/et_pb_video][et_pb_text _builder_version=&#8221;4.4.6&#8243; width=&#8221;86%&#8221; module_alignment=&#8221;center&#8221; box_shadow_style=&#8221;preset1&#8243;]<\/p>\n<p style=\"text-align: justify;\"><strong>In addition to the auditorium sessions in downtown C\u00facuta, the Audiovisual Cycle JUNTOS APARTE 2019 visited the La Parada Migrant Assistance Center &#8211; near the border crossing &#8211; and the La Fortaleza neighborhood, bringing a special film program to the community, within scenarios of coexistence and integration.\u00a0\u00a0<\/strong><\/p>\n<p style=\"text-align: justify;\"><strong>Thanks to IOM and PRM.<\/strong><\/p>\n<p>[\/et_pb_text][\/et_pb_column][\/et_pb_row][et_pb_row column_structure=&#8221;1_4,1_4,1_4,1_4&#8243; use_custom_gutter=&#8221;on&#8221; gutter_width=&#8221;1&#8243; make_equal=&#8221;on&#8221; _builder_version=&#8221;4.4.6&#8243; width=&#8221;100%&#8221; max_width=&#8221;2560px&#8221; module_alignment=&#8221;center&#8221;][et_pb_column type=&#8221;1_4&#8243; _builder_version=&#8221;4.4.6&#8243;][et_pb_image src=&#8221;https:\/\/juntosaparte.com\/web\/wp-content\/uploads\/2020\/08\/1.jpg&#8221; title_text=&#8221;1&#8243; align=&#8221;center&#8221; _builder_version=&#8221;4.4.6&#8243;][\/et_pb_image][\/et_pb_column][et_pb_column type=&#8221;1_4&#8243; _builder_version=&#8221;4.4.6&#8243;][et_pb_image src=&#8221;https:\/\/juntosaparte.com\/web\/wp-content\/uploads\/2020\/08\/2d.jpg&#8221; title_text=&#8221;2d&#8221; align=&#8221;center&#8221; _builder_version=&#8221;4.4.6&#8243;][\/et_pb_image][\/et_pb_column][et_pb_column type=&#8221;1_4&#8243; _builder_version=&#8221;4.4.6&#8243;][et_pb_image src=&#8221;https:\/\/juntosaparte.com\/web\/wp-content\/uploads\/2020\/08\/3a.jpg&#8221; title_text=&#8221;3a&#8221; align=&#8221;center&#8221; _builder_version=&#8221;4.4.6&#8243;][\/et_pb_image][\/et_pb_column][et_pb_column type=&#8221;1_4&#8243; _builder_version=&#8221;4.4.6&#8243;][et_pb_image src=&#8221;https:\/\/juntosaparte.com\/web\/wp-content\/uploads\/2020\/08\/4a.jpg&#8221; title_text=&#8221;4a&#8221; align=&#8221;center&#8221; _builder_version=&#8221;4.4.6&#8243;][\/et_pb_image][\/et_pb_column][\/et_pb_row][et_pb_row _builder_version=&#8221;4.4.6&#8243;][et_pb_column type=&#8221;4_4&#8243; _builder_version=&#8221;4.4.6&#8243;][et_pb_video src=&#8221;https:\/\/www.youtube.com\/watch?v=gxBzhtWF5NM&#8221; image_src=&#8221;https:\/\/juntosaparte.com\/web\/wp-content\/uploads\/2020\/08\/travesias.png&#8221; thumbnail_overlay_color=&#8221;rgba(0,0,0,0.6)&#8221; _builder_version=&#8221;4.4.6&#8243; width=&#8221;85%&#8221; module_alignment=&#8221;center&#8221;][\/et_pb_video][\/et_pb_column][\/et_pb_row][et_pb_row _builder_version=&#8221;4.4.6&#8243;][et_pb_column type=&#8221;4_4&#8243; _builder_version=&#8221;4.4.6&#8243;][et_pb_text _builder_version=&#8221;4.4.6&#8243; width=&#8221;86%&#8221; module_alignment=&#8221;center&#8221; box_shadow_style=&#8221;preset1&#8243;]<\/p>\n<p style=\"text-align: justify;\"><strong>Vulnerable communities including returnees, refugees, migrants, LGBTIQ people, victims of the armed conflict, rural people, HIV carriers and disabled citizens enjoyed the concerted tours of the Journeys JUNTOS APARTE 2019, accompanied by experiential exercises for collective transformation.<\/strong><\/p>\n<p style=\"text-align: justify;\"><strong>Thanks to the PAR Program of USAID and ACDIVOCA, IOM with the support of PRM, UNHCR and Traves\u00edas<\/strong><\/p>\n<p>[\/et_pb_text][\/et_pb_column][\/et_pb_row][et_pb_row column_structure=&#8221;1_4,1_4,1_4,1_4&#8243; use_custom_gutter=&#8221;on&#8221; gutter_width=&#8221;1&#8243; make_equal=&#8221;on&#8221; _builder_version=&#8221;4.4.6&#8243; width=&#8221;100%&#8221; max_width=&#8221;2560px&#8221; module_alignment=&#8221;center&#8221;][et_pb_column type=&#8221;1_4&#8243; _builder_version=&#8221;4.4.6&#8243;][et_pb_image src=&#8221;https:\/\/juntosaparte.com\/web\/wp-content\/uploads\/2020\/08\/1-Visita-Guida-La-Esperanza-Exposicion-ESTADO-DE-EXCEPCION-Biblioteca-Publica-Julio-Perez-Ferrero-Cucuta-Juntos-Aparte-2017.jpg&#8221; title_text=&#8221;1-Visita-Guida-La-Esperanza-Exposicion-ESTADO-DE-EXCEPCION-Biblioteca-Publica-Julio-Perez-Ferrero-Cucuta-Juntos-Aparte-2017&#8243; align=&#8221;center&#8221; _builder_version=&#8221;4.4.6&#8243;][\/et_pb_image][\/et_pb_column][et_pb_column type=&#8221;1_4&#8243; _builder_version=&#8221;4.4.6&#8243;][et_pb_image src=&#8221;https:\/\/juntosaparte.com\/web\/wp-content\/uploads\/2020\/08\/2-Visita-Guida-La-Esperanza-Exposicion-LA-BUSQUEDA-DEL-OTRO-Casa-Museo-Torre-del-Reloj-Cucuta-Juntos-Aparte-2017.jpg&#8221; title_text=&#8221;2-Visita-Guida-La-Esperanza-Exposicion-LA-BUSQUEDA-DEL-OTRO-Casa-Museo-Torre-del-Reloj-Cucuta-Juntos-Aparte-2017&#8243; align=&#8221;center&#8221; _builder_version=&#8221;4.4.6&#8243;][\/et_pb_image][\/et_pb_column][et_pb_column type=&#8221;1_4&#8243; _builder_version=&#8221;4.4.6&#8243;][et_pb_image src=&#8221;https:\/\/juntosaparte.com\/web\/wp-content\/uploads\/2020\/08\/3-Visita-Guida-Raimond-Chaves-Exposicion-VAIVEN-Museo-Centenario-Norte-de-Santander-Juntos-Aparte-2017.jpg&#8221; title_text=&#8221;3-Visita-Guida-Raimond-Chaves-Exposicion-VAIVEN-Museo-Centenario-Norte-de-Santander-Juntos-Aparte-2017&#8243; align=&#8221;center&#8221; _builder_version=&#8221;4.4.6&#8243;][\/et_pb_image][\/et_pb_column][et_pb_column type=&#8221;1_4&#8243; _builder_version=&#8221;4.4.6&#8243;][et_pb_image src=&#8221;https:\/\/juntosaparte.com\/web\/wp-content\/uploads\/2020\/08\/4-Visita-Guida-Personeria-de-Cucuta-Exposicion-VAIVEN-Museo-Centenario-Norte-de-Santander-Juntos-Aparte-2017.jpg&#8221; title_text=&#8221;4-Visita-Guida-Personeria-de-Cucuta-Exposicion-VAIVEN-Museo-Centenario-Norte-de-Santander-Juntos-Aparte-2017&#8243; align=&#8221;center&#8221; _builder_version=&#8221;4.4.6&#8243;][\/et_pb_image][\/et_pb_column][\/et_pb_row][et_pb_row _builder_version=&#8221;4.4.6&#8243;][et_pb_column type=&#8221;4_4&#8243; _builder_version=&#8221;4.4.6&#8243;][et_pb_video src=&#8221;https:\/\/www.youtube.com\/watch?v=btZx9sBss0I&#8221; image_src=&#8221;https:\/\/juntosaparte.com\/web\/wp-content\/uploads\/2020\/08\/1-VISI1-azul.png&#8221; thumbnail_overlay_color=&#8221;rgba(0,0,0,0.6)&#8221; _builder_version=&#8221;4.4.6&#8243; width=&#8221;85%&#8221; module_alignment=&#8221;center&#8221;][\/et_pb_video][\/et_pb_column][\/et_pb_row][et_pb_row _builder_version=&#8221;4.4.6&#8243;][et_pb_column type=&#8221;4_4&#8243; _builder_version=&#8221;4.4.6&#8243;][et_pb_text _builder_version=&#8221;4.4.6&#8243; width=&#8221;86%&#8221; module_alignment=&#8221;center&#8221; box_shadow_style=&#8221;preset1&#8243;]<\/p>\n<p style=\"text-align: justify;\"><strong>The curatorial team of JUNTOS APARTE accompanies tour with allies, sponsors and members of the local, national and international network of collaborators of the project, betting on the proximity in the experience and in the human bond in order to strengthen the shared value.<\/strong><\/p>\n<p style=\"text-align: justify;\"><strong>We were accompanied in 2019 by the Venezuelan Border Management of the Presidency of the Republic, the PAR Program of USAID and ACDIVOCA, the Chamber of Commerce of C\u00facuta and Espacio KB, among others.<\/strong><\/p>\n<p>[\/et_pb_text][\/et_pb_column][\/et_pb_row][et_pb_row column_structure=&#8221;1_4,1_4,1_4,1_4&#8243; use_custom_gutter=&#8221;on&#8221; gutter_width=&#8221;1&#8243; make_equal=&#8221;on&#8221; _builder_version=&#8221;4.4.6&#8243; width=&#8221;100%&#8221; max_width=&#8221;2560px&#8221; module_alignment=&#8221;center&#8221;][et_pb_column type=&#8221;1_4&#8243; _builder_version=&#8221;4.4.6&#8243;][et_pb_image src=&#8221;https:\/\/juntosaparte.com\/web\/wp-content\/uploads\/2020\/08\/1C.jpg&#8221; title_text=&#8221;1C&#8221; align=&#8221;center&#8221; _builder_version=&#8221;4.4.6&#8243;][\/et_pb_image][\/et_pb_column][et_pb_column type=&#8221;1_4&#8243; _builder_version=&#8221;4.4.6&#8243;][et_pb_image src=&#8221;https:\/\/juntosaparte.com\/web\/wp-content\/uploads\/2020\/08\/2-Visita-Guiada-USAID-Casa-Museo-Torre-del-Rolej-Cucuta-Juntos-Aparte-2017b.jpg&#8221; title_text=&#8221;2-Visita-Guiada-USAID-Casa-Museo-Torre-del-Rolej-Cucuta-Juntos-Aparte-2017b&#8221; align=&#8221;center&#8221; _builder_version=&#8221;4.4.6&#8243;][\/et_pb_image][\/et_pb_column][et_pb_column type=&#8221;1_4&#8243; _builder_version=&#8221;4.4.6&#8243;][et_pb_image src=&#8221;https:\/\/juntosaparte.com\/web\/wp-content\/uploads\/2020\/08\/3.jpg&#8221; title_text=&#8221;3&#8243; align=&#8221;center&#8221; _builder_version=&#8221;4.4.6&#8243;][\/et_pb_image][\/et_pb_column][et_pb_column type=&#8221;1_4&#8243; _builder_version=&#8221;4.4.6&#8243;][et_pb_image src=&#8221;https:\/\/juntosaparte.com\/web\/wp-content\/uploads\/2020\/08\/4.jpg&#8221; title_text=&#8221;4&#8243; align=&#8221;center&#8221; _builder_version=&#8221;4.4.6&#8243;][\/et_pb_image][\/et_pb_column][\/et_pb_row][et_pb_row _builder_version=&#8221;4.4.6&#8243; custom_margin=&#8221;80px|auto||auto||&#8221;][et_pb_column type=&#8221;4_4&#8243; _builder_version=&#8221;4.4.6&#8243;][et_pb_video src=&#8221;https:\/\/www.youtube.com\/watch?v=MDgLnTHr77I&#8221; thumbnail_overlay_color=&#8221;rgba(0,0,0,0.6)&#8221; _builder_version=&#8221;4.4.6&#8243; width=&#8221;85%&#8221; module_alignment=&#8221;center&#8221;][\/et_pb_video][\/et_pb_column][\/et_pb_row][et_pb_row _builder_version=&#8221;4.4.6&#8243;][et_pb_column type=&#8221;4_4&#8243; _builder_version=&#8221;4.4.6&#8243;][et_pb_text _builder_version=&#8221;4.4.6&#8243; width=&#8221;86%&#8221; module_alignment=&#8221;center&#8221; box_shadow_style=&#8221;preset1&#8243;]<\/p>\n<p style=\"text-align: justify;\">We met Jimena Ni\u00f1o in 2019 during her visit to C\u00facuta as Deputy Director of the Alliances for Reconciliation Programme. Today, as director of ACDI\/VOCA Colombia and after having committed to JUNTOS APARTE 2019, she shares with us her vision of the processes of humanitarian work and social intervention through the arts and culture on the border.<\/p>\n<p>[\/et_pb_text][\/et_pb_column][\/et_pb_row][\/et_pb_section]<\/p>\n<!-- AddThis Advanced Settings generic via filter on the_content --><!-- AddThis Share Buttons generic via filter on the_content -->","protected":false},"excerpt":{"rendered":"<p>After five weeks revisiting the memories of JUNTOS APARTE 2017 and 2019 along with our allies, the Virtual Channel JUNTOS APARTE 2020 invites you to a conversation with Spanish artists Avelino Sala and Jorge Garc\u00eda, members of Equipo Sublime, and artist Mauricio S\u00e1nchez, C\u00facuta&#8217;s Municipal Advisor of Plastic and Visual Arts. We will share their [&hellip;]<\/p>\n<p><!-- AddThis Advanced Settings generic via filter on get_the_excerpt --><!-- AddThis Share Buttons generic via filter on get_the_excerpt --><\/p>\n","protected":false},"author":1,"featured_media":0,"parent":0,"menu_order":0,"comment_status":"closed","ping_status":"closed","template":"","meta":{"_et_pb_use_builder":"on","_et_pb_old_content":"","_et_gb_content_width":"","footnotes":""},"class_list":["post-1448","page","type-page","status-publish","hentry"],"lang":"en","translations":{"en":1448},"pll_sync_post":[],"_links":{"self":[{"href":"https:\/\/juntosaparte.com\/web\/wp-json\/wp\/v2\/pages\/1448","targetHints":{"allow":["GET"]}}],"collection":[{"href":"https:\/\/juntosaparte.com\/web\/wp-json\/wp\/v2\/pages"}],"about":[{"href":"https:\/\/juntosaparte.com\/web\/wp-json\/wp\/v2\/types\/page"}],"author":[{"embeddable":true,"href":"https:\/\/juntosaparte.com\/web\/wp-json\/wp\/v2\/users\/1"}],"replies":[{"embeddable":true,"href":"https:\/\/juntosaparte.com\/web\/wp-json\/wp\/v2\/comments?post=1448"}],"version-history":[{"count":18,"href":"https:\/\/juntosaparte.com\/web\/wp-json\/wp\/v2\/pages\/1448\/revisions"}],"predecessor-version":[{"id":1751,"href":"https:\/\/juntosaparte.com\/web\/wp-json\/wp\/v2\/pages\/1448\/revisions\/1751"}],"wp:attachment":[{"href":"https:\/\/juntosaparte.com\/web\/wp-json\/wp\/v2\/media?parent=1448"}],"curies":[{"name":"wp","href":"https:\/\/api.w.org\/{rel}","templated":true}]}}