{"id":1407,"date":"2020-09-07T14:16:47","date_gmt":"2020-09-07T19:16:47","guid":{"rendered":"https:\/\/juntosaparte.com\/web\/?page_id=1407"},"modified":"2020-09-12T12:02:22","modified_gmt":"2020-09-12T17:02:22","slug":"week-2","status":"publish","type":"page","link":"https:\/\/juntosaparte.com\/web\/en\/week-2\/","title":{"rendered":"Week 2"},"content":{"rendered":"<p>[et_pb_section fb_built=&#8221;1&#8243; _builder_version=&#8221;4.4.6&#8243; background_color=&#8221;#E6E7E8&#8243; custom_padding=&#8221;0px||0px|||&#8221; da_disable_devices=&#8221;off|off|off&#8221; da_is_popup=&#8221;off&#8221; da_exit_intent=&#8221;off&#8221; da_has_close=&#8221;on&#8221; da_alt_close=&#8221;off&#8221; da_dark_close=&#8221;off&#8221; da_not_modal=&#8221;on&#8221; da_is_singular=&#8221;off&#8221; da_with_loader=&#8221;off&#8221; da_has_shadow=&#8221;on&#8221;][et_pb_row _builder_version=&#8221;4.4.6&#8243;][et_pb_column type=&#8221;4_4&#8243; _builder_version=&#8221;4.4.6&#8243;][et_pb_image src=&#8221;https:\/\/juntosaparte.com\/web\/wp-content\/uploads\/2020\/06\/banner_red.png&#8221; title_text=&#8221;banner_red&#8221; align=&#8221;center&#8221; _builder_version=&#8221;4.4.6&#8243;][\/et_pb_image][\/et_pb_column][\/et_pb_row][\/et_pb_section][et_pb_section fb_built=&#8221;1&#8243; _builder_version=&#8221;4.4.6&#8243; custom_padding=&#8221;0px||0px|||&#8221; da_disable_devices=&#8221;off|off|off&#8221; da_is_popup=&#8221;off&#8221; da_exit_intent=&#8221;off&#8221; da_has_close=&#8221;on&#8221; da_alt_close=&#8221;off&#8221; da_dark_close=&#8221;off&#8221; da_not_modal=&#8221;on&#8221; da_is_singular=&#8221;off&#8221; da_with_loader=&#8221;off&#8221; da_has_shadow=&#8221;on&#8221;][et_pb_row _builder_version=&#8221;4.4.6&#8243;][et_pb_column type=&#8221;4_4&#8243; _builder_version=&#8221;4.4.6&#8243;][et_pb_text _builder_version=&#8221;4.4.6&#8243; header_font_size=&#8221;24px&#8221; width=&#8221;94%&#8221; module_alignment=&#8221;center&#8221; box_shadow_style=&#8221;preset1&#8243;]<\/p>\n<p style=\"text-align: justify;\"><strong>After the launch with Diana Wechsler, Felipe Mu\u00f1oz and Andr\u00e9s Gait\u00e1n and the chapter Appropriation and activation of public space, the Virtual Channel JUNTOS APARTE 2020 continues.<\/strong><\/p>\n<p>[\/et_pb_text][\/et_pb_column][\/et_pb_row][et_pb_row _builder_version=&#8221;4.4.6&#8243;][et_pb_column type=&#8221;4_4&#8243; _builder_version=&#8221;4.4.6&#8243;][et_pb_image src=&#8221;https:\/\/juntosaparte.com\/web\/wp-content\/uploads\/2020\/09\/week-2-aliance.png&#8221; title_text=&#8221;week 2 aliance&#8221; align=&#8221;center&#8221; _builder_version=&#8221;4.4.6&#8243;][\/et_pb_image][et_pb_text _builder_version=&#8221;4.4.6&#8243; width=&#8221;86%&#8221; module_alignment=&#8221;center&#8221; box_shadow_style=&#8221;preset1&#8243;]<\/p>\n<p style=\"text-align: justify;\"><strong>Discover in Regional Creative Alliance the spaces for collaboration and intersection of JUNTOS APARTE with agents from other creative areas in the border region: from music to fashion, audiovisual, editorial production, and heritage preservation.<\/strong><\/p>\n<p>[\/et_pb_text][\/et_pb_column][\/et_pb_row][et_pb_row column_structure=&#8221;1_3,1_3,1_3&#8243; _builder_version=&#8221;4.4.6&#8243;][et_pb_column type=&#8221;1_3&#8243; _builder_version=&#8221;4.4.6&#8243;][\/et_pb_column][et_pb_column type=&#8221;1_3&#8243; _builder_version=&#8221;4.4.6&#8243;][et_pb_button button_url=&#8221;#articulo1&#8243; button_text=&#8221;Read Article&#8221; button_alignment=&#8221;center&#8221; module_class=&#8221;boton_full&#8221; _builder_version=&#8221;4.4.6&#8243; custom_button=&#8221;on&#8221; button_use_icon=&#8221;off&#8221; box_shadow_style=&#8221;preset1&#8243; box_shadow_color=&#8221;#d6d6d6&#8243;][\/et_pb_button][\/et_pb_column][et_pb_column type=&#8221;1_3&#8243; _builder_version=&#8221;4.4.6&#8243;][\/et_pb_column][\/et_pb_row][et_pb_row _builder_version=&#8221;4.4.6&#8243;][et_pb_column type=&#8221;4_4&#8243; _builder_version=&#8221;4.4.6&#8243;][et_pb_image src=&#8221;https:\/\/juntosaparte.com\/web\/wp-content\/uploads\/2020\/09\/week-2-participation.png&#8221; title_text=&#8221;week 2 participation&#8221; align=&#8221;center&#8221; _builder_version=&#8221;4.4.6&#8243;][\/et_pb_image][et_pb_text _builder_version=&#8221;4.4.6&#8243; width=&#8221;86%&#8221; module_alignment=&#8221;center&#8221; box_shadow_style=&#8221;preset1&#8243;]<\/p>\n<p style=\"text-align: justify;\"><strong>Learn about the actions and devices of JUNTOS APARTE to open the construction of memory and border storytelling to citizen participation in various scenarios in C\u00facuta.<\/strong><\/p>\n<p>[\/et_pb_text][\/et_pb_column][\/et_pb_row][et_pb_row column_structure=&#8221;1_3,1_3,1_3&#8243; _builder_version=&#8221;4.4.6&#8243;][et_pb_column type=&#8221;1_3&#8243; _builder_version=&#8221;4.4.6&#8243;][\/et_pb_column][et_pb_column type=&#8221;1_3&#8243; _builder_version=&#8221;4.4.6&#8243;][et_pb_button button_url=&#8221;#articulo2&#8243; button_text=&#8221;Read Article&#8221; button_alignment=&#8221;center&#8221; module_class=&#8221;boton_full&#8221; _builder_version=&#8221;4.4.6&#8243; custom_button=&#8221;on&#8221; button_use_icon=&#8221;off&#8221; box_shadow_style=&#8221;preset1&#8243; box_shadow_color=&#8221;#d6d6d6&#8243;][\/et_pb_button][\/et_pb_column][et_pb_column type=&#8221;1_3&#8243; _builder_version=&#8221;4.4.6&#8243;][\/et_pb_column][\/et_pb_row][et_pb_row _builder_version=&#8221;4.4.6&#8243;][et_pb_column type=&#8221;4_4&#8243; _builder_version=&#8221;4.4.6&#8243;][et_pb_image src=&#8221;https:\/\/juntosaparte.com\/web\/wp-content\/uploads\/2020\/07\/canal.png&#8221; title_text=&#8221;canal&#8221; align=&#8221;center&#8221; _builder_version=&#8221;4.4.6&#8243;][\/et_pb_image][et_pb_text _builder_version=&#8221;4.4.6&#8243; width=&#8221;86%&#8221; module_alignment=&#8221;center&#8221;]<\/p>\n<p style=\"text-align: center;\">Seguimos JUNTOS APARTE!<\/p>\n<p>[\/et_pb_text][et_pb_text _builder_version=&#8221;4.4.6&#8243; width=&#8221;86%&#8221; module_alignment=&#8221;center&#8221; box_shadow_style=&#8221;preset1&#8243;]<\/p>\n<p style=\"text-align: center;\"><strong>We continue to be TOGETHER APART!<\/strong><\/p>\n<p>[\/et_pb_text][et_pb_text _builder_version=&#8221;4.4.6&#8243; width=&#8221;86%&#8221; module_alignment=&#8221;center&#8221;]<\/p>\n<p style=\"text-align: center;\">Canal Virtual JUNTOS APARTE 2020:<br \/>Memoria, frontera, integraci\u00f3n.<\/p>\n<p>[\/et_pb_text][et_pb_text _builder_version=&#8221;4.4.6&#8243; width=&#8221;86%&#8221; module_alignment=&#8221;center&#8221; box_shadow_style=&#8221;preset1&#8243;]<\/p>\n<p style=\"text-align: center;\"><strong>Virtual Channel JUNTOS APARTE 2020:<\/strong><br \/><strong>Memory, Border, Integration<\/strong><\/p>\n<p>[\/et_pb_text][\/et_pb_column][\/et_pb_row][\/et_pb_section][et_pb_section fb_built=&#8221;1&#8243; _builder_version=&#8221;4.4.6&#8243; da_disable_devices=&#8221;off|off|off&#8221; da_is_popup=&#8221;off&#8221; da_exit_intent=&#8221;off&#8221; da_has_close=&#8221;on&#8221; da_alt_close=&#8221;off&#8221; da_dark_close=&#8221;off&#8221; da_not_modal=&#8221;on&#8221; da_is_singular=&#8221;off&#8221; da_with_loader=&#8221;off&#8221; da_has_shadow=&#8221;on&#8221;][et_pb_row _builder_version=&#8221;4.4.6&#8243;][et_pb_column type=&#8221;4_4&#8243; _builder_version=&#8221;4.4.6&#8243;][et_pb_text module_id=&#8221;link_web&#8221; _builder_version=&#8221;4.4.6&#8243; text_font=&#8221;|600|||||||&#8221; text_text_color=&#8221;#D95F68&#8243; text_font_size=&#8221;22px&#8221;]<\/p>\n<p style=\"text-align: center;\"><strong>www.juntosaparte.com<\/strong><\/p>\n<p>[\/et_pb_text][et_pb_text _builder_version=&#8221;4.4.6&#8243; text_font=&#8221;|700|||||||&#8221; text_text_color=&#8221;#474747&#8243; width=&#8221;65%&#8221; width_tablet=&#8221;100%&#8221; width_phone=&#8221;&#8221; width_last_edited=&#8221;on|phone&#8221; module_alignment=&#8221;center&#8221; custom_padding=&#8221;|0px||0px||true&#8221;]<\/p>\n<p style=\"text-align: center;\">Este proyecto fue posible gracias al generoso apoyo del pueblo de Estados Unidos a trav\u00e9s de su Agencia para el Desarrollo Internacional (USAID). Los contenidos son responsabilidad de la Fundaci\u00f3n EL PILAR y no necesariamente reflejan las opiniones de USAID o del gobierno de Estados Unidos.<\/p>\n<p>[\/et_pb_text][et_pb_image src=&#8221;https:\/\/juntosaparte.com\/web\/wp-content\/uploads\/2020\/06\/logos-misionales.png&#8221; title_text=&#8221;logos misionales&#8221; align=&#8221;center&#8221; _builder_version=&#8221;4.4.6&#8243; width=&#8221;45%&#8221; width_tablet=&#8221;70%&#8221; width_phone=&#8221;85%&#8221; width_last_edited=&#8221;on|phone&#8221;][\/et_pb_image][\/et_pb_column][\/et_pb_row][\/et_pb_section][et_pb_section fb_built=&#8221;1&#8243; module_id=&#8221;articulo1&#8243; module_class=&#8221;popup&#8221; _builder_version=&#8221;4.4.6&#8243; da_is_popup=&#8221;on&#8221; da_popup_slug=&#8221;articulo1&#8243; da_disable_devices=&#8221;off|off|off&#8221; da_exit_intent=&#8221;off&#8221; da_has_close=&#8221;on&#8221; da_alt_close=&#8221;off&#8221; da_dark_close=&#8221;off&#8221; da_not_modal=&#8221;on&#8221; da_is_singular=&#8221;off&#8221; da_with_loader=&#8221;off&#8221; da_has_shadow=&#8221;on&#8221;][et_pb_row _builder_version=&#8221;4.4.6&#8243;][et_pb_column type=&#8221;4_4&#8243; _builder_version=&#8221;4.4.6&#8243;][et_pb_video src=&#8221;https:\/\/www.youtube.com\/watch?v=vDSyRbZYB5o&#8221; thumbnail_overlay_color=&#8221;rgba(0,0,0,0.6)&#8221; _builder_version=&#8221;4.4.6&#8243; width=&#8221;85%&#8221; module_alignment=&#8221;center&#8221;][\/et_pb_video][\/et_pb_column][\/et_pb_row][et_pb_row _builder_version=&#8221;4.4.6&#8243;][et_pb_column type=&#8221;4_4&#8243; _builder_version=&#8221;4.4.6&#8243;][et_pb_text _builder_version=&#8221;4.4.6&#8243; width=&#8221;86%&#8221; module_alignment=&#8221;center&#8221; box_shadow_style=&#8221;preset1&#8243;]<\/p>\n<p style=\"text-align: justify;\"><strong>Polen Imagen Audiovisual is an exponent of professional rigor, sharpness and creativity for audiovisual production in the border. They took charge of the official spot of JUNTOS APARTE 2019 which included an animation by the director Josu\u00e9 Jaramillo, local standard bearer of the stop-motion technique.<\/strong><\/p>\n<p>[\/et_pb_text][\/et_pb_column][\/et_pb_row][et_pb_row _builder_version=&#8221;4.4.6&#8243;][et_pb_column type=&#8221;4_4&#8243; _builder_version=&#8221;4.4.6&#8243;][et_pb_video src=&#8221;https:\/\/www.youtube.com\/watch?v=TLjkwXuyNLo&#8221; thumbnail_overlay_color=&#8221;rgba(0,0,0,0.6)&#8221; _builder_version=&#8221;4.4.6&#8243; width=&#8221;85%&#8221; module_alignment=&#8221;center&#8221;][\/et_pb_video][\/et_pb_column][\/et_pb_row][et_pb_row _builder_version=&#8221;4.4.6&#8243;][et_pb_column type=&#8221;4_4&#8243; _builder_version=&#8221;4.4.6&#8243;][et_pb_text _builder_version=&#8221;4.4.6&#8243; width=&#8221;86%&#8221; module_alignment=&#8221;center&#8221; box_shadow_style=&#8221;preset1&#8243;]<\/p>\n<p style=\"text-align: justify;\"><strong>Radiante, the pioneer of electronic music in the region, composed the song Camino del sol in response to the closure of the Colombian-Venezuelan border in 2015. Since then, this mixture of electronics, native sounds and border roots is the official soundtrack of JUNTOS APARTE.<\/strong><\/p>\n<p>[\/et_pb_text][\/et_pb_column][\/et_pb_row][et_pb_row _builder_version=&#8221;4.4.6&#8243;][et_pb_column type=&#8221;4_4&#8243; _builder_version=&#8221;4.4.6&#8243;][et_pb_video src=&#8221;https:\/\/www.youtube.com\/watch?v=ihNq57MmC6k&#8221; thumbnail_overlay_color=&#8221;rgba(0,0,0,0.6)&#8221; _builder_version=&#8221;4.4.6&#8243; width=&#8221;85%&#8221; module_alignment=&#8221;center&#8221;][\/et_pb_video][\/et_pb_column][\/et_pb_row][et_pb_row _builder_version=&#8221;4.4.6&#8243;][et_pb_column type=&#8221;4_4&#8243; _builder_version=&#8221;4.4.6&#8243;][et_pb_text _builder_version=&#8221;4.4.6&#8243; width=&#8221;86%&#8221; module_alignment=&#8221;center&#8221; box_shadow_style=&#8221;preset1&#8243;]<\/p>\n<p style=\"text-align: justify;\"><strong>Rapper Ahiman is an icon of creative resistance, urban culture, and youth empowerment in C\u00facuta and the border. His concert at the Monumento a Cristo Rey closed JUNTOS APARTE 2017 and his performance in 2019 opened the memorial intervention Voices to Transform Colombia.<\/strong><\/p>\n<p>[\/et_pb_text][\/et_pb_column][\/et_pb_row][et_pb_row _builder_version=&#8221;4.4.6&#8243;][et_pb_column type=&#8221;4_4&#8243; _builder_version=&#8221;4.4.6&#8243;][et_pb_video src=&#8221;https:\/\/www.youtube.com\/watch?v=iPt8wQiraKw&#8221; thumbnail_overlay_color=&#8221;rgba(0,0,0,0.6)&#8221; _builder_version=&#8221;4.4.6&#8243; width=&#8221;85%&#8221; module_alignment=&#8221;center&#8221;][\/et_pb_video][\/et_pb_column][\/et_pb_row][et_pb_row _builder_version=&#8221;4.4.6&#8243;][et_pb_column type=&#8221;4_4&#8243; _builder_version=&#8221;4.4.6&#8243;][et_pb_text _builder_version=&#8221;4.4.6&#8243; width=&#8221;86%&#8221; module_alignment=&#8221;center&#8221; box_shadow_style=&#8221;preset1&#8243;]<\/p>\n<p style=\"text-align: justify;\"><strong>The women of La Siembra, mother and daughters, are a model of creative and familiar role among the artistic community and the civil militancy of C\u00facuta. Their live performance at the opening of JUNTOS APARTE 2019 offered a powerful repertoire that began with the already emblematic Canci\u00f3n peregrina.<\/strong><\/p>\n<p>[\/et_pb_text][\/et_pb_column][\/et_pb_row][et_pb_row _builder_version=&#8221;4.4.6&#8243;][et_pb_column type=&#8221;4_4&#8243; _builder_version=&#8221;4.4.6&#8243;][et_pb_video src=&#8221;https:\/\/www.youtube.com\/watch?v=Ii7KZN_-UXM&#8221; thumbnail_overlay_color=&#8221;rgba(0,0,0,0.6)&#8221; _builder_version=&#8221;4.4.6&#8243; width=&#8221;85%&#8221; module_alignment=&#8221;center&#8221;][\/et_pb_video][\/et_pb_column][\/et_pb_row][et_pb_row _builder_version=&#8221;4.4.6&#8243;][et_pb_column type=&#8221;4_4&#8243; _builder_version=&#8221;4.4.6&#8243;][et_pb_text _builder_version=&#8221;4.4.6&#8243; width=&#8221;86%&#8221; module_alignment=&#8221;center&#8221; box_shadow_style=&#8221;preset1&#8243;]<\/p>\n<p style=\"text-align: justify;\"><strong>The shoes and accessories of the Cucuta-based company MUSSI are appreciated by women all over Colombia. Since it was just an idea, MUSSI believed in JUNTOS APARTE, leading them to develop special editions of shoes in 2017 and 2019, in collaboration with local artist Wilmer Useche.<\/strong><\/p>\n<p>[\/et_pb_text][\/et_pb_column][\/et_pb_row][et_pb_row _builder_version=&#8221;4.4.6&#8243;][et_pb_column type=&#8221;4_4&#8243; _builder_version=&#8221;4.4.6&#8243;][et_pb_video src=&#8221;https:\/\/www.youtube.com\/watch?v=SOZHdNYAnl0&#8243; thumbnail_overlay_color=&#8221;rgba(0,0,0,0.6)&#8221; _builder_version=&#8221;4.4.6&#8243; width=&#8221;85%&#8221; module_alignment=&#8221;center&#8221;][\/et_pb_video][et_pb_text _builder_version=&#8221;4.4.6&#8243; width=&#8221;86%&#8221; module_alignment=&#8221;center&#8221; box_shadow_style=&#8221;preset1&#8243;]<\/p>\n<p style=\"text-align: justify;\"><strong>Los zapatos y accesorios de la empresa cucute\u00f1a @MUSSI Calzados y Moda son apreciados por mujeres en todo Colombia. Desde que era solo una idea, MUSSI crey\u00f3 en JUNTOS APARTE, llev\u00e1ndolos a desarrollar ediciones especiales de zapatos en 2017 y 2019, en colaboraci\u00f3n con el artista local Wilmer Leonardo Useche.<\/strong><\/p>\n<p>[\/et_pb_text][\/et_pb_column][\/et_pb_row][et_pb_row _builder_version=&#8221;4.4.6&#8243;][et_pb_column type=&#8221;4_4&#8243; _builder_version=&#8221;4.4.6&#8243;][et_pb_video src=&#8221;https:\/\/www.youtube.com\/watch?v=IyZvpgj0HoM&#8221; thumbnail_overlay_color=&#8221;rgba(0,0,0,0.6)&#8221; _builder_version=&#8221;4.4.6&#8243; width=&#8221;85%&#8221; module_alignment=&#8221;center&#8221;][\/et_pb_video][\/et_pb_column][\/et_pb_row][et_pb_row _builder_version=&#8221;4.4.6&#8243;][et_pb_column type=&#8221;4_4&#8243; _builder_version=&#8221;4.4.6&#8243;][et_pb_text _builder_version=&#8221;4.4.6&#8243; width=&#8221;86%&#8221; module_alignment=&#8221;center&#8221; box_shadow_style=&#8221;preset1&#8243;]<\/p>\n<p style=\"text-align: justify;\"><strong>Gemelli&#8217;s custom-made shirts and fabrics, in addition to representing an outstanding family enterprise, are synonymous with tact and comfort. We were glad to verify this at JUNTOS APARTE 2019, thanks to the uniforms that they prepared for our Support Committee.<\/strong><\/p>\n<p>[\/et_pb_text][\/et_pb_column][\/et_pb_row][et_pb_row _builder_version=&#8221;4.4.6&#8243;][et_pb_column type=&#8221;4_4&#8243; _builder_version=&#8221;4.4.6&#8243;][et_pb_video src=&#8221;https:\/\/www.youtube.com\/watch?v=HSlkosm2NQI&#8221; thumbnail_overlay_color=&#8221;rgba(0,0,0,0.6)&#8221; _builder_version=&#8221;4.4.6&#8243; width=&#8221;85%&#8221; module_alignment=&#8221;center&#8221;][\/et_pb_video][\/et_pb_column][\/et_pb_row][et_pb_row _builder_version=&#8221;4.4.6&#8243;][et_pb_column type=&#8221;4_4&#8243; _builder_version=&#8221;4.4.6&#8243;][et_pb_text _builder_version=&#8221;4.4.6&#8243; width=&#8221;86%&#8221; module_alignment=&#8221;center&#8221; box_shadow_style=&#8221;preset1&#8243;]<\/p>\n<p style=\"text-align: justify;\"><strong>The writer, artist and researcher Juan Carvajal Franklin has been with JUNTOS APARTE since its inception. His brief and exceptional publication La casa en la frontera, developed with our ally UNIMINUTO, was the start of a journey that includes installations, conferences, books and even a boat.<\/strong><\/p>\n<p>[\/et_pb_text][\/et_pb_column][\/et_pb_row][et_pb_row _builder_version=&#8221;4.4.6&#8243;][et_pb_column type=&#8221;4_4&#8243; _builder_version=&#8221;4.4.6&#8243;][et_pb_video src=&#8221;https:\/\/www.youtube.com\/watch?v=L1y5Fw51Tns&#8221; thumbnail_overlay_color=&#8221;rgba(0,0,0,0.6)&#8221; _builder_version=&#8221;4.4.6&#8243; width=&#8221;85%&#8221; module_alignment=&#8221;center&#8221;][\/et_pb_video][\/et_pb_column][\/et_pb_row][et_pb_row _builder_version=&#8221;4.4.6&#8243;][et_pb_column type=&#8221;4_4&#8243; _builder_version=&#8221;4.4.6&#8243;][et_pb_text _builder_version=&#8221;4.4.6&#8243; width=&#8221;86%&#8221; module_alignment=&#8221;center&#8221; box_shadow_style=&#8221;preset1&#8243;]<\/p>\n<p style=\"text-align: justify;\"><strong>The work of CORPATRIMONIO is crucial for the historical and patrimonial review of the border area. The intervention Rastros comunes in JUNTOS APARTE 2019 was the setting for the presentation of their publication El ferrocarril de C\u00facuta, sensible and lucid treaty for the recovery of this regional symbol.<\/strong><\/p>\n<p>[\/et_pb_text][\/et_pb_column][\/et_pb_row][et_pb_row _builder_version=&#8221;4.4.6&#8243;][et_pb_column type=&#8221;4_4&#8243; _builder_version=&#8221;4.4.6&#8243;][et_pb_video src=&#8221;https:\/\/www.youtube.com\/watch?v=-3eBymtkoW4&#8243; thumbnail_overlay_color=&#8221;rgba(0,0,0,0.6)&#8221; _builder_version=&#8221;4.4.6&#8243; width=&#8221;85%&#8221; module_alignment=&#8221;center&#8221;][\/et_pb_video][\/et_pb_column][\/et_pb_row][et_pb_row _builder_version=&#8221;4.4.6&#8243;][et_pb_column type=&#8221;4_4&#8243; _builder_version=&#8221;4.4.6&#8243;][et_pb_text _builder_version=&#8221;4.4.6&#8243; width=&#8221;86%&#8221; module_alignment=&#8221;center&#8221; box_shadow_style=&#8221;preset1&#8243;]<\/p>\n<p style=\"text-align: justify;\"><strong>C\u00facuta designer Adriana Contreras is a paradigm of good taste in context, when talking about fashion in the border. In JUNTOS APARTE 2019 her showroom hosted Abris los puentes, the context work of the Argentinian Marcelo Brodsky in collaboration with Juan Pablo Cohen from Cucuta.<\/strong><\/p>\n<p>[\/et_pb_text][\/et_pb_column][\/et_pb_row][et_pb_row _builder_version=&#8221;4.4.6&#8243;][et_pb_column type=&#8221;4_4&#8243; _builder_version=&#8221;4.4.6&#8243;][et_pb_video src=&#8221;https:\/\/www.youtube.com\/watch?v=MkzYrl2bDUQ&#8221; thumbnail_overlay_color=&#8221;rgba(0,0,0,0.6)&#8221; _builder_version=&#8221;4.4.6&#8243; width=&#8221;85%&#8221; module_alignment=&#8221;center&#8221;][\/et_pb_video][et_pb_text _builder_version=&#8221;4.4.6&#8243; width=&#8221;86%&#8221; module_alignment=&#8221;center&#8221; box_shadow_style=&#8221;preset1&#8243;]<\/p>\n<p style=\"text-align: justify;\"><strong>Argentinian artist, photographer and activist Marcelo Brodsky developed a short and prolific residency at JUNTOS APARTE 2019. Intervention on images by local photojournalist Juan Pablo Cohen and on maps from the National General Archive, added to his own documentation of the context.<\/strong><\/p>\n<p>[\/et_pb_text][\/et_pb_column][\/et_pb_row][et_pb_row _builder_version=&#8221;4.4.6&#8243;][et_pb_column type=&#8221;4_4&#8243; _builder_version=&#8221;4.4.6&#8243;][et_pb_video src=&#8221;https:\/\/www.youtube.com\/watch?v=0tIT02lBqD0&#8243; thumbnail_overlay_color=&#8221;rgba(0,0,0,0.6)&#8221; _builder_version=&#8221;4.4.6&#8243; width=&#8221;85%&#8221; module_alignment=&#8221;center&#8221;][\/et_pb_video][\/et_pb_column][\/et_pb_row][et_pb_row _builder_version=&#8221;4.4.6&#8243;][et_pb_column type=&#8221;4_4&#8243; _builder_version=&#8221;4.4.6&#8243;][et_pb_text _builder_version=&#8221;4.4.6&#8243; width=&#8221;86%&#8221; module_alignment=&#8221;center&#8221; box_shadow_style=&#8221;preset1&#8243;]<\/p>\n<p style=\"text-align: justify;\"><strong>The shoe designer Jessi Caballero has reconciled the craft and luxury in her shoes. Her passion for wooden lasts has become a collector&#8217;s obsession. In JUNTOS APARTE 2019 part of those lasts made possible the work Tu huella es el camino by the Mexican artist Betsabe\u00e9 Romero.<\/strong><\/p>\n<p>[\/et_pb_text][\/et_pb_column][\/et_pb_row][\/et_pb_section][et_pb_section fb_built=&#8221;1&#8243; module_id=&#8221;articulo2&#8243; module_class=&#8221;popup&#8221; _builder_version=&#8221;4.4.6&#8243; da_is_popup=&#8221;on&#8221; da_popup_slug=&#8221;articulo2&#8243; da_disable_devices=&#8221;off|off|off&#8221; da_exit_intent=&#8221;off&#8221; da_has_close=&#8221;on&#8221; da_alt_close=&#8221;off&#8221; da_dark_close=&#8221;off&#8221; da_not_modal=&#8221;on&#8221; da_is_singular=&#8221;off&#8221; da_with_loader=&#8221;off&#8221; da_has_shadow=&#8221;on&#8221;][et_pb_row _builder_version=&#8221;4.4.6&#8243;][et_pb_column type=&#8221;4_4&#8243; _builder_version=&#8221;4.4.6&#8243;][et_pb_text _builder_version=&#8221;4.4.6&#8243; width=&#8221;86%&#8221; module_alignment=&#8221;center&#8221;]<\/p>\n<h1 style=\"text-align: center;\"><strong>2017<\/strong><\/h1>\n<p>[\/et_pb_text][\/et_pb_column][\/et_pb_row][et_pb_row column_structure=&#8221;1_4,1_4,1_4,1_4&#8243; use_custom_gutter=&#8221;on&#8221; gutter_width=&#8221;1&#8243; make_equal=&#8221;on&#8221; _builder_version=&#8221;4.4.6&#8243; width=&#8221;100%&#8221; max_width=&#8221;2560px&#8221; module_alignment=&#8221;center&#8221;][et_pb_column type=&#8221;1_4&#8243; _builder_version=&#8221;4.4.6&#8243;][et_pb_image src=&#8221;https:\/\/juntosaparte.com\/web\/wp-content\/uploads\/2020\/09\/1-Conferencia-Antonio-Caro-La-Gran-Colombia-Cucuta-Juntos-Aparte-2017.jpg&#8221; _builder_version=&#8221;4.4.6&#8243;][\/et_pb_image][\/et_pb_column][et_pb_column type=&#8221;1_4&#8243; _builder_version=&#8221;4.4.6&#8243;][et_pb_image src=&#8221;https:\/\/juntosaparte.com\/web\/wp-content\/uploads\/2020\/09\/2-Conferencia-Antonio-Caro-La-Gran-Colombia-Cucuta-Juntos-Aparte-2017.jpg&#8221; _builder_version=&#8221;4.4.6&#8243;][\/et_pb_image][\/et_pb_column][et_pb_column type=&#8221;1_4&#8243; _builder_version=&#8221;4.4.6&#8243;][et_pb_image src=&#8221;https:\/\/juntosaparte.com\/web\/wp-content\/uploads\/2020\/09\/3-Conferencia-Antonio-Caro-La-Gran-Colombia-Cucuta-Juntos-Aparte-2017.jpg&#8221; _builder_version=&#8221;4.4.6&#8243;][\/et_pb_image][\/et_pb_column][et_pb_column type=&#8221;1_4&#8243; _builder_version=&#8221;4.4.6&#8243;][et_pb_image src=&#8221;https:\/\/juntosaparte.com\/web\/wp-content\/uploads\/2020\/09\/4-Conferencia-Antonio-Caro-La-Gran-Colombia-Cucuta-Juntos-Aparte-2017.jpg&#8221; _builder_version=&#8221;4.4.6&#8243;][\/et_pb_image][\/et_pb_column][\/et_pb_row][et_pb_row _builder_version=&#8221;4.4.6&#8243;][et_pb_column type=&#8221;4_4&#8243; _builder_version=&#8221;4.4.6&#8243;][et_pb_video src=&#8221;https:\/\/www.youtube.com\/watch?v=mjyhd0OVEuI&#8221; image_src=&#8221;https:\/\/juntosaparte.com\/web\/wp-content\/uploads\/2020\/09\/covers-videos-2020.jpg&#8221; thumbnail_overlay_color=&#8221;rgba(0,0,0,0.6)&#8221; _builder_version=&#8221;4.4.6&#8243; width=&#8221;85%&#8221; module_alignment=&#8221;center&#8221;][\/et_pb_video][\/et_pb_column][\/et_pb_row][et_pb_row _builder_version=&#8221;4.4.6&#8243;][et_pb_column type=&#8221;4_4&#8243; _builder_version=&#8221;4.4.6&#8243;][et_pb_text _builder_version=&#8221;4.4.6&#8243; width=&#8221;86%&#8221; module_alignment=&#8221;center&#8221; box_shadow_style=&#8221;preset1&#8243;]<\/p>\n<p style=\"text-align: justify;\"><strong>A conversation with citizens from Colombia, Venezuela, Ecuador and Panama gave shape in JUNTOS APARTE 2017 to the first installment of the trilogy La Gran Colombia, an update of the ongoing project begun in 1998 by Colombian conceptual art pioneer Antonio Caro.<\/strong><\/p>\n<p>[\/et_pb_text][\/et_pb_column][\/et_pb_row][et_pb_row column_structure=&#8221;1_4,1_4,1_4,1_4&#8243; use_custom_gutter=&#8221;on&#8221; gutter_width=&#8221;1&#8243; make_equal=&#8221;on&#8221; _builder_version=&#8221;4.4.6&#8243; width=&#8221;100%&#8221; max_width=&#8221;2560px&#8221; module_alignment=&#8221;center&#8221;][et_pb_column type=&#8221;1_4&#8243; _builder_version=&#8221;4.4.6&#8243;][et_pb_image src=&#8221;https:\/\/juntosaparte.com\/web\/wp-content\/uploads\/2020\/09\/1-Conferencia-Pedro-Medina-Auditorio-Eduardo-Cote-Lamus-Cucuta-Juntos-Aparte-2017.jpg&#8221; _builder_version=&#8221;4.4.6&#8243;][\/et_pb_image][\/et_pb_column][et_pb_column type=&#8221;1_4&#8243; _builder_version=&#8221;4.4.6&#8243;][et_pb_image src=&#8221;https:\/\/juntosaparte.com\/web\/wp-content\/uploads\/2020\/09\/2-Conferencia-Pedro-Medina-Auditorio-Eduardo-Cote-Lamus-Cucuta-Juntos-Aparte-2017.jpg&#8221; _builder_version=&#8221;4.4.6&#8243;][\/et_pb_image][\/et_pb_column][et_pb_column type=&#8221;1_4&#8243; _builder_version=&#8221;4.4.6&#8243;][et_pb_image src=&#8221;https:\/\/juntosaparte.com\/web\/wp-content\/uploads\/2020\/09\/3-Conferencia-Pedro-Medina-Auditorio-Eduardo-Cote-Lamus-Cucuta-Juntos-Aparte-2017.jpg&#8221; _builder_version=&#8221;4.4.6&#8243;][\/et_pb_image][\/et_pb_column][et_pb_column type=&#8221;1_4&#8243; _builder_version=&#8221;4.4.6&#8243;][et_pb_image src=&#8221;https:\/\/juntosaparte.com\/web\/wp-content\/uploads\/2020\/09\/4-Conferencia-Pedro-Medina-Auditorio-Eduardo-Cote-Lamus-Cucuta-Juntos-Aparte-2017.jpg&#8221; _builder_version=&#8221;4.4.6&#8243;][\/et_pb_image][\/et_pb_column][\/et_pb_row][et_pb_row _builder_version=&#8221;4.4.6&#8243;][et_pb_column type=&#8221;4_4&#8243; _builder_version=&#8221;4.4.6&#8243;][et_pb_video src=&#8221;https:\/\/www.youtube.com\/watch?v=BRRbKZuhxeA&#8221; image_src=&#8221;https:\/\/juntosaparte.com\/web\/wp-content\/uploads\/2020\/09\/covers-videos-2020-azul.png&#8221; thumbnail_overlay_color=&#8221;rgba(0,0,0,0.6)&#8221; _builder_version=&#8221;4.4.6&#8243; width=&#8221;85%&#8221; module_alignment=&#8221;center&#8221;][\/et_pb_video][\/et_pb_column][\/et_pb_row][et_pb_row _builder_version=&#8221;4.4.6&#8243;][et_pb_column type=&#8221;4_4&#8243; _builder_version=&#8221;4.4.6&#8243;][et_pb_text _builder_version=&#8221;4.4.6&#8243; width=&#8221;86%&#8221; module_alignment=&#8221;center&#8221; box_shadow_style=&#8221;preset1&#8243;]<\/p>\n<p style=\"text-align: justify;\"><strong>The motivator Pedro Medina shared in JUNTOS APARTE 2017 a renewed vision of the border as a territory for innovation and creativity. His conference #IBelieveInTheBorder claimed human and cultural crossings as potential for transformation amid complexity.<\/strong><br \/><strong>Thanks to #YoCreoEnColombia<\/strong><\/p>\n<p>[\/et_pb_text][\/et_pb_column][\/et_pb_row][et_pb_row column_structure=&#8221;1_4,1_4,1_4,1_4&#8243; use_custom_gutter=&#8221;on&#8221; gutter_width=&#8221;1&#8243; make_equal=&#8221;on&#8221; _builder_version=&#8221;4.4.6&#8243; width=&#8221;100%&#8221; max_width=&#8221;2560px&#8221; module_alignment=&#8221;center&#8221;][et_pb_column type=&#8221;1_4&#8243; _builder_version=&#8221;4.4.6&#8243;][et_pb_image src=&#8221;https:\/\/juntosaparte.com\/web\/wp-content\/uploads\/2020\/09\/1-Conferencia-Boaventura-de-Souza-Teatro-Zulima-Cucuta-Juntos-Aparte-2017.jpg&#8221; _builder_version=&#8221;4.4.6&#8243;][\/et_pb_image][\/et_pb_column][et_pb_column type=&#8221;1_4&#8243; _builder_version=&#8221;4.4.6&#8243;][et_pb_image src=&#8221;https:\/\/juntosaparte.com\/web\/wp-content\/uploads\/2020\/09\/2-Conferencia-Boaventura-de-Souza-Teatro-Zulima-Cucuta-Juntos-Aparte-2017.jpg&#8221; _builder_version=&#8221;4.4.6&#8243;][\/et_pb_image][\/et_pb_column][et_pb_column type=&#8221;1_4&#8243; _builder_version=&#8221;4.4.6&#8243;][et_pb_image src=&#8221;https:\/\/juntosaparte.com\/web\/wp-content\/uploads\/2020\/09\/3-Conferencia-Boaventura-de-Souza-Teatro-Zulima-Cucuta-Juntos-Aparte-2017.jpg&#8221; _builder_version=&#8221;4.4.6&#8243;][\/et_pb_image][\/et_pb_column][et_pb_column type=&#8221;1_4&#8243; _builder_version=&#8221;4.4.6&#8243;][et_pb_image src=&#8221;https:\/\/juntosaparte.com\/web\/wp-content\/uploads\/2020\/09\/4-Conferencia-Boaventura-de-Souza-Teatro-Zulima-Cucuta-Juntos-Aparte-2017.jpg&#8221; _builder_version=&#8221;4.4.6&#8243;][\/et_pb_image][\/et_pb_column][\/et_pb_row][et_pb_row _builder_version=&#8221;4.4.6&#8243;][et_pb_column type=&#8221;4_4&#8243; _builder_version=&#8221;4.4.6&#8243;][et_pb_video src=&#8221;https:\/\/www.youtube.com\/watch?v=ACJ1d3S4lbQ&#8221; image_src=&#8221;https:\/\/juntosaparte.com\/web\/wp-content\/uploads\/2020\/09\/boa-covers-videos-2020.jpg&#8221; thumbnail_overlay_color=&#8221;rgba(0,0,0,0.6)&#8221; _builder_version=&#8221;4.4.6&#8243; width=&#8221;85%&#8221; module_alignment=&#8221;center&#8221;][\/et_pb_video][\/et_pb_column][\/et_pb_row][et_pb_row _builder_version=&#8221;4.4.6&#8243;][et_pb_column type=&#8221;4_4&#8243; _builder_version=&#8221;4.4.6&#8243;][et_pb_text _builder_version=&#8221;4.4.6&#8243; width=&#8221;86%&#8221; module_alignment=&#8221;center&#8221; box_shadow_style=&#8221;preset1&#8243;]<\/p>\n<p style=\"text-align: justify;\"><strong>The renowned sociologist Boaventura de Sousa Santos put his paradigmatic Epistemologies of the South into a border and citizenship context in his conference for JUNTOS APARTE 2017. The emblematic Zulima Theater was the stage for a positive resignification of C\u00facuta within the global cartography.<\/strong><br \/><strong>Thanks to Fundaci\u00f3n Cer\u00e1mica Italia<\/strong><\/p>\n<p>[\/et_pb_text][\/et_pb_column][\/et_pb_row][et_pb_row column_structure=&#8221;1_4,1_4,1_4,1_4&#8243; use_custom_gutter=&#8221;on&#8221; gutter_width=&#8221;1&#8243; make_equal=&#8221;on&#8221; _builder_version=&#8221;4.4.6&#8243; width=&#8221;100%&#8221; max_width=&#8221;2560px&#8221; module_alignment=&#8221;center&#8221;][et_pb_column type=&#8221;1_4&#8243; _builder_version=&#8221;4.4.6&#8243;][et_pb_image src=&#8221;https:\/\/juntosaparte.com\/web\/wp-content\/uploads\/2020\/09\/1-La-Casa-en-la-frontera-Juan-Carvajal-Franklin-UNIMUNUTO-Cucuta-Juntos-Aparte-2017.jpg&#8221; _builder_version=&#8221;4.4.6&#8243; hover_enabled=&#8221;0&#8243;][\/et_pb_image][\/et_pb_column][et_pb_column type=&#8221;1_4&#8243; _builder_version=&#8221;4.4.6&#8243;][et_pb_image src=&#8221;https:\/\/juntosaparte.com\/web\/wp-content\/uploads\/2020\/09\/2-La-Casa-en-la-frontera-Juan-Carvajal-Franklin-UNIMUNUTO-Cucuta-Juntos-Aparte-2017.jpg&#8221; _builder_version=&#8221;4.4.6&#8243; hover_enabled=&#8221;0&#8243;][\/et_pb_image][\/et_pb_column][et_pb_column type=&#8221;1_4&#8243; _builder_version=&#8221;4.4.6&#8243;][et_pb_image src=&#8221;https:\/\/juntosaparte.com\/web\/wp-content\/uploads\/2020\/09\/3-La-Casa-en-la-frontera-Juan-Carvajal-Franklin-UNIMUNUTO-Cucuta-Juntos-Aparte-2017.jpg&#8221; _builder_version=&#8221;4.4.6&#8243; hover_enabled=&#8221;0&#8243;][\/et_pb_image][\/et_pb_column][et_pb_column type=&#8221;1_4&#8243; _builder_version=&#8221;4.4.6&#8243;][et_pb_image src=&#8221;https:\/\/juntosaparte.com\/web\/wp-content\/uploads\/2020\/09\/4-La-Casa-en-la-frontera-Juan-Carvajal-Franklin-UNIMUNUTO-Cucuta-Juntos-Aparte-2017.jpg&#8221; _builder_version=&#8221;4.4.6&#8243; hover_enabled=&#8221;0&#8243;][\/et_pb_image][\/et_pb_column][\/et_pb_row][et_pb_row _builder_version=&#8221;4.4.6&#8243;][et_pb_column type=&#8221;4_4&#8243; _builder_version=&#8221;4.4.6&#8243;][et_pb_video src=&#8221;https:\/\/www.youtube.com\/watch?v=dlNJ_dmbKT4&#8243; thumbnail_overlay_color=&#8221;rgba(0,0,0,0.6)&#8221; _builder_version=&#8221;4.4.6&#8243; width=&#8221;85%&#8221; module_alignment=&#8221;center&#8221; hover_enabled=&#8221;0&#8243; image_src=&#8221;https:\/\/juntosaparte.com\/web\/wp-content\/uploads\/2020\/09\/covers-videos-2020-uniminuto.jpg&#8221;][\/et_pb_video][\/et_pb_column][\/et_pb_row][et_pb_row _builder_version=&#8221;4.4.6&#8243;][et_pb_column type=&#8221;4_4&#8243; _builder_version=&#8221;4.4.6&#8243;][et_pb_text _builder_version=&#8221;4.4.6&#8243; width=&#8221;86%&#8221; module_alignment=&#8221;center&#8221; box_shadow_style=&#8221;preset1&#8243;]<\/p>\n<p style=\"text-align: justify;\"><strong>Cucuta writer, artist and researcher Juan Carvajal expanded his publishing project La casa en la frontera in JUNTOS APARTE 2017. An installation, video art and a conference at UNIMINUTO&#8217;s headquarters expanded and updated this relevant historical reconstruction of the Maracaibo Lake Basin.<\/strong><br \/><strong>Thanks to UNIMINUTO<\/strong><\/p>\n<p>[\/et_pb_text][et_pb_image src=&#8221;https:\/\/juntosaparte.com\/web\/wp-content\/uploads\/2020\/06\/uniminuto.png&#8221; title_text=&#8221;uniminuto&#8221; align=&#8221;center&#8221; _builder_version=&#8221;4.4.6&#8243; width=&#8221;87%&#8221;][\/et_pb_image][\/et_pb_column][\/et_pb_row][et_pb_row _builder_version=&#8221;4.4.6&#8243;][et_pb_column type=&#8221;4_4&#8243; _builder_version=&#8221;4.4.6&#8243;][et_pb_text _builder_version=&#8221;4.4.6&#8243; width=&#8221;86%&#8221; module_alignment=&#8221;center&#8221;]<\/p>\n<h1 style=\"text-align: center;\"><strong>2019<\/strong><\/h1>\n<p>[\/et_pb_text][\/et_pb_column][\/et_pb_row][et_pb_row column_structure=&#8221;1_4,1_4,1_4,1_4&#8243; use_custom_gutter=&#8221;on&#8221; gutter_width=&#8221;1&#8243; make_equal=&#8221;on&#8221; _builder_version=&#8221;4.4.6&#8243; width=&#8221;100%&#8221; max_width=&#8221;2560px&#8221; module_alignment=&#8221;center&#8221;][et_pb_column type=&#8221;1_4&#8243; _builder_version=&#8221;4.4.6&#8243;][et_pb_image src=&#8221;https:\/\/juntosaparte.com\/web\/wp-content\/uploads\/2020\/09\/1-Mesa-Redonda-Auditorio-Eduardo-Cote-Lamus-Cucuta-Juntos-Aparte-2019.jpg&#8221; _builder_version=&#8221;4.4.6&#8243; hover_enabled=&#8221;0&#8243;][\/et_pb_image][\/et_pb_column][et_pb_column type=&#8221;1_4&#8243; _builder_version=&#8221;4.4.6&#8243;][et_pb_image src=&#8221;https:\/\/juntosaparte.com\/web\/wp-content\/uploads\/2020\/09\/2-Mesa-Redonda-Auditorio-Eduardo-Cote-Lamus-Cucuta-Juntos-Aparte-2019.jpg&#8221; _builder_version=&#8221;4.4.6&#8243; hover_enabled=&#8221;0&#8243;][\/et_pb_image][\/et_pb_column][et_pb_column type=&#8221;1_4&#8243; _builder_version=&#8221;4.4.6&#8243;][et_pb_image src=&#8221;https:\/\/juntosaparte.com\/web\/wp-content\/uploads\/2020\/09\/3-Mesa-Redonda-Auditorio-Eduardo-Cote-Lamus-Cucuta-Juntos-Aparte-2019.jpg&#8221; _builder_version=&#8221;4.4.6&#8243; hover_enabled=&#8221;0&#8243;][\/et_pb_image][\/et_pb_column][et_pb_column type=&#8221;1_4&#8243; _builder_version=&#8221;4.4.6&#8243;][et_pb_image src=&#8221;https:\/\/juntosaparte.com\/web\/wp-content\/uploads\/2020\/09\/4-Mesa-Redonda-Auditorio-Eduardo-Cote-Lamus-Cucuta-Juntos-Aparte-2019.jpg&#8221; _builder_version=&#8221;4.4.6&#8243; hover_enabled=&#8221;0&#8243;][\/et_pb_image][\/et_pb_column][\/et_pb_row][et_pb_row _builder_version=&#8221;4.4.6&#8243;][et_pb_column type=&#8221;4_4&#8243; _builder_version=&#8221;4.4.6&#8243;][et_pb_video src=&#8221;https:\/\/www.youtube.com\/watch?v=X4aBUOrDueI&#8221; thumbnail_overlay_color=&#8221;rgba(0,0,0,0.6)&#8221; _builder_version=&#8221;4.4.6&#8243; width=&#8221;85%&#8221; module_alignment=&#8221;center&#8221; hover_enabled=&#8221;0&#8243; image_src=&#8221;https:\/\/juntosaparte.com\/web\/wp-content\/uploads\/2020\/09\/mesa-covers-videos-2020-azul.png&#8221;][\/et_pb_video][\/et_pb_column][\/et_pb_row][et_pb_row _builder_version=&#8221;4.4.6&#8243;][et_pb_column type=&#8221;4_4&#8243; _builder_version=&#8221;4.4.6&#8243;][et_pb_text _builder_version=&#8221;4.4.6&#8243; width=&#8221;86%&#8221; module_alignment=&#8221;center&#8221; box_shadow_style=&#8221;preset1&#8243;]<\/p>\n<p style=\"text-align: justify;\"><strong>Professor Mario Zambrano, researcher Kenny Sanguino and civic leader Eduardo Espinel, moderated by the intellectual Esperanza Paredes, addressed in JUNTOS APARTE 2019 the facts and figures that marked the border situation at the time being, offering essential clarifications for its understanding.<\/strong><\/p>\n<p>[\/et_pb_text][\/et_pb_column][\/et_pb_row][et_pb_row column_structure=&#8221;1_4,1_4,1_4,1_4&#8243; use_custom_gutter=&#8221;on&#8221; gutter_width=&#8221;1&#8243; make_equal=&#8221;on&#8221; _builder_version=&#8221;4.4.6&#8243; width=&#8221;100%&#8221; max_width=&#8221;2560px&#8221; module_alignment=&#8221;center&#8221;][et_pb_column type=&#8221;1_4&#8243; _builder_version=&#8221;4.4.6&#8243;][et_pb_image src=&#8221;https:\/\/juntosaparte.com\/web\/wp-content\/uploads\/2020\/09\/1-Jose-Luis-Zu\u00f1iga-Maria-Villacorta-Caminantes-.jpg&#8221; _builder_version=&#8221;4.4.6&#8243; hover_enabled=&#8221;0&#8243;][\/et_pb_image][\/et_pb_column][et_pb_column type=&#8221;1_4&#8243; _builder_version=&#8221;4.4.6&#8243;][et_pb_image src=&#8221;https:\/\/juntosaparte.com\/web\/wp-content\/uploads\/2020\/09\/2-Jose-Luis-Zu\u00f1iga-Maria-Villacorta-Caminantes-de-la-frontera-Espacio-Publico.jpg&#8221; _builder_version=&#8221;4.4.6&#8243; hover_enabled=&#8221;0&#8243;][\/et_pb_image][\/et_pb_column][et_pb_column type=&#8221;1_4&#8243; _builder_version=&#8221;4.4.6&#8243;][et_pb_image src=&#8221;https:\/\/juntosaparte.com\/web\/wp-content\/uploads\/2020\/09\/3-Jose-Luis-Zu\u00f1iga-Maria-Villacorta-Caminantes-de-la-frontera-Espacio-Publico.jpg&#8221; _builder_version=&#8221;4.4.6&#8243; hover_enabled=&#8221;0&#8243;][\/et_pb_image][\/et_pb_column][et_pb_column type=&#8221;1_4&#8243; _builder_version=&#8221;4.4.6&#8243;][et_pb_image src=&#8221;https:\/\/juntosaparte.com\/web\/wp-content\/uploads\/2020\/09\/4-Jose-Luis-Zu\u00f1iga-Maria-Villacorta-Caminantes-de-la-frontera-Espacio-Publico.jpg&#8221; _builder_version=&#8221;4.4.6&#8243; hover_enabled=&#8221;0&#8243;][\/et_pb_image][\/et_pb_column][\/et_pb_row][et_pb_row _builder_version=&#8221;4.4.6&#8243;][et_pb_column type=&#8221;4_4&#8243; _builder_version=&#8221;4.4.6&#8243;][et_pb_video src=&#8221;https:\/\/www.youtube.com\/watch?v=lMqyFl1wVMI&#8221; thumbnail_overlay_color=&#8221;rgba(0,0,0,0.6)&#8221; _builder_version=&#8221;4.4.6&#8243; width=&#8221;85%&#8221; module_alignment=&#8221;center&#8221; hover_enabled=&#8221;0&#8243; image_src=&#8221;https:\/\/juntosaparte.com\/web\/wp-content\/uploads\/2020\/09\/menta-covers-videos-2020-azul.png&#8221;][\/et_pb_video][\/et_pb_column][\/et_pb_row][et_pb_row _builder_version=&#8221;4.4.6&#8243;][et_pb_column type=&#8221;4_4&#8243; _builder_version=&#8221;4.4.6&#8243;][et_pb_text _builder_version=&#8221;4.4.6&#8243; width=&#8221;86%&#8221; module_alignment=&#8221;center&#8221; box_shadow_style=&#8221;preset1&#8243;]<\/p>\n<p style=\"text-align: justify;\"><strong>The second Mental Border Control context laboratory by Melle Smets and Natalia Castillo expanded its urban research at JUNTOS APARTE 2019 including new universities. As a closure, a conversation-happening-exhibition at the Museum of Memory with a special intervention by Luis Camnitzer.<\/strong><\/p>\n<p style=\"text-align: justify;\"><strong>Thanks to the Alliances for Reconciliation Program by USAID and ACDIVOCA, UNIMINUTO, UFPS, Unipamplona, and Alexander and Grey &#8211; New York<\/strong><\/p>\n<p>[\/et_pb_text][\/et_pb_column][\/et_pb_row][et_pb_row column_structure=&#8221;1_4,1_4,1_4,1_4&#8243; use_custom_gutter=&#8221;on&#8221; gutter_width=&#8221;1&#8243; make_equal=&#8221;on&#8221; _builder_version=&#8221;4.4.6&#8243; width=&#8221;100%&#8221; max_width=&#8221;2560px&#8221; module_alignment=&#8221;center&#8221;][et_pb_column type=&#8221;1_4&#8243; _builder_version=&#8221;4.4.6&#8243;][et_pb_image src=&#8221;https:\/\/juntosaparte.com\/web\/wp-content\/uploads\/2020\/09\/1-El-Validadero-Artistico-Estru-esculturas-o-monumentos-de-frontera-Cucuta-Juntos-Aparte-2019.jpg&#8221; _builder_version=&#8221;4.4.6&#8243; hover_enabled=&#8221;0&#8243;][\/et_pb_image][\/et_pb_column][et_pb_column type=&#8221;1_4&#8243; _builder_version=&#8221;4.4.6&#8243;][et_pb_image src=&#8221;https:\/\/juntosaparte.com\/web\/wp-content\/uploads\/2020\/09\/2-El-Validadero-Artistico-Estru-esculturas-o-monumentos-de-frontera-Cucuta-Juntos-Aparte-2019.jpg&#8221; _builder_version=&#8221;4.4.6&#8243; hover_enabled=&#8221;0&#8243;][\/et_pb_image][\/et_pb_column][et_pb_column type=&#8221;1_4&#8243; _builder_version=&#8221;4.4.6&#8243;][et_pb_image src=&#8221;https:\/\/juntosaparte.com\/web\/wp-content\/uploads\/2020\/09\/3-El-Validadero-Artistico-Estru-esculturas-o-monumentos-de-frontera-Cucuta-Juntos-Aparte-2019.jpg&#8221; _builder_version=&#8221;4.4.6&#8243; hover_enabled=&#8221;0&#8243;][\/et_pb_image][\/et_pb_column][et_pb_column type=&#8221;1_4&#8243; _builder_version=&#8221;4.4.6&#8243;][et_pb_image src=&#8221;https:\/\/juntosaparte.com\/web\/wp-content\/uploads\/2020\/09\/4-El-Validadero-Artistico-Estru-esculturas-o-monumentos-de-frontera-Cucuta-Juntos-Aparte-2019.jpg&#8221; _builder_version=&#8221;4.4.6&#8243; hover_enabled=&#8221;0&#8243;][\/et_pb_image][\/et_pb_column][\/et_pb_row][et_pb_row _builder_version=&#8221;4.4.6&#8243;][et_pb_column type=&#8221;4_4&#8243; _builder_version=&#8221;4.4.6&#8243;][et_pb_video src=&#8221;https:\/\/www.youtube.com\/watch?v=EhCqapn1_pU&#8221; thumbnail_overlay_color=&#8221;rgba(0,0,0,0.6)&#8221; _builder_version=&#8221;4.4.6&#8243; width=&#8221;85%&#8221; module_alignment=&#8221;center&#8221; hover_enabled=&#8221;0&#8243; image_src=&#8221;https:\/\/juntosaparte.com\/web\/wp-content\/uploads\/2020\/09\/validadero-covers-videos-2020-azul.png&#8221;][\/et_pb_video][\/et_pb_column][\/et_pb_row][et_pb_row _builder_version=&#8221;4.4.6&#8243;][et_pb_column type=&#8221;4_4&#8243; _builder_version=&#8221;4.4.6&#8243;][et_pb_text _builder_version=&#8221;4.4.6&#8243; width=&#8221;86%&#8221; module_alignment=&#8221;center&#8221; box_shadow_style=&#8221;preset1&#8243;]<\/p>\n<p style=\"text-align: justify;\"><strong>The independent school El Validadero Art\u00edstico included JUNTOS APARTE 2019 in its Inter-Nationalization Program, developing a workshop with its students and with artists from the border, actively participating with their Border Struct-culptures or Monuments in the Brotherhood Caravan.<\/strong><\/p>\n<p>[\/et_pb_text][\/et_pb_column][\/et_pb_row][et_pb_row column_structure=&#8221;1_4,1_4,1_4,1_4&#8243; use_custom_gutter=&#8221;on&#8221; gutter_width=&#8221;1&#8243; make_equal=&#8221;on&#8221; _builder_version=&#8221;4.4.6&#8243; width=&#8221;100%&#8221; max_width=&#8221;2560px&#8221; module_alignment=&#8221;center&#8221;][et_pb_column type=&#8221;1_4&#8243; _builder_version=&#8221;4.4.6&#8243;][et_pb_image src=&#8221;https:\/\/juntosaparte.com\/web\/wp-content\/uploads\/2020\/09\/1-TALL1.jpg&#8221; _builder_version=&#8221;4.4.6&#8243; hover_enabled=&#8221;0&#8243;][\/et_pb_image][\/et_pb_column][et_pb_column type=&#8221;1_4&#8243; _builder_version=&#8221;4.4.6&#8243;][et_pb_image src=&#8221;https:\/\/juntosaparte.com\/web\/wp-content\/uploads\/2020\/09\/2-TALL1.jpg&#8221; _builder_version=&#8221;4.4.6&#8243; hover_enabled=&#8221;0&#8243;][\/et_pb_image][\/et_pb_column][et_pb_column type=&#8221;1_4&#8243; _builder_version=&#8221;4.4.6&#8243;][et_pb_image src=&#8221;https:\/\/juntosaparte.com\/web\/wp-content\/uploads\/2020\/09\/3-TALL1.jpg&#8221; _builder_version=&#8221;4.4.6&#8243; hover_enabled=&#8221;0&#8243;][\/et_pb_image][\/et_pb_column][et_pb_column type=&#8221;1_4&#8243; _builder_version=&#8221;4.4.6&#8243;][et_pb_image src=&#8221;https:\/\/juntosaparte.com\/web\/wp-content\/uploads\/2020\/09\/4-TALL1.jpg&#8221; _builder_version=&#8221;4.4.6&#8243; hover_enabled=&#8221;0&#8243;][\/et_pb_image][\/et_pb_column][\/et_pb_row][et_pb_row _builder_version=&#8221;4.4.6&#8243;][et_pb_column type=&#8221;4_4&#8243; _builder_version=&#8221;4.4.6&#8243;][et_pb_video src=&#8221;https:\/\/www.youtube.com\/watch?v=kz0gMwyMrO4&#8243; thumbnail_overlay_color=&#8221;rgba(0,0,0,0.6)&#8221; _builder_version=&#8221;4.4.6&#8243; width=&#8221;85%&#8221; module_alignment=&#8221;center&#8221; hover_enabled=&#8221;0&#8243; image_src=&#8221;https:\/\/juntosaparte.com\/web\/wp-content\/uploads\/2020\/09\/rastros-covers-videos-2020-azul.png&#8221;][\/et_pb_video][\/et_pb_column][\/et_pb_row][et_pb_row _builder_version=&#8221;4.4.6&#8243;][et_pb_column type=&#8221;4_4&#8243; _builder_version=&#8221;4.4.6&#8243;][et_pb_text _builder_version=&#8221;4.4.6&#8243; width=&#8221;86%&#8221; module_alignment=&#8221;center&#8221; box_shadow_style=&#8221;preset1&#8243;]<\/p>\n<p style=\"text-align: justify;\"><strong>The binational meeting Rastros comunes recovered in JUNTOS APARTE 2019 the stories of the Sal\u00f3n Binacional de Artes and the long awaited C\u00e1tedra Colombia-Venezuela, presented a new collaborative work of Taller el Hueco (CO) and launched the books El ferrocarril de C\u00facuta and La casa en la frontera.<\/strong><br \/><strong>Thanks to UNIMINUTO, Aguas Kpital and CORPATRIMONIO<\/strong><\/p>\n<p>[\/et_pb_text][\/et_pb_column][\/et_pb_row][et_pb_row column_structure=&#8221;1_4,1_4,1_4,1_4&#8243; use_custom_gutter=&#8221;on&#8221; gutter_width=&#8221;1&#8243; make_equal=&#8221;on&#8221; _builder_version=&#8221;4.4.6&#8243; width=&#8221;100%&#8221; max_width=&#8221;2560px&#8221; module_alignment=&#8221;center&#8221;][et_pb_column type=&#8221;1_4&#8243; _builder_version=&#8221;4.4.6&#8243;][et_pb_image src=&#8221;https:\/\/juntosaparte.com\/web\/wp-content\/uploads\/2020\/09\/1-Gabriela-Sierra-Fotografia-y-migracion-Cucuta-Juntos-Aparte-2019-scaled.jpg&#8221; _builder_version=&#8221;4.4.6&#8243; hover_enabled=&#8221;0&#8243;][\/et_pb_image][\/et_pb_column][et_pb_column type=&#8221;1_4&#8243; _builder_version=&#8221;4.4.6&#8243;][et_pb_image src=&#8221;https:\/\/juntosaparte.com\/web\/wp-content\/uploads\/2020\/09\/2-Gabriela-Sierra-Fotografia-y-migracion-Cucuta-Juntos-Aparte-2019-scaled.jpg&#8221; _builder_version=&#8221;4.4.6&#8243; hover_enabled=&#8221;0&#8243;][\/et_pb_image][\/et_pb_column][et_pb_column type=&#8221;1_4&#8243; _builder_version=&#8221;4.4.6&#8243;][et_pb_image src=&#8221;https:\/\/juntosaparte.com\/web\/wp-content\/uploads\/2020\/09\/3-Gabriela-Sierra-Fotografia-y-migracion-Cucuta-Juntos-Aparte-2019-scaled.jpg&#8221; _builder_version=&#8221;4.4.6&#8243; hover_enabled=&#8221;0&#8243;][\/et_pb_image][\/et_pb_column][et_pb_column type=&#8221;1_4&#8243; _builder_version=&#8221;4.4.6&#8243;][et_pb_image src=&#8221;https:\/\/juntosaparte.com\/web\/wp-content\/uploads\/2020\/09\/4-Gabriela-Sierra-Fotografia-y-migracion-Cucuta-Juntos-Aparte-2019-scaled.jpg&#8221; _builder_version=&#8221;4.4.6&#8243; hover_enabled=&#8221;0&#8243;][\/et_pb_image][\/et_pb_column][\/et_pb_row][et_pb_row _builder_version=&#8221;4.4.6&#8243;][et_pb_column type=&#8221;4_4&#8243; _builder_version=&#8221;4.4.6&#8243;][et_pb_video src=&#8221;https:\/\/www.youtube.com\/watch?v=O1p8mT1QAk0&#8243; thumbnail_overlay_color=&#8221;rgba(0,0,0,0.6)&#8221; _builder_version=&#8221;4.4.6&#8243; width=&#8221;85%&#8221; module_alignment=&#8221;center&#8221; hover_enabled=&#8221;0&#8243; image_src=&#8221;https:\/\/juntosaparte.com\/web\/wp-content\/uploads\/2020\/09\/gabriela-covers-videos-2020-azul.png&#8221;][\/et_pb_video][\/et_pb_column][\/et_pb_row][et_pb_row _builder_version=&#8221;4.4.6&#8243;][et_pb_column type=&#8221;4_4&#8243; _builder_version=&#8221;4.4.6&#8243;][et_pb_text _builder_version=&#8221;4.4.6&#8243; width=&#8221;86%&#8221; module_alignment=&#8221;center&#8221; box_shadow_style=&#8221;preset1&#8243;]<\/p>\n<p style=\"text-align: justify;\"><strong>Cucuta born photographer Gabriela Sierra took advantage of her visit to JUNTOS APARTE 2019 to share her mastery of traditional photographic techniques with artists and students, putting her experience as a migrant photojournalist at the service of collective research on local border identity.<\/strong><\/p>\n<p>[\/et_pb_text][\/et_pb_column][\/et_pb_row][et_pb_row column_structure=&#8221;1_4,1_4,1_4,1_4&#8243; use_custom_gutter=&#8221;on&#8221; gutter_width=&#8221;1&#8243; make_equal=&#8221;on&#8221; _builder_version=&#8221;4.4.6&#8243; width=&#8221;100%&#8221; max_width=&#8221;2560px&#8221; module_alignment=&#8221;center&#8221;][et_pb_column type=&#8221;1_4&#8243; _builder_version=&#8221;4.4.6&#8243;][et_pb_image src=&#8221;https:\/\/juntosaparte.com\/web\/wp-content\/uploads\/2020\/09\/1-Antonio-Caro-La-Gran-Colombia-IBES-Cucuta-Juntos-Aparte-2019.jpg&#8221; _builder_version=&#8221;4.4.6&#8243; hover_enabled=&#8221;0&#8243;][\/et_pb_image][\/et_pb_column][et_pb_column type=&#8221;1_4&#8243; _builder_version=&#8221;4.4.6&#8243;][et_pb_image src=&#8221;https:\/\/juntosaparte.com\/web\/wp-content\/uploads\/2020\/09\/2-Antonio-Caro-La-Gran-Colombia-IBES-Cucuta-Juntos-Aparte-2019.jpg&#8221; _builder_version=&#8221;4.4.6&#8243; hover_enabled=&#8221;0&#8243;][\/et_pb_image][\/et_pb_column][et_pb_column type=&#8221;1_4&#8243; _builder_version=&#8221;4.4.6&#8243;][et_pb_image src=&#8221;https:\/\/juntosaparte.com\/web\/wp-content\/uploads\/2020\/09\/3-Antonio-Caro-La-Gran-Colombia-IBES-Cucuta-Juntos-Aparte-2019.jpg&#8221; _builder_version=&#8221;4.4.6&#8243; hover_enabled=&#8221;0&#8243;][\/et_pb_image][\/et_pb_column][et_pb_column type=&#8221;1_4&#8243; _builder_version=&#8221;4.4.6&#8243;][et_pb_image src=&#8221;https:\/\/juntosaparte.com\/web\/wp-content\/uploads\/2020\/09\/4-Antonio-Caro-La-Gran-Colombia-IBES-Cucuta-Juntos-Aparte-2019.jpg&#8221; _builder_version=&#8221;4.4.6&#8243; hover_enabled=&#8221;0&#8243;][\/et_pb_image][\/et_pb_column][\/et_pb_row][et_pb_row _builder_version=&#8221;4.4.6&#8243;][et_pb_column type=&#8221;4_4&#8243; _builder_version=&#8221;4.4.6&#8243;][et_pb_video src=&#8221;https:\/\/www.youtube.com\/watch?v=Ydu56dq6iw4&#8243; thumbnail_overlay_color=&#8221;rgba(0,0,0,0.6)&#8221; _builder_version=&#8221;4.4.6&#8243; width=&#8221;85%&#8221; module_alignment=&#8221;center&#8221; hover_enabled=&#8221;0&#8243; image_src=&#8221;https:\/\/juntosaparte.com\/web\/wp-content\/uploads\/2020\/09\/gran-colomia-covers-videos-2020-azul.png&#8221;][\/et_pb_video][\/et_pb_column][\/et_pb_row][et_pb_row _builder_version=&#8221;4.4.6&#8243;][et_pb_column type=&#8221;4_4&#8243; _builder_version=&#8221;4.4.6&#8243;][et_pb_text _builder_version=&#8221;4.4.6&#8243; width=&#8221;86%&#8221; module_alignment=&#8221;center&#8221; box_shadow_style=&#8221;preset1&#8243;]<\/p>\n<p style=\"text-align: justify;\"><strong>The second installment of Antonio Caro&#8217;s trilogy at JUNTOS APARTE 2019 consisted of a workshop with young people from the border. The result was the collective exhibition Rep\u00fablica Andina, a speculative story about this new country, which updates Gran Colombia from the very place of its birth.<\/strong><\/p>\n<p style=\"text-align: justify;\"><strong>Thanks to IBES<\/strong><\/p>\n<p>[\/et_pb_text][\/et_pb_column][\/et_pb_row][et_pb_row _builder_version=&#8221;4.4.6&#8243;][et_pb_column type=&#8221;4_4&#8243; _builder_version=&#8221;4.4.6&#8243;][et_pb_video src=&#8221;https:\/\/www.youtube.com\/watch?v=MkzYrl2bDUQ&#8221; thumbnail_overlay_color=&#8221;rgba(0,0,0,0.6)&#8221; _builder_version=&#8221;4.4.6&#8243; width=&#8221;85%&#8221; module_alignment=&#8221;center&#8221;][\/et_pb_video][\/et_pb_column][\/et_pb_row][et_pb_row _builder_version=&#8221;4.4.6&#8243;][et_pb_column type=&#8221;4_4&#8243; _builder_version=&#8221;4.4.6&#8243;][et_pb_text _builder_version=&#8221;4.4.6&#8243; width=&#8221;86%&#8221; module_alignment=&#8221;center&#8221; box_shadow_style=&#8221;preset1&#8243;]<\/p>\n<p style=\"text-align: justify;\"><strong>Argentinian artist, photographer and activist Marcelo Brodsky developed a short and prolific residency at JUNTOS APARTE 2019. Intervention on images by local photojournalist Juan Pablo Cohen and on maps from the National General Archive, added to his own documentation of the context.\u00a0<\/strong><\/p>\n<p style=\"text-align: justify;\"><strong>\u00a0Thanks to Fotomilenio, FanLab y Adriana Contreras.<\/strong><\/p>\n<p>[\/et_pb_text][\/et_pb_column][\/et_pb_row][et_pb_row _builder_version=&#8221;4.4.6&#8243;][et_pb_column type=&#8221;4_4&#8243; _builder_version=&#8221;4.4.6&#8243;][et_pb_video src=&#8221;https:\/\/www.youtube.com\/watch?v=ZwaOPK9pOUQ&#8221; thumbnail_overlay_color=&#8221;rgba(0,0,0,0.6)&#8221; _builder_version=&#8221;4.4.6&#8243; width=&#8221;85%&#8221; module_alignment=&#8221;center&#8221;][\/et_pb_video][\/et_pb_column][\/et_pb_row][et_pb_row _builder_version=&#8221;4.4.6&#8243;][et_pb_column type=&#8221;4_4&#8243; _builder_version=&#8221;4.4.6&#8243;][et_pb_text _builder_version=&#8221;4.4.6&#8243; width=&#8221;86%&#8221; module_alignment=&#8221;center&#8221; box_shadow_style=&#8221;preset1&#8243;]<\/p>\n<p style=\"text-align: justify;\"><strong>Learn about the perspective of our partner in the Virtual Channel TOGETHER 2020, the program Alliances for Reconciliation of USAID and ACDIVOCA, on the importance of building border memory forcoexistence in equity in times of health crisis, human mobility and increased dynamics of exclusion.<\/strong><\/p>\n<p>[\/et_pb_text][\/et_pb_column][\/et_pb_row][\/et_pb_section]<\/p>\n<!-- AddThis Advanced Settings generic via filter on the_content --><!-- AddThis Share Buttons generic via filter on the_content -->","protected":false},"excerpt":{"rendered":"<p>After the launch with Diana Wechsler, Felipe Mu\u00f1oz and Andr\u00e9s Gait\u00e1n and the chapter Appropriation and activation of public space, the Virtual Channel JUNTOS APARTE 2020 continues.Discover in Regional Creative Alliance the spaces for collaboration and intersection of JUNTOS APARTE with agents from other creative areas in the border region: from music to fashion, audiovisual, [&hellip;]<\/p>\n<p><!-- AddThis Advanced Settings generic via filter on get_the_excerpt --><!-- AddThis Share Buttons generic via filter on get_the_excerpt --><\/p>\n","protected":false},"author":1,"featured_media":0,"parent":0,"menu_order":0,"comment_status":"closed","ping_status":"closed","template":"","meta":{"_et_pb_use_builder":"on","_et_pb_old_content":"","_et_gb_content_width":"","footnotes":""},"class_list":["post-1407","page","type-page","status-publish","hentry"],"lang":"en","translations":{"en":1407},"pll_sync_post":[],"_links":{"self":[{"href":"https:\/\/juntosaparte.com\/web\/wp-json\/wp\/v2\/pages\/1407","targetHints":{"allow":["GET"]}}],"collection":[{"href":"https:\/\/juntosaparte.com\/web\/wp-json\/wp\/v2\/pages"}],"about":[{"href":"https:\/\/juntosaparte.com\/web\/wp-json\/wp\/v2\/types\/page"}],"author":[{"embeddable":true,"href":"https:\/\/juntosaparte.com\/web\/wp-json\/wp\/v2\/users\/1"}],"replies":[{"embeddable":true,"href":"https:\/\/juntosaparte.com\/web\/wp-json\/wp\/v2\/comments?post=1407"}],"version-history":[{"count":15,"href":"https:\/\/juntosaparte.com\/web\/wp-json\/wp\/v2\/pages\/1407\/revisions"}],"predecessor-version":[{"id":1745,"href":"https:\/\/juntosaparte.com\/web\/wp-json\/wp\/v2\/pages\/1407\/revisions\/1745"}],"wp:attachment":[{"href":"https:\/\/juntosaparte.com\/web\/wp-json\/wp\/v2\/media?parent=1407"}],"curies":[{"name":"wp","href":"https:\/\/api.w.org\/{rel}","templated":true}]}}