{"id":1321,"date":"2020-09-07T09:12:56","date_gmt":"2020-09-07T14:12:56","guid":{"rendered":"https:\/\/juntosaparte.com\/web\/?page_id=1321"},"modified":"2020-09-09T11:55:45","modified_gmt":"2020-09-09T16:55:45","slug":"evento-2019","status":"publish","type":"page","link":"https:\/\/juntosaparte.com\/web\/evento-2019\/","title":{"rendered":"2019"},"content":{"rendered":"<p>[et_pb_section fb_built=&#8221;1&#8243; _builder_version=&#8221;4.4.6&#8243; da_disable_devices=&#8221;off|off|off&#8221; da_is_popup=&#8221;off&#8221; da_exit_intent=&#8221;off&#8221; da_has_close=&#8221;on&#8221; da_alt_close=&#8221;off&#8221; da_dark_close=&#8221;off&#8221; da_not_modal=&#8221;on&#8221; da_is_singular=&#8221;off&#8221; da_with_loader=&#8221;off&#8221; da_has_shadow=&#8221;on&#8221;][et_pb_row _builder_version=&#8221;4.4.6&#8243; column_structure=&#8221;1_2,1_2&#8243;][et_pb_column type=&#8221;1_2&#8243; _builder_version=&#8221;4.4.6&#8243;][et_pb_text _builder_version=&#8221;4.4.6&#8243;]<\/p>\n<p style=\"text-align: justify;\">Tras el \u00e9xito en su primera edici\u00f3n, con la mayor movilizaci\u00f3n organizada de p\u00fablico y participaci\u00f3n ciudadana en torno al arte en el \u00e1rea fronteriza y una notable visibilidad nacional e internacional, JUNTOS APARTE inicia un periplo m\u00e1s all\u00e1 de su propio programa, participando de diversos espacios de debate como la C\u00e1tedra Unesco de Comunicaci\u00f3n en la Universidad Javeriana de Bogot\u00e1, el 16\u00ba Foro Sur Global de BIENALSUR en Buenos Aires, o la II Cumbre Cultural de las Am\u00e9ricas en Buenos Aires, donde intervino como vocero oficial de \u201cCambios culturales y migraci\u00f3n\u201d.<\/p>\n<p>[\/et_pb_text][\/et_pb_column][et_pb_column type=&#8221;1_2&#8243; _builder_version=&#8221;4.4.6&#8243;][et_pb_image src=&#8221;https:\/\/juntosaparte.com\/web\/wp-content\/uploads\/2020\/09\/1-CUMBRE-CULTURAL-DE-LAS-AM\u00c9RICAS.png&#8221; title_text=&#8221;1 CUMBRE CULTURAL DE LAS AM\u00c9RICAS&#8221; align=&#8221;center&#8221; _builder_version=&#8221;4.4.6&#8243; hover_enabled=&#8221;0&#8243;][\/et_pb_image][\/et_pb_column][\/et_pb_row][et_pb_row _builder_version=&#8221;4.4.6&#8243;][et_pb_column type=&#8221;4_4&#8243; _builder_version=&#8221;4.4.6&#8243;][et_pb_text _builder_version=&#8221;4.4.6&#8243;]<\/p>\n<p style=\"text-align: justify;\">Este historial ha permitido consolidar aliados institucionales y privados que creyeron en la iniciativa desde su gestaci\u00f3n, y lograr el respaldo de la Presidencia de la Rep\u00fablica desde su Gerencia de Frontera con Venezuela, el Ministerio de Cultura y la Canciller\u00eda, adem\u00e1s del apoyo expreso de la Agencia para el Desarrollo Internacional USAID de los Estados Unidos y ACDI\/VOCA con su programa Alianzas para la Reconciliaci\u00f3n, la Organizaci\u00f3n Internacional para las Migraciones OIM con apoyo de la Oficina de Poblaci\u00f3n, Refugiados y Migraci\u00f3n (PRM) del Departamento de Estado de Estados Unidos y representaciones diplom\u00e1ticas como la Embajada de Canad\u00e1 o la Embajada de Espa\u00f1a en Colombia.<\/p>\n<p style=\"text-align: justify;\">La segunda edici\u00f3n JUNTOS APARTE 2019 cont\u00f3 con 97 artistas* y pensadores de los cuales 57 internacionales de 24 pa\u00edses, 12 nacionales y 28 regionales (Norte de Santander y T\u00e1chira). En esta versi\u00f3n un itinerario progresivo aborda las fronteras y la movilidad humana tomando como punto de partida los conceptos esenciales de estado y territorio para luego recorrer variables econ\u00f3micas, geopol\u00edticas, sociales y culturales que intervienen en estos fen\u00f3menos, construyendo un relato de lo general a lo particular.<\/p>\n<p style=\"text-align: justify;\">La preinaguraci\u00f3n tuvo lugar con la muestra <em>Rep\u00fablica Andina<\/em>, segunda entrega de la trilog\u00eda <em>La Gran Colombia<\/em> iniciada por Antonio Caro en 2017 y resultado del taller desarrollado por el autor con artistas emergentes locales. La Caravana de la Hermandad convoc\u00f3 a m\u00e1s de mil personas a caminar por la hermandad y la alianza regional: sociedad civil, cooperaci\u00f3n internacional, tejido empresarial, entes estatales y gremio art\u00edstico recorrimos el centro de la ciudad acompa\u00f1ando la intervenci\u00f3n art\u00edstica binacional <em>MiSs\u00c9xodo \/ Estandarte para golondrinas<\/em> \u2014una barca de m\u00e1s de trece metros que antes cruzaba cotidianamente el r\u00edo T\u00e1chira entre Colombia y Venezuela\u2014 hasta el Centro Cultural Quinta Teresa, donde tuvo lugar el Desembarco po\u00e9tico.<\/p>\n<p>[\/et_pb_text][et_pb_image src=&#8221;https:\/\/juntosaparte.com\/web\/wp-content\/uploads\/2020\/09\/2-CARAVANA-DE-LA-HERMANDAD.png&#8221; title_text=&#8221;2 CARAVANA DE LA HERMANDAD&#8221; align=&#8221;center&#8221; _builder_version=&#8221;4.4.6&#8243; hover_enabled=&#8221;0&#8243;][\/et_pb_image][\/et_pb_column][\/et_pb_row][et_pb_row _builder_version=&#8221;4.4.6&#8243;][et_pb_column type=&#8221;4_4&#8243; _builder_version=&#8221;4.4.6&#8243;][et_pb_text _builder_version=&#8221;4.4.6&#8243;]<\/p>\n<p style=\"text-align: justify;\">El recorrido expositivo inicia con la exposici\u00f3n <em>es_ta_do_na_ci\u00f3n<\/em> en el Museo Norte de Santander y ciudad de C\u00facuta. La muestra plantea en contexto general el Estado-naci\u00f3n, sistema de organizaci\u00f3n pol\u00edtica vigente desde el siglo XVII, con el que se establece el modelo de frontera vigente y su actual crisis de representaci\u00f3n. En la Biblioteca P\u00fablica Julio P\u00e9rez Ferrero, la exposici\u00f3n <em>Entre toche y guayaba madura<\/em> \u2014adaptaci\u00f3n local del refr\u00e1n popular colombiano \u201cpelea de tigre con burro amarrado\u201d\u2014 aborda la relaci\u00f3n centro-periferia, un concepto que parte de la econom\u00eda y se extiende a lo pol\u00edtico, social y cultural como analog\u00eda de la desigualdad. La Casa Museo Torre del Reloj alberga la exposici\u00f3n <em>Sigan bailando (Despierte al vecino)<\/em>, dirigida a recordarnos que la historia de la migraci\u00f3n es la historia misma de la humanidad, una larga contienda repleta de equ\u00edvocos entre culturas, etnias, creencias, clases y g\u00e9neros. El circuito concluye en el Centro Cultural Quinta Teresa con la muestra <em>El puente est\u00e1 quebrado<\/em>, un ejercicio de recuperaci\u00f3n de memoria del di\u00e1logo transfronterizo en la producci\u00f3n art\u00edstica de ambos lados del r\u00edo T\u00e1chira desde el cambio de siglo. Se trata de la mayor recopilaci\u00f3n hasta la fecha de obras en torno a la frontera regional, permitiendo observar la transformaci\u00f3n del modelo fronterizo a trav\u00e9s del prisma del arte. Destaca el homenaje rendido al maestro Luis Miguel \u201cLucho\u201d Brahim (CO), estandarte de la creaci\u00f3n regional y art\u00edfice de JUNTOS APARTE, fallecido en 2019. Asimismo, la notable participaci\u00f3n en esta muestra de la Maestra Beatriz Gonz\u00e1lez (CO).<\/p>\n<p>[\/et_pb_text][et_pb_image src=&#8221;https:\/\/juntosaparte.com\/web\/wp-content\/uploads\/2020\/09\/3-BIBLIOTECA-P\u00daBLICA-PERJOVSCHI.png&#8221; title_text=&#8221;3 BIBLIOTECA P\u00daBLICA PERJOVSCHI&#8221; align=&#8221;center&#8221; _builder_version=&#8221;4.4.6&#8243; hover_enabled=&#8221;0&#8243;][\/et_pb_image][\/et_pb_column][\/et_pb_row][et_pb_row _builder_version=&#8221;4.4.6&#8243;][et_pb_column type=&#8221;4_4&#8243; _builder_version=&#8221;4.4.6&#8243;][et_pb_text _builder_version=&#8221;4.4.6&#8243;]<\/p>\n<p style=\"text-align: justify;\">*Relaci\u00f3n de artistas participantes en el circuito expositivo 2019: Adri\u00e1n Preciado (VE), Al\u00e1n Carrasco (PE\/ES), Alexandra Gelis y Jorge Lozano (VE\/CO), Alexandra Morelli (CO), Angie J\u00e1come (CO), Amparo C\u00e1rdenas (CO), Andr\u00e9s Duplat (CO), Andr\u00e9s Moreno Hoffmann (CO), Avelino Sala (ES), Azahara Cerezo (ES), Betsabe\u00e9 Romero (MX), Calentado Producciones (CO), Carlos Martiel (CU), Carmen Ludene (VE), Ciprian Homorodean (RO), Dan Perjovschi (RO), Daniel Ar\u00e9valo (CO), Daniela Ortiz (PE), David Grimaldo (CO), Diana Villamizar (VE), Esperanza Mayobre (VE), Francesc Ruiz Abad (ES), Gabriel Castillo (CO), Gabriela Sierra (CO), Giuliana Racco (CA), Glenda Le\u00f3n (CU\/ES), Grecia Quintero (CO), Iv\u00e1n Candeo (VE), Jorge Garc\u00eda (ES), Jaime Mart\u00ednez \u201cPekoz\u201d (CO), Jos\u00e9 Luis G\u00e9lvez (CO), Juan Carvajal Franklin (CO), Juan Pablo Cohen (CO), Juan Pablo Echeverri (CO), Julio Armando Ortiz (CO), Khaled Jarrar (PS), Lester Rodr\u00edguez (HN), Luis Molina-Pant\u00edn (VE\/CH), Marcos \u00c1vila Forero (FR\/CO), Mar\u00eda Bel\u00e9n Hern\u00e1ndez (CO), Mauricio S\u00e1nchez (CO), Mohamed Arejdal (MA), Nicol\u00e1s Cadavid (CO), Nohem\u00ed Vega (CO), N\u00faria G\u00fcell (ES), \u00d1ukanchik People (EC), Oier Gil (ES), Oscar Iv\u00e1n Roque (CO), Paola Ca\u00f1izares (CO), PSJM (ES), Ram\u00f3n Mateos (ES), Richard Moncada (VE), Samir Quintero (CO), Santiago V\u00e9lez (CO), Sebasti\u00e1n Delgado (CO), Sergio Dur\u00e1n \u201cBayo\u201d (CO\/VE), Timea Oravecz (HU), Verena Melgarejo Weinandt (DE\/BO), Wilmer Useche (CO), Xenia Hausner (AT), Yael Bartana (IL), Yu-Wen Wu (TW).<\/p>\n<p style=\"text-align: justify;\">Para el proyecto sitio espec\u00edfico 2019, el artista, fot\u00f3grafo y activista argentino Marcelo Brodsky desarroll\u00f3 una breve y prol\u00edfica residencia de la cual resultaron tres l\u00edneas de trabajo. Por una parte, sobrescribi\u00f3 las emblem\u00e1ticas im\u00e1genes de los puentes internacionales Sim\u00f3n Bol\u00edvar \u2014repleto con una marea humana\u2014 y Tienditas \u2014bloqueado por contenedores\u2014 del fot\u00f3grafo Juan Pablo Cohen, reportero gr\u00e1fico a cargo de la frontera para el diario local La Opini\u00f3n. Tambi\u00e9n\u00a0 intervino piezas cartogr\u00e1ficas del Archivo General de la Naci\u00f3n \u2014el plan fallido para derrocar a los indios Bar\u00ed, una visi\u00f3n de la trashumancia actual en lo que se previera como La Gran Colombia, un apunte sobre la llegada de los conquistadores como la primera gran migraci\u00f3n de Am\u00e9rica\u2014 y compuso sendos pol\u00edpticos a partir de los escenarios del Puente Internacional Sim\u00f3n Bol\u00edvar y la Caravana de la Hermandad Juntos Aparte 2019 fotografiados por \u00e9l mismo, proponiendo una lectura de intercambio simb\u00f3lico entre los grupos y sus contextos.\u00a0<\/p>\n<p>[\/et_pb_text][et_pb_image src=&#8221;https:\/\/juntosaparte.com\/web\/wp-content\/uploads\/2020\/09\/4-FACHADA-MARCELO.png&#8221; title_text=&#8221;4 FACHADA MARCELO&#8221; align=&#8221;center&#8221; _builder_version=&#8221;4.4.6&#8243; hover_enabled=&#8221;0&#8243;][\/et_pb_image][\/et_pb_column][\/et_pb_row][et_pb_row _builder_version=&#8221;4.4.6&#8243;][et_pb_column type=&#8221;4_4&#8243; _builder_version=&#8221;4.4.6&#8243;][et_pb_text _builder_version=&#8221;4.4.6&#8243;]<\/p>\n<p style=\"text-align: justify;\">El segundo laboratorio de contexto Mental Border Control de Melle Smets (NL) y Natalia Castillo (CO) incorpor\u00f3 la participaci\u00f3n de las universidades locales Uniminuto, UFPS y Unipamplona para continuar la investigaci\u00f3n sobre c\u00f3mo los l\u00edmites mentales afectan la construcci\u00f3n del paisaje f\u00edsico y el entorno social. \u201cM\u00e1s l\u00edmites mentales significa menos espacio abierto. Menos espacio abierto significa menos opciones para el desarrollo de la convivencia civil\u201d. La exposici\u00f3n de los resultados en el Museo de la Memoria de C\u00facuta funcion\u00f3 como espacio para el intercambio con la ciudadan\u00eda y estableci\u00f3 un inteligente di\u00e1logo con la instalaci\u00f3n del invitado especial, el reconocido artista conceptual y pedagogo Luis Camnitzer (UY).<\/p>\n<p style=\"text-align: justify;\">El fortalecimiento del Programa pedag\u00f3gico permiti\u00f3 el acercamiento de estudiantes, artistas, l\u00edderes, pensadores y ciudadan\u00eda en general a la frontera y la movilidad humana desde perspectivas como el feminismo, la diversidad \u00e9tnica, el medio ambiente, la cultura de paz, el impacto econ\u00f3mico o el activismo cultural. Este incluy\u00f3 una mesa redonda con destacados agentes locales \u2014la intelectual Esperanza Paredes (CO), el profesor Mario Zambrano (CO), el l\u00edder c\u00edvico Eduardo Espinel (VE) y el investigador Kenny Sanguino (CO)\u2014y una bater\u00eda de conferencias y talleres de mano de relevantes figuras como la acad\u00e9mica y activista Yuderkys Espinosa (DO), la directora art\u00edstico-acad\u00e9mica de BIENALSUR Diana Wechsler (AR), el director del Centro Mundial para la Paz de UNESCO Guy Djoken, artistas como Giuliana Racco (CA), Ram\u00f3n Mateos (ES) o Verena Melgarejo (DE\/BO), la fot\u00f3grafa Gabriela Sierra (CO) y la escuela bogotana El Validadero Art\u00edstico (CO).<\/p>\n<p>[\/et_pb_text][et_pb_image src=&#8221;https:\/\/juntosaparte.com\/web\/wp-content\/uploads\/2020\/09\/5-WECHSLER-CONFERENCIA.png&#8221; title_text=&#8221;5 WECHSLER CONFERENCIA&#8221; align=&#8221;center&#8221; _builder_version=&#8221;4.4.6&#8243; hover_enabled=&#8221;0&#8243;][\/et_pb_image][\/et_pb_column][\/et_pb_row][et_pb_row _builder_version=&#8221;4.4.6&#8243;][et_pb_column type=&#8221;4_4&#8243; _builder_version=&#8221;4.4.6&#8243;][et_pb_text _builder_version=&#8221;4.4.6&#8243;]<\/p>\n<p style=\"text-align: justify;\">Por su parte, el Ciclo Audiovisual ampli\u00f3 su repertorio de aproximaciones a las fronteras y la migraci\u00f3n desde lo audiovisual. Al videoarte \u2014Ana Montenegro (CO), Jess X Snow y Patrick Weishampel (CH\/US), Vasco Araujo (PT)\u2014 se sum\u00f3 la cinematograf\u00eda -Cary Fukunaga (US), Martti Helde (EE), Pablo Giorgelli (AR)- y el documental -El COLEF (MX), Ai Wei Wei (CN). Adem\u00e1s de las sesiones en el centro de la ciudad, el ciclo tambi\u00e9n se desplaz\u00f3 al Centro de Atenci\u00f3n al Migrante en las inmediaciones del paso fronterizo y al barrio La Fortaleza, acercando un programa f\u00edlmico especial a la comunidad a trav\u00e9s de una jornada de convivencia e integraci\u00f3n.\u00a0<\/p>\n<p style=\"text-align: justify;\"><em>Los caminantes de la frontera<\/em>, el visionario proyecto de intervenci\u00f3n escult\u00f3rica desarrollado en 2013 por Jos\u00e9 Luis Zu\u00f1iga (ES) y Mar\u00eda Villacorta (ES) durante su residencia en la Fundaci\u00f3n El Pilar, recorri\u00f3 nuevamente el \u00e1rea metropolitana de C\u00facuta con actividades espec\u00edficas en cinco puntos emblem\u00e1ticos, donde transe\u00fantes y residentes interactuaron con las efigies. Concebidos inicialmente para especular en torno a la identidad fronteriza y producidas en colaboraci\u00f3n por varios artistas y comunidades, estos caminantes, transformados por la historia en realidad humana y paisaje social, regresaron al espacio p\u00fablico para activarlo como escenario de mediaci\u00f3n y construcci\u00f3n ciudadana. Una intervenci\u00f3n fotogr\u00e1fica de Lucas Molet (VE) complet\u00f3 la acci\u00f3n, dando cara y voz a algunos de estos caminantes.<\/p>\n<p>[\/et_pb_text][et_pb_image src=&#8221;https:\/\/juntosaparte.com\/web\/wp-content\/uploads\/2020\/09\/6-CAMINANTES.png&#8221; align=&#8221;center&#8221; _builder_version=&#8221;4.4.6&#8243; hover_enabled=&#8221;0&#8243; title_text=&#8221;6 CAMINANTES&#8221;][\/et_pb_image][\/et_pb_column][\/et_pb_row][et_pb_row _builder_version=&#8221;4.4.6&#8243;][et_pb_column type=&#8221;4_4&#8243; _builder_version=&#8221;4.4.6&#8243;][et_pb_text _builder_version=&#8221;4.4.6&#8243;]<\/p>\n<p style=\"text-align: justify;\">Tambi\u00e9n ocuparon el espacio p\u00fablico las <em>Carretilleras sobre el Puente Internacional Sim\u00f3n Bol\u00edvar<\/em>, fotomural de Teresa Margolles (MX) \u2014invitada a desarrollar un trabajo sitio espec\u00edfico en Juntos Aparte 2017\u2014 que hizo emerger a las mujeres que cruzan los bienes de otros como medio de subsistencia en la frontera, en el casco urbano de C\u00facuta en medio del festival de arte urbano ATACARTE que a\u00f1o tras a\u00f1o congrega a j\u00f3venes artistas locales y extranjeros.<\/p>\n<p>[\/et_pb_text][et_pb_image src=&#8221;https:\/\/juntosaparte.com\/web\/wp-content\/uploads\/2020\/09\/7-MARGOLLES.png&#8221; title_text=&#8221;7 MARGOLLES&#8221; align=&#8221;center&#8221; _builder_version=&#8221;4.4.6&#8243; hover_enabled=&#8221;0&#8243;][\/et_pb_image][\/et_pb_column][\/et_pb_row][et_pb_row _builder_version=&#8221;4.4.6&#8243;][et_pb_column type=&#8221;4_4&#8243; _builder_version=&#8221;4.4.6&#8243;][et_pb_text _builder_version=&#8221;4.4.6&#8243;]<\/p>\n<p style=\"text-align: justify;\">En la Universidad Minuto de Dios se present\u00f3 Rastros comunes, encuentro binacional que recuper\u00f3 los relatos del Sal\u00f3n Binacional de Artes \u2014referente regional clausurado tras casi dos d\u00e9cadas de actividad\u2014 de mano de los maestros Jorge Hern\u00e1ndez (CO), Rafael S\u00e1nchez (VE) y Otto Rosales (VE) y la anhelada C\u00e1tedra Colombia-Venezuela \u2014programa interuniversitario regional de estudios fronterizos\u2014 a cargo del investigador Jonathan Carrero (VE), incluyendo la presentaci\u00f3n de una nueva obra colaborativa del m\u00edtico colectivo art\u00edstico local Taller el Hueco (CO) y dando pie adem\u00e1s al lanzamiento de los libros\u00a0<em>El Ferrocarril de C\u00facuta<\/em> y\u00a0<em>La casa en la frontera<\/em>.<\/p>\n<p>[\/et_pb_text][et_pb_image src=&#8221;https:\/\/juntosaparte.com\/web\/wp-content\/uploads\/2020\/09\/8-PASOS-DE-FRONTERA.png&#8221; title_text=&#8221;8 PASOS DE FRONTERA&#8221; align=&#8221;center&#8221; _builder_version=&#8221;4.4.6&#8243; hover_enabled=&#8221;0&#8243;][\/et_pb_image][\/et_pb_column][\/et_pb_row][et_pb_row _builder_version=&#8221;4.4.6&#8243;][et_pb_column type=&#8221;4_4&#8243; _builder_version=&#8221;4.4.6&#8243;][et_pb_text _builder_version=&#8221;4.4.6&#8243;]<\/p>\n<p style=\"text-align: justify;\">En colaboraci\u00f3n con el Centro Nacional de Memoria Hist\u00f3rica se desarroll\u00f3 la intervenci\u00f3n <em>Voces para transformar a Colombia<\/em>, una instalaci\u00f3n en la Biblioteca P\u00fablica Julio P\u00e9rez Ferrero concebida como espacio de di\u00e1logo e intercambio cultural a partir de la memoria gastron\u00f3mica. Su presentaci\u00f3n cont\u00f3 con una mesa redonda con v\u00edctimas del conflicto armado, una pieza art\u00edstica a cargo del referente del arte urbano local Yeider S\u00e1nchez \u201cShowy\u201d (CO), un directo del aclamado rapero Ahiman (CO) y una sesi\u00f3n culinaria binacional.<\/p>\n<p style=\"text-align: justify;\">La mediaci\u00f3n ocup\u00f3 un lugar central en la edici\u00f3n 2019 con la puesta en marcha de la Escuela de Aprestamiento en Mediaci\u00f3n Art\u00edstica, en la que se cualific\u00f3 un equipo formado por artistas emergentes, estudiantes universitarios y madres cabeza de familia para acompa\u00f1ar y orientar a los visitantes en todas las sedes y actividades. Para afianzar el compromiso con las diversas comunidades se activaron los programas Safari Infantil y Traves\u00edas JUNTOS APARTE, rutas concertadas de mediaci\u00f3n para los m\u00e1s j\u00f3venes y para adultos de poblaci\u00f3n vulnerable \u2014retornados, refugiados, migrantes, LGBTI, VIH, capacidades especiales\u2014, respectivamente. Tambi\u00e9n se fortaleci\u00f3 el equipo de trabajo con la incorporaci\u00f3n de profesionales venezolanos, asumiendo la naturaleza de este territorio: una regi\u00f3n \u00fanica y unida.<\/p>\n<p>[\/et_pb_text][et_pb_image src=&#8221;https:\/\/juntosaparte.com\/web\/wp-content\/uploads\/2020\/09\/9-LA-FORTALEZA-CARPA-BRILLANTE.png&#8221; title_text=&#8221;9 LA FORTALEZA CARPA BRILLANTE&#8221; align=&#8221;center&#8221; _builder_version=&#8221;4.4.6&#8243; hover_enabled=&#8221;0&#8243;][\/et_pb_image][\/et_pb_column][\/et_pb_row][et_pb_row _builder_version=&#8221;4.4.6&#8243;][et_pb_column type=&#8221;4_4&#8243; _builder_version=&#8221;4.4.6&#8243;][et_pb_text _builder_version=&#8221;4.4.6&#8243;]<\/p>\n<p style=\"text-align: justify;\">2019 ha supuesto la ampliaci\u00f3n del radio de JUNTOS APARTE, llegando a las periferias de la ciudad, dando acceso a los m\u00e1s vulnerables y consolidando la participaci\u00f3n del estudiantado, sumando nuevos aliados institucionales y empresariales e incorporando la cooperaci\u00f3n internacional a la red que hace posible esta iniciativa. Asimismo, la comunidad art\u00edstica internacional y los medios de comunicaci\u00f3n regionales, nacionales e internacionales fueron ampliamente alcanzados por el programa, posicionando a C\u00facuta como un epicentro cultural y una frontera ciudadana.<\/p>\n<p style=\"text-align: justify;\">El programa JUNTOS APARTE como la ciudad, son ahora un v\u00e9rtice de convergencias: La convergencia multilateral que agrupa sociedad civil, administraci\u00f3n p\u00fablica, diplomacia, cooperaci\u00f3n internacional, empresa y academia, en torno a un proyecto emblem\u00e1tico y transformador. La convergencia de artistas, pensadores y medios de comunicaci\u00f3n locales y del mundo en torno al concepto de fronteras y movilidad humana. La convergencia de todas las clases sociales, generaciones, etnias y formas de vida, transform\u00e1ndonos a nosotros mismos en puentes de convivencia, respeto a la diversidad, di\u00e1logo e integraci\u00f3n, en un preciso engranaje con la misi\u00f3n y visi\u00f3n del plan de gobierno local, el cual otorga un papel central a la cultura ciudadana como eje de su desarrollo.<\/p>\n<p style=\"text-align: justify;\">Afinidades desconocidas, sistemas de creencias, dispositivos art\u00edsticos y lenguajes pol\u00edticos han permitido el acople de idearios y aspiraciones, de historias de vida y posiciones cr\u00edticas, otorgando a la ciudadan\u00eda de la frontera un espejo en el cual reflejarse por vez primera con diversos puntos de vista globales, trascendiendo el discurso oficial y participando de un proceso colectivo de construcci\u00f3n de memoria en tiempo real.<\/p>\n<p>[\/et_pb_text][et_pb_image src=&#8221;https:\/\/juntosaparte.com\/web\/wp-content\/uploads\/2020\/09\/10-CARAVANA-BANDERAS-EN-QUINTA-TERESA.png&#8221; title_text=&#8221;10 CARAVANA BANDERAS EN QUINTA TERESA&#8221; align=&#8221;center&#8221; _builder_version=&#8221;4.4.6&#8243; hover_enabled=&#8221;0&#8243;][\/et_pb_image][\/et_pb_column][\/et_pb_row][et_pb_row _builder_version=&#8221;4.4.6&#8243;][et_pb_column type=&#8221;4_4&#8243; _builder_version=&#8221;4.4.6&#8243;][et_pb_text _builder_version=&#8221;4.4.6&#8243;]<\/p>\n<p style=\"text-align: justify;\">Empat\u00eda y convivencia emergen como motores sociales en un extraordinario enclave, donde la fuerza democr\u00e1tica se encuentra puesta a prueba y donde las certezas son el potencial y la voluntad de un entramado de participaci\u00f3n que incluye a los \u00f3rganos gestores de JUNTOS APARTE y de BIENALSUR, a los participantes del programa, a la sociedad civil, los medios de comunicaci\u00f3n, el tejido empresarial y buena parte del mapa institucional que interviene en la regi\u00f3n. El resultado es altamente positivo y lo comprueban cifras sin precedentes de participaci\u00f3n y satisfacci\u00f3n ciudadana, cambios de percepci\u00f3n sobre la regi\u00f3n para locales y for\u00e1neos, o la formaci\u00f3n cualificada de un equipo local de j\u00f3venes profesionales. M\u00e1s que emisores, somos un catalizador de propuestas que tienen su origen y su destino en la sociedad, procurando la inserci\u00f3n de la frontera en las l\u00f3gicas del intercambio global, art\u00edstico, cultural, econ\u00f3mico y cognitivo.<\/p>\n<p style=\"text-align: justify;\">JUNTOS APARTE prepara su tercera edici\u00f3n 2021, inscrita en el programa oficial del Bicentenario de la Independencia de Colombia. Bajo el ep\u00edgrafe de \u201cReuni\u00f3n Art\u00edstica Grancolombiana\u201d celebraremos la efem\u00e9ride de un futuro cancelado: el segundo centenario de vida republicana en nuestro pa\u00eds, con la firma del Congreso y la Carta Constitucional de C\u00facuta, cuyo esfuerzo consolid\u00f3 la Independencia de Hispanoam\u00e9rica y fund\u00f3 La Gran Colombia, el sue\u00f1o fallido de Bol\u00edvar y Santander de una Latinoam\u00e9rica unida en una sola naci\u00f3n, en el mismo punto donde hoy se escenifica la fractura ideol\u00f3gica de las Am\u00e9ricas como actualizaci\u00f3n de la Guerra Fr\u00eda.<\/p>\n<p>[\/et_pb_text][et_pb_image src=&#8221;https:\/\/juntosaparte.com\/web\/wp-content\/uploads\/2020\/09\/11-REPUBLICA-ANDINA.png&#8221; align=&#8221;center&#8221; _builder_version=&#8221;4.4.6&#8243; hover_enabled=&#8221;0&#8243; title_text=&#8221;11 REPUBLICA ANDINA&#8221;][\/et_pb_image][\/et_pb_column][\/et_pb_row][et_pb_row _builder_version=&#8221;4.4.6&#8243;][et_pb_column type=&#8221;4_4&#8243; _builder_version=&#8221;4.4.6&#8243;][et_pb_text _builder_version=&#8221;4.4.6&#8243;]<\/p>\n<p style=\"text-align: justify;\">Todo este despliegue de actividades con la consecuente generaci\u00f3n de documentaci\u00f3n y publicaciones, constituyen la acci\u00f3n previa tendiente a otra gran iniciativa a mediano y largo plazo: el Centro de Estudios Fronterizos CEF, a trav\u00e9s del cual se propone a C\u00facuta como catalizador de un proceso de di\u00e1logo y observatorio permanente en torno a los fen\u00f3menos fronterizos, concediendo valor a la naturaleza e identidad de la ciudad y situ\u00e1ndola de forma n\u00edtida en la cartograf\u00eda global de transacciones culturales y de saberes.<\/p>\n<p style=\"text-align: justify;\">Tomando como postulado que colombianos y venezolanos hoy, y los habitantes de todas las fronteras desde siempre, estamos JUNTOS APARTE para asumir activamente nuestro destino compartido, alzamos la voz desde la sociedad civil para hacer visible este enmudecido v\u00e9rtice de la esfera p\u00fablica, proponiendo iniciativas enfocadas en la investigaci\u00f3n y la productividad en el \u00e1rea fronteriza colombo-venezolana con el barco insignia del evento bienal JUNTOS APARTE, Encuentro Internacional de Arte, Pensamiento y Fronteras en C\u00facuta.<\/p>\n<p style=\"text-align: justify;\">Entre las proyecciones cercanas del Centro de Estudios Fronterizos &#8211; CEF se cuenta la activaci\u00f3n de la C\u00e1tedra Colombia-Venezuela en colaboraci\u00f3n con la Universidad de Los Andes en San Crist\u00f3bal, la corporaci\u00f3n cucute\u00f1a Corpoenlaces Estudios Fronterizos y la Universidad Minuto de Dios. En el medio plazo se prev\u00e9 el desarrollo de un modelo cooperativo para el Centro de Estudios Fronterizos &#8211; CEF con tres interlocutores hist\u00f3ricos, el Colegio de la Frontera Norte &#8211; COLEF de Tijuana, M\u00e9xico, la Universidad Nacional Tres de Febrero de Buenos Aires, \u00f3rgano gestor de BIENALSUR, y el Centro de Estudios Sociales de la Universidad de Coimbra en Portugal, bajo la direcci\u00f3n de Boaventura de Sousa Santos, para generar un proyecto que enlace los estudios culturales y el observatorio de fronteras con programas de impulso productivo y usos tecnol\u00f3gicos, abordando un arco de la producci\u00f3n de conocimiento te\u00f3rico espec\u00edfico a la creaci\u00f3n de herramientas concretas para la incidencia territorial.<\/p>\n<p style=\"text-align: justify;\">Porque el arte es un estado de excepci\u00f3n, damos respuesta desde el territorio del arte a la emergencia global en nuestro territorio. Sustentados en el arraigo de nuestra identidad hist\u00f3rica, proponemos a C\u00facuta como epicentro para el debate y la estructuraci\u00f3n del pensamiento internacional en torno a las fronteras, apostando por la cultura como herramienta de convergencia, por el capital simb\u00f3lico como generador de valor y por la construcci\u00f3n ciudadana como motor productivo.\u00a0 \u00a0\u00a0<\/p>\n<p>[\/et_pb_text][et_pb_image src=&#8221;https:\/\/juntosaparte.com\/web\/wp-content\/uploads\/2020\/09\/12-QU\u00c9-FRONTERAS-MENTALES.png&#8221; title_text=&#8221;12 QU\u00c9 FRONTERAS MENTALES&#8221; align=&#8221;center&#8221; _builder_version=&#8221;4.4.6&#8243; hover_enabled=&#8221;0&#8243;][\/et_pb_image][\/et_pb_column][\/et_pb_row][et_pb_row _builder_version=&#8221;4.4.6&#8243;][et_pb_column type=&#8221;4_4&#8243; _builder_version=&#8221;4.4.6&#8243;][et_pb_text _builder_version=&#8221;4.4.6&#8243;]<\/p>\n<p style=\"text-align: justify;\">Humanizar las hostiles formas de socializaci\u00f3n legadas por d\u00e9cadas de violencia, luchar contra la xenofobia y la aporofobia, actualizar los rituales cotidianos construyendo tejido desde l\u00f3gicas incluyentes y resignificar la relaci\u00f3n de locales y for\u00e1neos con la regi\u00f3n. Estos son retos inminentes para la construcci\u00f3n de ciudadan\u00eda en el \u00e1rea fronteriza. La aprehensi\u00f3n consecuente de una estructura discursiva en torno a la frontera es base de la consciencia civil sobre la cual construir esfera p\u00fablica en la creciente coyuntura. Potenciar tal obra es determinante para garantizar pol\u00edticas program\u00e1ticas integrales de desarrollo, fruto de la participaci\u00f3n ciudadana y la multilateralidad. El arte y la cultura constituyen un veh\u00edculo para avanzar en esa direcci\u00f3n. JUNTOS APARTE apuesta por ser un caudal para la convergencia de subjetividades a este prop\u00f3sito, en compromiso con la acci\u00f3n c\u00edvica a escala local. A su vez, la intervenci\u00f3n art\u00edstica en el contexto global capta el ruido significante para destilar nuevas posibilidades de acometer lo real, de (re)conocer el territorio y de forjar identidad. En este marco, asimilar las artes y la cultura como variables esenciales en la matriz integral del desarrollo, conjugando la producci\u00f3n y transferencia de saberes con la generaci\u00f3n de herramientas para la intervenci\u00f3n ciudadana en la esfera p\u00fablica, ha sido nuestro leitmotiv. Tambi\u00e9n la base de los principios compartidos por dos iniciativas sincr\u00f3nicas en el tiempo, JUNTOS APARTE y BIENALSUR, al hablar de \u201cArte en las fronteras\u201d, \u201cTr\u00e1nsitos y migraciones\u201d y \u201cArte y urgencia\u201d: Un tren transfronterizo de largo recorrido cuyo trayecto, al igual que la nueva demograf\u00eda panamericana fruto del \u00e9xodo venezolano, apenas comienza.<\/p>\n<p>[\/et_pb_text][et_pb_image src=&#8221;https:\/\/juntosaparte.com\/web\/wp-content\/uploads\/2020\/09\/13-miedo-1.png&#8221; align=&#8221;center&#8221; _builder_version=&#8221;4.4.6&#8243; hover_enabled=&#8221;0&#8243; title_text=&#8221;13 miedo&#8221;][\/et_pb_image][\/et_pb_column][\/et_pb_row][et_pb_row _builder_version=&#8221;4.4.6&#8243;][et_pb_column type=&#8221;4_4&#8243; _builder_version=&#8221;4.4.6&#8243;][et_pb_text _builder_version=&#8221;4.4.6&#8243;]<\/p>\n<p style=\"text-align: justify;\">COVID-19 ha puesto a prueba el orden global contempor\u00e1neo, el esp\u00edritu de la colmena, el capitalismo moderno y nuestra interacci\u00f3n con la naturaleza. Se nos impone la tarea de crear reflexiones nuevas para una ontolog\u00eda del espacio cercado, a partir de una agenda mundial que se declar\u00f3 en cuarentena y que logr\u00f3 que todos en el mundo hoy, m\u00e1s que nunca, seamos conscientes de la significaci\u00f3n de estar JUNTOS APARTE.<\/p>\n<p>[\/et_pb_text][\/et_pb_column][\/et_pb_row][\/et_pb_section]<\/p>\n<!-- AddThis Advanced Settings generic via filter on the_content --><!-- AddThis Share Buttons generic via filter on the_content -->","protected":false},"excerpt":{"rendered":"<p>Tras el \u00e9xito en su primera edici\u00f3n, con la mayor movilizaci\u00f3n organizada de p\u00fablico y participaci\u00f3n ciudadana en torno al arte en el \u00e1rea fronteriza y una notable visibilidad nacional e internacional, JUNTOS APARTE inicia un periplo m\u00e1s all\u00e1 de su propio programa, participando de diversos espacios de debate como la C\u00e1tedra Unesco de Comunicaci\u00f3n [&hellip;]<\/p>\n<p><!-- AddThis Advanced Settings generic via filter on get_the_excerpt --><!-- AddThis Share Buttons generic via filter on get_the_excerpt --><\/p>\n","protected":false},"author":1,"featured_media":0,"parent":0,"menu_order":0,"comment_status":"closed","ping_status":"closed","template":"","meta":{"_et_pb_use_builder":"on","_et_pb_old_content":"","_et_gb_content_width":"","footnotes":""},"class_list":["post-1321","page","type-page","status-publish","hentry"],"lang":"es","translations":{"es":1321},"pll_sync_post":[],"_links":{"self":[{"href":"https:\/\/juntosaparte.com\/web\/wp-json\/wp\/v2\/pages\/1321","targetHints":{"allow":["GET"]}}],"collection":[{"href":"https:\/\/juntosaparte.com\/web\/wp-json\/wp\/v2\/pages"}],"about":[{"href":"https:\/\/juntosaparte.com\/web\/wp-json\/wp\/v2\/types\/page"}],"author":[{"embeddable":true,"href":"https:\/\/juntosaparte.com\/web\/wp-json\/wp\/v2\/users\/1"}],"replies":[{"embeddable":true,"href":"https:\/\/juntosaparte.com\/web\/wp-json\/wp\/v2\/comments?post=1321"}],"version-history":[{"count":17,"href":"https:\/\/juntosaparte.com\/web\/wp-json\/wp\/v2\/pages\/1321\/revisions"}],"predecessor-version":[{"id":1619,"href":"https:\/\/juntosaparte.com\/web\/wp-json\/wp\/v2\/pages\/1321\/revisions\/1619"}],"wp:attachment":[{"href":"https:\/\/juntosaparte.com\/web\/wp-json\/wp\/v2\/media?parent=1321"}],"curies":[{"name":"wp","href":"https:\/\/api.w.org\/{rel}","templated":true}]}}