{"id":11,"date":"2020-05-26T14:09:45","date_gmt":"2020-05-26T19:09:45","guid":{"rendered":"https:\/\/juntosaparte.com\/web\/?page_id=11"},"modified":"2021-12-23T22:04:16","modified_gmt":"2021-12-24T03:04:16","slug":"inicio","status":"publish","type":"page","link":"https:\/\/juntosaparte.com\/web\/","title":{"rendered":"Inicio"},"content":{"rendered":"<p>[et_pb_section fb_built=&#8221;1&#8243; disabled_on=&#8221;on|on|off&#8221; _builder_version=&#8221;4.4.6&#8243; use_background_color_gradient=&#8221;on&#8221; background_color_gradient_start=&#8221;#ffffff&#8221; background_color_gradient_end=&#8221;#d6d6d6&#8243; background_color_gradient_start_position=&#8221;67%&#8221; custom_padding=&#8221;210px||210px||true|&#8221; animation_style=&#8221;flip&#8221; hover_enabled=&#8221;0&#8243; da_disable_devices=&#8221;off|off|off&#8221; title_text=&#8221;Pre-comp 1&#8243; background_video_mp4=&#8221;https:\/\/juntosaparte.com\/web\/wp-content\/uploads\/2021\/12\/Pre-comp-1.mp4&#8243; da_is_popup=&#8221;off&#8221; da_exit_intent=&#8221;off&#8221; da_has_close=&#8221;on&#8221; da_alt_close=&#8221;off&#8221; da_dark_close=&#8221;off&#8221; da_not_modal=&#8221;on&#8221; da_is_singular=&#8221;off&#8221; da_with_loader=&#8221;off&#8221; da_has_shadow=&#8221;on&#8221;][et_pb_row _builder_version=&#8221;4.4.6&#8243;][et_pb_column type=&#8221;4_4&#8243; _builder_version=&#8221;4.4.6&#8243;][\/et_pb_column][\/et_pb_row][\/et_pb_section][et_pb_section fb_built=&#8221;1&#8243; disabled_on=&#8221;on|on|on&#8221; _builder_version=&#8221;4.4.6&#8243; background_color=&#8221;#ffffff&#8221; use_background_color_gradient=&#8221;on&#8221; background_color_gradient_start=&#8221;#ffffff&#8221; background_color_gradient_end=&#8221;#d6d6d6&#8243; background_color_gradient_start_position=&#8221;67%&#8221; background_video_mp4=&#8221;https:\/\/juntosaparte.com\/web\/wp-content\/uploads\/2020\/06\/intro-movil.mp4&#8243; custom_padding=&#8221;300px||300px||true|&#8221; animation_style=&#8221;flip&#8221; hover_enabled=&#8221;0&#8243; da_disable_devices=&#8221;off|off|off&#8221; disabled=&#8221;on&#8221; da_is_popup=&#8221;off&#8221; da_exit_intent=&#8221;off&#8221; da_has_close=&#8221;on&#8221; da_alt_close=&#8221;off&#8221; da_dark_close=&#8221;off&#8221; da_not_modal=&#8221;on&#8221; da_is_singular=&#8221;off&#8221; da_with_loader=&#8221;off&#8221; da_has_shadow=&#8221;on&#8221;][et_pb_row _builder_version=&#8221;4.4.6&#8243;][et_pb_column type=&#8221;4_4&#8243; _builder_version=&#8221;4.4.6&#8243;][\/et_pb_column][\/et_pb_row][\/et_pb_section][et_pb_section fb_built=&#8221;1&#8243; disabled_on=&#8221;off|off|on&#8221; _builder_version=&#8221;4.4.6&#8243; use_background_color_gradient=&#8221;on&#8221; background_color_gradient_start=&#8221;#ffffff&#8221; background_color_gradient_end=&#8221;#d6d6d6&#8243; background_color_gradient_start_position=&#8221;67%&#8221; custom_padding=&#8221;100px||100px||true|&#8221; animation_style=&#8221;flip&#8221; da_disable_devices=&#8221;off|off|off&#8221; da_is_popup=&#8221;off&#8221; da_exit_intent=&#8221;off&#8221; da_has_close=&#8221;on&#8221; da_alt_close=&#8221;off&#8221; da_dark_close=&#8221;off&#8221; da_not_modal=&#8221;on&#8221; da_is_singular=&#8221;off&#8221; da_with_loader=&#8221;off&#8221; da_has_shadow=&#8221;on&#8221;][et_pb_row _builder_version=&#8221;4.4.6&#8243;][et_pb_column type=&#8221;4_4&#8243; _builder_version=&#8221;4.4.6&#8243;][et_pb_image src=&#8221;https:\/\/juntosaparte.com\/web\/wp-content\/uploads\/2020\/05\/logo-min.png&#8221; title_text=&#8221;logo-min&#8221; align=&#8221;center&#8221; _builder_version=&#8221;4.4.6&#8243; width=&#8221;40%&#8221; width_tablet=&#8221;50%&#8221; width_phone=&#8221;70%&#8221; width_last_edited=&#8221;on|phone&#8221;][\/et_pb_image][\/et_pb_column][\/et_pb_row][\/et_pb_section][et_pb_section fb_built=&#8221;1&#8243; _builder_version=&#8221;4.4.6&#8243; custom_padding=&#8221;||0px|||&#8221; da_disable_devices=&#8221;off|off|off&#8221; da_is_popup=&#8221;off&#8221; da_exit_intent=&#8221;off&#8221; da_has_close=&#8221;on&#8221; da_alt_close=&#8221;off&#8221; da_dark_close=&#8221;off&#8221; da_not_modal=&#8221;on&#8221; da_is_singular=&#8221;off&#8221; da_with_loader=&#8221;off&#8221; da_has_shadow=&#8221;on&#8221;][et_pb_row _builder_version=&#8221;4.4.6&#8243;][et_pb_column type=&#8221;4_4&#8243; _builder_version=&#8221;4.4.6&#8243;][et_pb_text module_id=&#8221;link_web&#8221; _builder_version=&#8221;4.4.6&#8243; text_font=&#8221;|600|||||||&#8221; text_text_color=&#8221;#D95F68&#8243; text_font_size=&#8221;22px&#8221;]<\/p>\n<p style=\"text-align: center;\">Juntos Aparte III Encuentro Internacional de Arte, Pensamiento y Fronteras, en el marco de BIENALSUR 2021<\/p>\n<p>[\/et_pb_text][et_pb_text _builder_version=&#8221;4.4.6&#8243; text_font=&#8221;|700|||||||&#8221; text_text_color=&#8221;#474747&#8243; width=&#8221;65%&#8221; width_tablet=&#8221;100%&#8221; width_phone=&#8221;&#8221; width_last_edited=&#8221;on|phone&#8221; module_alignment=&#8221;center&#8221; custom_padding=&#8221;|0px||0px||true&#8221;]<\/p>\n<p style=\"text-align: justify;\">Despu\u00e9s de sus versiones 2017 y 2019, que han movilizado a m\u00e1s de 20.000 personas y a m\u00e1s de 100 artistas y pensadores de m\u00e1s de 30 pa\u00edses, Juntos Aparte regresa a C\u00facuta, despu\u00e9s de haber comenzado su recorrido en Bogot\u00e1 y Buenos Aires.<\/p>\n<p>[\/et_pb_text][\/et_pb_column][\/et_pb_row][\/et_pb_section][et_pb_section fb_built=&#8221;1&#8243; _builder_version=&#8221;4.4.6&#8243; custom_padding=&#8221;0px||0px|||&#8221; da_disable_devices=&#8221;off|off|off&#8221; da_is_popup=&#8221;off&#8221; da_exit_intent=&#8221;off&#8221; da_has_close=&#8221;on&#8221; da_alt_close=&#8221;off&#8221; da_dark_close=&#8221;off&#8221; da_not_modal=&#8221;on&#8221; da_is_singular=&#8221;off&#8221; da_with_loader=&#8221;off&#8221; da_has_shadow=&#8221;on&#8221;][et_pb_row column_structure=&#8221;1_4,1_4,1_4,1_4&#8243; use_custom_gutter=&#8221;on&#8221; gutter_width=&#8221;1&#8243; make_equal=&#8221;on&#8221; _builder_version=&#8221;4.4.6&#8243;][et_pb_column type=&#8221;1_4&#8243; _builder_version=&#8221;4.4.6&#8243;][et_pb_image src=&#8221;https:\/\/juntosaparte.com\/web\/wp-content\/uploads\/2021\/10\/1.0.png&#8221; title_text=&#8221;1.0&#8243; _builder_version=&#8221;4.4.6&#8243;][\/et_pb_image][\/et_pb_column][et_pb_column type=&#8221;1_4&#8243; _builder_version=&#8221;4.4.6&#8243;][et_pb_image src=&#8221;https:\/\/juntosaparte.com\/web\/wp-content\/uploads\/2021\/10\/1.1.png&#8221; title_text=&#8221;1.1&#8243; _builder_version=&#8221;4.4.6&#8243;][\/et_pb_image][\/et_pb_column][et_pb_column type=&#8221;1_4&#8243; _builder_version=&#8221;4.4.6&#8243;][et_pb_image src=&#8221;https:\/\/juntosaparte.com\/web\/wp-content\/uploads\/2021\/10\/1.2.png&#8221; title_text=&#8221;1.2&#8243; _builder_version=&#8221;4.4.6&#8243;][\/et_pb_image][\/et_pb_column][et_pb_column type=&#8221;1_4&#8243; _builder_version=&#8221;4.4.6&#8243;][et_pb_image src=&#8221;https:\/\/juntosaparte.com\/web\/wp-content\/uploads\/2021\/10\/1.3.png&#8221; title_text=&#8221;1.3&#8243; _builder_version=&#8221;4.4.6&#8243;][\/et_pb_image][\/et_pb_column][\/et_pb_row][\/et_pb_section][et_pb_section fb_built=&#8221;1&#8243; _builder_version=&#8221;4.4.6&#8243; custom_padding=&#8221;0px||0px|||&#8221; da_disable_devices=&#8221;off|off|off&#8221; da_is_popup=&#8221;off&#8221; da_exit_intent=&#8221;off&#8221; da_has_close=&#8221;on&#8221; da_alt_close=&#8221;off&#8221; da_dark_close=&#8221;off&#8221; da_not_modal=&#8221;on&#8221; da_is_singular=&#8221;off&#8221; da_with_loader=&#8221;off&#8221; da_has_shadow=&#8221;on&#8221;][et_pb_row _builder_version=&#8221;4.4.6&#8243;][et_pb_column type=&#8221;4_4&#8243; _builder_version=&#8221;4.4.6&#8243;][et_pb_text _builder_version=&#8221;4.4.6&#8243; text_font=&#8221;|700|||||||&#8221; text_text_color=&#8221;#474747&#8243; width=&#8221;65%&#8221; width_tablet=&#8221;100%&#8221; width_phone=&#8221;&#8221; width_last_edited=&#8221;on|phone&#8221; module_alignment=&#8221;center&#8221; custom_padding=&#8221;|0px||0px||true&#8221;]<\/p>\n<p style=\"text-align: justify;\">El camino de esta tercera edici\u00f3n de Juntos Aparte, III Encuentro Internacional de Arte, Pensamiento y Fronteras, empez\u00f3 con la exposici\u00f3n Juntos Aparte en el Museo Nacional de Colombia, en Bogot\u00e1, desde el 15 de julio hasta el 12 de septiembre. La muestra reuni\u00f3 una selecci\u00f3n de trabajos exhibidos en las ediciones 2017 y 2019 y rindi\u00f3 cuenta de la transformaci\u00f3n del modelo fronterizo colombo-venezolano, a partir de obras de artistas de la regi\u00f3n y autores nacionales e internacionales que han abordado este contexto.<\/p>\n<p>[\/et_pb_text][\/et_pb_column][\/et_pb_row][\/et_pb_section][et_pb_section fb_built=&#8221;1&#8243; _builder_version=&#8221;4.4.6&#8243; custom_padding=&#8221;0px||0px|||&#8221; da_disable_devices=&#8221;off|off|off&#8221; da_is_popup=&#8221;off&#8221; da_exit_intent=&#8221;off&#8221; da_has_close=&#8221;on&#8221; da_alt_close=&#8221;off&#8221; da_dark_close=&#8221;off&#8221; da_not_modal=&#8221;on&#8221; da_is_singular=&#8221;off&#8221; da_with_loader=&#8221;off&#8221; da_has_shadow=&#8221;on&#8221;][et_pb_row column_structure=&#8221;1_4,1_4,1_4,1_4&#8243; use_custom_gutter=&#8221;on&#8221; gutter_width=&#8221;1&#8243; make_equal=&#8221;on&#8221; _builder_version=&#8221;4.4.6&#8243;][et_pb_column type=&#8221;1_4&#8243; _builder_version=&#8221;4.4.6&#8243;][et_pb_image src=&#8221;https:\/\/juntosaparte.com\/web\/wp-content\/uploads\/2021\/11\/2.0.png&#8221; title_text=&#8221;2.0&#8243; _builder_version=&#8221;4.4.6&#8243;][\/et_pb_image][\/et_pb_column][et_pb_column type=&#8221;1_4&#8243; _builder_version=&#8221;4.4.6&#8243;][et_pb_image src=&#8221;https:\/\/juntosaparte.com\/web\/wp-content\/uploads\/2021\/11\/2.1.png&#8221; title_text=&#8221;2.1&#8243; _builder_version=&#8221;4.4.6&#8243;][\/et_pb_image][\/et_pb_column][et_pb_column type=&#8221;1_4&#8243; _builder_version=&#8221;4.4.6&#8243;][et_pb_image src=&#8221;https:\/\/juntosaparte.com\/web\/wp-content\/uploads\/2021\/11\/2.2.png&#8221; title_text=&#8221;2.2&#8243; _builder_version=&#8221;4.4.6&#8243;][\/et_pb_image][\/et_pb_column][et_pb_column type=&#8221;1_4&#8243; _builder_version=&#8221;4.4.6&#8243;][et_pb_image src=&#8221;https:\/\/juntosaparte.com\/web\/wp-content\/uploads\/2021\/11\/2.3.png&#8221; title_text=&#8221;2.3&#8243; _builder_version=&#8221;4.4.6&#8243;][\/et_pb_image][\/et_pb_column][\/et_pb_row][\/et_pb_section][et_pb_section fb_built=&#8221;1&#8243; _builder_version=&#8221;4.4.6&#8243; custom_padding=&#8221;0px||0px|||&#8221; da_disable_devices=&#8221;off|off|off&#8221; da_is_popup=&#8221;off&#8221; da_exit_intent=&#8221;off&#8221; da_has_close=&#8221;on&#8221; da_alt_close=&#8221;off&#8221; da_dark_close=&#8221;off&#8221; da_not_modal=&#8221;on&#8221; da_is_singular=&#8221;off&#8221; da_with_loader=&#8221;off&#8221; da_has_shadow=&#8221;on&#8221;][et_pb_row _builder_version=&#8221;4.4.6&#8243;][et_pb_column type=&#8221;4_4&#8243; _builder_version=&#8221;4.4.6&#8243;][et_pb_text _builder_version=&#8221;4.4.6&#8243; text_font=&#8221;|700|||||||&#8221; text_text_color=&#8221;#474747&#8243; width=&#8221;65%&#8221; width_tablet=&#8221;100%&#8221; width_phone=&#8221;&#8221; width_last_edited=&#8221;on|phone&#8221; module_alignment=&#8221;center&#8221; custom_padding=&#8221;|0px||0px||true&#8221;]<\/p>\n<p style=\"text-align: justify;\">El encuentro hizo una segunda parada en el Km. 0 de BIENALSUR, en Buenos Aires, Argentina. Desde el pasado 10 de septiembre y hasta el 29 de diciembre, la exposici\u00f3n <strong><em>Entre Nosotros y los otros: JUNTOS APARTE<\/em><\/strong> se presenta en el Museo de la Inmigraci\u00f3n de Buenos Aires, dando pie a su tercera y \u00faltima fase, el inicio de sus actividades en C\u00facuta, Colombia.<\/p>\n<p>[\/et_pb_text][\/et_pb_column][\/et_pb_row][\/et_pb_section][et_pb_section fb_built=&#8221;1&#8243; _builder_version=&#8221;4.4.6&#8243; custom_padding=&#8221;0px||0px|||&#8221; da_disable_devices=&#8221;off|off|off&#8221; da_is_popup=&#8221;off&#8221; da_exit_intent=&#8221;off&#8221; da_has_close=&#8221;on&#8221; da_alt_close=&#8221;off&#8221; da_dark_close=&#8221;off&#8221; da_not_modal=&#8221;on&#8221; da_is_singular=&#8221;off&#8221; da_with_loader=&#8221;off&#8221; da_has_shadow=&#8221;on&#8221;][et_pb_row column_structure=&#8221;1_4,1_4,1_4,1_4&#8243; use_custom_gutter=&#8221;on&#8221; gutter_width=&#8221;1&#8243; make_equal=&#8221;on&#8221; _builder_version=&#8221;4.4.6&#8243;][et_pb_column type=&#8221;1_4&#8243; _builder_version=&#8221;4.4.6&#8243;][et_pb_image src=&#8221;https:\/\/juntosaparte.com\/web\/wp-content\/uploads\/2021\/11\/3.0.png&#8221; title_text=&#8221;3.0&#8243; _builder_version=&#8221;4.4.6&#8243;][\/et_pb_image][\/et_pb_column][et_pb_column type=&#8221;1_4&#8243; _builder_version=&#8221;4.4.6&#8243;][et_pb_image src=&#8221;https:\/\/juntosaparte.com\/web\/wp-content\/uploads\/2021\/11\/3.1.png&#8221; title_text=&#8221;3.1&#8243; _builder_version=&#8221;4.4.6&#8243;][\/et_pb_image][\/et_pb_column][et_pb_column type=&#8221;1_4&#8243; _builder_version=&#8221;4.4.6&#8243;][et_pb_image src=&#8221;https:\/\/juntosaparte.com\/web\/wp-content\/uploads\/2021\/11\/3.2.png&#8221; title_text=&#8221;3.2&#8243; _builder_version=&#8221;4.4.6&#8243;][\/et_pb_image][\/et_pb_column][et_pb_column type=&#8221;1_4&#8243; _builder_version=&#8221;4.4.6&#8243;][et_pb_image src=&#8221;https:\/\/juntosaparte.com\/web\/wp-content\/uploads\/2021\/11\/3.3.png&#8221; title_text=&#8221;3.3&#8243; _builder_version=&#8221;4.4.6&#8243;][\/et_pb_image][\/et_pb_column][\/et_pb_row][\/et_pb_section][et_pb_section fb_built=&#8221;1&#8243; _builder_version=&#8221;4.4.6&#8243; custom_padding=&#8221;0px||0px|||&#8221; da_disable_devices=&#8221;off|off|off&#8221; da_is_popup=&#8221;off&#8221; da_exit_intent=&#8221;off&#8221; da_has_close=&#8221;on&#8221; da_alt_close=&#8221;off&#8221; da_dark_close=&#8221;off&#8221; da_not_modal=&#8221;on&#8221; da_is_singular=&#8221;off&#8221; da_with_loader=&#8221;off&#8221; da_has_shadow=&#8221;on&#8221;][et_pb_row _builder_version=&#8221;4.4.6&#8243;][et_pb_column type=&#8221;4_4&#8243; _builder_version=&#8221;4.4.6&#8243;][et_pb_text _builder_version=&#8221;4.4.6&#8243; text_font=&#8221;|700|||||||&#8221; text_text_color=&#8221;#474747&#8243; width=&#8221;65%&#8221; width_tablet=&#8221;100%&#8221; width_phone=&#8221;&#8221; width_last_edited=&#8221;on|phone&#8221; module_alignment=&#8221;center&#8221; custom_padding=&#8221;|0px||0px||true&#8221;]<\/p>\n<p style=\"text-align: justify;\"><span>Su tercera edici\u00f3n en la frontera este 2021\u00a0se desarrolla\u00a0en un\u00a0momento hist\u00f3rico crucial para la humanidad\u00a0y en\u00a0coincidencia\u00a0con el Bicentenario de la Constituci\u00f3n de C\u00facuta, en un entorno cultural particular, pero proyectado al pa\u00eds y al mundo para dialogar, discernir y promover\u00a0conciencia de comunidad: \u201cHoy, m\u00e1s que nunca, debemos permanecer Juntos Aparte\u201d.<\/span><\/p>\n<p>[\/et_pb_text][\/et_pb_column][\/et_pb_row][\/et_pb_section][et_pb_section fb_built=&#8221;1&#8243; _builder_version=&#8221;4.4.6&#8243; custom_padding=&#8221;0px||0px|||&#8221; da_disable_devices=&#8221;off|off|off&#8221; da_is_popup=&#8221;off&#8221; da_exit_intent=&#8221;off&#8221; da_has_close=&#8221;on&#8221; da_alt_close=&#8221;off&#8221; da_dark_close=&#8221;off&#8221; da_not_modal=&#8221;on&#8221; da_is_singular=&#8221;off&#8221; da_with_loader=&#8221;off&#8221; da_has_shadow=&#8221;on&#8221;][et_pb_row column_structure=&#8221;1_4,1_4,1_4,1_4&#8243; use_custom_gutter=&#8221;on&#8221; gutter_width=&#8221;1&#8243; make_equal=&#8221;on&#8221; _builder_version=&#8221;4.4.6&#8243;][et_pb_column type=&#8221;1_4&#8243; _builder_version=&#8221;4.4.6&#8243;][et_pb_image src=&#8221;https:\/\/juntosaparte.com\/web\/wp-content\/uploads\/2021\/11\/4.0.png&#8221; title_text=&#8221;4.0&#8243; _builder_version=&#8221;4.4.6&#8243;][\/et_pb_image][\/et_pb_column][et_pb_column type=&#8221;1_4&#8243; _builder_version=&#8221;4.4.6&#8243;][et_pb_image src=&#8221;https:\/\/juntosaparte.com\/web\/wp-content\/uploads\/2021\/11\/4.1.png&#8221; title_text=&#8221;4.1&#8243; _builder_version=&#8221;4.4.6&#8243;][\/et_pb_image][\/et_pb_column][et_pb_column type=&#8221;1_4&#8243; _builder_version=&#8221;4.4.6&#8243;][et_pb_image src=&#8221;https:\/\/juntosaparte.com\/web\/wp-content\/uploads\/2021\/11\/4.2.png&#8221; title_text=&#8221;4.2&#8243; _builder_version=&#8221;4.4.6&#8243;][\/et_pb_image][\/et_pb_column][et_pb_column type=&#8221;1_4&#8243; _builder_version=&#8221;4.4.6&#8243;][et_pb_image src=&#8221;https:\/\/juntosaparte.com\/web\/wp-content\/uploads\/2021\/11\/4.3.png&#8221; title_text=&#8221;4.3&#8243; _builder_version=&#8221;4.4.6&#8243;][\/et_pb_image][\/et_pb_column][\/et_pb_row][\/et_pb_section][et_pb_section fb_built=&#8221;1&#8243; _builder_version=&#8221;4.4.6&#8243; custom_padding=&#8221;0px||0px|||&#8221; da_disable_devices=&#8221;off|off|off&#8221; da_is_popup=&#8221;off&#8221; da_exit_intent=&#8221;off&#8221; da_has_close=&#8221;on&#8221; da_alt_close=&#8221;off&#8221; da_dark_close=&#8221;off&#8221; da_not_modal=&#8221;on&#8221; da_is_singular=&#8221;off&#8221; da_with_loader=&#8221;off&#8221; da_has_shadow=&#8221;on&#8221;][et_pb_row _builder_version=&#8221;4.4.6&#8243;][et_pb_column type=&#8221;4_4&#8243; _builder_version=&#8221;4.4.6&#8243;][et_pb_text _builder_version=&#8221;4.4.6&#8243; text_font=&#8221;|700|||||||&#8221; text_text_color=&#8221;#474747&#8243; width=&#8221;65%&#8221; width_tablet=&#8221;100%&#8221; width_phone=&#8221;&#8221; width_last_edited=&#8221;on|phone&#8221; module_alignment=&#8221;center&#8221; custom_padding=&#8221;|0px||0px||true&#8221;]<\/p>\n<p style=\"text-align: justify;\">Desde el epicentro de la actual migraci\u00f3n venezolana, Juntos Aparte tendr\u00e1 su acto inaugural el 29 de octubre con la apertura de la <em>Reuni\u00f3n Art\u00edstica Grancolombiana<\/em>, homenaje a Antonio Caro, y culmina su agenda de acciones el 3 de diciembre con el recital del poeta barcelon\u00e9s Eduard Escoffet y el veterano local \u00d3scar Sch\u00f6\u00f6newolff. Durante estos d\u00edas tendr\u00e1n lugar un programa que incluye la <em>Reuni\u00f3n Art\u00edstica Grancolombiana, <\/em>el <em>Programa pedag\u00f3gico<\/em> con talleres, conferencias y coloquios, las<em> Jornadas de Integraci\u00f3n <\/em>acompa\u00f1adas del<em> Ciclo Audiovisual al aire libre<\/em>, y diversos procesos de investigaci\u00f3n, acci\u00f3n y creaci\u00f3n en el espacio p\u00fablico.<\/p>\n<p>[\/et_pb_text][\/et_pb_column][\/et_pb_row][\/et_pb_section][et_pb_section fb_built=&#8221;1&#8243; fullwidth=&#8221;on&#8221; _builder_version=&#8221;4.4.6&#8243; da_disable_devices=&#8221;off|off|off&#8221; box_shadow_style=&#8221;preset6&#8243; da_is_popup=&#8221;off&#8221; da_exit_intent=&#8221;off&#8221; da_has_close=&#8221;on&#8221; da_alt_close=&#8221;off&#8221; da_dark_close=&#8221;off&#8221; da_not_modal=&#8221;on&#8221; da_is_singular=&#8221;off&#8221; da_with_loader=&#8221;off&#8221; da_has_shadow=&#8221;on&#8221;][et_pb_fullwidth_image src=&#8221;https:\/\/juntosaparte.com\/web\/wp-content\/uploads\/2020\/05\/banner_eventos-min.png&#8221; title_text=&#8221;banner_eventos-min&#8221; _builder_version=&#8221;4.4.6&#8243; custom_padding=&#8221;29px||0px||false|&#8221;][\/et_pb_fullwidth_image][\/et_pb_section][et_pb_section fb_built=&#8221;1&#8243; _builder_version=&#8221;4.4.6&#8243; custom_padding=&#8221;0px|||||&#8221; da_disable_devices=&#8221;off|off|off&#8221; da_is_popup=&#8221;off&#8221; da_exit_intent=&#8221;off&#8221; da_has_close=&#8221;on&#8221; da_alt_close=&#8221;off&#8221; da_dark_close=&#8221;off&#8221; da_not_modal=&#8221;on&#8221; da_is_singular=&#8221;off&#8221; da_with_loader=&#8221;off&#8221; da_has_shadow=&#8221;on&#8221;][et_pb_row column_structure=&#8221;1_3,1_3,1_3&#8243; _builder_version=&#8221;4.4.6&#8243;][et_pb_column type=&#8221;1_3&#8243; _builder_version=&#8221;4.4.6&#8243;][et_pb_text _builder_version=&#8221;4.4.6&#8243; _dynamic_attributes=&#8221;link_option_url&#8221; header_text_color=&#8221;#ffffff&#8221; header_font_size=&#8221;40px&#8221; background_image=&#8221;https:\/\/juntosaparte.com\/web\/wp-content\/uploads\/2020\/05\/2017-min.png&#8221; custom_padding=&#8221;56px||56px||true|&#8221; animation_style=&#8221;bounce&#8221; link_option_url=&#8221;@ET-DC@eyJkeW5hbWljIjp0cnVlLCJjb250ZW50IjoicG9zdF9saW5rX3VybF9wYWdlIiwic2V0dGluZ3MiOnsicG9zdF9pZCI6IjMwOCJ9fQ==@&#8221; border_radii=&#8221;on|5px|5px|5px|5px&#8221; box_shadow_style=&#8221;preset1&#8243; box_shadow_color=&#8221;#d6d6d6&#8243;]<\/p>\n<h1 style=\"text-align: center;\"><strong>2017<\/strong><\/h1>\n<p>[\/et_pb_text][et_pb_text _builder_version=&#8221;4.4.6&#8243; _dynamic_attributes=&#8221;link_option_url&#8221; link_option_url=&#8221;@ET-DC@eyJkeW5hbWljIjp0cnVlLCJjb250ZW50IjoicG9zdF9saW5rX3VybF9wYWdlIiwic2V0dGluZ3MiOnsicG9zdF9pZCI6IjMwOCJ9fQ==@&#8221;]<\/p>\n<p style=\"text-align: justify;\">Enclavada en el v\u00e9rtice de un gran tri\u00e1ngulo geogr\u00e1fico que tiene por base el Mar Caribe, y por lados la rama de los Andes venezolanos y la rama de la Cordillera Oriental colombiana, C\u00facuta \u2014con un mill\u00f3n de habitantes\u2014 no es s\u00f3lo una frontera natural sino tambi\u00e9n pol\u00edtica y cultural, all\u00ed donde termina la zona monta\u00f1osa y empieza el valle del r\u00edo Zulia que va a conformar la gran cuenca transnacional del Lago de Maracaibo. En el per\u00edodo de la colonia espa\u00f1ola esta regi\u00f3n se convirti\u00f3 en el l\u00edmite pol\u00edtico-administrativo de lo que m\u00e1s tarde ser\u00eda Colombia y Venezuela, precisamente en el centro de una misma \u00e1rea natural, cultural y pol\u00edtica la cual redact\u00f3 su primera carta constitucional republicana.\u00a0<a href=\"https:\/\/juntosaparte.com\/web\/evento-2017\/\">Leer m\u00e1s<\/a>\u00a0<\/p>\n<p>[\/et_pb_text][et_pb_button button_url=&#8221;#2017&#8243; button_text=&#8221;Ver v\u00eddeo&#8221; button_alignment=&#8221;center&#8221; module_class=&#8221;boton_full&#8221; _builder_version=&#8221;4.4.6&#8243; custom_button=&#8221;on&#8221; button_use_icon=&#8221;off&#8221; box_shadow_style=&#8221;preset1&#8243; box_shadow_color=&#8221;#d6d6d6&#8243;][\/et_pb_button][\/et_pb_column][et_pb_column type=&#8221;1_3&#8243; _builder_version=&#8221;4.4.6&#8243;][et_pb_text _builder_version=&#8221;4.4.6&#8243; text_text_color=&#8221;#D95F68&#8243; text_font_size=&#8221;18px&#8221; text_line_height=&#8221;2.2em&#8221;]<\/p>\n<p style=\"text-align: center;\"><strong>COVID-19 ha puesto a prueba el orden global contempor\u00e1neo, el esp\u00edritu de la colmena, el capitalismo moderno y nuestra interacci\u00f3n con la naturaleza. Se nos impone la tarea de crear reflexiones nuevas para una ontolog\u00eda del espacio cercado, a partir de una agenda mundial que se declar\u00f3 en cuarentena y que logr\u00f3 que todos en el mundo hoy, m\u00e1s que nunca, seamos conscientes de la significaci\u00f3n de estar\u00a0<\/strong><strong>JUNTOS APARTE.<\/strong><\/p>\n<p>[\/et_pb_text][\/et_pb_column][et_pb_column type=&#8221;1_3&#8243; _builder_version=&#8221;4.4.6&#8243;][et_pb_text _builder_version=&#8221;4.4.6&#8243; _dynamic_attributes=&#8221;link_option_url&#8221; header_text_color=&#8221;#ffffff&#8221; header_font_size=&#8221;40px&#8221; background_image=&#8221;https:\/\/juntosaparte.com\/web\/wp-content\/uploads\/2020\/05\/2019-min.png&#8221; custom_padding=&#8221;56px||56px||true|&#8221; animation_style=&#8221;bounce&#8221; link_option_url=&#8221;@ET-DC@eyJkeW5hbWljIjp0cnVlLCJjb250ZW50IjoicG9zdF9saW5rX3VybF9wYWdlIiwic2V0dGluZ3MiOnsicG9zdF9pZCI6IjEzMjEifX0=@&#8221; border_radii=&#8221;on|5px|5px|5px|5px&#8221; box_shadow_style=&#8221;preset1&#8243; box_shadow_color=&#8221;#d6d6d6&#8243;]<\/p>\n<h1 style=\"text-align: center;\"><strong>2019<\/strong><\/h1>\n<p>[\/et_pb_text][et_pb_text _builder_version=&#8221;4.4.6&#8243; _dynamic_attributes=&#8221;link_option_url&#8221; link_option_url=&#8221;@ET-DC@eyJkeW5hbWljIjp0cnVlLCJjb250ZW50IjoicG9zdF9saW5rX3VybF9wYWdlIiwic2V0dGluZ3MiOnsicG9zdF9pZCI6IjEzMjEifX0=@&#8221;]<\/p>\n<p style=\"text-align: justify;\">Tras el \u00e9xito en su primera edici\u00f3n, con la mayor movilizaci\u00f3n organizada de p\u00fablico y participaci\u00f3n ciudadana en torno al arte en el \u00e1rea fronteriza y una notable visibilidad nacional e internacional, JUNTOS APARTE inicia un periplo m\u00e1s all\u00e1 de su propio programa, participando de diversos espacios de debate como la C\u00e1tedra Unesco de Comunicaci\u00f3n en la Universidad Javeriana de Bogot\u00e1, el 16\u00ba Foro Sur Global de BIENALSUR en Buenos Aires, o la II Cumbre Cultural de las Am\u00e9ricas en Buenos Aires, donde intervino como vocero oficial de \u201cCambios culturales y migraci\u00f3n\u201d.\u00a0<a href=\"https:\/\/juntosaparte.com\/web\/evento-2019\/\">Leer m\u00e1s<\/a><\/p>\n<p>[\/et_pb_text][et_pb_button button_url=&#8221;#2019&#8243; button_text=&#8221;Ver v\u00eddeo&#8221; button_alignment=&#8221;center&#8221; module_class=&#8221;boton_full&#8221; _builder_version=&#8221;4.4.6&#8243; custom_button=&#8221;on&#8221; button_use_icon=&#8221;off&#8221; box_shadow_style=&#8221;preset1&#8243; box_shadow_color=&#8221;#d6d6d6&#8243;][\/et_pb_button][\/et_pb_column][\/et_pb_row][\/et_pb_section][et_pb_section fb_built=&#8221;1&#8243; _builder_version=&#8221;4.4.6&#8243; custom_padding=&#8221;0px|||||&#8221; animation_style=&#8221;fold&#8221; da_disable_devices=&#8221;off|off|off&#8221; da_is_popup=&#8221;off&#8221; da_exit_intent=&#8221;off&#8221; da_has_close=&#8221;on&#8221; da_alt_close=&#8221;off&#8221; da_dark_close=&#8221;off&#8221; da_not_modal=&#8221;on&#8221; da_is_singular=&#8221;off&#8221; da_with_loader=&#8221;off&#8221; da_has_shadow=&#8221;on&#8221;][et_pb_row column_structure=&#8221;1_2,1_2&#8243; _builder_version=&#8221;4.4.6&#8243;][et_pb_column type=&#8221;1_2&#8243; _builder_version=&#8221;4.4.6&#8243;][et_pb_text _builder_version=&#8221;4.4.6&#8243; header_text_color=&#8221;#ffffff&#8221; header_font_size=&#8221;24px&#8221; background_color=&#8221;#232641&#8243; background_enable_image=&#8221;off&#8221; custom_margin=&#8221;||9px|||&#8221; custom_padding=&#8221;11px||0px||false|&#8221; border_radii=&#8221;on|5px|5px|5px|5px&#8221; box_shadow_style=&#8221;preset1&#8243; box_shadow_color=&#8221;#d6d6d6&#8243;]<\/p>\n<h1 style=\"text-align: center;\"><strong>Semana 1<\/strong><\/h1>\n<p>[\/et_pb_text][et_pb_image src=&#8221;https:\/\/juntosaparte.com\/web\/wp-content\/uploads\/2020\/09\/semana-1.png&#8221; title_text=&#8221;semana 1&#8243; _builder_version=&#8221;4.4.6&#8243; background_color=&#8221;#d6d6d6&#8243; background_enable_image=&#8221;off&#8221; custom_margin=&#8221;-12px||0px|||&#8221; custom_padding=&#8221;0px||0px||true|&#8221;][\/et_pb_image][et_pb_button button_url=&#8221;@ET-DC@eyJkeW5hbWljIjp0cnVlLCJjb250ZW50IjoicG9zdF9saW5rX3VybF9wYWdlIiwic2V0dGluZ3MiOnsicG9zdF9pZCI6IjUwMSJ9fQ==@&#8221; button_text=&#8221;Ver m\u00e1s&#8221; button_alignment=&#8221;center&#8221; module_class=&#8221;boton_full&#8221; _builder_version=&#8221;4.4.6&#8243; _dynamic_attributes=&#8221;button_url&#8221; custom_button=&#8221;on&#8221; button_use_icon=&#8221;off&#8221; custom_margin=&#8221;-2px|||||&#8221; box_shadow_style=&#8221;preset1&#8243; box_shadow_color=&#8221;#d6d6d6&#8243;][\/et_pb_button][\/et_pb_column][et_pb_column type=&#8221;1_2&#8243; _builder_version=&#8221;4.4.6&#8243;][et_pb_text _builder_version=&#8221;4.4.6&#8243; header_text_color=&#8221;#ffffff&#8221; header_font_size=&#8221;24px&#8221; background_color=&#8221;#232641&#8243; background_enable_image=&#8221;off&#8221; custom_margin=&#8221;||9px|||&#8221; custom_padding=&#8221;11px||0px||false|&#8221; border_radii=&#8221;on|5px|5px|5px|5px&#8221; box_shadow_style=&#8221;preset1&#8243; box_shadow_color=&#8221;#d6d6d6&#8243;]<\/p>\n<h1 style=\"text-align: center;\"><strong>Semana 2<\/strong><\/h1>\n<p>[\/et_pb_text][et_pb_image src=&#8221;https:\/\/juntosaparte.com\/web\/wp-content\/uploads\/2020\/09\/semana-2.png&#8221; title_text=&#8221;semana 2&#8243; _builder_version=&#8221;4.4.6&#8243; background_color=&#8221;#d6d6d6&#8243; background_enable_image=&#8221;off&#8221; custom_margin=&#8221;-12px||0px|||&#8221; custom_padding=&#8221;0px||0px||true|&#8221;][\/et_pb_image][et_pb_button button_url=&#8221;@ET-DC@eyJkeW5hbWljIjp0cnVlLCJjb250ZW50IjoicG9zdF9saW5rX3VybF9wYWdlIiwic2V0dGluZ3MiOnsicG9zdF9pZCI6Ijg0MCJ9fQ==@&#8221; button_text=&#8221;Ver m\u00e1s&#8221; button_alignment=&#8221;center&#8221; module_class=&#8221;boton_full&#8221; _builder_version=&#8221;4.4.6&#8243; _dynamic_attributes=&#8221;button_url&#8221; custom_button=&#8221;on&#8221; button_use_icon=&#8221;off&#8221; custom_margin=&#8221;-2px|||||&#8221; box_shadow_style=&#8221;preset1&#8243; box_shadow_color=&#8221;#d6d6d6&#8243;][\/et_pb_button][\/et_pb_column][\/et_pb_row][et_pb_row column_structure=&#8221;1_2,1_2&#8243; _builder_version=&#8221;4.4.6&#8243;][et_pb_column type=&#8221;1_2&#8243; _builder_version=&#8221;4.4.6&#8243;][et_pb_text _builder_version=&#8221;4.4.6&#8243; header_text_color=&#8221;#ffffff&#8221; header_font_size=&#8221;24px&#8221; background_color=&#8221;#232641&#8243; background_enable_image=&#8221;off&#8221; custom_margin=&#8221;||9px|||&#8221; custom_padding=&#8221;11px||0px||false|&#8221; border_radii=&#8221;on|5px|5px|5px|5px&#8221; box_shadow_style=&#8221;preset1&#8243; box_shadow_color=&#8221;#d6d6d6&#8243;]<\/p>\n<h1 style=\"text-align: center;\"><strong>Semana 3<\/strong><\/h1>\n<p>[\/et_pb_text][et_pb_image src=&#8221;https:\/\/juntosaparte.com\/web\/wp-content\/uploads\/2020\/09\/semana-3.png&#8221; title_text=&#8221;semana 3&#8243; _builder_version=&#8221;4.4.6&#8243; background_color=&#8221;#d6d6d6&#8243; background_enable_image=&#8221;off&#8221; custom_margin=&#8221;-12px||0px|||&#8221; custom_padding=&#8221;0px||0px||true|&#8221;][\/et_pb_image][et_pb_button button_url=&#8221;@ET-DC@eyJkeW5hbWljIjp0cnVlLCJjb250ZW50IjoicG9zdF9saW5rX3VybF9wYWdlIiwic2V0dGluZ3MiOnsicG9zdF9pZCI6IjkwOCJ9fQ==@&#8221; button_text=&#8221;Ver m\u00e1s&#8221; button_alignment=&#8221;center&#8221; module_class=&#8221;boton_full&#8221; _builder_version=&#8221;4.4.6&#8243; _dynamic_attributes=&#8221;button_url&#8221; custom_button=&#8221;on&#8221; button_use_icon=&#8221;off&#8221; custom_margin=&#8221;-2px|||||&#8221; box_shadow_style=&#8221;preset1&#8243; box_shadow_color=&#8221;#d6d6d6&#8243;][\/et_pb_button][\/et_pb_column][et_pb_column type=&#8221;1_2&#8243; _builder_version=&#8221;4.4.6&#8243;][et_pb_text _builder_version=&#8221;4.4.6&#8243; header_text_color=&#8221;#ffffff&#8221; header_font_size=&#8221;24px&#8221; background_color=&#8221;#232641&#8243; background_enable_image=&#8221;off&#8221; custom_margin=&#8221;||9px|||&#8221; custom_padding=&#8221;11px||0px||false|&#8221; border_radii=&#8221;on|5px|5px|5px|5px&#8221; box_shadow_style=&#8221;preset1&#8243; box_shadow_color=&#8221;#d6d6d6&#8243;]<\/p>\n<h1 style=\"text-align: center;\"><strong>Semana 4<\/strong><\/h1>\n<p>[\/et_pb_text][et_pb_image src=&#8221;https:\/\/juntosaparte.com\/web\/wp-content\/uploads\/2020\/09\/semana-4.png&#8221; title_text=&#8221;semana 4&#8243; _builder_version=&#8221;4.4.6&#8243; background_color=&#8221;#d6d6d6&#8243; background_enable_image=&#8221;off&#8221; custom_margin=&#8221;-12px||0px|||&#8221; custom_padding=&#8221;0px||0px||true|&#8221;][\/et_pb_image][et_pb_button button_url=&#8221;@ET-DC@eyJkeW5hbWljIjp0cnVlLCJjb250ZW50IjoicG9zdF9saW5rX3VybF9wYWdlIiwic2V0dGluZ3MiOnsicG9zdF9pZCI6IjkwOSJ9fQ==@&#8221; button_text=&#8221;Ver m\u00e1s&#8221; button_alignment=&#8221;center&#8221; module_class=&#8221;boton_full&#8221; _builder_version=&#8221;4.4.6&#8243; _dynamic_attributes=&#8221;button_url&#8221; custom_button=&#8221;on&#8221; button_use_icon=&#8221;off&#8221; custom_margin=&#8221;-2px|||||&#8221; box_shadow_style=&#8221;preset1&#8243; box_shadow_color=&#8221;#d6d6d6&#8243;][\/et_pb_button][\/et_pb_column][\/et_pb_row][\/et_pb_section][et_pb_section fb_built=&#8221;1&#8243; _builder_version=&#8221;4.4.6&#8243; background_image=&#8221;https:\/\/juntosaparte.com\/web\/wp-content\/uploads\/2020\/05\/banner_encuentro-min.png&#8221; da_disable_devices=&#8221;off|off|off&#8221; da_is_popup=&#8221;off&#8221; da_exit_intent=&#8221;off&#8221; da_has_close=&#8221;on&#8221; da_alt_close=&#8221;off&#8221; da_dark_close=&#8221;off&#8221; da_not_modal=&#8221;on&#8221; da_is_singular=&#8221;off&#8221; da_with_loader=&#8221;off&#8221; da_has_shadow=&#8221;on&#8221;][et_pb_row _builder_version=&#8221;4.4.6&#8243;][et_pb_column type=&#8221;4_4&#8243; _builder_version=&#8221;4.4.6&#8243;][et_pb_text module_id=&#8221;encuentro&#8221; _builder_version=&#8221;4.4.6&#8243; header_font=&#8221;|800||on|||||&#8221; header_text_color=&#8221;#232641&#8243; header_font_size=&#8221;50px&#8221; width=&#8221;38%&#8221; width_tablet=&#8221;53%&#8221; width_phone=&#8221;100%&#8221; width_last_edited=&#8221;on|phone&#8221; module_alignment=&#8221;center&#8221; animation_style=&#8221;flip&#8221; header_font_size_tablet=&#8221;41px&#8221; header_font_size_phone=&#8221;36px&#8221; header_font_size_last_edited=&#8221;on|tablet&#8221; header_text_shadow_style=&#8221;preset3&#8243;]<\/p>\n<h1 style=\"text-align: center;\"><strong>ENCUENTRO DE ARTE, PENSAMIENTO Y FRONTERAS<\/strong><\/h1>\n<p>[\/et_pb_text][\/et_pb_column][\/et_pb_row][\/et_pb_section][et_pb_section fb_built=&#8221;1&#8243; _builder_version=&#8221;4.4.6&#8243; da_disable_devices=&#8221;off|off|off&#8221; da_is_popup=&#8221;off&#8221; da_exit_intent=&#8221;off&#8221; da_has_close=&#8221;on&#8221; da_alt_close=&#8221;off&#8221; da_dark_close=&#8221;off&#8221; da_not_modal=&#8221;on&#8221; da_is_singular=&#8221;off&#8221; da_with_loader=&#8221;off&#8221; da_has_shadow=&#8221;on&#8221;][et_pb_row _builder_version=&#8221;4.4.6&#8243;][et_pb_column type=&#8221;4_4&#8243; _builder_version=&#8221;4.4.6&#8243;][et_pb_text module_id=&#8221;link_web&#8221; _builder_version=&#8221;4.4.6&#8243; text_font=&#8221;|600|||||||&#8221; text_text_color=&#8221;#D95F68&#8243; text_font_size=&#8221;22px&#8221;]<\/p>\n<p style=\"text-align: center;\"><strong>www.juntosaparte.com<\/strong><\/p>\n<p>[\/et_pb_text][et_pb_text _builder_version=&#8221;4.4.6&#8243; text_font=&#8221;|700|||||||&#8221; text_text_color=&#8221;#474747&#8243; width=&#8221;65%&#8221; width_tablet=&#8221;100%&#8221; width_phone=&#8221;&#8221; width_last_edited=&#8221;on|phone&#8221; module_alignment=&#8221;center&#8221; custom_padding=&#8221;|0px||0px||true&#8221;]<\/p>\n<p style=\"text-align: center;\">Este proyecto fue posible gracias al generoso apoyo del pueblo de Estados Unidos a trav\u00e9s de su Agencia para el Desarrollo Internacional (USAID). Los contenidos son responsabilidad de la Fundaci\u00f3n EL PILAR y no necesariamente reflejan las opiniones de USAID o del gobierno de Estados Unidos.<\/p>\n<p>[\/et_pb_text][et_pb_image src=&#8221;https:\/\/juntosaparte.com\/web\/wp-content\/uploads\/2020\/06\/logos-misionales.png&#8221; title_text=&#8221;logos misionales&#8221; align=&#8221;center&#8221; _builder_version=&#8221;4.4.6&#8243; width=&#8221;45%&#8221; width_tablet=&#8221;70%&#8221; width_phone=&#8221;85%&#8221; width_last_edited=&#8221;on|phone&#8221;][\/et_pb_image][\/et_pb_column][\/et_pb_row][\/et_pb_section][et_pb_section fb_built=&#8221;1&#8243; module_id=&#8221;proxima&#8221; module_class=&#8221;popup&#8221; _builder_version=&#8221;4.4.6&#8243; background_color=&#8221;#ED3237&#8243; background_enable_image=&#8221;off&#8221; max_width=&#8221;60%&#8221; custom_padding=&#8221;0px|0px|0px|0px|true|&#8221; da_is_popup=&#8221;on&#8221; da_popup_slug=&#8221;proxima&#8221; da_disable_devices=&#8221;off|off|off&#8221; da_exit_intent=&#8221;off&#8221; da_has_close=&#8221;on&#8221; da_alt_close=&#8221;off&#8221; da_dark_close=&#8221;off&#8221; da_not_modal=&#8221;on&#8221; da_is_singular=&#8221;off&#8221; da_with_loader=&#8221;off&#8221; da_has_shadow=&#8221;on&#8221;][et_pb_row _builder_version=&#8221;4.4.6&#8243; custom_padding=&#8221;0px|0px|0px|||&#8221;][et_pb_column type=&#8221;4_4&#8243; _builder_version=&#8221;4.4.6&#8243;][et_pb_image src=&#8221;https:\/\/juntosaparte.com\/web\/wp-content\/uploads\/2020\/06\/popup-es.png&#8221; title_text=&#8221;popup es&#8221; align=&#8221;center&#8221; _builder_version=&#8221;4.4.6&#8243;][\/et_pb_image][\/et_pb_column][\/et_pb_row][\/et_pb_section][et_pb_section fb_built=&#8221;1&#8243; module_id=&#8221;2017&#8243; module_class=&#8221;popup&#8221; _builder_version=&#8221;4.4.6&#8243; background_color=&#8221;rgba(0,0,0,0)&#8221; background_enable_image=&#8221;off&#8221; max_width=&#8221;90%&#8221; custom_padding=&#8221;0px|0px|0px|0px|true|&#8221; da_is_popup=&#8221;on&#8221; da_popup_slug=&#8221;2017&#8243; da_disable_devices=&#8221;off|off|off&#8221; da_exit_intent=&#8221;off&#8221; da_has_close=&#8221;on&#8221; da_alt_close=&#8221;off&#8221; da_dark_close=&#8221;off&#8221; da_not_modal=&#8221;on&#8221; da_is_singular=&#8221;off&#8221; da_with_loader=&#8221;off&#8221; da_has_shadow=&#8221;on&#8221;][et_pb_row _builder_version=&#8221;4.4.6&#8243; custom_padding=&#8221;0px|0px|0px|||&#8221;][et_pb_column type=&#8221;4_4&#8243; _builder_version=&#8221;4.4.6&#8243;][et_pb_video src=&#8221;https:\/\/www.youtube.com\/watch?v=_iw3PAyi3zs&#8221; thumbnail_overlay_color=&#8221;rgba(0,0,0,0.6)&#8221; _builder_version=&#8221;4.4.6&#8243;][\/et_pb_video][\/et_pb_column][\/et_pb_row][\/et_pb_section][et_pb_section fb_built=&#8221;1&#8243; module_id=&#8221;2019&#8243; module_class=&#8221;popup&#8221; _builder_version=&#8221;4.4.6&#8243; background_color=&#8221;rgba(0,0,0,0)&#8221; background_enable_image=&#8221;off&#8221; max_width=&#8221;90%&#8221; custom_padding=&#8221;0px|0px|0px|0px|true|&#8221; da_is_popup=&#8221;on&#8221; da_popup_slug=&#8221;2019&#8243; da_disable_devices=&#8221;off|off|off&#8221; da_exit_intent=&#8221;off&#8221; da_has_close=&#8221;on&#8221; da_alt_close=&#8221;off&#8221; da_dark_close=&#8221;off&#8221; da_not_modal=&#8221;on&#8221; da_is_singular=&#8221;off&#8221; da_with_loader=&#8221;off&#8221; da_has_shadow=&#8221;on&#8221;][et_pb_row _builder_version=&#8221;4.4.6&#8243; custom_padding=&#8221;0px|0px|0px|||&#8221;][et_pb_column type=&#8221;4_4&#8243; _builder_version=&#8221;4.4.6&#8243;][et_pb_video src=&#8221;https:\/\/www.youtube.com\/watch?v=8zX_3IzW7qY&#8221; thumbnail_overlay_color=&#8221;rgba(0,0,0,0.6)&#8221; _builder_version=&#8221;4.4.6&#8243;][\/et_pb_video][\/et_pb_column][\/et_pb_row][\/et_pb_section]<\/p>\n<!-- AddThis Advanced Settings generic via filter on the_content --><!-- AddThis Share Buttons generic via filter on the_content -->","protected":false},"excerpt":{"rendered":"<p>Juntos Aparte III Encuentro Internacional de Arte, Pensamiento y Fronteras, en el marco de BIENALSUR 2021Despu\u00e9s de sus versiones 2017 y 2019, que han movilizado a m\u00e1s de 20.000 personas y a m\u00e1s de 100 artistas y pensadores de m\u00e1s de 30 pa\u00edses, Juntos Aparte regresa a C\u00facuta, despu\u00e9s de haber comenzado su recorrido en [&hellip;]<\/p>\n<p><!-- AddThis Advanced Settings generic via filter on get_the_excerpt --><!-- AddThis Share Buttons generic via filter on get_the_excerpt --><\/p>\n","protected":false},"author":1,"featured_media":0,"parent":0,"menu_order":0,"comment_status":"closed","ping_status":"closed","template":"","meta":{"_et_pb_use_builder":"on","_et_pb_old_content":"","_et_gb_content_width":"","footnotes":""},"class_list":["post-11","page","type-page","status-publish","hentry"],"lang":"es","translations":{"es":11,"en":273},"pll_sync_post":{"es":true},"_links":{"self":[{"href":"https:\/\/juntosaparte.com\/web\/wp-json\/wp\/v2\/pages\/11","targetHints":{"allow":["GET"]}}],"collection":[{"href":"https:\/\/juntosaparte.com\/web\/wp-json\/wp\/v2\/pages"}],"about":[{"href":"https:\/\/juntosaparte.com\/web\/wp-json\/wp\/v2\/types\/page"}],"author":[{"embeddable":true,"href":"https:\/\/juntosaparte.com\/web\/wp-json\/wp\/v2\/users\/1"}],"replies":[{"embeddable":true,"href":"https:\/\/juntosaparte.com\/web\/wp-json\/wp\/v2\/comments?post=11"}],"version-history":[{"count":153,"href":"https:\/\/juntosaparte.com\/web\/wp-json\/wp\/v2\/pages\/11\/revisions"}],"predecessor-version":[{"id":1943,"href":"https:\/\/juntosaparte.com\/web\/wp-json\/wp\/v2\/pages\/11\/revisions\/1943"}],"wp:attachment":[{"href":"https:\/\/juntosaparte.com\/web\/wp-json\/wp\/v2\/media?parent=11"}],"curies":[{"name":"wp","href":"https:\/\/api.w.org\/{rel}","templated":true}]}}